{"id":918,"date":"2018-04-07T16:06:02","date_gmt":"2018-04-07T16:06:02","guid":{"rendered":"http:\/\/localhost\/wordpress_FIJR_2018\/?page_id=918"},"modified":"2018-04-07T16:06:02","modified_gmt":"2018-04-07T16:06:02","slug":"off-fijr-2018","status":"publish","type":"page","link":"https:\/\/www.filmfest-granada.com\/2018\/off-fijr-2018\/","title":{"rendered":"OFF FIJR"},"content":{"rendered":"<p>El Festival Internacional de J\u00f3venes Realizadores se extiende del 7 al 22 de abril por librer\u00edas, bares, tiendas de m\u00fasica y espacios alternativos del centro de Granada. Espacios y actividades en <a href=\"https:\/\/www.laexpositiva.com\/\" target=\"_blank\" rel=\"noopener\">La Expositiva<\/a>, <a href=\"https:\/\/ubulibros.wordpress.com\/\" target=\"_blank\" rel=\"noopener\">Ub\u00fa Libros<\/a>, <a href=\"http:\/\/ovnibazarbizarro.com\/\" target=\"_blank\" rel=\"noopener\">Ovni Bazar Bizarro<\/a>, <a href=\"https:\/\/www.facebook.com\/elraptogranada\/\" target=\"_blank\" rel=\"noopener\">El Rapto<\/a>, <a href=\"https:\/\/www.facebook.com\/fandiscosborabora\/\" target=\"_blank\" rel=\"noopener\">Discos Bora-Bora<\/a>, <a href=\"http:\/\/www.discosmarcapasos.com\/\" target=\"_blank\" rel=\"noopener\">Marcapasos<\/a>, <a href=\"https:\/\/www.facebook.com\/Loop.Bar.Records.granada\/\" target=\"_blank\" rel=\"noopener\">Loop<\/a> y <a href=\"http:\/\/botanicocafe.es\/\" target=\"_blank\" rel=\"noopener\">El Bot\u00e1nico<\/a>.<\/p>\n<p><img fetchpriority=\"high\" decoding=\"async\" class=\"aligncenter wp-image-920\" src=\"https:\/\/www.filmfest-granada.com\/2018\/wp-content\/uploads\/sites\/2\/2018\/04\/organiza-1-1.png\" alt=\"\" width=\"517\" height=\"200\" srcset=\"https:\/\/www.filmfest-granada.com\/2018\/wp-content\/uploads\/sites\/2\/2018\/04\/organiza-1-1.png 569w, https:\/\/www.filmfest-granada.com\/2018\/wp-content\/uploads\/sites\/2\/2018\/04\/organiza-1-1-300x116.png 300w\" sizes=\"(max-width: 517px) 100vw, 517px\" \/><\/p>\n<h3>S\u00e1bado 7 de abril<\/h3>\n<p><span style=\"color: #5fa6e8\"><strong>19:30 \/ Ub\u00fa Libros \/ Lectura de poes\u00eda cin\u00e9fila<\/strong><\/span><\/p>\n<p><img decoding=\"async\" class=\"alignnone size-full wp-image-929\" src=\"https:\/\/www.filmfest-granada.com\/2018\/wp-content\/uploads\/sites\/2\/2018\/04\/collageubu.png\" alt=\"\" width=\"800\" height=\"400\" srcset=\"https:\/\/www.filmfest-granada.com\/2018\/wp-content\/uploads\/sites\/2\/2018\/04\/collageubu.png 800w, https:\/\/www.filmfest-granada.com\/2018\/wp-content\/uploads\/sites\/2\/2018\/04\/collageubu-300x150.png 300w, https:\/\/www.filmfest-granada.com\/2018\/wp-content\/uploads\/sites\/2\/2018\/04\/collageubu-768x384.png 768w\" sizes=\"(max-width: 800px) 100vw, 800px\" \/><\/p>\n<p>El poeta y arquitecto\u00a0<strong>Jos\u00e9 Miguel G\u00f3mez Acosta,<\/strong> autor del poemario <em>El gran norte<\/em>, plantear\u00e1 un breve recorrido por los poemas filmados en el cine a partir de extractos de pel\u00edculas de Andrei Tarkovski, Jane Campion y David Cronenberg.<\/p>\n<p><span style=\"color: #ff0000\"><strong>Entrada libre hasta completar aforo<\/strong><\/span><\/p>\n<h3>Jueves 12 de abril<\/h3>\n<p><strong><span style=\"color: #5fa6e8\">20:00 \/ El Rapto \/ Proyecciones experimentales<\/span><\/strong><\/p>\n<p><img decoding=\"async\" class=\"alignnone size-full wp-image-951\" src=\"https:\/\/www.filmfest-granada.com\/2018\/wp-content\/uploads\/sites\/2\/2018\/04\/elraptofijr.png\" alt=\"\" width=\"800\" height=\"400\" srcset=\"https:\/\/www.filmfest-granada.com\/2018\/wp-content\/uploads\/sites\/2\/2018\/04\/elraptofijr.png 800w, https:\/\/www.filmfest-granada.com\/2018\/wp-content\/uploads\/sites\/2\/2018\/04\/elraptofijr-300x150.png 300w, https:\/\/www.filmfest-granada.com\/2018\/wp-content\/uploads\/sites\/2\/2018\/04\/elraptofijr-768x384.png 768w\" sizes=\"(max-width: 800px) 100vw, 800px\" \/><\/p>\n<p class=\"p1\">Serie de visualizaciones vinculadas a la producci\u00f3n audiovisual experimental que suele presentarse de forma r\u00e1pida en RRSS. Soci\u00f3logos ya han empezado a cimentar que existe una tendencia generalizada por el sistema: La regla de los tres minutos -un tiempo limitado de consumo que se ha extendido a todas las formas de representaci\u00f3n y comunicaci\u00f3n. Videoclips, Fashion Films, Instagram. Situaciones que funcionan con escenarios complejos y que se consumen r\u00e1pido en bucle.<\/p>\n<p>El evento contar\u00e1 con proyecciones\u00a0de\u00a0<b>Dolores Exp\u00f3sito<\/b>, cuyos v\u00eddeos de un minuto de duraci\u00f3n\u00a0ahondan en el universo de la vida dom\u00e9stica, y\u00a0<b>Tubular<\/b>, productora audiovisual de Mayte G\u00f3mez, Derek Van Den Bulcke y Victor Candela.<\/p>\n<p><span style=\"color: #ff0000\"><strong>Entrada libre hasta completar aforo<\/strong><\/span><\/p>\n<h3>Viernes 13 y s\u00e1bado 14 de abril<\/h3>\n<p><span style=\"color: #5fa6e8\"><strong>20:00 \/ La Expositiva \/ Fiesta: <em>The Room<\/em><\/strong><\/span><\/p>\n<p><img loading=\"lazy\" decoding=\"async\" class=\"alignnone size-full wp-image-934\" src=\"https:\/\/www.filmfest-granada.com\/2018\/wp-content\/uploads\/sites\/2\/2018\/04\/the-room-tommy-wiseau-1300x705.jpg\" alt=\"\" width=\"800\" height=\"400\" srcset=\"https:\/\/www.filmfest-granada.com\/2018\/wp-content\/uploads\/sites\/2\/2018\/04\/the-room-tommy-wiseau-1300x705.jpg 800w, https:\/\/www.filmfest-granada.com\/2018\/wp-content\/uploads\/sites\/2\/2018\/04\/the-room-tommy-wiseau-1300x705-300x150.jpg 300w, https:\/\/www.filmfest-granada.com\/2018\/wp-content\/uploads\/sites\/2\/2018\/04\/the-room-tommy-wiseau-1300x705-768x384.jpg 768w\" sizes=\"(max-width: 800px) 100vw, 800px\" \/><\/p>\n<p class=\"p1\"><span class=\"s1\"><i>The Room<\/i> es el gran fen\u00f3meno del llamado \u201ccine basura\u201d. Una pel\u00edcula tan sumamente mala, y al mismo tiempo tan divertida, que lleva proyect\u00e1ndose ininterrumpidamente en cines de Estados Unidos desde el a\u00f1o 2003. Convertida muy a su pesar en una comedia involuntaria, <i>The Room<\/i> narra el drama de Johnny, un hombre cuya vida se empieza a desmoronar cuando descubre que su prometida est\u00e1 saliendo en secreto con su mejor amigo. Y es que, aunque la \u00faltima intenci\u00f3n es hacer re\u00edr, este drama de pareja est\u00e1 tan mal rodado y tan p\u00e9simamente interpretado, que lo \u00fanico que puede hacer el espectador ante su visionado es re\u00edrse a carcajadas. <\/span><\/p>\n<p class=\"p1\"><span class=\"s1\">Con animaci\u00f3n en directo por <a href=\"http:\/\/cinecutre.com\"><span class=\"s2\">cinecutre.com<\/span><\/a> y Conejornio Producciones, la proyecci\u00f3n de <i>The Room<\/i> convertir\u00e1 en una fiesta todo lo que jam\u00e1s deber\u00eda hacerse en un rodaje. 99&#8242;<\/span><\/p>\n<p><span style=\"color: #ff0000\"><strong><a style=\"color: #ff0000\" href=\"https:\/\/www.laexpositiva.com\/evento\/cine-the-room-viernes-13-de-abril\/\">Compra aqu\u00ed tus entradas para el\u00a0viernes 13 de abril<\/a><\/strong><\/span><br \/>\n<span style=\"color: #ff0000\"><strong><a style=\"color: #ff0000\" href=\"https:\/\/www.laexpositiva.com\/evento\/cine-the-room-sabado-14-de-abril\/\">Compra aqu\u00ed tus entradas para el\u00a0s\u00e1bado 14 de abril<\/a><\/strong><\/span><\/p>\n<h3>S\u00e1bado 14 de abril<\/h3>\n<p><strong><span style=\"color: #5fa6e8\">12:30 \/ Cuarto Real de Sto. Domingo \/ Presentaci\u00f3n del libro <em>El l\u00e1piz y la c\u00e1mara<\/em><\/span><\/strong><\/p>\n<p><img loading=\"lazy\" decoding=\"async\" class=\"alignnone size-full wp-image-931\" src=\"https:\/\/www.filmfest-granada.com\/2018\/wp-content\/uploads\/sites\/2\/2018\/04\/collagejaimerosales.png\" alt=\"\" width=\"800\" height=\"400\" srcset=\"https:\/\/www.filmfest-granada.com\/2018\/wp-content\/uploads\/sites\/2\/2018\/04\/collagejaimerosales.png 800w, https:\/\/www.filmfest-granada.com\/2018\/wp-content\/uploads\/sites\/2\/2018\/04\/collagejaimerosales-300x150.png 300w, https:\/\/www.filmfest-granada.com\/2018\/wp-content\/uploads\/sites\/2\/2018\/04\/collagejaimerosales-768x384.png 768w\" sizes=\"(max-width: 800px) 100vw, 800px\" \/><\/p>\n<p>En un acto organizado por\u00a0<b>Granada Ciudad de la Literatura UNESCO<\/b>,\u00a0<b>Jaime Rosales<\/b>\u00a0(ganador del Goya por <em>La soledad<\/em>) presentar\u00e1 su nuevo libro.\u00a0Escrito durante el proceso de creaci\u00f3n de\u00a0<em>Petra<\/em>, su\u00a0pr\u00f3xima pel\u00edcula, protagonizada por B\u00e1rbara Lennie,\u00a0\u00c0lex Brendem\u00fchl y Marisa Paredes,\u00a0<em>El l\u00e1piz y la c\u00e1mara<\/em>\u00a0est\u00e1 formado por ideas, apuntes y\u00a0reflexiones personales\u00a0sobre el oficio del director. Son el resultado de su experiencia como cineasta, es decir, como director de cine y como cin\u00e9filo.<\/p>\n<p><span style=\"color: #ff0000\"><strong>Entrada libre hasta completar aforo<\/strong><\/span><\/p>\n<p><strong><span style=\"color: #5fa6e8\">19:00 \/ OVNI Bazar Bizarro \/ Batalla de GIFs de cine<\/span><\/strong><\/p>\n<p><img loading=\"lazy\" decoding=\"async\" class=\"alignnone size-full wp-image-958\" src=\"https:\/\/www.filmfest-granada.com\/2018\/wp-content\/uploads\/sites\/2\/2018\/04\/ovniOFFFIJR.png\" alt=\"\" width=\"800\" height=\"400\" srcset=\"https:\/\/www.filmfest-granada.com\/2018\/wp-content\/uploads\/sites\/2\/2018\/04\/ovniOFFFIJR.png 800w, https:\/\/www.filmfest-granada.com\/2018\/wp-content\/uploads\/sites\/2\/2018\/04\/ovniOFFFIJR-300x150.png 300w, https:\/\/www.filmfest-granada.com\/2018\/wp-content\/uploads\/sites\/2\/2018\/04\/ovniOFFFIJR-768x384.png 768w\" sizes=\"(max-width: 800px) 100vw, 800px\" \/><\/p>\n<p><span>Durante la tarde-noche (en blanco) del s\u00e1bado 14 de abril\u00a0<\/span><strong><span class=\"_247o\">OVNI Bazar Bizarro<\/span><\/strong><span> acoger\u00e1 el nuevo deporte o espect\u00e1culo audiovisual definitivo. Una batalla de GIFs sobre cine abierta a la participaci\u00f3n de los asistentes. Los combates se proyectar\u00e1n en pantalla grande para goce y disfrute del p\u00fablico, que dictar\u00e1 sentencia eligiendo sus favoritos. <\/span><\/p>\n<p><span>\u00a1Desenfudad vuestros mejores memes de Nicolas Cage para la ocasi\u00f3n!<\/span><\/p>\n<p>Inscripciones: hola@ovnibazarbizarro.com<\/p>\n<h3><strong>Domingo 15 de abril<\/strong><\/h3>\n<p><strong><span style=\"color: #5fa6e8\">18:00 y 20:00 \/ La Expositiva \/ <em>J\u00falia Ist<\/em><\/span><\/strong><\/p>\n<p><img loading=\"lazy\" decoding=\"async\" class=\"alignnone size-full wp-image-944\" src=\"https:\/\/www.filmfest-granada.com\/2018\/wp-content\/uploads\/sites\/2\/2018\/04\/julia_ist_foto_1-27-32.jpg\" alt=\"\" width=\"800\" height=\"400\" srcset=\"https:\/\/www.filmfest-granada.com\/2018\/wp-content\/uploads\/sites\/2\/2018\/04\/julia_ist_foto_1-27-32.jpg 800w, https:\/\/www.filmfest-granada.com\/2018\/wp-content\/uploads\/sites\/2\/2018\/04\/julia_ist_foto_1-27-32-300x150.jpg 300w, https:\/\/www.filmfest-granada.com\/2018\/wp-content\/uploads\/sites\/2\/2018\/04\/julia_ist_foto_1-27-32-768x384.jpg 768w\" sizes=\"(max-width: 800px) 100vw, 800px\" \/><\/p>\n<p>Estreno en Granada de una de las mayores revelaciones del pasado a\u00f1o del cine espa\u00f1ol, una obra generacional que sigue los pasos de <em>Las amigas de \u00c1gata<\/em>. Bas\u00e1ndose en su propia experiencia Erasmus en Berl\u00edn, Elena Mart\u00edn, la protagonista de aquella pel\u00edcula, nos ofrece ahora otro relato de crecimiento y aprendizaje, de revelaciones y desenga\u00f1os.<\/p>\n<p>J\u00falia decide irse de Erasmus a Berl\u00edn. Se ir\u00e1 de casa por primera vez, sin pensarlo demasiado, a la aventura. La ciudad, fr\u00eda y gris, le da una bienvenida m\u00e1s g\u00e9lida de la que se esperaba, y confronta sus expectativas con la realidad: Su vida parece estar lejos de aquella nueva vida que se imagin\u00f3 en las aulas de la Universidad de arquitectura de Barcelona. 90&#8242;<\/p>\n<p><strong><span style=\"color: #ff0000\"><a style=\"color: #ff0000\" href=\"https:\/\/www.laexpositiva.com\/evento\/cine-julia-ist-v-o-s-e-sesion-18-00h\/\" target=\"_blank\" rel=\"noopener\">Compra aqu\u00ed tus entradas para la sesi\u00f3n de las 18.00h<\/a><\/span><\/strong><br \/>\n<strong><span style=\"color: #ff0000\"><a style=\"color: #ff0000\" href=\"https:\/\/www.laexpositiva.com\/evento\/cine-julia-ist-v-o-s-e-sesion-20-00h\/\" target=\"_blank\" rel=\"noopener\">Compra aqu\u00ed tus entradas para la sesi\u00f3n de las 20.00h<\/a><\/span><\/strong><\/p>\n<h3>Lunes 16 de abril<\/h3>\n<p><strong><span style=\"color: #5fa6e8\">20:00 \/ Centro Federico Garc\u00eda Lorca \/ Preinaguraci\u00f3n: Loving Vincent<\/span><\/strong><\/p>\n<p><img loading=\"lazy\" decoding=\"async\" class=\"alignnone size-full wp-image-1003\" src=\"https:\/\/www.filmfest-granada.com\/2018\/wp-content\/uploads\/sites\/2\/2018\/04\/loving-vincent-1.jpg\" alt=\"\" width=\"800\" height=\"400\" srcset=\"https:\/\/www.filmfest-granada.com\/2018\/wp-content\/uploads\/sites\/2\/2018\/04\/loving-vincent-1.jpg 800w, https:\/\/www.filmfest-granada.com\/2018\/wp-content\/uploads\/sites\/2\/2018\/04\/loving-vincent-1-300x150.jpg 300w, https:\/\/www.filmfest-granada.com\/2018\/wp-content\/uploads\/sites\/2\/2018\/04\/loving-vincent-1-768x384.jpg 768w\" sizes=\"(max-width: 800px) 100vw, 800px\" \/><\/p>\n<p><span id=\"fbPhotoSnowliftCaption\" class=\"fbPhotosPhotoCaption\"><span class=\"hasCaption\">Tras el \u00e9xito de convocatoria de las sesiones FIJR presenta y en agradecimiento a la respuesta del p\u00fablico, el festival\u00a0se preinagura con un nuevo pase de\u00a0<em>Loving Vincent<\/em>. A trav\u00e9s de m\u00e1s de 65.000 fotogramas pintados a mano al \u00f3leo por artistas de todo el mundo, la pel\u00edcula da vida a los cuadros de Van Gogh recorriendo la tr\u00e1gica existencia del pintor a trav\u00e9s de las cartas que con frecuencia escrib\u00eda a su hermano peque\u00f1o, Theo.<\/span><\/span><span id=\"fbPhotoSnowliftTagList\" class=\"fbPhotoTagList\"><span class=\"fcg\">\u00a0<\/span><\/span><\/p>\n<p><span style=\"color: #ff0000\"><strong><a style=\"color: #ff0000\" href=\"https:\/\/entradium.com\/entradas\/loving-vincent-off-fijr\" target=\"_blank\" rel=\"noopener\">Compra aqu\u00ed tus entradas<\/a><\/strong><\/span><\/p>\n<h3>S\u00e1bado 21 de abril<\/h3>\n<p><strong><span style=\"color: #5fa6e8\">23:00 \/ Loop \/ Proyecci\u00f3n de cortometrajes de animaci\u00f3n y sesi\u00f3n de DJs<\/span><\/strong><\/p>\n<p>&nbsp;<\/p>\n<p><img loading=\"lazy\" decoding=\"async\" class=\"aligncenter wp-image-955\" src=\"https:\/\/www.filmfest-granada.com\/2018\/wp-content\/uploads\/sites\/2\/2018\/04\/CARTEL-OFF-1-688x1024.jpg\" alt=\"\" width=\"800\" height=\"1191\" srcset=\"https:\/\/www.filmfest-granada.com\/2018\/wp-content\/uploads\/sites\/2\/2018\/04\/CARTEL-OFF-1-688x1024.jpg 688w, https:\/\/www.filmfest-granada.com\/2018\/wp-content\/uploads\/sites\/2\/2018\/04\/CARTEL-OFF-1-202x300.jpg 202w, https:\/\/www.filmfest-granada.com\/2018\/wp-content\/uploads\/sites\/2\/2018\/04\/CARTEL-OFF-1-768x1143.jpg 768w, https:\/\/www.filmfest-granada.com\/2018\/wp-content\/uploads\/sites\/2\/2018\/04\/CARTEL-OFF-1-1008x1500.jpg 1008w, https:\/\/www.filmfest-granada.com\/2018\/wp-content\/uploads\/sites\/2\/2018\/04\/CARTEL-OFF-1.jpg 1797w\" sizes=\"(max-width: 800px) 100vw, 800px\" \/><\/p>\n","protected":false},"excerpt":{"rendered":"<p>El Festival Internacional de J\u00f3venes Realizadores se extiende del 7 al 22 de abril por librer\u00edas, bares, tiendas de m\u00fasica y espacios alternativos del centro de Granada. Espacios y actividades en La Expositiva, Ub\u00fa Libros, Ovni Bazar Bizarro, El Rapto, Discos Bora-Bora, Marcapasos, Loop y El Bot\u00e1nico. S\u00e1bado 7 de abril 19:30 \/ Ub\u00fa Libros &hellip; <a href=\"https:\/\/www.filmfest-granada.com\/2018\/off-fijr-2018\/\" class=\"more-link\">Continue reading <span class=\"screen-reader-text\">OFF FIJR<\/span><\/a><\/p>\n","protected":false},"author":1,"featured_media":889,"parent":0,"menu_order":0,"comment_status":"closed","ping_status":"closed","template":"","meta":{"footnotes":""},"class_list":["post-918","page","type-page","status-publish","has-post-thumbnail","hentry"],"_links":{"self":[{"href":"https:\/\/www.filmfest-granada.com\/2018\/wp-json\/wp\/v2\/pages\/918","targetHints":{"allow":["GET"]}}],"collection":[{"href":"https:\/\/www.filmfest-granada.com\/2018\/wp-json\/wp\/v2\/pages"}],"about":[{"href":"https:\/\/www.filmfest-granada.com\/2018\/wp-json\/wp\/v2\/types\/page"}],"author":[{"embeddable":true,"href":"https:\/\/www.filmfest-granada.com\/2018\/wp-json\/wp\/v2\/users\/1"}],"replies":[{"embeddable":true,"href":"https:\/\/www.filmfest-granada.com\/2018\/wp-json\/wp\/v2\/comments?post=918"}],"version-history":[{"count":0,"href":"https:\/\/www.filmfest-granada.com\/2018\/wp-json\/wp\/v2\/pages\/918\/revisions"}],"wp:featuredmedia":[{"embeddable":true,"href":"https:\/\/www.filmfest-granada.com\/2018\/wp-json\/wp\/v2\/media\/889"}],"wp:attachment":[{"href":"https:\/\/www.filmfest-granada.com\/2018\/wp-json\/wp\/v2\/media?parent=918"}],"curies":[{"name":"wp","href":"https:\/\/api.w.org\/{rel}","templated":true}]}}