{"id":95,"date":"2021-09-30T20:31:24","date_gmt":"2021-09-30T18:31:24","guid":{"rendered":"https:\/\/www.filmfest-granada.com\/2021\/?page_id=95"},"modified":"2021-10-20T19:59:42","modified_gmt":"2021-10-20T17:59:42","slug":"premio-aguaespejo","status":"publish","type":"page","link":"https:\/\/www.filmfest-granada.com\/2021\/premio-aguaespejo\/","title":{"rendered":"Premio Aguaespejo"},"content":{"rendered":"\t\t<div data-elementor-type=\"wp-page\" data-elementor-id=\"95\" class=\"elementor elementor-95\" data-elementor-post-type=\"page\">\n\t\t\t\t\t\t<section class=\"elementor-section elementor-top-section elementor-element elementor-element-f77630d elementor-section-boxed elementor-section-height-default elementor-section-height-default\" data-id=\"f77630d\" data-element_type=\"section\">\n\t\t\t\t\t\t<div class=\"elementor-container elementor-column-gap-default\">\n\t\t\t\t\t<div class=\"elementor-column elementor-col-100 elementor-top-column elementor-element elementor-element-337b918\" data-id=\"337b918\" data-element_type=\"column\">\n\t\t\t<div class=\"elementor-widget-wrap elementor-element-populated\">\n\t\t\t\t\t\t<div class=\"elementor-element elementor-element-406ceb0 elementor-widget elementor-widget-text-editor\" data-id=\"406ceb0\" data-element_type=\"widget\" data-widget_type=\"text-editor.default\">\n\t\t\t\t<div class=\"elementor-widget-container\">\n\t\t\t\t\t\t\t\t\t<p>Promovido por Fundaci\u00f3n AguaGranada, el <strong>Premio Aguaespejo<\/strong> invita a reflexionar sobre la relaci\u00f3n de la imagen en movimiento con el agua y el medio ambiente. El agua como fuente de expresi\u00f3n art\u00edstica y de experimentaci\u00f3n con el lenguaje audiovisual, con la obra del cinemista granadino <strong>Jos\u00e9 Val del Omar<\/strong> como referente.<\/p>\t\t\t\t\t\t\t\t<\/div>\n\t\t\t\t<\/div>\n\t\t\t\t\t<\/div>\n\t\t<\/div>\n\t\t\t\t\t<\/div>\n\t\t<\/section>\n\t\t\t\t<section class=\"elementor-section elementor-top-section elementor-element elementor-element-109540f elementor-section-boxed elementor-section-height-default elementor-section-height-default\" data-id=\"109540f\" data-element_type=\"section\">\n\t\t\t\t\t\t<div class=\"elementor-container elementor-column-gap-default\">\n\t\t\t\t\t<div class=\"elementor-column elementor-col-100 elementor-top-column elementor-element elementor-element-297c08c\" data-id=\"297c08c\" data-element_type=\"column\">\n\t\t\t<div class=\"elementor-widget-wrap elementor-element-populated\">\n\t\t\t\t\t\t<div class=\"elementor-element elementor-element-f31ab39 program-title elementor-widget elementor-widget-heading\" data-id=\"f31ab39\" data-element_type=\"widget\" data-widget_type=\"heading.default\">\n\t\t\t\t<div class=\"elementor-widget-container\">\n\t\t\t\t\t<h2 class=\"elementor-heading-title elementor-size-default\">PREMIO AGUAESPEJO<\/h2>\t\t\t\t<\/div>\n\t\t\t\t<\/div>\n\t\t\t\t\t<\/div>\n\t\t<\/div>\n\t\t\t\t\t<\/div>\n\t\t<\/section>\n\t\t\t\t<section class=\"elementor-section elementor-top-section elementor-element elementor-element-be1c346 elementor-section-boxed elementor-section-height-default elementor-section-height-default\" data-id=\"be1c346\" data-element_type=\"section\">\n\t\t\t\t\t\t<div class=\"elementor-container elementor-column-gap-default\">\n\t\t\t\t\t<div class=\"elementor-column elementor-col-100 elementor-top-column elementor-element elementor-element-6e0ea55\" data-id=\"6e0ea55\" data-element_type=\"column\">\n\t\t\t<div class=\"elementor-widget-wrap elementor-element-populated\">\n\t\t\t\t\t\t<div class=\"elementor-element elementor-element-32fb97c elementor-widget elementor-widget-heading\" data-id=\"32fb97c\" data-element_type=\"widget\" data-widget_type=\"heading.default\">\n\t\t\t\t<div class=\"elementor-widget-container\">\n\t\t\t\t\t<h3 class=\"elementor-heading-title elementor-size-large\">DOMINGO 24 - 12:00<\/h3>\t\t\t\t<\/div>\n\t\t\t\t<\/div>\n\t\t\t\t<div class=\"elementor-element elementor-element-f098755 elementor-widget elementor-widget-heading\" data-id=\"f098755\" data-element_type=\"widget\" data-widget_type=\"heading.default\">\n\t\t\t\t<div class=\"elementor-widget-container\">\n\t\t\t\t\t<h3 class=\"elementor-heading-title elementor-size-large\">PALACIO DE LOS CONDES DE GABIA<\/h3>\t\t\t\t<\/div>\n\t\t\t\t<\/div>\n\t\t\t\t\t<\/div>\n\t\t<\/div>\n\t\t\t\t\t<\/div>\n\t\t<\/section>\n\t\t\t\t<section class=\"elementor-section elementor-top-section elementor-element elementor-element-d498999 elementor-section-boxed elementor-section-height-default elementor-section-height-default\" data-id=\"d498999\" data-element_type=\"section\">\n\t\t\t\t\t\t<div class=\"elementor-container elementor-column-gap-default\">\n\t\t\t\t\t<div class=\"elementor-column elementor-col-50 elementor-top-column elementor-element elementor-element-aa56452\" data-id=\"aa56452\" data-element_type=\"column\">\n\t\t\t<div class=\"elementor-widget-wrap elementor-element-populated\">\n\t\t\t\t\t\t<div class=\"elementor-element elementor-element-e1ae373 elementor-widget elementor-widget-image\" data-id=\"e1ae373\" data-element_type=\"widget\" data-widget_type=\"image.default\">\n\t\t\t\t<div class=\"elementor-widget-container\">\n\t\t\t\t\t\t\t\t\t\t\t\t\t\t\t<img fetchpriority=\"high\" decoding=\"async\" width=\"1024\" height=\"556\" src=\"https:\/\/www.filmfest-granada.com\/2021\/wp-content\/uploads\/sites\/10\/2021\/10\/Uhina.jpeg\" class=\"attachment-full size-full wp-image-689\" alt=\"\" srcset=\"https:\/\/www.filmfest-granada.com\/2021\/wp-content\/uploads\/sites\/10\/2021\/10\/Uhina.jpeg 1024w, https:\/\/www.filmfest-granada.com\/2021\/wp-content\/uploads\/sites\/10\/2021\/10\/Uhina-300x163.jpeg 300w, https:\/\/www.filmfest-granada.com\/2021\/wp-content\/uploads\/sites\/10\/2021\/10\/Uhina-768x417.jpeg 768w\" sizes=\"(max-width: 1024px) 100vw, 1024px\" \/>\t\t\t\t\t\t\t\t\t\t\t\t\t\t\t<\/div>\n\t\t\t\t<\/div>\n\t\t\t\t\t<\/div>\n\t\t<\/div>\n\t\t\t\t<div class=\"elementor-column elementor-col-50 elementor-top-column elementor-element elementor-element-1f50dca\" data-id=\"1f50dca\" data-element_type=\"column\">\n\t\t\t<div class=\"elementor-widget-wrap elementor-element-populated\">\n\t\t\t\t\t\t<div class=\"elementor-element elementor-element-7dc66b0 elementor-widget elementor-widget-heading\" data-id=\"7dc66b0\" data-element_type=\"widget\" data-widget_type=\"heading.default\">\n\t\t\t\t<div class=\"elementor-widget-container\">\n\t\t\t\t\t<h2 class=\"elementor-heading-title elementor-size-medium\">Uhina<\/h2>\t\t\t\t<\/div>\n\t\t\t\t<\/div>\n\t\t\t\t<div class=\"elementor-element elementor-element-852f41c elementor-widget elementor-widget-heading\" data-id=\"852f41c\" data-element_type=\"widget\" data-widget_type=\"heading.default\">\n\t\t\t\t<div class=\"elementor-widget-container\">\n\t\t\t\t\t<div class=\"elementor-heading-title elementor-size-default\">Lester \u00c1lvarez | Espa\u00f1a | 2020 | 4\u2019<\/div>\t\t\t\t<\/div>\n\t\t\t\t<\/div>\n\t\t\t\t<div class=\"elementor-element elementor-element-58bda14 elementor-widget elementor-widget-heading\" data-id=\"58bda14\" data-element_type=\"widget\" data-widget_type=\"heading.default\">\n\t\t\t\t<div class=\"elementor-widget-container\">\n\t\t\t\t\t<p class=\"elementor-heading-title elementor-size-default\">Pintada sobre pel\u00edcula de 16mm, Uhina (\"onda de mar\" en euskera) fue concebida como una corriente de sucesivas ondas de color, energ\u00eda y sonido, que se obtuvo escaneando la imagen con un lector \u00f3ptico.<\/p>\t\t\t\t<\/div>\n\t\t\t\t<\/div>\n\t\t\t\t\t<\/div>\n\t\t<\/div>\n\t\t\t\t\t<\/div>\n\t\t<\/section>\n\t\t\t\t<section class=\"elementor-section elementor-top-section elementor-element elementor-element-0ff5515 elementor-section-boxed elementor-section-height-default elementor-section-height-default\" data-id=\"0ff5515\" data-element_type=\"section\">\n\t\t\t\t\t\t<div class=\"elementor-container elementor-column-gap-default\">\n\t\t\t\t\t<div class=\"elementor-column elementor-col-50 elementor-top-column elementor-element elementor-element-f05c46d\" data-id=\"f05c46d\" data-element_type=\"column\">\n\t\t\t<div class=\"elementor-widget-wrap elementor-element-populated\">\n\t\t\t\t\t\t<div class=\"elementor-element elementor-element-911228d elementor-widget elementor-widget-image\" data-id=\"911228d\" data-element_type=\"widget\" data-widget_type=\"image.default\">\n\t\t\t\t<div class=\"elementor-widget-container\">\n\t\t\t\t\t\t\t\t\t\t\t\t\t\t\t<img decoding=\"async\" width=\"1360\" height=\"685\" src=\"https:\/\/www.filmfest-granada.com\/2021\/wp-content\/uploads\/sites\/10\/2021\/10\/El-mar-peino-la-orilla.png\" class=\"attachment-full size-full wp-image-688\" alt=\"\" srcset=\"https:\/\/www.filmfest-granada.com\/2021\/wp-content\/uploads\/sites\/10\/2021\/10\/El-mar-peino-la-orilla.png 1360w, https:\/\/www.filmfest-granada.com\/2021\/wp-content\/uploads\/sites\/10\/2021\/10\/El-mar-peino-la-orilla-300x151.png 300w, https:\/\/www.filmfest-granada.com\/2021\/wp-content\/uploads\/sites\/10\/2021\/10\/El-mar-peino-la-orilla-1024x516.png 1024w, https:\/\/www.filmfest-granada.com\/2021\/wp-content\/uploads\/sites\/10\/2021\/10\/El-mar-peino-la-orilla-768x387.png 768w\" sizes=\"(max-width: 1360px) 100vw, 1360px\" \/>\t\t\t\t\t\t\t\t\t\t\t\t\t\t\t<\/div>\n\t\t\t\t<\/div>\n\t\t\t\t\t<\/div>\n\t\t<\/div>\n\t\t\t\t<div class=\"elementor-column elementor-col-50 elementor-top-column elementor-element elementor-element-4b4d665\" data-id=\"4b4d665\" data-element_type=\"column\">\n\t\t\t<div class=\"elementor-widget-wrap elementor-element-populated\">\n\t\t\t\t\t\t<div class=\"elementor-element elementor-element-d76f1a1 elementor-widget elementor-widget-heading\" data-id=\"d76f1a1\" data-element_type=\"widget\" data-widget_type=\"heading.default\">\n\t\t\t\t<div class=\"elementor-widget-container\">\n\t\t\t\t\t<h2 class=\"elementor-heading-title elementor-size-medium\">El mar pein\u00f3 a la orilla\n<\/h2>\t\t\t\t<\/div>\n\t\t\t\t<\/div>\n\t\t\t\t<div class=\"elementor-element elementor-element-e0eecaf elementor-widget elementor-widget-heading\" data-id=\"e0eecaf\" data-element_type=\"widget\" data-widget_type=\"heading.default\">\n\t\t\t\t<div class=\"elementor-widget-container\">\n\t\t\t\t\t<div class=\"elementor-heading-title elementor-size-default\">Valentina Alvarado Matos | Espa\u00f1a | 2019 | 2\u2019<\/div>\t\t\t\t<\/div>\n\t\t\t\t<\/div>\n\t\t\t\t<div class=\"elementor-element elementor-element-efcb95b elementor-widget elementor-widget-heading\" data-id=\"efcb95b\" data-element_type=\"widget\" data-widget_type=\"heading.default\">\n\t\t\t\t<div class=\"elementor-widget-container\">\n\t\t\t\t\t<p class=\"elementor-heading-title elementor-size-default\">Trazar una pincelada para unir el mar y el cielo, borrar el horizonte o levantar un nuevo amanecer. Pensar en nuevas geograf\u00edas y jugar desde lo pl\u00e1stico con alterar el paisaje filmado.\n<\/p>\t\t\t\t<\/div>\n\t\t\t\t<\/div>\n\t\t\t\t\t<\/div>\n\t\t<\/div>\n\t\t\t\t\t<\/div>\n\t\t<\/section>\n\t\t\t\t<section class=\"elementor-section elementor-top-section elementor-element elementor-element-0566826 elementor-section-boxed elementor-section-height-default elementor-section-height-default\" data-id=\"0566826\" data-element_type=\"section\">\n\t\t\t\t\t\t<div class=\"elementor-container elementor-column-gap-default\">\n\t\t\t\t\t<div class=\"elementor-column elementor-col-50 elementor-top-column elementor-element elementor-element-3db5bb3\" data-id=\"3db5bb3\" data-element_type=\"column\">\n\t\t\t<div class=\"elementor-widget-wrap elementor-element-populated\">\n\t\t\t\t\t\t<div class=\"elementor-element elementor-element-2670443 elementor-widget elementor-widget-image\" data-id=\"2670443\" data-element_type=\"widget\" data-widget_type=\"image.default\">\n\t\t\t\t<div class=\"elementor-widget-container\">\n\t\t\t\t\t\t\t\t\t\t\t\t\t\t\t<img decoding=\"async\" width=\"1000\" height=\"702\" src=\"https:\/\/www.filmfest-granada.com\/2021\/wp-content\/uploads\/sites\/10\/2021\/10\/Augas-abisais.jpg\" class=\"attachment-full size-full wp-image-690\" alt=\"\" srcset=\"https:\/\/www.filmfest-granada.com\/2021\/wp-content\/uploads\/sites\/10\/2021\/10\/Augas-abisais.jpg 1000w, https:\/\/www.filmfest-granada.com\/2021\/wp-content\/uploads\/sites\/10\/2021\/10\/Augas-abisais-300x211.jpg 300w, https:\/\/www.filmfest-granada.com\/2021\/wp-content\/uploads\/sites\/10\/2021\/10\/Augas-abisais-768x539.jpg 768w\" sizes=\"(max-width: 1000px) 100vw, 1000px\" \/>\t\t\t\t\t\t\t\t\t\t\t\t\t\t\t<\/div>\n\t\t\t\t<\/div>\n\t\t\t\t\t<\/div>\n\t\t<\/div>\n\t\t\t\t<div class=\"elementor-column elementor-col-50 elementor-top-column elementor-element elementor-element-afafa96\" data-id=\"afafa96\" data-element_type=\"column\">\n\t\t\t<div class=\"elementor-widget-wrap elementor-element-populated\">\n\t\t\t\t\t\t<div class=\"elementor-element elementor-element-a4fd425 elementor-widget elementor-widget-heading\" data-id=\"a4fd425\" data-element_type=\"widget\" data-widget_type=\"heading.default\">\n\t\t\t\t<div class=\"elementor-widget-container\">\n\t\t\t\t\t<h2 class=\"elementor-heading-title elementor-size-medium\">Augas abisais<\/h2>\t\t\t\t<\/div>\n\t\t\t\t<\/div>\n\t\t\t\t<div class=\"elementor-element elementor-element-085cda0 elementor-widget elementor-widget-heading\" data-id=\"085cda0\" data-element_type=\"widget\" data-widget_type=\"heading.default\">\n\t\t\t\t<div class=\"elementor-widget-container\">\n\t\t\t\t\t<div class=\"elementor-heading-title elementor-size-default\">Xacio Ba\u00f1o | Espa\u00f1a | 2020 | 25\u2019\n<\/div>\t\t\t\t<\/div>\n\t\t\t\t<\/div>\n\t\t\t\t<div class=\"elementor-element elementor-element-6133c99 elementor-widget elementor-widget-heading\" data-id=\"6133c99\" data-element_type=\"widget\" data-widget_type=\"heading.default\">\n\t\t\t\t<div class=\"elementor-widget-container\">\n\t\t\t\t\t<p class=\"elementor-heading-title elementor-size-default\">[Clic]<br>Una luz se enciende. Son escurridizos y dif\u00edciles de ver.<br>Habitan donde nada es. All\u00e1. En el fondo.<\/p>\t\t\t\t<\/div>\n\t\t\t\t<\/div>\n\t\t\t\t\t<\/div>\n\t\t<\/div>\n\t\t\t\t\t<\/div>\n\t\t<\/section>\n\t\t\t\t<section class=\"elementor-section elementor-top-section elementor-element elementor-element-9cf26e4 elementor-section-boxed elementor-section-height-default elementor-section-height-default\" data-id=\"9cf26e4\" data-element_type=\"section\">\n\t\t\t\t\t\t<div class=\"elementor-container elementor-column-gap-default\">\n\t\t\t\t\t<div class=\"elementor-column elementor-col-50 elementor-top-column elementor-element elementor-element-109459c\" data-id=\"109459c\" data-element_type=\"column\">\n\t\t\t<div class=\"elementor-widget-wrap elementor-element-populated\">\n\t\t\t\t\t\t<div class=\"elementor-element elementor-element-b35cd67 elementor-widget elementor-widget-image\" data-id=\"b35cd67\" data-element_type=\"widget\" data-widget_type=\"image.default\">\n\t\t\t\t<div class=\"elementor-widget-container\">\n\t\t\t\t\t\t\t\t\t\t\t\t\t\t\t<img loading=\"lazy\" decoding=\"async\" width=\"1340\" height=\"760\" src=\"https:\/\/www.filmfest-granada.com\/2021\/wp-content\/uploads\/sites\/10\/2021\/10\/Urpean-lurra-2.jpeg\" class=\"attachment-full size-full wp-image-299\" alt=\"\" srcset=\"https:\/\/www.filmfest-granada.com\/2021\/wp-content\/uploads\/sites\/10\/2021\/10\/Urpean-lurra-2.jpeg 1340w, https:\/\/www.filmfest-granada.com\/2021\/wp-content\/uploads\/sites\/10\/2021\/10\/Urpean-lurra-2-300x170.jpeg 300w, https:\/\/www.filmfest-granada.com\/2021\/wp-content\/uploads\/sites\/10\/2021\/10\/Urpean-lurra-2-1024x581.jpeg 1024w, https:\/\/www.filmfest-granada.com\/2021\/wp-content\/uploads\/sites\/10\/2021\/10\/Urpean-lurra-2-768x436.jpeg 768w\" sizes=\"(max-width: 1340px) 100vw, 1340px\" \/>\t\t\t\t\t\t\t\t\t\t\t\t\t\t\t<\/div>\n\t\t\t\t<\/div>\n\t\t\t\t\t<\/div>\n\t\t<\/div>\n\t\t\t\t<div class=\"elementor-column elementor-col-50 elementor-top-column elementor-element elementor-element-c9e358d\" data-id=\"c9e358d\" data-element_type=\"column\">\n\t\t\t<div class=\"elementor-widget-wrap elementor-element-populated\">\n\t\t\t\t\t\t<div class=\"elementor-element elementor-element-5507085 elementor-widget elementor-widget-heading\" data-id=\"5507085\" data-element_type=\"widget\" data-widget_type=\"heading.default\">\n\t\t\t\t<div class=\"elementor-widget-container\">\n\t\t\t\t\t<h2 class=\"elementor-heading-title elementor-size-medium\">Urpean lurra<\/h2>\t\t\t\t<\/div>\n\t\t\t\t<\/div>\n\t\t\t\t<div class=\"elementor-element elementor-element-7c3c79c elementor-widget elementor-widget-heading\" data-id=\"7c3c79c\" data-element_type=\"widget\" data-widget_type=\"heading.default\">\n\t\t\t\t<div class=\"elementor-widget-container\">\n\t\t\t\t\t<div class=\"elementor-heading-title elementor-size-default\">Maddi Barber | Espa\u00f1a | 2019 | 50\u2019<\/div>\t\t\t\t<\/div>\n\t\t\t\t<\/div>\n\t\t\t\t<div class=\"elementor-element elementor-element-ee0e718 elementor-widget elementor-widget-heading\" data-id=\"ee0e718\" data-element_type=\"widget\" data-widget_type=\"heading.default\">\n\t\t\t\t<div class=\"elementor-widget-container\">\n\t\t\t\t\t<p class=\"elementor-heading-title elementor-size-default\">Hace casi dos d\u00e9cadas el pantano de Itoiz inund\u00f3 siete pueblos y tres reservas naturales en las laderas del Pirineo navarro. El grupo ecologista Solidari@s con Itoiz document\u00f3 en v\u00eddeo la lucha contra su construcci\u00f3n. Hoy, aquellos que estuvieron all\u00ed sue\u00f1an con la tierra que permanece bajo el agua.<\/p>\t\t\t\t<\/div>\n\t\t\t\t<\/div>\n\t\t\t\t\t<\/div>\n\t\t<\/div>\n\t\t\t\t\t<\/div>\n\t\t<\/section>\n\t\t\t\t<section class=\"elementor-section elementor-top-section elementor-element elementor-element-1ff23b0 elementor-section-boxed elementor-section-height-default elementor-section-height-default\" data-id=\"1ff23b0\" data-element_type=\"section\">\n\t\t\t\t\t\t<div class=\"elementor-container elementor-column-gap-default\">\n\t\t\t\t\t<div class=\"elementor-column elementor-col-100 elementor-top-column elementor-element elementor-element-f90c743\" data-id=\"f90c743\" data-element_type=\"column\">\n\t\t\t<div class=\"elementor-widget-wrap elementor-element-populated\">\n\t\t\t\t\t\t<div class=\"elementor-element elementor-element-1d62d5f elementor-widget elementor-widget-heading\" data-id=\"1d62d5f\" data-element_type=\"widget\" data-widget_type=\"heading.default\">\n\t\t\t\t<div class=\"elementor-widget-container\">\n\t\t\t\t\t<div class=\"elementor-heading-title elementor-size-default\">Entrada libre hasta completar aforo<\/div>\t\t\t\t<\/div>\n\t\t\t\t<\/div>\n\t\t\t\t\t<\/div>\n\t\t<\/div>\n\t\t\t\t\t<\/div>\n\t\t<\/section>\n\t\t\t\t<\/div>\n\t\t","protected":false},"excerpt":{"rendered":"<p>Promovido por Fundaci\u00f3n AguaGranada, el Premio Aguaespejo invita a reflexionar sobre la relaci\u00f3n de la imagen en movimiento con el agua y el medio ambiente. El agua como fuente de expresi\u00f3n art\u00edstica y de experimentaci\u00f3n con el lenguaje audiovisual, con la obra del cinemista granadino Jos\u00e9 Val del Omar como referente. PREMIO AGUAESPEJO DOMINGO 24 &#8230; <a title=\"Premio Aguaespejo\" class=\"read-more\" href=\"https:\/\/www.filmfest-granada.com\/2021\/premio-aguaespejo\/\" aria-label=\"Leer m\u00e1s sobre Premio Aguaespejo\">Leer m\u00e1s<\/a><\/p>\n","protected":false},"author":1167,"featured_media":0,"parent":0,"menu_order":0,"comment_status":"closed","ping_status":"closed","template":"elementor_header_footer","meta":{"footnotes":""},"class_list":["post-95","page","type-page","status-publish"],"aioseo_notices":[],"_links":{"self":[{"href":"https:\/\/www.filmfest-granada.com\/2021\/wp-json\/wp\/v2\/pages\/95","targetHints":{"allow":["GET"]}}],"collection":[{"href":"https:\/\/www.filmfest-granada.com\/2021\/wp-json\/wp\/v2\/pages"}],"about":[{"href":"https:\/\/www.filmfest-granada.com\/2021\/wp-json\/wp\/v2\/types\/page"}],"author":[{"embeddable":true,"href":"https:\/\/www.filmfest-granada.com\/2021\/wp-json\/wp\/v2\/users\/1167"}],"replies":[{"embeddable":true,"href":"https:\/\/www.filmfest-granada.com\/2021\/wp-json\/wp\/v2\/comments?post=95"}],"version-history":[{"count":13,"href":"https:\/\/www.filmfest-granada.com\/2021\/wp-json\/wp\/v2\/pages\/95\/revisions"}],"predecessor-version":[{"id":1408,"href":"https:\/\/www.filmfest-granada.com\/2021\/wp-json\/wp\/v2\/pages\/95\/revisions\/1408"}],"wp:attachment":[{"href":"https:\/\/www.filmfest-granada.com\/2021\/wp-json\/wp\/v2\/media?parent=95"}],"curies":[{"name":"wp","href":"https:\/\/api.w.org\/{rel}","templated":true}]}}