{"id":97,"date":"2021-09-30T20:31:40","date_gmt":"2021-09-30T18:31:40","guid":{"rendered":"https:\/\/www.filmfest-granada.com\/2021\/?page_id=97"},"modified":"2021-10-17T13:55:32","modified_gmt":"2021-10-17T11:55:32","slug":"encuentro-con-realizadores","status":"publish","type":"page","link":"https:\/\/www.filmfest-granada.com\/2021\/encuentro-con-realizadores\/","title":{"rendered":"Encuentro con Realizadores"},"content":{"rendered":"\t\t<div data-elementor-type=\"wp-page\" data-elementor-id=\"97\" class=\"elementor elementor-97\" data-elementor-post-type=\"page\">\n\t\t\t\t\t\t<section class=\"elementor-section elementor-top-section elementor-element elementor-element-03d24d2 elementor-section-boxed elementor-section-height-default elementor-section-height-default\" data-id=\"03d24d2\" data-element_type=\"section\">\n\t\t\t\t\t\t<div class=\"elementor-container elementor-column-gap-default\">\n\t\t\t\t\t<div class=\"elementor-column elementor-col-100 elementor-top-column elementor-element elementor-element-42c423f\" data-id=\"42c423f\" data-element_type=\"column\">\n\t\t\t<div class=\"elementor-widget-wrap elementor-element-populated\">\n\t\t\t\t\t\t<div class=\"elementor-element elementor-element-f256bd6 elementor-widget elementor-widget-heading\" data-id=\"f256bd6\" data-element_type=\"widget\" data-widget_type=\"heading.default\">\n\t\t\t\t<div class=\"elementor-widget-container\">\n\t\t\t\t\t<h1 class=\"elementor-heading-title elementor-size-xl\">ENCUENTRO CON REALIZADORES<\/h1>\t\t\t\t<\/div>\n\t\t\t\t<\/div>\n\t\t\t\t\t<\/div>\n\t\t<\/div>\n\t\t\t\t\t<\/div>\n\t\t<\/section>\n\t\t\t\t<section class=\"elementor-section elementor-top-section elementor-element elementor-element-47361d4 elementor-section-boxed elementor-section-height-default elementor-section-height-default\" data-id=\"47361d4\" data-element_type=\"section\">\n\t\t\t\t\t\t<div class=\"elementor-container elementor-column-gap-default\">\n\t\t\t\t\t<div class=\"elementor-column elementor-col-100 elementor-top-column elementor-element elementor-element-8449fcc\" data-id=\"8449fcc\" data-element_type=\"column\">\n\t\t\t<div class=\"elementor-widget-wrap elementor-element-populated\">\n\t\t\t\t\t\t<div class=\"elementor-element elementor-element-996098b program-title elementor-widget elementor-widget-heading\" data-id=\"996098b\" data-element_type=\"widget\" data-widget_type=\"heading.default\">\n\t\t\t\t<div class=\"elementor-widget-container\">\n\t\t\t\t\t<h2 class=\"elementor-heading-title elementor-size-default\">S\u00c1BADO 23 OCTUBRE<\/h2>\t\t\t\t<\/div>\n\t\t\t\t<\/div>\n\t\t\t\t\t<\/div>\n\t\t<\/div>\n\t\t\t\t\t<\/div>\n\t\t<\/section>\n\t\t\t\t<section class=\"elementor-section elementor-top-section elementor-element elementor-element-4502959 elementor-section-boxed elementor-section-height-default elementor-section-height-default\" data-id=\"4502959\" data-element_type=\"section\">\n\t\t\t\t\t\t<div class=\"elementor-container elementor-column-gap-default\">\n\t\t\t\t\t<div class=\"elementor-column elementor-col-50 elementor-top-column elementor-element elementor-element-dd5d191\" data-id=\"dd5d191\" data-element_type=\"column\">\n\t\t\t<div class=\"elementor-widget-wrap elementor-element-populated\">\n\t\t\t\t\t\t<div class=\"elementor-element elementor-element-9f5a280 elementor-widget elementor-widget-image\" data-id=\"9f5a280\" data-element_type=\"widget\" data-widget_type=\"image.default\">\n\t\t\t\t<div class=\"elementor-widget-container\">\n\t\t\t\t\t\t\t\t\t\t\t\t\t\t\t<img fetchpriority=\"high\" decoding=\"async\" width=\"1536\" height=\"1024\" src=\"https:\/\/www.filmfest-granada.com\/2021\/wp-content\/uploads\/sites\/10\/2021\/10\/Tolentino_01-1536x1024.jpg\" class=\"attachment-1536x1536 size-1536x1536 wp-image-1183\" alt=\"\" srcset=\"https:\/\/www.filmfest-granada.com\/2021\/wp-content\/uploads\/sites\/10\/2021\/10\/Tolentino_01-1536x1024.jpg 1536w, https:\/\/www.filmfest-granada.com\/2021\/wp-content\/uploads\/sites\/10\/2021\/10\/Tolentino_01-300x200.jpg 300w, https:\/\/www.filmfest-granada.com\/2021\/wp-content\/uploads\/sites\/10\/2021\/10\/Tolentino_01-1024x683.jpg 1024w, https:\/\/www.filmfest-granada.com\/2021\/wp-content\/uploads\/sites\/10\/2021\/10\/Tolentino_01-768x512.jpg 768w, https:\/\/www.filmfest-granada.com\/2021\/wp-content\/uploads\/sites\/10\/2021\/10\/Tolentino_01-2048x1365.jpg 2048w\" sizes=\"(max-width: 1536px) 100vw, 1536px\" \/>\t\t\t\t\t\t\t\t\t\t\t\t\t\t\t<\/div>\n\t\t\t\t<\/div>\n\t\t\t\t\t<\/div>\n\t\t<\/div>\n\t\t\t\t<div class=\"elementor-column elementor-col-50 elementor-top-column elementor-element elementor-element-ccabb71\" data-id=\"ccabb71\" data-element_type=\"column\">\n\t\t\t<div class=\"elementor-widget-wrap elementor-element-populated\">\n\t\t\t\t\t\t<div class=\"elementor-element elementor-element-812639a elementor-widget elementor-widget-heading\" data-id=\"812639a\" data-element_type=\"widget\" data-widget_type=\"heading.default\">\n\t\t\t\t<div class=\"elementor-widget-container\">\n\t\t\t\t\t<h2 class=\"elementor-heading-title elementor-size-default\">18:00 - Palacio de los Condes de Gabia<\/h2>\t\t\t\t<\/div>\n\t\t\t\t<\/div>\n\t\t\t\t<div class=\"elementor-element elementor-element-2331886 elementor-widget elementor-widget-heading\" data-id=\"2331886\" data-element_type=\"widget\" data-widget_type=\"heading.default\">\n\t\t\t\t<div class=\"elementor-widget-container\">\n\t\t\t\t\t<p class=\"elementor-heading-title elementor-size-default\">Promovido desde la <b>Delegaci\u00f3n de Cultura y Memoria Hist\u00f3rica y Democr\u00e1tica de la Diputaci\u00f3n de Granada<\/b>, a lo largo de los a\u00f1os han visitado el Encuentro con Realizadores grandes nombres del cine espa\u00f1ol como V\u00edctor Erice, Jos\u00e9 Luis Guerin, Mercedes \u00c1lvarez o Cecilia Bartolom\u00e9, as\u00ed como cineastas del prestigio internacional de Aki Kaurism\u00e4ki, Val\u00e9rie Massadian y Pedro Costa. Todos ellos pasaron por los micr\u00f3fonos de un <b>Javier Tolentino<\/b> que recoge el testigo con su \u00f3pera prima.<\/p>\t\t\t\t<\/div>\n\t\t\t\t<\/div>\n\t\t\t\t<div class=\"elementor-element elementor-element-1f4950a elementor-widget elementor-widget-heading\" data-id=\"1f4950a\" data-element_type=\"widget\" data-widget_type=\"heading.default\">\n\t\t\t\t<div class=\"elementor-widget-container\">\n\t\t\t\t\t<h2 class=\"elementor-heading-title elementor-size-medium\">Un blues para Teher\u00e1n<\/h2>\t\t\t\t<\/div>\n\t\t\t\t<\/div>\n\t\t\t\t<div class=\"elementor-element elementor-element-9737ab1 elementor-widget elementor-widget-heading\" data-id=\"9737ab1\" data-element_type=\"widget\" data-widget_type=\"heading.default\">\n\t\t\t\t<div class=\"elementor-widget-container\">\n\t\t\t\t\t<div class=\"elementor-heading-title elementor-size-default\">Javier Tolentino | Espa\u00f1a | 2020 | 77\u2019<\/div>\t\t\t\t<\/div>\n\t\t\t\t<\/div>\n\t\t\t\t<div class=\"elementor-element elementor-element-18029c8 elementor-widget elementor-widget-heading\" data-id=\"18029c8\" data-element_type=\"widget\" data-widget_type=\"heading.default\">\n\t\t\t\t<div class=\"elementor-widget-container\">\n\t\t\t\t\t<p class=\"elementor-heading-title elementor-size-default\">Diferentes rostros nos muestran un Ir\u00e1n donde tradici\u00f3n y modernidad conviven y se confrontan. Erfan nos invita a descubrir un pa\u00eds tan misterioso como culto a trav\u00e9s de la m\u00fasica y sus gentes. \u00c9l es un joven kurdo, divertido e ir\u00f3nico, que quiere convertirse en director de cine. Canta, escribe poes\u00eda, vive con sus padres y su loro, pero no sabe nada del amor.\n \nEntrada libre hasta completar aforo. Tras la proyecci\u00f3n, <b>Javier Tolentino<\/b> impartir\u00e1 una masterclass en formato entrevista moderada por la docente y fot\u00f3grafa cubana <b>Carmen Rivero<\/b>.\n<\/p>\t\t\t\t<\/div>\n\t\t\t\t<\/div>\n\t\t\t\t\t<\/div>\n\t\t<\/div>\n\t\t\t\t\t<\/div>\n\t\t<\/section>\n\t\t\t\t<\/div>\n\t\t","protected":false},"excerpt":{"rendered":"<p>ENCUENTRO CON REALIZADORES S\u00c1BADO 23 OCTUBRE 18:00 &#8211; Palacio de los Condes de Gabia Promovido desde la Delegaci\u00f3n de Cultura y Memoria Hist\u00f3rica y Democr\u00e1tica de la Diputaci\u00f3n de Granada, a lo largo de los a\u00f1os han visitado el Encuentro con Realizadores grandes nombres del cine espa\u00f1ol como V\u00edctor Erice, Jos\u00e9 Luis Guerin, Mercedes \u00c1lvarez &#8230; <a title=\"Encuentro con Realizadores\" class=\"read-more\" href=\"https:\/\/www.filmfest-granada.com\/2021\/encuentro-con-realizadores\/\" aria-label=\"Leer m\u00e1s sobre Encuentro con Realizadores\">Leer m\u00e1s<\/a><\/p>\n","protected":false},"author":1167,"featured_media":0,"parent":0,"menu_order":0,"comment_status":"closed","ping_status":"closed","template":"elementor_header_footer","meta":{"footnotes":""},"class_list":["post-97","page","type-page","status-publish"],"aioseo_notices":[],"_links":{"self":[{"href":"https:\/\/www.filmfest-granada.com\/2021\/wp-json\/wp\/v2\/pages\/97","targetHints":{"allow":["GET"]}}],"collection":[{"href":"https:\/\/www.filmfest-granada.com\/2021\/wp-json\/wp\/v2\/pages"}],"about":[{"href":"https:\/\/www.filmfest-granada.com\/2021\/wp-json\/wp\/v2\/types\/page"}],"author":[{"embeddable":true,"href":"https:\/\/www.filmfest-granada.com\/2021\/wp-json\/wp\/v2\/users\/1167"}],"replies":[{"embeddable":true,"href":"https:\/\/www.filmfest-granada.com\/2021\/wp-json\/wp\/v2\/comments?post=97"}],"version-history":[{"count":17,"href":"https:\/\/www.filmfest-granada.com\/2021\/wp-json\/wp\/v2\/pages\/97\/revisions"}],"predecessor-version":[{"id":1276,"href":"https:\/\/www.filmfest-granada.com\/2021\/wp-json\/wp\/v2\/pages\/97\/revisions\/1276"}],"wp:attachment":[{"href":"https:\/\/www.filmfest-granada.com\/2021\/wp-json\/wp\/v2\/media?parent=97"}],"curies":[{"name":"wp","href":"https:\/\/api.w.org\/{rel}","templated":true}]}}