{"id":1345,"date":"2021-10-20T11:18:33","date_gmt":"2021-10-20T09:18:33","guid":{"rendered":"https:\/\/www.filmfest-granada.com\/2022\/?page_id=1345"},"modified":"2022-10-20T09:17:15","modified_gmt":"2022-10-20T07:17:15","slug":"jurado","status":"publish","type":"page","link":"https:\/\/www.filmfest-granada.com\/2022\/jurado\/","title":{"rendered":"Jurado"},"content":{"rendered":"\t\t<div data-elementor-type=\"wp-page\" data-elementor-id=\"1345\" class=\"elementor elementor-1345\" data-elementor-post-type=\"page\">\n\t\t\t\t\t\t<section class=\"elementor-section elementor-top-section elementor-element elementor-element-a6491b2 elementor-section-boxed elementor-section-height-default elementor-section-height-default\" data-id=\"a6491b2\" data-element_type=\"section\">\n\t\t\t\t\t\t<div class=\"elementor-container elementor-column-gap-default\">\n\t\t\t\t\t<div class=\"elementor-column elementor-col-100 elementor-top-column elementor-element elementor-element-efb2b80\" data-id=\"efb2b80\" data-element_type=\"column\">\n\t\t\t<div class=\"elementor-widget-wrap elementor-element-populated\">\n\t\t\t\t\t\t<div class=\"elementor-element elementor-element-a41f91d elementor-widget elementor-widget-heading\" data-id=\"a41f91d\" data-element_type=\"widget\" data-widget_type=\"heading.default\">\n\t\t\t\t<div class=\"elementor-widget-container\">\n\t\t\t\t\t<h1 class=\"elementor-heading-title elementor-size-xl\">JURADO<\/h1>\t\t\t\t<\/div>\n\t\t\t\t<\/div>\n\t\t\t\t\t<\/div>\n\t\t<\/div>\n\t\t\t\t\t<\/div>\n\t\t<\/section>\n\t\t\t\t<section class=\"elementor-section elementor-top-section elementor-element elementor-element-b57d425 elementor-section-boxed elementor-section-height-default elementor-section-height-default\" data-id=\"b57d425\" data-element_type=\"section\">\n\t\t\t\t\t\t<div class=\"elementor-container elementor-column-gap-default\">\n\t\t\t\t\t<div class=\"elementor-column elementor-col-100 elementor-top-column elementor-element elementor-element-109b462\" data-id=\"109b462\" data-element_type=\"column\">\n\t\t\t<div class=\"elementor-widget-wrap elementor-element-populated\">\n\t\t\t\t\t\t<div class=\"elementor-element elementor-element-7a6ec5b elementor-widget elementor-widget-heading\" data-id=\"7a6ec5b\" data-element_type=\"widget\" data-widget_type=\"heading.default\">\n\t\t\t\t<div class=\"elementor-widget-container\">\n\t\t\t\t\t<h2 class=\"elementor-heading-title elementor-size-default\">COMPETICI\u00d3N INTERNACIONAL<\/h2>\t\t\t\t<\/div>\n\t\t\t\t<\/div>\n\t\t\t\t\t<\/div>\n\t\t<\/div>\n\t\t\t\t\t<\/div>\n\t\t<\/section>\n\t\t\t\t<section class=\"elementor-section elementor-top-section elementor-element elementor-element-6068820 elementor-section-boxed elementor-section-height-default elementor-section-height-default\" data-id=\"6068820\" data-element_type=\"section\">\n\t\t\t\t\t\t<div class=\"elementor-container elementor-column-gap-default\">\n\t\t\t\t\t<div class=\"elementor-column elementor-col-50 elementor-top-column elementor-element elementor-element-aaed418\" data-id=\"aaed418\" data-element_type=\"column\">\n\t\t\t<div class=\"elementor-widget-wrap elementor-element-populated\">\n\t\t\t\t\t\t<div class=\"elementor-element elementor-element-7386957 elementor-widget elementor-widget-image\" data-id=\"7386957\" data-element_type=\"widget\" data-widget_type=\"image.default\">\n\t\t\t\t<div class=\"elementor-widget-container\">\n\t\t\t\t\t\t\t\t\t\t\t\t\t\t\t<img fetchpriority=\"high\" decoding=\"async\" width=\"2560\" height=\"1540\" src=\"https:\/\/www.filmfest-granada.com\/2022\/wp-content\/uploads\/sites\/11\/2022\/10\/Vigar-scaled.jpeg\" class=\"attachment-full size-full wp-image-2758\" alt=\"\" srcset=\"https:\/\/www.filmfest-granada.com\/2022\/wp-content\/uploads\/sites\/11\/2022\/10\/Vigar-scaled.jpeg 2560w, https:\/\/www.filmfest-granada.com\/2022\/wp-content\/uploads\/sites\/11\/2022\/10\/Vigar-300x181.jpeg 300w, https:\/\/www.filmfest-granada.com\/2022\/wp-content\/uploads\/sites\/11\/2022\/10\/Vigar-1024x616.jpeg 1024w, https:\/\/www.filmfest-granada.com\/2022\/wp-content\/uploads\/sites\/11\/2022\/10\/Vigar-768x462.jpeg 768w, https:\/\/www.filmfest-granada.com\/2022\/wp-content\/uploads\/sites\/11\/2022\/10\/Vigar-1536x924.jpeg 1536w, https:\/\/www.filmfest-granada.com\/2022\/wp-content\/uploads\/sites\/11\/2022\/10\/Vigar-2048x1232.jpeg 2048w\" sizes=\"(max-width: 2560px) 100vw, 2560px\" \/>\t\t\t\t\t\t\t\t\t\t\t\t\t\t\t<\/div>\n\t\t\t\t<\/div>\n\t\t\t\t\t<\/div>\n\t\t<\/div>\n\t\t\t\t<div class=\"elementor-column elementor-col-50 elementor-top-column elementor-element elementor-element-c0d1483\" data-id=\"c0d1483\" data-element_type=\"column\">\n\t\t\t<div class=\"elementor-widget-wrap elementor-element-populated\">\n\t\t\t\t\t\t<div class=\"elementor-element elementor-element-f056988 elementor-widget elementor-widget-heading\" data-id=\"f056988\" data-element_type=\"widget\" data-widget_type=\"heading.default\">\n\t\t\t\t<div class=\"elementor-widget-container\">\n\t\t\t\t\t<h2 class=\"elementor-heading-title elementor-size-medium\">JUAN ANTONIO VIGAR<\/h2>\t\t\t\t<\/div>\n\t\t\t\t<\/div>\n\t\t\t\t<div class=\"elementor-element elementor-element-6b88661 elementor-widget elementor-widget-heading\" data-id=\"6b88661\" data-element_type=\"widget\" data-widget_type=\"heading.default\">\n\t\t\t\t<div class=\"elementor-widget-container\">\n\t\t\t\t\t<p class=\"elementor-heading-title elementor-size-default\">Director del Festival de M\u00e1laga desde 2013, tambi\u00e9n es director-gerente de M\u00e1laga Procultura, que integra al Teatro Cervantes, el Teatro Echegaray, el Cine Alb\u00e9niz y la M\u00e1laga Film Office, oficina de rodajes del Ayuntamiento de M\u00e1laga. Miembro asociado de la Academia de las Ciencias y las Artes Cinematogr\u00e1ficas de Espa\u00f1a y jurado de los premios Platino del cine iberoamericano.<\/p>\t\t\t\t<\/div>\n\t\t\t\t<\/div>\n\t\t\t\t<div class=\"elementor-element elementor-element-d0331d1 elementor-widget elementor-widget-heading\" data-id=\"d0331d1\" data-element_type=\"widget\" data-widget_type=\"heading.default\">\n\t\t\t\t<div class=\"elementor-widget-container\">\n\t\t\t\t\t<p class=\"elementor-heading-title elementor-size-default\">Como gestor cultural ha sido coordinador general del \u00e1rea de Cultura y Educaci\u00f3n de la Diputaci\u00f3n Provincial de M\u00e1laga en el periodo 2008-2011 y director del aula de cultura del Diario Sur de M\u00e1laga desde 1995 hasta 2008.<\/p>\t\t\t\t<\/div>\n\t\t\t\t<\/div>\n\t\t\t\t\t<\/div>\n\t\t<\/div>\n\t\t\t\t\t<\/div>\n\t\t<\/section>\n\t\t\t\t<section class=\"elementor-section elementor-top-section elementor-element elementor-element-adf447a elementor-section-boxed elementor-section-height-default elementor-section-height-default\" data-id=\"adf447a\" data-element_type=\"section\">\n\t\t\t\t\t\t<div class=\"elementor-container elementor-column-gap-default\">\n\t\t\t\t\t<div class=\"elementor-column elementor-col-50 elementor-top-column elementor-element elementor-element-ae6f0ac\" data-id=\"ae6f0ac\" data-element_type=\"column\">\n\t\t\t<div class=\"elementor-widget-wrap elementor-element-populated\">\n\t\t\t\t\t\t<div class=\"elementor-element elementor-element-8767990 elementor-widget elementor-widget-image\" data-id=\"8767990\" data-element_type=\"widget\" data-widget_type=\"image.default\">\n\t\t\t\t<div class=\"elementor-widget-container\">\n\t\t\t\t\t\t\t\t\t\t\t\t\t\t\t<img decoding=\"async\" width=\"1600\" height=\"1170\" src=\"https:\/\/www.filmfest-granada.com\/2022\/wp-content\/uploads\/sites\/11\/2022\/10\/IMG_7129-copia.jpeg\" class=\"attachment-full size-full wp-image-2759\" alt=\"Mar\u00eda Ant\u00f3n Cabot\" srcset=\"https:\/\/www.filmfest-granada.com\/2022\/wp-content\/uploads\/sites\/11\/2022\/10\/IMG_7129-copia.jpeg 1600w, https:\/\/www.filmfest-granada.com\/2022\/wp-content\/uploads\/sites\/11\/2022\/10\/IMG_7129-copia-300x219.jpeg 300w, https:\/\/www.filmfest-granada.com\/2022\/wp-content\/uploads\/sites\/11\/2022\/10\/IMG_7129-copia-1024x749.jpeg 1024w, https:\/\/www.filmfest-granada.com\/2022\/wp-content\/uploads\/sites\/11\/2022\/10\/IMG_7129-copia-768x562.jpeg 768w, https:\/\/www.filmfest-granada.com\/2022\/wp-content\/uploads\/sites\/11\/2022\/10\/IMG_7129-copia-1536x1123.jpeg 1536w\" sizes=\"(max-width: 1600px) 100vw, 1600px\" \/>\t\t\t\t\t\t\t\t\t\t\t\t\t\t\t<\/div>\n\t\t\t\t<\/div>\n\t\t\t\t\t<\/div>\n\t\t<\/div>\n\t\t\t\t<div class=\"elementor-column elementor-col-50 elementor-top-column elementor-element elementor-element-0d767e4\" data-id=\"0d767e4\" data-element_type=\"column\">\n\t\t\t<div class=\"elementor-widget-wrap elementor-element-populated\">\n\t\t\t\t\t\t<div class=\"elementor-element elementor-element-4bfc538 elementor-widget elementor-widget-heading\" data-id=\"4bfc538\" data-element_type=\"widget\" data-widget_type=\"heading.default\">\n\t\t\t\t<div class=\"elementor-widget-container\">\n\t\t\t\t\t<h2 class=\"elementor-heading-title elementor-size-medium\">Mar\u00eda Ant\u00f3n Cabot<\/h2>\t\t\t\t<\/div>\n\t\t\t\t<\/div>\n\t\t\t\t<div class=\"elementor-element elementor-element-deef2b3 elementor-widget elementor-widget-heading\" data-id=\"deef2b3\" data-element_type=\"widget\" data-widget_type=\"heading.default\">\n\t\t\t\t<div class=\"elementor-widget-container\">\n\t\t\t\t\t<p class=\"elementor-heading-title elementor-size-default\">Directora, editora y guionista nacida en Benidorm. En 2009 funda el colectivo lacasinegra junto a Elena L\u00f3pez Riera, Gabriel Azor\u00edn y Carlos Pardo Ros, donde desarrolla diferentes proyectos que relacionan el cine con las formas contempor\u00e1neas de producci\u00f3n y difusi\u00f3n del audiovisual. Co-dirige junto al colectivo y ejerce de montadora en <i>Pas \u00e0 Gen\u00e8ve<\/i> (2013).<\/p>\t\t\t\t<\/div>\n\t\t\t\t<\/div>\n\t\t\t\t<div class=\"elementor-element elementor-element-16f7b8a elementor-widget elementor-widget-heading\" data-id=\"16f7b8a\" data-element_type=\"widget\" data-widget_type=\"heading.default\">\n\t\t\t\t<div class=\"elementor-widget-container\">\n\t\t\t\t\t<p class=\"elementor-heading-title elementor-size-default\">En 2018 dirige y monta su primer largometraje en solitario, <i>&lt;3 <\/i>(2018), que tras su estreno mundial en DOK Leipzig present\u00f3 en el Festival J\u00f3venes Realizadores. En 2022 estrenar\u00e1 el mediometraje <i>Soy vertical pero me gustar\u00eda ser horizontal<\/i> en el Festival de Sevilla.<\/p>\t\t\t\t<\/div>\n\t\t\t\t<\/div>\n\t\t\t\t\t<\/div>\n\t\t<\/div>\n\t\t\t\t\t<\/div>\n\t\t<\/section>\n\t\t\t\t<section class=\"elementor-section elementor-top-section elementor-element elementor-element-15186af elementor-section-boxed elementor-section-height-default elementor-section-height-default\" data-id=\"15186af\" data-element_type=\"section\">\n\t\t\t\t\t\t<div class=\"elementor-container elementor-column-gap-default\">\n\t\t\t\t\t<div class=\"elementor-column elementor-col-50 elementor-top-column elementor-element elementor-element-5a90b5f\" data-id=\"5a90b5f\" data-element_type=\"column\">\n\t\t\t<div class=\"elementor-widget-wrap elementor-element-populated\">\n\t\t\t\t\t\t<div class=\"elementor-element elementor-element-b35263f elementor-widget elementor-widget-image\" data-id=\"b35263f\" data-element_type=\"widget\" data-widget_type=\"image.default\">\n\t\t\t\t<div class=\"elementor-widget-container\">\n\t\t\t\t\t\t\t\t\t\t\t\t\t\t\t<img decoding=\"async\" width=\"1000\" height=\"764\" src=\"https:\/\/www.filmfest-granada.com\/2022\/wp-content\/uploads\/sites\/11\/2022\/10\/WhatsApp-Image-2022-10-17-at-6.15.27-PM.jpeg\" class=\"attachment-full size-full wp-image-2780\" alt=\"Banin Fraile\" srcset=\"https:\/\/www.filmfest-granada.com\/2022\/wp-content\/uploads\/sites\/11\/2022\/10\/WhatsApp-Image-2022-10-17-at-6.15.27-PM.jpeg 1000w, https:\/\/www.filmfest-granada.com\/2022\/wp-content\/uploads\/sites\/11\/2022\/10\/WhatsApp-Image-2022-10-17-at-6.15.27-PM-300x229.jpeg 300w, https:\/\/www.filmfest-granada.com\/2022\/wp-content\/uploads\/sites\/11\/2022\/10\/WhatsApp-Image-2022-10-17-at-6.15.27-PM-768x587.jpeg 768w\" sizes=\"(max-width: 1000px) 100vw, 1000px\" \/>\t\t\t\t\t\t\t\t\t\t\t\t\t\t\t<\/div>\n\t\t\t\t<\/div>\n\t\t\t\t\t<\/div>\n\t\t<\/div>\n\t\t\t\t<div class=\"elementor-column elementor-col-50 elementor-top-column elementor-element elementor-element-a3fb0a9\" data-id=\"a3fb0a9\" data-element_type=\"column\">\n\t\t\t<div class=\"elementor-widget-wrap elementor-element-populated\">\n\t\t\t\t\t\t<div class=\"elementor-element elementor-element-ba06f75 elementor-widget elementor-widget-heading\" data-id=\"ba06f75\" data-element_type=\"widget\" data-widget_type=\"heading.default\">\n\t\t\t\t<div class=\"elementor-widget-container\">\n\t\t\t\t\t<h2 class=\"elementor-heading-title elementor-size-medium\">BANIN FRAILE<\/h2>\t\t\t\t<\/div>\n\t\t\t\t<\/div>\n\t\t\t\t<div class=\"elementor-element elementor-element-c72055b elementor-widget elementor-widget-heading\" data-id=\"c72055b\" data-element_type=\"widget\" data-widget_type=\"heading.default\">\n\t\t\t\t<div class=\"elementor-widget-container\">\n\t\t\t\t\t<p class=\"elementor-heading-title elementor-size-default\">Esteban Fraile Maldonado (Banin) estudi\u00f3 imagen y sonido, especializ\u00e1ndose en gui\u00f3n y montaje. Justo cuando planeaba matricularse en la ECAM recibe la oferta de ser miembro de Los Planetas. En 1998 se incorpora al grupo como teclista y guitarrista, coincidiendo con la publicaci\u00f3n de su tercer disco, <i>Una semana en el motor de un autob\u00fas<\/i>.<\/p>\t\t\t\t<\/div>\n\t\t\t\t<\/div>\n\t\t\t\t<div class=\"elementor-element elementor-element-067ccd2 elementor-widget elementor-widget-heading\" data-id=\"067ccd2\" data-element_type=\"widget\" data-widget_type=\"heading.default\">\n\t\t\t\t<div class=\"elementor-widget-container\">\n\t\t\t\t\t<p class=\"elementor-heading-title elementor-size-default\">En su faceta de productor ha estado detr\u00e1s de numerosos grupos emergentes del panorama musical granadino, como Aurora, Colectivo da Silva o \u00c9ter. En la actualidad forma parte de Fuerza Nueva y de Los Pilotos, su proyecto en solitario junto a Florent, donde dan rienda suelta a su inter\u00e9s por la m\u00fasica electr\u00f3nica. En 2021 publicaron su tercer disco, <i>Alianza Atl\u00e1ntica<\/i>, en el que invitan a cantar a algunas de los artistas m\u00e1s relevantes de Am\u00e9rica Latina como Javiera Mena, Instituto mexicano del sonido, Mula o Pedrina.<\/p>\t\t\t\t<\/div>\n\t\t\t\t<\/div>\n\t\t\t\t\t<\/div>\n\t\t<\/div>\n\t\t\t\t\t<\/div>\n\t\t<\/section>\n\t\t\t\t<section class=\"elementor-section elementor-top-section elementor-element elementor-element-de96ecd elementor-section-boxed elementor-section-height-default elementor-section-height-default\" data-id=\"de96ecd\" data-element_type=\"section\">\n\t\t\t\t\t\t<div class=\"elementor-container elementor-column-gap-default\">\n\t\t\t\t\t<div class=\"elementor-column elementor-col-100 elementor-top-column elementor-element elementor-element-a5f1dc9\" data-id=\"a5f1dc9\" data-element_type=\"column\">\n\t\t\t<div class=\"elementor-widget-wrap elementor-element-populated\">\n\t\t\t\t\t\t<div class=\"elementor-element elementor-element-1eddecc elementor-widget elementor-widget-heading\" data-id=\"1eddecc\" data-element_type=\"widget\" data-widget_type=\"heading.default\">\n\t\t\t\t<div class=\"elementor-widget-container\">\n\t\t\t\t\t<h2 class=\"elementor-heading-title elementor-size-default\">COMPETICI\u00d3N AGUAESPEJO<\/h2>\t\t\t\t<\/div>\n\t\t\t\t<\/div>\n\t\t\t\t\t<\/div>\n\t\t<\/div>\n\t\t\t\t\t<\/div>\n\t\t<\/section>\n\t\t\t\t<section class=\"elementor-section elementor-top-section elementor-element elementor-element-ed6b2df elementor-section-boxed elementor-section-height-default elementor-section-height-default\" data-id=\"ed6b2df\" data-element_type=\"section\">\n\t\t\t\t\t\t<div class=\"elementor-container elementor-column-gap-default\">\n\t\t\t\t\t<div class=\"elementor-column elementor-col-50 elementor-top-column elementor-element elementor-element-e5ba18d\" data-id=\"e5ba18d\" data-element_type=\"column\">\n\t\t\t<div class=\"elementor-widget-wrap elementor-element-populated\">\n\t\t\t\t\t\t<div class=\"elementor-element elementor-element-0002ac1 elementor-widget elementor-widget-image\" data-id=\"0002ac1\" data-element_type=\"widget\" data-widget_type=\"image.default\">\n\t\t\t\t<div class=\"elementor-widget-container\">\n\t\t\t\t\t\t\t\t\t\t\t\t\t\t\t<img loading=\"lazy\" decoding=\"async\" width=\"901\" height=\"834\" src=\"https:\/\/www.filmfest-granada.com\/2022\/wp-content\/uploads\/sites\/11\/2022\/10\/En-Descubrimientos-PHE_Madrid-2022.jpeg\" class=\"attachment-full size-full wp-image-2765\" alt=\"Francisco Baena\" srcset=\"https:\/\/www.filmfest-granada.com\/2022\/wp-content\/uploads\/sites\/11\/2022\/10\/En-Descubrimientos-PHE_Madrid-2022.jpeg 901w, https:\/\/www.filmfest-granada.com\/2022\/wp-content\/uploads\/sites\/11\/2022\/10\/En-Descubrimientos-PHE_Madrid-2022-300x278.jpeg 300w, https:\/\/www.filmfest-granada.com\/2022\/wp-content\/uploads\/sites\/11\/2022\/10\/En-Descubrimientos-PHE_Madrid-2022-768x711.jpeg 768w\" sizes=\"(max-width: 901px) 100vw, 901px\" \/>\t\t\t\t\t\t\t\t\t\t\t\t\t\t\t<\/div>\n\t\t\t\t<\/div>\n\t\t\t\t\t<\/div>\n\t\t<\/div>\n\t\t\t\t<div class=\"elementor-column elementor-col-50 elementor-top-column elementor-element elementor-element-0d04efd\" data-id=\"0d04efd\" data-element_type=\"column\">\n\t\t\t<div class=\"elementor-widget-wrap elementor-element-populated\">\n\t\t\t\t\t\t<div class=\"elementor-element elementor-element-a383dc0 elementor-widget elementor-widget-heading\" data-id=\"a383dc0\" data-element_type=\"widget\" data-widget_type=\"heading.default\">\n\t\t\t\t<div class=\"elementor-widget-container\">\n\t\t\t\t\t<h2 class=\"elementor-heading-title elementor-size-medium\">FRANCISCO BAENA<\/h2>\t\t\t\t<\/div>\n\t\t\t\t<\/div>\n\t\t\t\t<div class=\"elementor-element elementor-element-804a61d elementor-widget elementor-widget-heading\" data-id=\"804a61d\" data-element_type=\"widget\" data-widget_type=\"heading.default\">\n\t\t\t\t<div class=\"elementor-widget-container\">\n\t\t\t\t\t<p class=\"elementor-heading-title elementor-size-default\">Francisco Baena (Madrid, 1967) es t\u00e9cnico de cultura de la Diputaci\u00f3n de Granada, donde ha ejercido de coordinador de exposiciones y actividades del Centro Jos\u00e9 Guerrero hasta que pas\u00f3 a dirigirlo en 2015. Ha publicado m\u00e1s de un centenar de art\u00edculos en cat\u00e1logos, revistas, actas y libros colectivos, principalmente sobre exposiciones, sobre Jos\u00e9 Guerrero, sobre artistas (emergentes o internacionales) y sobre cine.<\/p>\t\t\t\t<\/div>\n\t\t\t\t<\/div>\n\t\t\t\t<div class=\"elementor-element elementor-element-b2dfdb7 elementor-widget elementor-widget-heading\" data-id=\"b2dfdb7\" data-element_type=\"widget\" data-widget_type=\"heading.default\">\n\t\t\t\t<div class=\"elementor-widget-container\">\n\t\t\t\t\t<p class=\"elementor-heading-title elementor-size-default\">Ha comisariado exposiciones como <i>Huellas de luz granadina<\/i> (2000), <i>Jos\u00e9 Guerrero: Los a\u00f1os primeros<\/i> (2009), <i>Jes\u00fas Gonz\u00e1lez Requena: Escenas fantasm\u00e1ticas. Un di\u00e1logo secreto entre Alfred Hitchcock y Luis Bu\u00f1uel<\/i> (2011) y <i>Jos\u00e9 Guerrero: The Presence of Black<\/i> (2014), con la que se cerr\u00f3 el centenario del pintor.<\/p>\t\t\t\t<\/div>\n\t\t\t\t<\/div>\n\t\t\t\t<div class=\"elementor-element elementor-element-ea1dd37 elementor-widget elementor-widget-heading\" data-id=\"ea1dd37\" data-element_type=\"widget\" data-widget_type=\"heading.default\">\n\t\t\t\t<div class=\"elementor-widget-container\">\n\t\t\t\t\t<p class=\"elementor-heading-title elementor-size-default\">Su primer libro, <i>Vendas para los ojos<\/i> (2007), es un ensayo sobre lo fotogr\u00e1fico que incluye varios cap\u00edtulos dedicados a pel\u00edculas de culto. Posteriormente ha publicado cuatro novelas:&nbsp;<i>Luz corriente<\/i>&nbsp;(Pre-Textos, 2014),&nbsp;<i>Eco oscuro<\/i>&nbsp;(IVAM, 2016),&nbsp;<i>Avery Jones<\/i>&nbsp;(Libros del Autoenga\u00f1o, 2017) y&nbsp;<i>La misma orilla<\/i>&nbsp;(Pre-Textos, 2020, Premio Juan March Cencillo de novela breve).<\/p>\t\t\t\t<\/div>\n\t\t\t\t<\/div>\n\t\t\t\t\t<\/div>\n\t\t<\/div>\n\t\t\t\t\t<\/div>\n\t\t<\/section>\n\t\t\t\t<section class=\"elementor-section elementor-top-section elementor-element elementor-element-acb6e0d elementor-section-boxed elementor-section-height-default elementor-section-height-default\" data-id=\"acb6e0d\" data-element_type=\"section\">\n\t\t\t\t\t\t<div class=\"elementor-container elementor-column-gap-default\">\n\t\t\t\t\t<div class=\"elementor-column elementor-col-50 elementor-top-column elementor-element elementor-element-e70ee7b\" data-id=\"e70ee7b\" data-element_type=\"column\">\n\t\t\t<div class=\"elementor-widget-wrap elementor-element-populated\">\n\t\t\t\t\t\t<div class=\"elementor-element elementor-element-8ea6118 elementor-widget elementor-widget-image\" data-id=\"8ea6118\" data-element_type=\"widget\" data-widget_type=\"image.default\">\n\t\t\t\t<div class=\"elementor-widget-container\">\n\t\t\t\t\t\t\t\t\t\t\t\t\t\t\t<img loading=\"lazy\" decoding=\"async\" width=\"1067\" height=\"878\" src=\"https:\/\/www.filmfest-granada.com\/2022\/wp-content\/uploads\/sites\/11\/2022\/10\/PHOTO-2022-10-16-19-59-41.jpg\" class=\"attachment-full size-full wp-image-2764\" alt=\"Rosa Berbel\" srcset=\"https:\/\/www.filmfest-granada.com\/2022\/wp-content\/uploads\/sites\/11\/2022\/10\/PHOTO-2022-10-16-19-59-41.jpg 1067w, https:\/\/www.filmfest-granada.com\/2022\/wp-content\/uploads\/sites\/11\/2022\/10\/PHOTO-2022-10-16-19-59-41-300x247.jpg 300w, https:\/\/www.filmfest-granada.com\/2022\/wp-content\/uploads\/sites\/11\/2022\/10\/PHOTO-2022-10-16-19-59-41-1024x843.jpg 1024w, https:\/\/www.filmfest-granada.com\/2022\/wp-content\/uploads\/sites\/11\/2022\/10\/PHOTO-2022-10-16-19-59-41-768x632.jpg 768w\" sizes=\"(max-width: 1067px) 100vw, 1067px\" \/>\t\t\t\t\t\t\t\t\t\t\t\t\t\t\t<\/div>\n\t\t\t\t<\/div>\n\t\t\t\t\t<\/div>\n\t\t<\/div>\n\t\t\t\t<div class=\"elementor-column elementor-col-50 elementor-top-column elementor-element elementor-element-0bb5d8c\" data-id=\"0bb5d8c\" data-element_type=\"column\">\n\t\t\t<div class=\"elementor-widget-wrap elementor-element-populated\">\n\t\t\t\t\t\t<div class=\"elementor-element elementor-element-c970e89 elementor-widget elementor-widget-heading\" data-id=\"c970e89\" data-element_type=\"widget\" data-widget_type=\"heading.default\">\n\t\t\t\t<div class=\"elementor-widget-container\">\n\t\t\t\t\t<h2 class=\"elementor-heading-title elementor-size-medium\">ROSA BERBEL<\/h2>\t\t\t\t<\/div>\n\t\t\t\t<\/div>\n\t\t\t\t<div class=\"elementor-element elementor-element-e5d8764 elementor-widget elementor-widget-heading\" data-id=\"e5d8764\" data-element_type=\"widget\" data-widget_type=\"heading.default\">\n\t\t\t\t<div class=\"elementor-widget-container\">\n\t\t\t\t\t<p class=\"elementor-heading-title elementor-size-default\">Nacida en Sevilla en 1997, ha publicado recientemente <i>Los planetas fantasma<\/i> (2022) en la editorial Tusquets. Su primer libro, <i>Las ni\u00f1as siempre dicen la verdad<\/i> (Hiperi\u00f3n, 2018), fue galardonado con el XXI Premio de Poes\u00eda Joven Antonio Carvajal y fue posteriormente merecedor del Premio Andaluc\u00eda de la Cr\u00edtica a la mejor \u00d3pera Prima y del premio Ojo Cr\u00edtico de Poes\u00eda 2019 de RNE.<\/p>\t\t\t\t<\/div>\n\t\t\t\t<\/div>\n\t\t\t\t<div class=\"elementor-element elementor-element-5a7fa6f elementor-widget elementor-widget-heading\" data-id=\"5a7fa6f\" data-element_type=\"widget\" data-widget_type=\"heading.default\">\n\t\t\t\t<div class=\"elementor-widget-container\">\n\t\t\t\t\t<p class=\"elementor-heading-title elementor-size-default\">Ha publicado tambi\u00e9n <i>Brillantes y ca\u00f3ticas<\/i>, una breve selecci\u00f3n de sus poemas, en la editorial granadina Son\u00e1mbulos (2021). Actualmente tiene un contrato predoctoral en el Departamento de Literatura Espa\u00f1ola de la Universidad de Granada.<\/p>\t\t\t\t<\/div>\n\t\t\t\t<\/div>\n\t\t\t\t\t<\/div>\n\t\t<\/div>\n\t\t\t\t\t<\/div>\n\t\t<\/section>\n\t\t\t\t<section class=\"elementor-section elementor-top-section elementor-element elementor-element-0d9754e elementor-section-boxed elementor-section-height-default elementor-section-height-default\" data-id=\"0d9754e\" data-element_type=\"section\">\n\t\t\t\t\t\t<div class=\"elementor-container elementor-column-gap-default\">\n\t\t\t\t\t<div class=\"elementor-column elementor-col-50 elementor-top-column elementor-element elementor-element-04febf3\" data-id=\"04febf3\" data-element_type=\"column\">\n\t\t\t<div class=\"elementor-widget-wrap elementor-element-populated\">\n\t\t\t\t\t\t<div class=\"elementor-element elementor-element-103da63 elementor-widget elementor-widget-image\" data-id=\"103da63\" data-element_type=\"widget\" data-widget_type=\"image.default\">\n\t\t\t\t<div class=\"elementor-widget-container\">\n\t\t\t\t\t\t\t\t\t\t\t\t\t\t\t<img loading=\"lazy\" decoding=\"async\" width=\"1200\" height=\"855\" src=\"https:\/\/www.filmfest-granada.com\/2022\/wp-content\/uploads\/sites\/11\/2022\/10\/D-copia.jpg\" class=\"attachment-full size-full wp-image-2823\" alt=\"Jaime Beltr\u00e1n\" srcset=\"https:\/\/www.filmfest-granada.com\/2022\/wp-content\/uploads\/sites\/11\/2022\/10\/D-copia.jpg 1200w, https:\/\/www.filmfest-granada.com\/2022\/wp-content\/uploads\/sites\/11\/2022\/10\/D-copia-300x214.jpg 300w, https:\/\/www.filmfest-granada.com\/2022\/wp-content\/uploads\/sites\/11\/2022\/10\/D-copia-1024x730.jpg 1024w, https:\/\/www.filmfest-granada.com\/2022\/wp-content\/uploads\/sites\/11\/2022\/10\/D-copia-768x547.jpg 768w\" sizes=\"(max-width: 1200px) 100vw, 1200px\" \/>\t\t\t\t\t\t\t\t\t\t\t\t\t\t\t<\/div>\n\t\t\t\t<\/div>\n\t\t\t\t\t<\/div>\n\t\t<\/div>\n\t\t\t\t<div class=\"elementor-column elementor-col-50 elementor-top-column elementor-element elementor-element-f76d0fc\" data-id=\"f76d0fc\" data-element_type=\"column\">\n\t\t\t<div class=\"elementor-widget-wrap elementor-element-populated\">\n\t\t\t\t\t\t<div class=\"elementor-element elementor-element-df36367 elementor-widget elementor-widget-heading\" data-id=\"df36367\" data-element_type=\"widget\" data-widget_type=\"heading.default\">\n\t\t\t\t<div class=\"elementor-widget-container\">\n\t\t\t\t\t<h2 class=\"elementor-heading-title elementor-size-medium\">JAIME BELTR\u00c1N<\/h2>\t\t\t\t<\/div>\n\t\t\t\t<\/div>\n\t\t\t\t<div class=\"elementor-element elementor-element-7c6770a elementor-widget elementor-widget-heading\" data-id=\"7c6770a\" data-element_type=\"widget\" data-widget_type=\"heading.default\">\n\t\t\t\t<div class=\"elementor-widget-container\">\n\t\t\t\t\t<p class=\"elementor-heading-title elementor-size-default\">Jaime Beltr\u00e1n es un m\u00fasico residente en Granada que se expresa a trav\u00e9s de la electr\u00f3nica en una vertiente m\u00e1s mel\u00f3dica y experimental. En su m\u00fasica se percibe su faceta compositiva y formaci\u00f3n anterior como guitarrista, expres\u00e1ndose a trav\u00e9s de sintetizadores, cajas de ritmos o sonidos sampleados.<\/p>\t\t\t\t<\/div>\n\t\t\t\t<\/div>\n\t\t\t\t<div class=\"elementor-element elementor-element-233b4ae elementor-widget elementor-widget-heading\" data-id=\"233b4ae\" data-element_type=\"widget\" data-widget_type=\"heading.default\">\n\t\t\t\t<div class=\"elementor-widget-container\">\n\t\t\t\t\t<p class=\"elementor-heading-title elementor-size-default\">Su inter\u00e9s es la posible humanizaci\u00f3n de los instrumentos electr\u00f3nicos y conseguir que estos puedan ofrecer las mismas sensaciones e interpretaci\u00f3n que un instrumento ac\u00fastico, aparte de sus posibilidades de experimentaci\u00f3n y texturas sonoras. Jaime trabaja tambi\u00e9n con una iniciativa llamada <b>R\u00f3tula<\/b>, con el fin de promover el arte sonoro y digital en Granada.<\/p>\t\t\t\t<\/div>\n\t\t\t\t<\/div>\n\t\t\t\t\t<\/div>\n\t\t<\/div>\n\t\t\t\t\t<\/div>\n\t\t<\/section>\n\t\t\t\t<section class=\"elementor-section elementor-top-section elementor-element elementor-element-81751cb elementor-section-boxed elementor-section-height-default elementor-section-height-default\" data-id=\"81751cb\" data-element_type=\"section\">\n\t\t\t\t\t\t<div class=\"elementor-container elementor-column-gap-default\">\n\t\t\t\t\t<div class=\"elementor-column elementor-col-100 elementor-top-column elementor-element elementor-element-b82862f\" data-id=\"b82862f\" data-element_type=\"column\">\n\t\t\t<div class=\"elementor-widget-wrap elementor-element-populated\">\n\t\t\t\t\t\t<div class=\"elementor-element elementor-element-a30bc13 elementor-widget elementor-widget-heading\" data-id=\"a30bc13\" data-element_type=\"widget\" data-widget_type=\"heading.default\">\n\t\t\t\t<div class=\"elementor-widget-container\">\n\t\t\t\t\t<h2 class=\"elementor-heading-title elementor-size-default\">JURADO DE LA CR\u00cdTICA<\/h2>\t\t\t\t<\/div>\n\t\t\t\t<\/div>\n\t\t\t\t\t<\/div>\n\t\t<\/div>\n\t\t\t\t\t<\/div>\n\t\t<\/section>\n\t\t\t\t<section class=\"elementor-section elementor-top-section elementor-element elementor-element-6f21b12 elementor-section-boxed elementor-section-height-default elementor-section-height-default\" data-id=\"6f21b12\" data-element_type=\"section\">\n\t\t\t\t\t\t<div class=\"elementor-container elementor-column-gap-default\">\n\t\t\t\t\t<div class=\"elementor-column elementor-col-50 elementor-top-column elementor-element elementor-element-1a4e585\" data-id=\"1a4e585\" data-element_type=\"column\">\n\t\t\t<div class=\"elementor-widget-wrap elementor-element-populated\">\n\t\t\t\t\t\t<div class=\"elementor-element elementor-element-d314174 elementor-widget elementor-widget-image\" data-id=\"d314174\" data-element_type=\"widget\" data-widget_type=\"image.default\">\n\t\t\t\t<div class=\"elementor-widget-container\">\n\t\t\t\t\t\t\t\t\t\t\t\t\t\t\t<img loading=\"lazy\" decoding=\"async\" width=\"720\" height=\"467\" src=\"https:\/\/www.filmfest-granada.com\/2022\/wp-content\/uploads\/sites\/11\/2022\/10\/8495d230970cc1aacaef1f4059c0c14d.jpeg\" class=\"attachment-full size-full wp-image-2830\" alt=\"Samuel Alarc\u00f3n\" srcset=\"https:\/\/www.filmfest-granada.com\/2022\/wp-content\/uploads\/sites\/11\/2022\/10\/8495d230970cc1aacaef1f4059c0c14d.jpeg 720w, https:\/\/www.filmfest-granada.com\/2022\/wp-content\/uploads\/sites\/11\/2022\/10\/8495d230970cc1aacaef1f4059c0c14d-300x195.jpeg 300w\" sizes=\"(max-width: 720px) 100vw, 720px\" \/>\t\t\t\t\t\t\t\t\t\t\t\t\t\t\t<\/div>\n\t\t\t\t<\/div>\n\t\t\t\t\t<\/div>\n\t\t<\/div>\n\t\t\t\t<div class=\"elementor-column elementor-col-50 elementor-top-column elementor-element elementor-element-fd17fa6\" data-id=\"fd17fa6\" data-element_type=\"column\">\n\t\t\t<div class=\"elementor-widget-wrap elementor-element-populated\">\n\t\t\t\t\t\t<div class=\"elementor-element elementor-element-7f93ef4 elementor-widget elementor-widget-heading\" data-id=\"7f93ef4\" data-element_type=\"widget\" data-widget_type=\"heading.default\">\n\t\t\t\t<div class=\"elementor-widget-container\">\n\t\t\t\t\t<h2 class=\"elementor-heading-title elementor-size-medium\">SAMUEL ALARC\u00d3N<\/h2>\t\t\t\t<\/div>\n\t\t\t\t<\/div>\n\t\t\t\t<div class=\"elementor-element elementor-element-6c0e968 elementor-widget elementor-widget-heading\" data-id=\"6c0e968\" data-element_type=\"widget\" data-widget_type=\"heading.default\">\n\t\t\t\t<div class=\"elementor-widget-container\">\n\t\t\t\t\t<p class=\"elementor-heading-title elementor-size-default\">Cineasta y comunicador, en 2006 recibe la residencia de la Real Academia de Espa\u00f1a en Roma, con la que realiza su primer largometraje: <i>La ciudad de los signos<\/i> (2009), seleccionado en festivales internacionales de todo el mundo. Desde 2013 dirige el espacio radiof\u00f3nico <i>El cine que viene<\/i> en Radio Nacional de Espa\u00f1a, en el que analiza pel\u00edculas independientes iberoamericanas junto a sus autores.<\/p>\t\t\t\t<\/div>\n\t\t\t\t<\/div>\n\t\t\t\t<div class=\"elementor-element elementor-element-1b1344c elementor-widget elementor-widget-heading\" data-id=\"1b1344c\" data-element_type=\"widget\" data-widget_type=\"heading.default\">\n\t\t\t\t<div class=\"elementor-widget-container\">\n\t\t\t\t\t<p class=\"elementor-heading-title elementor-size-default\"><i>Oscuro y Lucientes<\/i> (2018) su segundo largometraje, se estrena en el Festival de Cine Europeo de Sevilla. En 2020 se incorpora al equipo de Documentos RNE donde trabaja el documental sonoro como guionista y dise\u00f1ador sonoro. <i>D\u00e9jame hablar<\/i> (2020) es su \u00faltimo trabajo, fruto de la colaboraci\u00f3n con el compositor vasco Luis de Pablo.<\/p>\t\t\t\t<\/div>\n\t\t\t\t<\/div>\n\t\t\t\t\t<\/div>\n\t\t<\/div>\n\t\t\t\t\t<\/div>\n\t\t<\/section>\n\t\t\t\t<section class=\"elementor-section elementor-top-section elementor-element elementor-element-a85b150 elementor-section-boxed elementor-section-height-default elementor-section-height-default\" data-id=\"a85b150\" data-element_type=\"section\">\n\t\t\t\t\t\t<div class=\"elementor-container elementor-column-gap-default\">\n\t\t\t\t\t<div class=\"elementor-column elementor-col-50 elementor-top-column elementor-element elementor-element-c69e9e0\" data-id=\"c69e9e0\" data-element_type=\"column\">\n\t\t\t<div class=\"elementor-widget-wrap elementor-element-populated\">\n\t\t\t\t\t\t<div class=\"elementor-element elementor-element-5ab9306 elementor-widget elementor-widget-image\" data-id=\"5ab9306\" data-element_type=\"widget\" data-widget_type=\"image.default\">\n\t\t\t\t<div class=\"elementor-widget-container\">\n\t\t\t\t\t\t\t\t\t\t\t\t\t\t\t<img loading=\"lazy\" decoding=\"async\" width=\"1000\" height=\"1048\" src=\"https:\/\/www.filmfest-granada.com\/2022\/wp-content\/uploads\/sites\/11\/2022\/10\/Gerard-Casau-1-1.jpeg\" class=\"attachment-full size-full wp-image-2831\" alt=\"Gerard Casau\" srcset=\"https:\/\/www.filmfest-granada.com\/2022\/wp-content\/uploads\/sites\/11\/2022\/10\/Gerard-Casau-1-1.jpeg 1000w, https:\/\/www.filmfest-granada.com\/2022\/wp-content\/uploads\/sites\/11\/2022\/10\/Gerard-Casau-1-1-286x300.jpeg 286w, https:\/\/www.filmfest-granada.com\/2022\/wp-content\/uploads\/sites\/11\/2022\/10\/Gerard-Casau-1-1-977x1024.jpeg 977w, https:\/\/www.filmfest-granada.com\/2022\/wp-content\/uploads\/sites\/11\/2022\/10\/Gerard-Casau-1-1-768x805.jpeg 768w\" sizes=\"(max-width: 1000px) 100vw, 1000px\" \/>\t\t\t\t\t\t\t\t\t\t\t\t\t\t\t<\/div>\n\t\t\t\t<\/div>\n\t\t\t\t\t<\/div>\n\t\t<\/div>\n\t\t\t\t<div class=\"elementor-column elementor-col-50 elementor-top-column elementor-element elementor-element-a48f9a7\" data-id=\"a48f9a7\" data-element_type=\"column\">\n\t\t\t<div class=\"elementor-widget-wrap elementor-element-populated\">\n\t\t\t\t\t\t<div class=\"elementor-element elementor-element-a2015ab elementor-widget elementor-widget-heading\" data-id=\"a2015ab\" data-element_type=\"widget\" data-widget_type=\"heading.default\">\n\t\t\t\t<div class=\"elementor-widget-container\">\n\t\t\t\t\t<h2 class=\"elementor-heading-title elementor-size-medium\">GERARD CASAU<\/h2>\t\t\t\t<\/div>\n\t\t\t\t<\/div>\n\t\t\t\t<div class=\"elementor-element elementor-element-60beb4c elementor-widget elementor-widget-heading\" data-id=\"60beb4c\" data-element_type=\"widget\" data-widget_type=\"heading.default\">\n\t\t\t\t<div class=\"elementor-widget-container\">\n\t\t\t\t\t<p class=\"elementor-heading-title elementor-size-default\">Nacido en Barcelona en 1985, es cr\u00edtico de cine, programador y docente. Doctor en Est\u00e9tica de los Medios Audiovisuales por la Universidad Pompeu Fabra y miembro del comit\u00e9 de selecci\u00f3n del Sitges - Festival Internacional de Cine Fant\u00e1stico de Catalu\u00f1a.<\/p>\t\t\t\t<\/div>\n\t\t\t\t<\/div>\n\t\t\t\t<div class=\"elementor-element elementor-element-eb61b4d elementor-widget elementor-widget-heading\" data-id=\"eb61b4d\" data-element_type=\"widget\" data-widget_type=\"heading.default\">\n\t\t\t\t<div class=\"elementor-widget-container\">\n\t\t\t\t\t<p class=\"elementor-heading-title elementor-size-default\">Trabaja en el departamento de comunicaci\u00f3n de Primavera Sound y escribe en medios como Dirigido por, Diari Ara, Rockdelux y So Film, donde publica la columna \u201cRadio On\u201d, consagrada a los cruces entre el cine y la m\u00fasica rock.<\/p>\t\t\t\t<\/div>\n\t\t\t\t<\/div>\n\t\t\t\t\t<\/div>\n\t\t<\/div>\n\t\t\t\t\t<\/div>\n\t\t<\/section>\n\t\t\t\t<section class=\"elementor-section elementor-top-section elementor-element elementor-element-bf1ba9b elementor-section-boxed elementor-section-height-default elementor-section-height-default\" data-id=\"bf1ba9b\" data-element_type=\"section\">\n\t\t\t\t\t\t<div class=\"elementor-container elementor-column-gap-default\">\n\t\t\t\t\t<div class=\"elementor-column elementor-col-50 elementor-top-column elementor-element elementor-element-3be267d\" data-id=\"3be267d\" data-element_type=\"column\">\n\t\t\t<div class=\"elementor-widget-wrap elementor-element-populated\">\n\t\t\t\t\t\t<div class=\"elementor-element elementor-element-37a8a96 elementor-widget elementor-widget-image\" data-id=\"37a8a96\" data-element_type=\"widget\" data-widget_type=\"image.default\">\n\t\t\t\t<div class=\"elementor-widget-container\">\n\t\t\t\t\t\t\t\t\t\t\t\t\t\t\t<img loading=\"lazy\" decoding=\"async\" width=\"2048\" height=\"1536\" src=\"https:\/\/www.filmfest-granada.com\/2022\/wp-content\/uploads\/sites\/11\/2022\/10\/IMG-20220506-WA0047.jpeg\" class=\"attachment-full size-full wp-image-2832\" alt=\"Laura Carneros\" srcset=\"https:\/\/www.filmfest-granada.com\/2022\/wp-content\/uploads\/sites\/11\/2022\/10\/IMG-20220506-WA0047.jpeg 2048w, https:\/\/www.filmfest-granada.com\/2022\/wp-content\/uploads\/sites\/11\/2022\/10\/IMG-20220506-WA0047-300x225.jpeg 300w, https:\/\/www.filmfest-granada.com\/2022\/wp-content\/uploads\/sites\/11\/2022\/10\/IMG-20220506-WA0047-1024x768.jpeg 1024w, https:\/\/www.filmfest-granada.com\/2022\/wp-content\/uploads\/sites\/11\/2022\/10\/IMG-20220506-WA0047-768x576.jpeg 768w, https:\/\/www.filmfest-granada.com\/2022\/wp-content\/uploads\/sites\/11\/2022\/10\/IMG-20220506-WA0047-1536x1152.jpeg 1536w\" sizes=\"(max-width: 2048px) 100vw, 2048px\" \/>\t\t\t\t\t\t\t\t\t\t\t\t\t\t\t<\/div>\n\t\t\t\t<\/div>\n\t\t\t\t\t<\/div>\n\t\t<\/div>\n\t\t\t\t<div class=\"elementor-column elementor-col-50 elementor-top-column elementor-element elementor-element-68acf6c\" data-id=\"68acf6c\" data-element_type=\"column\">\n\t\t\t<div class=\"elementor-widget-wrap elementor-element-populated\">\n\t\t\t\t\t\t<div class=\"elementor-element elementor-element-7ec2299 elementor-widget elementor-widget-heading\" data-id=\"7ec2299\" data-element_type=\"widget\" data-widget_type=\"heading.default\">\n\t\t\t\t<div class=\"elementor-widget-container\">\n\t\t\t\t\t<h2 class=\"elementor-heading-title elementor-size-medium\">LAURA CARNEROS<\/h2>\t\t\t\t<\/div>\n\t\t\t\t<\/div>\n\t\t\t\t<div class=\"elementor-element elementor-element-2c5ec0b elementor-widget elementor-widget-heading\" data-id=\"2c5ec0b\" data-element_type=\"widget\" data-widget_type=\"heading.default\">\n\t\t\t\t<div class=\"elementor-widget-container\">\n\t\t\t\t\t<p class=\"elementor-heading-title elementor-size-default\">Periodista especializada en comunicaci\u00f3n audiovisual, ha colaborado en diversos medios online escribiendo sobre cine y arte contempor\u00e1neo. Actualmente es corresponsal del medio Otros Cines Europa. Es autora de <i>Proletaria consentida<\/i>, novela publicada por Caballo de Troya en septiembre de 2022 bajo la edici\u00f3n de Jon\u00e1s Trueba.<\/p>\t\t\t\t<\/div>\n\t\t\t\t<\/div>\n\t\t\t\t\t<\/div>\n\t\t<\/div>\n\t\t\t\t\t<\/div>\n\t\t<\/section>\n\t\t\t\t<section class=\"elementor-section elementor-top-section elementor-element elementor-element-7ab0dbd elementor-section-boxed elementor-section-height-default elementor-section-height-default\" data-id=\"7ab0dbd\" data-element_type=\"section\">\n\t\t\t\t\t\t<div class=\"elementor-container elementor-column-gap-default\">\n\t\t\t\t\t<div class=\"elementor-column elementor-col-100 elementor-top-column elementor-element elementor-element-170568b\" data-id=\"170568b\" data-element_type=\"column\">\n\t\t\t<div class=\"elementor-widget-wrap elementor-element-populated\">\n\t\t\t\t\t\t<div class=\"elementor-element elementor-element-1d4270e elementor-widget elementor-widget-heading\" data-id=\"1d4270e\" data-element_type=\"widget\" data-widget_type=\"heading.default\">\n\t\t\t\t<div class=\"elementor-widget-container\">\n\t\t\t\t\t<h2 class=\"elementor-heading-title elementor-size-default\">JURADO JOVEN<\/h2>\t\t\t\t<\/div>\n\t\t\t\t<\/div>\n\t\t\t\t\t<\/div>\n\t\t<\/div>\n\t\t\t\t\t<\/div>\n\t\t<\/section>\n\t\t\t\t<section class=\"elementor-section elementor-top-section elementor-element elementor-element-ecde28c elementor-section-boxed elementor-section-height-default elementor-section-height-default\" data-id=\"ecde28c\" data-element_type=\"section\">\n\t\t\t\t\t\t<div class=\"elementor-container elementor-column-gap-default\">\n\t\t\t\t\t<div class=\"elementor-column elementor-col-50 elementor-top-column elementor-element elementor-element-c1f2ab7\" data-id=\"c1f2ab7\" data-element_type=\"column\">\n\t\t\t<div class=\"elementor-widget-wrap elementor-element-populated\">\n\t\t\t\t\t\t<div class=\"elementor-element elementor-element-5e11e4e elementor-widget elementor-widget-image\" data-id=\"5e11e4e\" data-element_type=\"widget\" data-widget_type=\"image.default\">\n\t\t\t\t<div class=\"elementor-widget-container\">\n\t\t\t\t\t\t\t\t\t\t\t\t\t\t\t<img loading=\"lazy\" decoding=\"async\" width=\"900\" height=\"251\" src=\"https:\/\/www.filmfest-granada.com\/2022\/wp-content\/uploads\/sites\/11\/2022\/10\/UGR-MARCA-02-monocromo.png\" class=\"attachment-full size-full wp-image-2809\" alt=\"\" srcset=\"https:\/\/www.filmfest-granada.com\/2022\/wp-content\/uploads\/sites\/11\/2022\/10\/UGR-MARCA-02-monocromo.png 900w, https:\/\/www.filmfest-granada.com\/2022\/wp-content\/uploads\/sites\/11\/2022\/10\/UGR-MARCA-02-monocromo-300x84.png 300w, https:\/\/www.filmfest-granada.com\/2022\/wp-content\/uploads\/sites\/11\/2022\/10\/UGR-MARCA-02-monocromo-768x214.png 768w\" sizes=\"(max-width: 900px) 100vw, 900px\" \/>\t\t\t\t\t\t\t\t\t\t\t\t\t\t\t<\/div>\n\t\t\t\t<\/div>\n\t\t\t\t\t<\/div>\n\t\t<\/div>\n\t\t\t\t<div class=\"elementor-column elementor-col-50 elementor-top-column elementor-element elementor-element-38136f4\" data-id=\"38136f4\" data-element_type=\"column\">\n\t\t\t<div class=\"elementor-widget-wrap elementor-element-populated\">\n\t\t\t\t\t\t<div class=\"elementor-element elementor-element-7b29a23 elementor-widget elementor-widget-heading\" data-id=\"7b29a23\" data-element_type=\"widget\" data-widget_type=\"heading.default\">\n\t\t\t\t<div class=\"elementor-widget-container\">\n\t\t\t\t\t<p class=\"elementor-heading-title elementor-size-default\">Organizado por la Delegaci\u00f3n de Estudiantes de la Facultad de Comunicaci\u00f3n y Documentaci\u00f3n de la Universidad de Granada, el Jurado Joven har\u00e1 entrega del <b>Premio de la Juventud a la mejor pel\u00edcula<\/b> de la <b>Competici\u00f3n Internacional<\/b>. Est\u00e1 formado por Roc\u00edo S\u00e1nchez, Laura Lucieri, Paula Valverde, Pablo Cid, \u00c1ngela Caro, Fulsang Mar\u00eda \u00dabeda, Luz Mar\u00eda Arcos, V\u00edctor Malo, Andrea Rodr\u00edguez, Jincheng Ye y Ahmed Rodr\u00edguez.<\/p>\t\t\t\t<\/div>\n\t\t\t\t<\/div>\n\t\t\t\t\t<\/div>\n\t\t<\/div>\n\t\t\t\t\t<\/div>\n\t\t<\/section>\n\t\t\t\t<section class=\"elementor-section elementor-top-section elementor-element elementor-element-6bf7b8b elementor-section-boxed elementor-section-height-default elementor-section-height-default\" data-id=\"6bf7b8b\" data-element_type=\"section\">\n\t\t\t\t\t\t<div class=\"elementor-container elementor-column-gap-default\">\n\t\t\t\t\t<div class=\"elementor-column elementor-col-100 elementor-top-column elementor-element elementor-element-bc0393f\" data-id=\"bc0393f\" data-element_type=\"column\">\n\t\t\t<div class=\"elementor-widget-wrap elementor-element-populated\">\n\t\t\t\t\t\t<div class=\"elementor-element elementor-element-6a43937 elementor-widget elementor-widget-heading\" data-id=\"6a43937\" data-element_type=\"widget\" data-widget_type=\"heading.default\">\n\t\t\t\t<div class=\"elementor-widget-container\">\n\t\t\t\t\t<h2 class=\"elementor-heading-title elementor-size-default\">JURADO AAMMA<\/h2>\t\t\t\t<\/div>\n\t\t\t\t<\/div>\n\t\t\t\t\t<\/div>\n\t\t<\/div>\n\t\t\t\t\t<\/div>\n\t\t<\/section>\n\t\t\t\t<section class=\"elementor-section elementor-top-section elementor-element elementor-element-d089620 elementor-section-boxed elementor-section-height-default elementor-section-height-default\" data-id=\"d089620\" data-element_type=\"section\">\n\t\t\t\t\t\t<div class=\"elementor-container elementor-column-gap-default\">\n\t\t\t\t\t<div class=\"elementor-column elementor-col-50 elementor-top-column elementor-element elementor-element-08799ae\" data-id=\"08799ae\" data-element_type=\"column\">\n\t\t\t<div class=\"elementor-widget-wrap elementor-element-populated\">\n\t\t\t\t\t\t<div class=\"elementor-element elementor-element-8c0336a elementor-widget elementor-widget-image\" data-id=\"8c0336a\" data-element_type=\"widget\" data-widget_type=\"image.default\">\n\t\t\t\t<div class=\"elementor-widget-container\">\n\t\t\t\t\t\t\t\t\t\t\t\t\t\t\t<img loading=\"lazy\" decoding=\"async\" width=\"2892\" height=\"747\" src=\"https:\/\/www.filmfest-granada.com\/2022\/wp-content\/uploads\/sites\/11\/2021\/10\/LogoAAMMA1.png\" class=\"attachment-full size-full wp-image-1369\" alt=\"\" srcset=\"https:\/\/www.filmfest-granada.com\/2022\/wp-content\/uploads\/sites\/11\/2021\/10\/LogoAAMMA1.png 2892w, https:\/\/www.filmfest-granada.com\/2022\/wp-content\/uploads\/sites\/11\/2021\/10\/LogoAAMMA1-300x77.png 300w, https:\/\/www.filmfest-granada.com\/2022\/wp-content\/uploads\/sites\/11\/2021\/10\/LogoAAMMA1-1024x264.png 1024w, https:\/\/www.filmfest-granada.com\/2022\/wp-content\/uploads\/sites\/11\/2021\/10\/LogoAAMMA1-768x198.png 768w, https:\/\/www.filmfest-granada.com\/2022\/wp-content\/uploads\/sites\/11\/2021\/10\/LogoAAMMA1-1536x397.png 1536w, https:\/\/www.filmfest-granada.com\/2022\/wp-content\/uploads\/sites\/11\/2021\/10\/LogoAAMMA1-2048x529.png 2048w\" sizes=\"(max-width: 2892px) 100vw, 2892px\" \/>\t\t\t\t\t\t\t\t\t\t\t\t\t\t\t<\/div>\n\t\t\t\t<\/div>\n\t\t\t\t\t<\/div>\n\t\t<\/div>\n\t\t\t\t<div class=\"elementor-column elementor-col-50 elementor-top-column elementor-element elementor-element-e8e90ad\" data-id=\"e8e90ad\" data-element_type=\"column\">\n\t\t\t<div class=\"elementor-widget-wrap elementor-element-populated\">\n\t\t\t\t\t\t<div class=\"elementor-element elementor-element-b46de78 elementor-widget elementor-widget-heading\" data-id=\"b46de78\" data-element_type=\"widget\" data-widget_type=\"heading.default\">\n\t\t\t\t<div class=\"elementor-widget-container\">\n\t\t\t\t\t<p class=\"elementor-heading-title elementor-size-default\">El jurado del <b>PREMIO AAMMA<\/b>, que concede un galard\u00f3n a la mejor pel\u00edcula con perspectiva de g\u00e9nero de la Competici\u00f3n Internacional, est\u00e1 integrado por <span style=\"font-weight: 700\">In\u00e9s Duro<\/span>, <span style=\"font-weight: 700\">Roc\u00edo Mesa<\/span> y <span style=\"font-weight: 700\">Alba Puga<\/span>.<\/p>\t\t\t\t<\/div>\n\t\t\t\t<\/div>\n\t\t\t\t\t<\/div>\n\t\t<\/div>\n\t\t\t\t\t<\/div>\n\t\t<\/section>\n\t\t\t\t<\/div>\n\t\t","protected":false},"excerpt":{"rendered":"<p>\/*! elementor &#8211; v3.6.5 &#8211; 27-04-2022 *\/ .elementor-heading-title{padding:0;margin:0;line-height:1}.elementor-widget-heading .elementor-heading-title[class*=elementor-size-]&gt;a{color:inherit;font-size:inherit;line-height:inherit}.elementor-widget-heading .elementor-heading-title.elementor-size-small{font-size:15px}.elementor-widget-heading .elementor-heading-title.elementor-size-medium{font-size:19px}.elementor-widget-heading .elementor-heading-title.elementor-size-large{font-size:29px}.elementor-widget-heading .elementor-heading-title.elementor-size-xl{font-size:39px}.elementor-widget-heading .elementor-heading-title.elementor-size-xxl{font-size:59px} JURADO COMPETICI\u00d3N INTERNACIONAL \/*! elementor &#8211; v3.6.5 &#8211; 27-04-2022 *\/ .elementor-widget-image{text-align:center}.elementor-widget-image a{display:inline-block}.elementor-widget-image a img[src$=\u00bb.svg\u00bb]{width:48px}.elementor-widget-image img{vertical-align:middle;display:inline-block} JUAN ANTONIO VIGAR Director del Festival de M\u00e1laga desde 2013, tambi\u00e9n es director-gerente de M\u00e1laga Procultura, que integra al Teatro Cervantes, el Teatro Echegaray, el Cine &#8230; <a title=\"Jurado\" class=\"read-more\" href=\"https:\/\/www.filmfest-granada.com\/2022\/jurado\/\" aria-label=\"Leer m\u00e1s sobre Jurado\">Leer m\u00e1s<\/a><\/p>\n","protected":false},"author":1167,"featured_media":0,"parent":0,"menu_order":0,"comment_status":"closed","ping_status":"closed","template":"elementor_header_footer","meta":{"_monsterinsights_skip_tracking":false,"_monsterinsights_sitenote_active":false,"_monsterinsights_sitenote_note":"","_monsterinsights_sitenote_category":0,"footnotes":""},"class_list":["post-1345","page","type-page","status-publish"],"aioseo_notices":[],"_links":{"self":[{"href":"https:\/\/www.filmfest-granada.com\/2022\/wp-json\/wp\/v2\/pages\/1345","targetHints":{"allow":["GET"]}}],"collection":[{"href":"https:\/\/www.filmfest-granada.com\/2022\/wp-json\/wp\/v2\/pages"}],"about":[{"href":"https:\/\/www.filmfest-granada.com\/2022\/wp-json\/wp\/v2\/types\/page"}],"author":[{"embeddable":true,"href":"https:\/\/www.filmfest-granada.com\/2022\/wp-json\/wp\/v2\/users\/1167"}],"replies":[{"embeddable":true,"href":"https:\/\/www.filmfest-granada.com\/2022\/wp-json\/wp\/v2\/comments?post=1345"}],"version-history":[{"count":78,"href":"https:\/\/www.filmfest-granada.com\/2022\/wp-json\/wp\/v2\/pages\/1345\/revisions"}],"predecessor-version":[{"id":2835,"href":"https:\/\/www.filmfest-granada.com\/2022\/wp-json\/wp\/v2\/pages\/1345\/revisions\/2835"}],"wp:attachment":[{"href":"https:\/\/www.filmfest-granada.com\/2022\/wp-json\/wp\/v2\/media?parent=1345"}],"curies":[{"name":"wp","href":"https:\/\/api.w.org\/{rel}","templated":true}]}}