{"id":2616,"date":"2022-10-10T00:10:18","date_gmt":"2022-10-09T22:10:18","guid":{"rendered":"https:\/\/www.filmfest-granada.com\/2022\/?page_id=2616"},"modified":"2022-10-10T10:57:57","modified_gmt":"2022-10-10T08:57:57","slug":"val-del-omar-poeta-audiovisual","status":"publish","type":"page","link":"https:\/\/www.filmfest-granada.com\/2022\/val-del-omar-poeta-audiovisual\/","title":{"rendered":"Val del Omar, poeta audiovisual"},"content":{"rendered":"\t\t<div data-elementor-type=\"wp-page\" data-elementor-id=\"2616\" class=\"elementor elementor-2616\" data-elementor-post-type=\"page\">\n\t\t\t\t\t\t<section class=\"elementor-section elementor-top-section elementor-element elementor-element-1a75e68 elementor-section-boxed elementor-section-height-default elementor-section-height-default\" data-id=\"1a75e68\" data-element_type=\"section\">\n\t\t\t\t\t\t<div class=\"elementor-container elementor-column-gap-default\">\n\t\t\t\t\t<div class=\"elementor-column elementor-col-100 elementor-top-column elementor-element elementor-element-38e8382\" data-id=\"38e8382\" data-element_type=\"column\">\n\t\t\t<div class=\"elementor-widget-wrap elementor-element-populated\">\n\t\t\t\t\t\t<div class=\"elementor-element elementor-element-fd0c93b elementor-widget elementor-widget-heading\" data-id=\"fd0c93b\" data-element_type=\"widget\" data-widget_type=\"heading.default\">\n\t\t\t\t<div class=\"elementor-widget-container\">\n\t\t\t\t\t<h1 class=\"elementor-heading-title elementor-size-xl\">VAL DEL OMAR, POETA AUDIOVISUAL<\/h1>\t\t\t\t<\/div>\n\t\t\t\t<\/div>\n\t\t\t\t\t<\/div>\n\t\t<\/div>\n\t\t\t\t\t<\/div>\n\t\t<\/section>\n\t\t\t\t<section class=\"elementor-section elementor-top-section elementor-element elementor-element-c98e0e1 elementor-section-boxed elementor-section-height-default elementor-section-height-default\" data-id=\"c98e0e1\" data-element_type=\"section\">\n\t\t\t\t\t\t<div class=\"elementor-container elementor-column-gap-default\">\n\t\t\t\t\t<div class=\"elementor-column elementor-col-100 elementor-top-column elementor-element elementor-element-9fd892d\" data-id=\"9fd892d\" data-element_type=\"column\">\n\t\t\t<div class=\"elementor-widget-wrap elementor-element-populated\">\n\t\t\t\t\t\t<div class=\"elementor-element elementor-element-32eb0cc elementor-widget elementor-widget-heading\" data-id=\"32eb0cc\" data-element_type=\"widget\" data-widget_type=\"heading.default\">\n\t\t\t\t<div class=\"elementor-widget-container\">\n\t\t\t\t\t<h2 class=\"elementor-heading-title elementor-size-default\">Proyecci\u00f3n en conmemoraci\u00f3n del 118 nacimiento de Jos\u00e9 Val del Omar. Contar\u00e1 con la presencia de su director <b>Jes\u00fas Ponce<\/b> y de los responsables del Archivo Val del Omar, <b>Gonzalo S\u00e1enz de Buruaga<\/b> y<b> Piluca Baquero<\/b>.<\/h2>\t\t\t\t<\/div>\n\t\t\t\t<\/div>\n\t\t\t\t\t<\/div>\n\t\t<\/div>\n\t\t\t\t\t<\/div>\n\t\t<\/section>\n\t\t\t\t<section class=\"elementor-section elementor-top-section elementor-element elementor-element-0cc8445 elementor-section-boxed elementor-section-height-default elementor-section-height-default\" data-id=\"0cc8445\" data-element_type=\"section\">\n\t\t\t\t\t\t<div class=\"elementor-container elementor-column-gap-default\">\n\t\t\t\t\t<div class=\"elementor-column elementor-col-100 elementor-top-column elementor-element elementor-element-7595ea1\" data-id=\"7595ea1\" data-element_type=\"column\">\n\t\t\t<div class=\"elementor-widget-wrap elementor-element-populated\">\n\t\t\t\t\t\t<div class=\"elementor-element elementor-element-7d44d60 elementor-widget elementor-widget-heading\" data-id=\"7d44d60\" data-element_type=\"widget\" data-widget_type=\"heading.default\">\n\t\t\t\t<div class=\"elementor-widget-container\">\n\t\t\t\t\t<h3 class=\"elementor-heading-title elementor-size-large\">JUEVES 27 - 19:00<\/h3>\t\t\t\t<\/div>\n\t\t\t\t<\/div>\n\t\t\t\t<div class=\"elementor-element elementor-element-8f82970 elementor-widget elementor-widget-heading\" data-id=\"8f82970\" data-element_type=\"widget\" data-widget_type=\"heading.default\">\n\t\t\t\t<div class=\"elementor-widget-container\">\n\t\t\t\t\t<h3 class=\"elementor-heading-title elementor-size-large\">PALACIO CONDES DE GABIA<\/h3>\t\t\t\t<\/div>\n\t\t\t\t<\/div>\n\t\t\t\t\t<\/div>\n\t\t<\/div>\n\t\t\t\t\t<\/div>\n\t\t<\/section>\n\t\t\t\t<section class=\"elementor-section elementor-top-section elementor-element elementor-element-89d79b4 elementor-section-boxed elementor-section-height-default elementor-section-height-default\" data-id=\"89d79b4\" data-element_type=\"section\">\n\t\t\t\t\t\t<div class=\"elementor-container elementor-column-gap-default\">\n\t\t\t\t\t<div class=\"elementor-column elementor-col-50 elementor-top-column elementor-element elementor-element-ec46918\" data-id=\"ec46918\" data-element_type=\"column\">\n\t\t\t<div class=\"elementor-widget-wrap elementor-element-populated\">\n\t\t\t\t\t\t<div class=\"elementor-element elementor-element-359ca2a elementor-widget elementor-widget-image\" data-id=\"359ca2a\" data-element_type=\"widget\" data-widget_type=\"image.default\">\n\t\t\t\t<div class=\"elementor-widget-container\">\n\t\t\t\t\t\t\t\t\t\t\t\t\t\t\t<img fetchpriority=\"high\" decoding=\"async\" width=\"1920\" height=\"1080\" src=\"https:\/\/www.filmfest-granada.com\/2022\/wp-content\/uploads\/sites\/11\/2022\/10\/207-frame1_VAL-DEL-OMAR-POETA-AUDIOVISUAL.jpeg\" class=\"attachment-full size-full wp-image-2618\" alt=\"\" srcset=\"https:\/\/www.filmfest-granada.com\/2022\/wp-content\/uploads\/sites\/11\/2022\/10\/207-frame1_VAL-DEL-OMAR-POETA-AUDIOVISUAL.jpeg 1920w, https:\/\/www.filmfest-granada.com\/2022\/wp-content\/uploads\/sites\/11\/2022\/10\/207-frame1_VAL-DEL-OMAR-POETA-AUDIOVISUAL-300x169.jpeg 300w, https:\/\/www.filmfest-granada.com\/2022\/wp-content\/uploads\/sites\/11\/2022\/10\/207-frame1_VAL-DEL-OMAR-POETA-AUDIOVISUAL-1024x576.jpeg 1024w, https:\/\/www.filmfest-granada.com\/2022\/wp-content\/uploads\/sites\/11\/2022\/10\/207-frame1_VAL-DEL-OMAR-POETA-AUDIOVISUAL-768x432.jpeg 768w, https:\/\/www.filmfest-granada.com\/2022\/wp-content\/uploads\/sites\/11\/2022\/10\/207-frame1_VAL-DEL-OMAR-POETA-AUDIOVISUAL-1536x864.jpeg 1536w\" sizes=\"(max-width: 1920px) 100vw, 1920px\" \/>\t\t\t\t\t\t\t\t\t\t\t\t\t\t\t<\/div>\n\t\t\t\t<\/div>\n\t\t\t\t\t<\/div>\n\t\t<\/div>\n\t\t\t\t<div class=\"elementor-column elementor-col-50 elementor-top-column elementor-element elementor-element-678fed7\" data-id=\"678fed7\" data-element_type=\"column\">\n\t\t\t<div class=\"elementor-widget-wrap elementor-element-populated\">\n\t\t\t\t\t\t<div class=\"elementor-element elementor-element-6ee2407 elementor-widget elementor-widget-heading\" data-id=\"6ee2407\" data-element_type=\"widget\" data-widget_type=\"heading.default\">\n\t\t\t\t<div class=\"elementor-widget-container\">\n\t\t\t\t\t<h3 class=\"elementor-heading-title elementor-size-medium\">VAL DEL OMAR, POETA AUDIOVISUAL<\/h3>\t\t\t\t<\/div>\n\t\t\t\t<\/div>\n\t\t\t\t<div class=\"elementor-element elementor-element-5eb1088 elementor-widget elementor-widget-heading\" data-id=\"5eb1088\" data-element_type=\"widget\" data-widget_type=\"heading.default\">\n\t\t\t\t<div class=\"elementor-widget-container\">\n\t\t\t\t\t<div class=\"elementor-heading-title elementor-size-default\">Jes\u00fas Ponce | Espa\u00f1a | 2022 | 91\u2019<\/div>\t\t\t\t<\/div>\n\t\t\t\t<\/div>\n\t\t\t\t<div class=\"elementor-element elementor-element-224e42e elementor-widget elementor-widget-heading\" data-id=\"224e42e\" data-element_type=\"widget\" data-widget_type=\"heading.default\">\n\t\t\t\t<div class=\"elementor-widget-container\">\n\t\t\t\t\t<p class=\"elementor-heading-title elementor-size-default\">A trav\u00e9s de entrevistas a diversos artistas y especialistas en su obra, la pel\u00edcula aborda una figura imprescindible en la historia del cine espa\u00f1ol, la del cinemista granadino Jos\u00e9 Val del Omar.<\/p>\t\t\t\t<\/div>\n\t\t\t\t<\/div>\n\t\t\t\t<div class=\"elementor-element elementor-element-fcbdede elementor-widget elementor-widget-heading\" data-id=\"fcbdede\" data-element_type=\"widget\" data-widget_type=\"heading.default\">\n\t\t\t\t<div class=\"elementor-widget-container\">\n\t\t\t\t\t<p class=\"elementor-heading-title elementor-size-default\">Creador de t\u00e9cnicas extraordinarias como el sonido diaf\u00f3nico o la tactilvisi\u00f3n, Val del Omar puede considerarse precursor del zoom y (por su concepci\u00f3n del cine total) de la realidad virtual. Fot\u00f3grafo, poeta, director de cine, inventor o \u2018cinemista\u2019 (como \u00e9l se llamaba a s\u00ed mismo) fue un hombre adelantado a su tiempo.<\/p>\t\t\t\t<\/div>\n\t\t\t\t<\/div>\n\t\t\t\t<div class=\"elementor-element elementor-element-cfa4b00 elementor-widget elementor-widget-heading\" data-id=\"cfa4b00\" data-element_type=\"widget\" data-widget_type=\"heading.default\">\n\t\t\t\t<div class=\"elementor-widget-container\">\n\t\t\t\t\t<p class=\"elementor-heading-title elementor-size-default\">Como gu\u00eda del documental, una joven investigadora ficticia nos acompa\u00f1a en el descubrimiento y el reconocimiento de uno de los andaluces m\u00e1s importantes de todos los tiempos.<\/p>\t\t\t\t<\/div>\n\t\t\t\t<\/div>\n\t\t\t\t\t<\/div>\n\t\t<\/div>\n\t\t\t\t\t<\/div>\n\t\t<\/section>\n\t\t\t\t<section class=\"elementor-section elementor-top-section elementor-element elementor-element-057ac20 elementor-section-boxed elementor-section-height-default elementor-section-height-default\" data-id=\"057ac20\" data-element_type=\"section\">\n\t\t\t\t\t\t<div class=\"elementor-container elementor-column-gap-default\">\n\t\t\t\t\t<div class=\"elementor-column elementor-col-100 elementor-top-column elementor-element elementor-element-1771b26\" data-id=\"1771b26\" data-element_type=\"column\">\n\t\t\t<div class=\"elementor-widget-wrap elementor-element-populated\">\n\t\t\t\t\t\t<div class=\"elementor-element elementor-element-4e87f6b elementor-widget elementor-widget-heading\" data-id=\"4e87f6b\" data-element_type=\"widget\" data-widget_type=\"heading.default\">\n\t\t\t\t<div class=\"elementor-widget-container\">\n\t\t\t\t\t<p class=\"elementor-heading-title elementor-size-default\"><b>Entrada libre hasta completar aforo<\/b><\/p>\t\t\t\t<\/div>\n\t\t\t\t<\/div>\n\t\t\t\t\t<\/div>\n\t\t<\/div>\n\t\t\t\t\t<\/div>\n\t\t<\/section>\n\t\t\t\t<section class=\"elementor-section elementor-top-section elementor-element elementor-element-43228b3 elementor-section-boxed elementor-section-height-default elementor-section-height-default\" data-id=\"43228b3\" data-element_type=\"section\">\n\t\t\t\t\t\t<div class=\"elementor-container elementor-column-gap-default\">\n\t\t\t\t\t<div class=\"elementor-column elementor-col-100 elementor-top-column elementor-element elementor-element-e45a2b8\" data-id=\"e45a2b8\" data-element_type=\"column\">\n\t\t\t<div class=\"elementor-widget-wrap\">\n\t\t\t\t\t\t\t<\/div>\n\t\t<\/div>\n\t\t\t\t\t<\/div>\n\t\t<\/section>\n\t\t\t\t<\/div>\n\t\t","protected":false},"excerpt":{"rendered":"<p>VAL DEL OMAR, POETA AUDIOVISUAL Proyecci\u00f3n en conmemoraci\u00f3n del 118 nacimiento de Jos\u00e9 Val del Omar. Contar\u00e1 con la presencia de su director Jes\u00fas Ponce y de los responsables del Archivo Val del Omar, Gonzalo S\u00e1enz de Buruaga y Piluca Baquero. JUEVES 27 &#8211; 19:00 PALACIO CONDES DE GABIA VAL DEL OMAR, POETA AUDIOVISUAL Jes\u00fas &#8230; <a title=\"Val del Omar, poeta audiovisual\" class=\"read-more\" href=\"https:\/\/www.filmfest-granada.com\/2022\/val-del-omar-poeta-audiovisual\/\" aria-label=\"Leer m\u00e1s sobre Val del Omar, poeta audiovisual\">Leer m\u00e1s<\/a><\/p>\n","protected":false},"author":1170,"featured_media":0,"parent":0,"menu_order":0,"comment_status":"closed","ping_status":"closed","template":"elementor_header_footer","meta":{"_monsterinsights_skip_tracking":false,"_monsterinsights_sitenote_active":false,"_monsterinsights_sitenote_note":"","_monsterinsights_sitenote_category":0,"footnotes":""},"class_list":["post-2616","page","type-page","status-publish"],"aioseo_notices":[],"_links":{"self":[{"href":"https:\/\/www.filmfest-granada.com\/2022\/wp-json\/wp\/v2\/pages\/2616","targetHints":{"allow":["GET"]}}],"collection":[{"href":"https:\/\/www.filmfest-granada.com\/2022\/wp-json\/wp\/v2\/pages"}],"about":[{"href":"https:\/\/www.filmfest-granada.com\/2022\/wp-json\/wp\/v2\/types\/page"}],"author":[{"embeddable":true,"href":"https:\/\/www.filmfest-granada.com\/2022\/wp-json\/wp\/v2\/users\/1170"}],"replies":[{"embeddable":true,"href":"https:\/\/www.filmfest-granada.com\/2022\/wp-json\/wp\/v2\/comments?post=2616"}],"version-history":[{"count":25,"href":"https:\/\/www.filmfest-granada.com\/2022\/wp-json\/wp\/v2\/pages\/2616\/revisions"}],"predecessor-version":[{"id":2648,"href":"https:\/\/www.filmfest-granada.com\/2022\/wp-json\/wp\/v2\/pages\/2616\/revisions\/2648"}],"wp:attachment":[{"href":"https:\/\/www.filmfest-granada.com\/2022\/wp-json\/wp\/v2\/media?parent=2616"}],"curies":[{"name":"wp","href":"https:\/\/api.w.org\/{rel}","templated":true}]}}