{"id":2887,"date":"2022-10-20T19:24:39","date_gmt":"2022-10-20T17:24:39","guid":{"rendered":"https:\/\/www.filmfest-granada.com\/2022\/?page_id=2887"},"modified":"2022-10-24T14:13:08","modified_gmt":"2022-10-24T12:13:08","slug":"sabado-29-10-2022","status":"publish","type":"page","link":"https:\/\/www.filmfest-granada.com\/2022\/sabado-29-10-2022\/","title":{"rendered":"S\u00e1bado 29"},"content":{"rendered":"\t\t<div data-elementor-type=\"wp-page\" data-elementor-id=\"2887\" class=\"elementor elementor-2887\" data-elementor-post-type=\"page\">\n\t\t\t\t\t\t<section class=\"elementor-section elementor-top-section elementor-element elementor-element-c9e9029 elementor-section-boxed elementor-section-height-default elementor-section-height-default\" data-id=\"c9e9029\" data-element_type=\"section\">\n\t\t\t\t\t\t<div class=\"elementor-container elementor-column-gap-default\">\n\t\t\t\t\t<div class=\"elementor-column elementor-col-100 elementor-top-column elementor-element elementor-element-9f5e436\" data-id=\"9f5e436\" data-element_type=\"column\">\n\t\t\t<div class=\"elementor-widget-wrap elementor-element-populated\">\n\t\t\t\t\t\t<div class=\"elementor-element elementor-element-4a67258 elementor-widget elementor-widget-heading\" data-id=\"4a67258\" data-element_type=\"widget\" data-widget_type=\"heading.default\">\n\t\t\t\t<div class=\"elementor-widget-container\">\n\t\t\t\t\t<h1 class=\"elementor-heading-title elementor-size-xl\">S\u00c1BADO 29<\/h1>\t\t\t\t<\/div>\n\t\t\t\t<\/div>\n\t\t\t\t\t<\/div>\n\t\t<\/div>\n\t\t\t\t\t<\/div>\n\t\t<\/section>\n\t\t\t\t<section class=\"elementor-section elementor-top-section elementor-element elementor-element-d0c1c43 elementor-section-boxed elementor-section-height-default elementor-section-height-default\" data-id=\"d0c1c43\" data-element_type=\"section\">\n\t\t\t\t\t\t<div class=\"elementor-container elementor-column-gap-default\">\n\t\t\t\t\t<div class=\"elementor-column elementor-col-100 elementor-top-column elementor-element elementor-element-1914190\" data-id=\"1914190\" data-element_type=\"column\">\n\t\t\t<div class=\"elementor-widget-wrap elementor-element-populated\">\n\t\t\t\t\t\t<div class=\"elementor-element elementor-element-67f4162 elementor-widget elementor-widget-heading\" data-id=\"67f4162\" data-element_type=\"widget\" data-widget_type=\"heading.default\">\n\t\t\t\t<div class=\"elementor-widget-container\">\n\t\t\t\t\t<h2 class=\"elementor-heading-title elementor-size-default\"><a href=\"https:\/\/www.filmfest-granada.com\/2022\/film-in-granada-organiza-la-segunda-jornada-de-industria-del-festival\/\">JORNADA DE INDUSTRIA<\/a><\/h2>\t\t\t\t<\/div>\n\t\t\t\t<\/div>\n\t\t\t\t\t<\/div>\n\t\t<\/div>\n\t\t\t\t\t<\/div>\n\t\t<\/section>\n\t\t\t\t<section class=\"elementor-section elementor-top-section elementor-element elementor-element-b29280b elementor-section-boxed elementor-section-height-default elementor-section-height-default\" data-id=\"b29280b\" data-element_type=\"section\">\n\t\t\t\t\t\t<div class=\"elementor-container elementor-column-gap-default\">\n\t\t\t\t\t<div class=\"elementor-column elementor-col-100 elementor-top-column elementor-element elementor-element-8496f34\" data-id=\"8496f34\" data-element_type=\"column\">\n\t\t\t<div class=\"elementor-widget-wrap elementor-element-populated\">\n\t\t\t\t\t\t<div class=\"elementor-element elementor-element-2e0b750 elementor-widget elementor-widget-heading\" data-id=\"2e0b750\" data-element_type=\"widget\" data-widget_type=\"heading.default\">\n\t\t\t\t<div class=\"elementor-widget-container\">\n\t\t\t\t\t<h3 class=\"elementor-heading-title elementor-size-large\">Palacio Condes de Gabia - 9:30<\/h3>\t\t\t\t<\/div>\n\t\t\t\t<\/div>\n\t\t\t\t\t<\/div>\n\t\t<\/div>\n\t\t\t\t\t<\/div>\n\t\t<\/section>\n\t\t\t\t<section class=\"elementor-section elementor-top-section elementor-element elementor-element-e0d8a7c elementor-section-boxed elementor-section-height-default elementor-section-height-default\" data-id=\"e0d8a7c\" data-element_type=\"section\">\n\t\t\t\t\t\t<div class=\"elementor-container elementor-column-gap-default\">\n\t\t\t\t\t<div class=\"elementor-column elementor-col-50 elementor-top-column elementor-element elementor-element-79eff99\" data-id=\"79eff99\" data-element_type=\"column\">\n\t\t\t<div class=\"elementor-widget-wrap elementor-element-populated\">\n\t\t\t\t\t\t<div class=\"elementor-element elementor-element-b8dddc7 elementor-widget elementor-widget-image\" data-id=\"b8dddc7\" data-element_type=\"widget\" data-widget_type=\"image.default\">\n\t\t\t\t<div class=\"elementor-widget-container\">\n\t\t\t\t\t\t\t\t\t\t\t\t\t\t\t<img fetchpriority=\"high\" decoding=\"async\" width=\"2048\" height=\"1152\" src=\"https:\/\/www.filmfest-granada.com\/2022\/wp-content\/uploads\/sites\/11\/2022\/10\/cartelfilmin_2-2048x1152-1.jpeg\" class=\"attachment-full size-full wp-image-2791\" alt=\"jornada de industria\" srcset=\"https:\/\/www.filmfest-granada.com\/2022\/wp-content\/uploads\/sites\/11\/2022\/10\/cartelfilmin_2-2048x1152-1.jpeg 2048w, https:\/\/www.filmfest-granada.com\/2022\/wp-content\/uploads\/sites\/11\/2022\/10\/cartelfilmin_2-2048x1152-1-300x169.jpeg 300w, https:\/\/www.filmfest-granada.com\/2022\/wp-content\/uploads\/sites\/11\/2022\/10\/cartelfilmin_2-2048x1152-1-1024x576.jpeg 1024w, https:\/\/www.filmfest-granada.com\/2022\/wp-content\/uploads\/sites\/11\/2022\/10\/cartelfilmin_2-2048x1152-1-768x432.jpeg 768w, https:\/\/www.filmfest-granada.com\/2022\/wp-content\/uploads\/sites\/11\/2022\/10\/cartelfilmin_2-2048x1152-1-1536x864.jpeg 1536w\" sizes=\"(max-width: 2048px) 100vw, 2048px\" \/>\t\t\t\t\t\t\t\t\t\t\t\t\t\t\t<\/div>\n\t\t\t\t<\/div>\n\t\t\t\t\t<\/div>\n\t\t<\/div>\n\t\t\t\t<div class=\"elementor-column elementor-col-50 elementor-top-column elementor-element elementor-element-f2acc3c\" data-id=\"f2acc3c\" data-element_type=\"column\">\n\t\t\t<div class=\"elementor-widget-wrap elementor-element-populated\">\n\t\t\t\t\t\t<div class=\"elementor-element elementor-element-b6f17bf elementor-widget elementor-widget-heading\" data-id=\"b6f17bf\" data-element_type=\"widget\" data-widget_type=\"heading.default\">\n\t\t\t\t<div class=\"elementor-widget-container\">\n\t\t\t\t\t<p class=\"elementor-heading-title elementor-size-default\">Organizada por <b>Film in Granada<\/b>, la oficina de cine y promoci\u00f3n de rodajes de la Diputaci\u00f3n de Granada, la segunda edici\u00f3n de la Jornada de Industria del festival acoger\u00e1 mesas redondas y presentaciones de proyectos para impulsar el cine hecho en la provincia.<\/p>\t\t\t\t<\/div>\n\t\t\t\t<\/div>\n\t\t\t\t<div class=\"elementor-element elementor-element-46600bc elementor-widget elementor-widget-heading\" data-id=\"46600bc\" data-element_type=\"widget\" data-widget_type=\"heading.default\">\n\t\t\t\t<div class=\"elementor-widget-container\">\n\t\t\t\t\t<p class=\"elementor-heading-title elementor-size-default\">Contar\u00e1 con una conferencia online de <b>Sandra Hermida<\/b>, productora de <i>La sociedad de la nieve<\/i> de Bayona, rodada en Sierra Nevada, y con la presencia de <b>Manuel Sicilia<\/b>, vocal de la junta directiva de la Academia de Cine de Andaluc\u00eda.<\/p>\t\t\t\t<\/div>\n\t\t\t\t<\/div>\n\t\t\t\t<div class=\"elementor-element elementor-element-ca467c5 elementor-widget elementor-widget-heading\" data-id=\"ca467c5\" data-element_type=\"widget\" data-widget_type=\"heading.default\">\n\t\t\t\t<div class=\"elementor-widget-container\">\n\t\t\t\t\t<p class=\"elementor-heading-title elementor-size-default\"><b>Acceso con invitaci\u00f3n, exclusivo para profesionales<\/b><\/p>\t\t\t\t<\/div>\n\t\t\t\t<\/div>\n\t\t\t\t\t<\/div>\n\t\t<\/div>\n\t\t\t\t\t<\/div>\n\t\t<\/section>\n\t\t\t\t<section class=\"elementor-section elementor-top-section elementor-element elementor-element-b1417b4 elementor-section-boxed elementor-section-height-default elementor-section-height-default\" data-id=\"b1417b4\" data-element_type=\"section\">\n\t\t\t\t\t\t<div class=\"elementor-container elementor-column-gap-default\">\n\t\t\t\t\t<div class=\"elementor-column elementor-col-100 elementor-top-column elementor-element elementor-element-b1725c4\" data-id=\"b1725c4\" data-element_type=\"column\">\n\t\t\t<div class=\"elementor-widget-wrap elementor-element-populated\">\n\t\t\t\t\t\t<div class=\"elementor-element elementor-element-5ad1c2b elementor-widget elementor-widget-heading\" data-id=\"5ad1c2b\" data-element_type=\"widget\" data-widget_type=\"heading.default\">\n\t\t\t\t<div class=\"elementor-widget-container\">\n\t\t\t\t\t<h2 class=\"elementor-heading-title elementor-size-default\"><a href=\"https:\/\/www.filmfest-granada.com\/2022\/encuentro-con-realizadoras\/\">ENCUENTRO CON REALIZADORAS<\/a><\/h2>\t\t\t\t<\/div>\n\t\t\t\t<\/div>\n\t\t\t\t\t<\/div>\n\t\t<\/div>\n\t\t\t\t\t<\/div>\n\t\t<\/section>\n\t\t\t\t<section class=\"elementor-section elementor-top-section elementor-element elementor-element-dfd5d88 elementor-section-boxed elementor-section-height-default elementor-section-height-default\" data-id=\"dfd5d88\" data-element_type=\"section\">\n\t\t\t\t\t\t<div class=\"elementor-container elementor-column-gap-default\">\n\t\t\t\t\t<div class=\"elementor-column elementor-col-100 elementor-top-column elementor-element elementor-element-9a3f090\" data-id=\"9a3f090\" data-element_type=\"column\">\n\t\t\t<div class=\"elementor-widget-wrap elementor-element-populated\">\n\t\t\t\t\t\t<div class=\"elementor-element elementor-element-a5834fc elementor-widget elementor-widget-heading\" data-id=\"a5834fc\" data-element_type=\"widget\" data-widget_type=\"heading.default\">\n\t\t\t\t<div class=\"elementor-widget-container\">\n\t\t\t\t\t<h3 class=\"elementor-heading-title elementor-size-large\">Palacio Condes de Gabia\u200b - 18:00\n<\/h3>\t\t\t\t<\/div>\n\t\t\t\t<\/div>\n\t\t\t\t\t<\/div>\n\t\t<\/div>\n\t\t\t\t\t<\/div>\n\t\t<\/section>\n\t\t\t\t<section class=\"elementor-section elementor-top-section elementor-element elementor-element-1dc4c44 elementor-section-boxed elementor-section-height-default elementor-section-height-default\" data-id=\"1dc4c44\" data-element_type=\"section\">\n\t\t\t\t\t\t<div class=\"elementor-container elementor-column-gap-default\">\n\t\t\t\t\t<div class=\"elementor-column elementor-col-50 elementor-top-column elementor-element elementor-element-f2530ae\" data-id=\"f2530ae\" data-element_type=\"column\">\n\t\t\t<div class=\"elementor-widget-wrap elementor-element-populated\">\n\t\t\t\t\t\t<div class=\"elementor-element elementor-element-66d2971 elementor-widget elementor-widget-image\" data-id=\"66d2971\" data-element_type=\"widget\" data-widget_type=\"image.default\">\n\t\t\t\t<div class=\"elementor-widget-container\">\n\t\t\t\t\t\t\t\t\t\t\t\t\t\t\t<img decoding=\"async\" width=\"1440\" height=\"1732\" src=\"https:\/\/www.filmfest-granada.com\/2022\/wp-content\/uploads\/sites\/11\/2022\/09\/22-09-24-ENCUENTRO-CON-REALIZADORAS-mo\u0301vil.jpg\" class=\"attachment-full size-full wp-image-2000\" alt=\"\" srcset=\"https:\/\/www.filmfest-granada.com\/2022\/wp-content\/uploads\/sites\/11\/2022\/09\/22-09-24-ENCUENTRO-CON-REALIZADORAS-mo\u0301vil.jpg 1440w, https:\/\/www.filmfest-granada.com\/2022\/wp-content\/uploads\/sites\/11\/2022\/09\/22-09-24-ENCUENTRO-CON-REALIZADORAS-mo\u0301vil-249x300.jpg 249w, https:\/\/www.filmfest-granada.com\/2022\/wp-content\/uploads\/sites\/11\/2022\/09\/22-09-24-ENCUENTRO-CON-REALIZADORAS-mo\u0301vil-851x1024.jpg 851w, https:\/\/www.filmfest-granada.com\/2022\/wp-content\/uploads\/sites\/11\/2022\/09\/22-09-24-ENCUENTRO-CON-REALIZADORAS-mo\u0301vil-768x924.jpg 768w, https:\/\/www.filmfest-granada.com\/2022\/wp-content\/uploads\/sites\/11\/2022\/09\/22-09-24-ENCUENTRO-CON-REALIZADORAS-mo\u0301vil-1277x1536.jpg 1277w\" sizes=\"(max-width: 1440px) 100vw, 1440px\" \/>\t\t\t\t\t\t\t\t\t\t\t\t\t\t\t<\/div>\n\t\t\t\t<\/div>\n\t\t\t\t\t<\/div>\n\t\t<\/div>\n\t\t\t\t<div class=\"elementor-column elementor-col-50 elementor-top-column elementor-element elementor-element-0f56633\" data-id=\"0f56633\" data-element_type=\"column\">\n\t\t\t<div class=\"elementor-widget-wrap elementor-element-populated\">\n\t\t\t\t\t\t<div class=\"elementor-element elementor-element-d64d2f7 elementor-widget elementor-widget-heading\" data-id=\"d64d2f7\" data-element_type=\"widget\" data-widget_type=\"heading.default\">\n\t\t\t\t<div class=\"elementor-widget-container\">\n\t\t\t\t\t<p class=\"elementor-heading-title elementor-size-default\">Promovido desde la <b>Delegaci\u00f3n de Cultura y Memoria Hist\u00f3rica y Democr\u00e1tica de la Diputaci\u00f3n de Granada<\/b>, a lo largo de los a\u00f1os han visitado el Encuentro con Realizadores grandes nombres del cine espa\u00f1ol como V\u00edctor Erice, Jos\u00e9 Luis Guerin, Mercedes \u00c1lvarez o Cecilia Bartolom\u00e9, as\u00ed como cineastas del prestigio internacional de Aki Kaurism\u00e4ki, Val\u00e9rie Massadian y Pedro Costa.<\/p>\t\t\t\t<\/div>\n\t\t\t\t<\/div>\n\t\t\t\t<div class=\"elementor-element elementor-element-d55d621 elementor-widget elementor-widget-heading\" data-id=\"d55d621\" data-element_type=\"widget\" data-widget_type=\"heading.default\">\n\t\t\t\t<div class=\"elementor-widget-container\">\n\t\t\t\t\t<p class=\"elementor-heading-title elementor-size-default\"><b>Carla Sim\u00f3n<\/b>, <b>Ana Pfaff<\/b> y <b>Meritxell Colell <\/b>se unen a esta lista con el objetivo de continuar el sentido con el que naci\u00f3 este espacio, favorecer un di\u00e1logo con el p\u00fablico que enriquezca y profundice en los procesos colaborativos detr\u00e1s de la producci\u00f3n cinematogr\u00e1fica.<\/p>\t\t\t\t<\/div>\n\t\t\t\t<\/div>\n\t\t\t\t\t<\/div>\n\t\t<\/div>\n\t\t\t\t\t<\/div>\n\t\t<\/section>\n\t\t\t\t<section class=\"elementor-section elementor-top-section elementor-element elementor-element-6d16a1c elementor-section-boxed elementor-section-height-default elementor-section-height-default\" data-id=\"6d16a1c\" data-element_type=\"section\">\n\t\t\t\t\t\t<div class=\"elementor-container elementor-column-gap-default\">\n\t\t\t\t\t<div class=\"elementor-column elementor-col-100 elementor-top-column elementor-element elementor-element-99fc361\" data-id=\"99fc361\" data-element_type=\"column\">\n\t\t\t<div class=\"elementor-widget-wrap elementor-element-populated\">\n\t\t\t\t\t\t<div class=\"elementor-element elementor-element-94d1cd8 elementor-widget elementor-widget-heading\" data-id=\"94d1cd8\" data-element_type=\"widget\" data-widget_type=\"heading.default\">\n\t\t\t\t<div class=\"elementor-widget-container\">\n\t\t\t\t\t<div class=\"elementor-heading-title elementor-size-default\"><b>Inscripciones cerradas, aforo completo.<\/b><\/div>\t\t\t\t<\/div>\n\t\t\t\t<\/div>\n\t\t\t\t\t<\/div>\n\t\t<\/div>\n\t\t\t\t\t<\/div>\n\t\t<\/section>\n\t\t\t\t<section class=\"elementor-section elementor-top-section elementor-element elementor-element-e77ff0a elementor-section-boxed elementor-section-height-default elementor-section-height-default\" data-id=\"e77ff0a\" data-element_type=\"section\">\n\t\t\t\t\t\t<div class=\"elementor-container elementor-column-gap-default\">\n\t\t\t\t\t<div class=\"elementor-column elementor-col-100 elementor-top-column elementor-element elementor-element-81c7be7\" data-id=\"81c7be7\" data-element_type=\"column\">\n\t\t\t<div class=\"elementor-widget-wrap elementor-element-populated\">\n\t\t\t\t\t\t<div class=\"elementor-element elementor-element-4b320a5 elementor-widget elementor-widget-heading\" data-id=\"4b320a5\" data-element_type=\"widget\" data-widget_type=\"heading.default\">\n\t\t\t\t<div class=\"elementor-widget-container\">\n\t\t\t\t\t<p class=\"elementor-heading-title elementor-size-default\">RITUALES Y VISIONARIOS<\/p>\t\t\t\t<\/div>\n\t\t\t\t<\/div>\n\t\t\t\t\t<\/div>\n\t\t<\/div>\n\t\t\t\t\t<\/div>\n\t\t<\/section>\n\t\t\t\t<section class=\"elementor-section elementor-top-section elementor-element elementor-element-ed95c52 elementor-section-boxed elementor-section-height-default elementor-section-height-default\" data-id=\"ed95c52\" data-element_type=\"section\">\n\t\t\t\t\t\t<div class=\"elementor-container elementor-column-gap-default\">\n\t\t\t\t\t<div class=\"elementor-column elementor-col-100 elementor-top-column elementor-element elementor-element-bf3f24c\" data-id=\"bf3f24c\" data-element_type=\"column\">\n\t\t\t<div class=\"elementor-widget-wrap elementor-element-populated\">\n\t\t\t\t\t\t<div class=\"elementor-element elementor-element-ff40755 elementor-widget elementor-widget-heading\" data-id=\"ff40755\" data-element_type=\"widget\" data-widget_type=\"heading.default\">\n\t\t\t\t<div class=\"elementor-widget-container\">\n\t\t\t\t\t<h2 class=\"elementor-heading-title elementor-size-default\">Ver una pel\u00edcula en el interior de una cueva, esa es la propuesta con la que el festival se expande al Sacromonte. Del mi\u00e9rcoles 26 al s\u00e1bado 29 de octubre el Museo Cuevas del Sacromonte abre sus puertas para acoger este ciclo que presenta una selecci\u00f3n de cortometrajes proyectados en bucle y una instalaci\u00f3n sonora, todo ello planteado espec\u00edficamente para dialogar con el espacio.<\/h2>\t\t\t\t<\/div>\n\t\t\t\t<\/div>\n\t\t\t\t\t<\/div>\n\t\t<\/div>\n\t\t\t\t\t<\/div>\n\t\t<\/section>\n\t\t\t\t<section class=\"elementor-section elementor-top-section elementor-element elementor-element-8c36e02 elementor-section-boxed elementor-section-height-default elementor-section-height-default\" data-id=\"8c36e02\" data-element_type=\"section\">\n\t\t\t\t\t\t<div class=\"elementor-container elementor-column-gap-default\">\n\t\t\t\t\t<div class=\"elementor-column elementor-col-100 elementor-top-column elementor-element elementor-element-a2a7a67\" data-id=\"a2a7a67\" data-element_type=\"column\">\n\t\t\t<div class=\"elementor-widget-wrap elementor-element-populated\">\n\t\t\t\t\t\t<div class=\"elementor-element elementor-element-ab0250d elementor-widget elementor-widget-heading\" data-id=\"ab0250d\" data-element_type=\"widget\" data-widget_type=\"heading.default\">\n\t\t\t\t<div class=\"elementor-widget-container\">\n\t\t\t\t\t<h3 class=\"elementor-heading-title elementor-size-large\">S\u00c1BADO 29 - 18:00 a 20:30<\/h3>\t\t\t\t<\/div>\n\t\t\t\t<\/div>\n\t\t\t\t<div class=\"elementor-element elementor-element-071e02a elementor-widget elementor-widget-heading\" data-id=\"071e02a\" data-element_type=\"widget\" data-widget_type=\"heading.default\">\n\t\t\t\t<div class=\"elementor-widget-container\">\n\t\t\t\t\t<h3 class=\"elementor-heading-title elementor-size-large\">MUSEO CUEVAS DEL SACROMONTE<\/h3>\t\t\t\t<\/div>\n\t\t\t\t<\/div>\n\t\t\t\t\t<\/div>\n\t\t<\/div>\n\t\t\t\t\t<\/div>\n\t\t<\/section>\n\t\t\t\t<section class=\"elementor-section elementor-top-section elementor-element elementor-element-5189eff elementor-section-boxed elementor-section-height-default elementor-section-height-default\" data-id=\"5189eff\" data-element_type=\"section\">\n\t\t\t\t\t\t<div class=\"elementor-container elementor-column-gap-default\">\n\t\t\t\t\t<div class=\"elementor-column elementor-col-50 elementor-top-column elementor-element elementor-element-489bc96\" data-id=\"489bc96\" data-element_type=\"column\">\n\t\t\t<div class=\"elementor-widget-wrap elementor-element-populated\">\n\t\t\t\t\t\t<div class=\"elementor-element elementor-element-54f8729 elementor-widget elementor-widget-image\" data-id=\"54f8729\" data-element_type=\"widget\" data-widget_type=\"image.default\">\n\t\t\t\t<div class=\"elementor-widget-container\">\n\t\t\t\t\t\t\t\t\t\t\t\t\t\t\t<img decoding=\"async\" width=\"1440\" height=\"1080\" src=\"https:\/\/www.filmfest-granada.com\/2022\/wp-content\/uploads\/sites\/11\/2022\/10\/39-frame2_Ouroboros.jpeg\" class=\"attachment-full size-full wp-image-2483\" alt=\"\" srcset=\"https:\/\/www.filmfest-granada.com\/2022\/wp-content\/uploads\/sites\/11\/2022\/10\/39-frame2_Ouroboros.jpeg 1440w, https:\/\/www.filmfest-granada.com\/2022\/wp-content\/uploads\/sites\/11\/2022\/10\/39-frame2_Ouroboros-300x225.jpeg 300w, https:\/\/www.filmfest-granada.com\/2022\/wp-content\/uploads\/sites\/11\/2022\/10\/39-frame2_Ouroboros-1024x768.jpeg 1024w, https:\/\/www.filmfest-granada.com\/2022\/wp-content\/uploads\/sites\/11\/2022\/10\/39-frame2_Ouroboros-768x576.jpeg 768w\" sizes=\"(max-width: 1440px) 100vw, 1440px\" \/>\t\t\t\t\t\t\t\t\t\t\t\t\t\t\t<\/div>\n\t\t\t\t<\/div>\n\t\t\t\t\t<\/div>\n\t\t<\/div>\n\t\t\t\t<div class=\"elementor-column elementor-col-50 elementor-top-column elementor-element elementor-element-15f0e21\" data-id=\"15f0e21\" data-element_type=\"column\">\n\t\t\t<div class=\"elementor-widget-wrap elementor-element-populated\">\n\t\t\t\t\t\t<div class=\"elementor-element elementor-element-f118616 elementor-widget elementor-widget-heading\" data-id=\"f118616\" data-element_type=\"widget\" data-widget_type=\"heading.default\">\n\t\t\t\t<div class=\"elementor-widget-container\">\n\t\t\t\t\t<h3 class=\"elementor-heading-title elementor-size-medium\">OUROBOROS<\/h3>\t\t\t\t<\/div>\n\t\t\t\t<\/div>\n\t\t\t\t<div class=\"elementor-element elementor-element-5c47757 elementor-widget elementor-widget-heading\" data-id=\"5c47757\" data-element_type=\"widget\" data-widget_type=\"heading.default\">\n\t\t\t\t<div class=\"elementor-widget-container\">\n\t\t\t\t\t<div class=\"elementor-heading-title elementor-size-default\">Rub\u00e9n Seca | Espa\u00f1a | 2022 | 6\u2019<\/div>\t\t\t\t<\/div>\n\t\t\t\t<\/div>\n\t\t\t\t<div class=\"elementor-element elementor-element-06a1535 elementor-widget elementor-widget-heading\" data-id=\"06a1535\" data-element_type=\"widget\" data-widget_type=\"heading.default\">\n\t\t\t\t<div class=\"elementor-widget-container\">\n\t\t\t\t\t<p class=\"elementor-heading-title elementor-size-default\">Un hombre recupera el conocimiento en mitad del desierto. Deambula desorientado y sediento hasta visualizar a lo lejos un posible oasis. Al acercarse, descubre que se trata de un oc\u00e9ano, donde es atra\u00eddo por un canto lejano.<\/p>\t\t\t\t<\/div>\n\t\t\t\t<\/div>\n\t\t\t\t<div class=\"elementor-element elementor-element-9e6e618 elementor-widget elementor-widget-heading\" data-id=\"9e6e618\" data-element_type=\"widget\" data-widget_type=\"heading.default\">\n\t\t\t\t<div class=\"elementor-widget-container\">\n\t\t\t\t\t<p class=\"elementor-heading-title elementor-size-default\"><b>Estreno mundial<\/b><\/p>\t\t\t\t<\/div>\n\t\t\t\t<\/div>\n\t\t\t\t\t<\/div>\n\t\t<\/div>\n\t\t\t\t\t<\/div>\n\t\t<\/section>\n\t\t\t\t<section class=\"elementor-section elementor-top-section elementor-element elementor-element-d896e98 elementor-section-boxed elementor-section-height-default elementor-section-height-default\" data-id=\"d896e98\" data-element_type=\"section\">\n\t\t\t\t\t\t<div class=\"elementor-container elementor-column-gap-default\">\n\t\t\t\t\t<div class=\"elementor-column elementor-col-50 elementor-top-column elementor-element elementor-element-459a4a3\" data-id=\"459a4a3\" data-element_type=\"column\">\n\t\t\t<div class=\"elementor-widget-wrap elementor-element-populated\">\n\t\t\t\t\t\t<div class=\"elementor-element elementor-element-dac7a48 elementor-widget elementor-widget-image\" data-id=\"dac7a48\" data-element_type=\"widget\" data-widget_type=\"image.default\">\n\t\t\t\t<div class=\"elementor-widget-container\">\n\t\t\t\t\t\t\t\t\t\t\t\t\t\t\t<img loading=\"lazy\" decoding=\"async\" width=\"2148\" height=\"1746\" src=\"https:\/\/www.filmfest-granada.com\/2022\/wp-content\/uploads\/sites\/11\/2022\/10\/mensaje-diafonico-granada-copia.jpg\" class=\"attachment-full size-full wp-image-2769\" alt=\"mensaje-diafonico-granada\" srcset=\"https:\/\/www.filmfest-granada.com\/2022\/wp-content\/uploads\/sites\/11\/2022\/10\/mensaje-diafonico-granada-copia.jpg 2148w, https:\/\/www.filmfest-granada.com\/2022\/wp-content\/uploads\/sites\/11\/2022\/10\/mensaje-diafonico-granada-copia-300x244.jpg 300w, https:\/\/www.filmfest-granada.com\/2022\/wp-content\/uploads\/sites\/11\/2022\/10\/mensaje-diafonico-granada-copia-1024x832.jpg 1024w, https:\/\/www.filmfest-granada.com\/2022\/wp-content\/uploads\/sites\/11\/2022\/10\/mensaje-diafonico-granada-copia-768x624.jpg 768w, https:\/\/www.filmfest-granada.com\/2022\/wp-content\/uploads\/sites\/11\/2022\/10\/mensaje-diafonico-granada-copia-1536x1249.jpg 1536w, https:\/\/www.filmfest-granada.com\/2022\/wp-content\/uploads\/sites\/11\/2022\/10\/mensaje-diafonico-granada-copia-2048x1665.jpg 2048w\" sizes=\"(max-width: 2148px) 100vw, 2148px\" \/>\t\t\t\t\t\t\t\t\t\t\t\t\t\t\t<\/div>\n\t\t\t\t<\/div>\n\t\t\t\t\t<\/div>\n\t\t<\/div>\n\t\t\t\t<div class=\"elementor-column elementor-col-50 elementor-top-column elementor-element elementor-element-d6a2b69\" data-id=\"d6a2b69\" data-element_type=\"column\">\n\t\t\t<div class=\"elementor-widget-wrap elementor-element-populated\">\n\t\t\t\t\t\t<div class=\"elementor-element elementor-element-0eab1a0 elementor-widget elementor-widget-heading\" data-id=\"0eab1a0\" data-element_type=\"widget\" data-widget_type=\"heading.default\">\n\t\t\t\t<div class=\"elementor-widget-container\">\n\t\t\t\t\t<h3 class=\"elementor-heading-title elementor-size-medium\">El Mensaje Diaf\u00f3nico de Granada<\/h3>\t\t\t\t<\/div>\n\t\t\t\t<\/div>\n\t\t\t\t<div class=\"elementor-element elementor-element-c218de3 elementor-widget elementor-widget-heading\" data-id=\"c218de3\" data-element_type=\"widget\" data-widget_type=\"heading.default\">\n\t\t\t\t<div class=\"elementor-widget-container\">\n\t\t\t\t\t<div class=\"elementor-heading-title elementor-size-default\">Audio Conmocional Invisible por \u00c1NGEL ARIAS<\/div>\t\t\t\t<\/div>\n\t\t\t\t<\/div>\n\t\t\t\t<div class=\"elementor-element elementor-element-434c3f1 elementor-widget elementor-widget-heading\" data-id=\"434c3f1\" data-element_type=\"widget\" data-widget_type=\"heading.default\">\n\t\t\t\t<div class=\"elementor-widget-container\">\n\t\t\t\t\t<p class=\"elementor-heading-title elementor-size-default\">\u00abEn Altamira, el hombre trazaba ruidos y miedos en los muros. El ruido nos introduce en un bosque primitivo\u00bb, afirma Val del Omar. Una nueva Altamira del ruido se reencarnar\u00e1 en el Museo Cuevas del Sacromonte y buscar\u00e1 la experiencia valdelomariana del \u00abpavor medular\u00bb, usando medios sonoros que operen \u00abpor electrochoque, impacto, descarga emocional, c\u00f3pula conmocional\u00bb para producir una \u00abprofunda incisi\u00f3n\u00bb. Nada esencial ocurre nunca en ausencia de ruido.<\/p>\t\t\t\t<\/div>\n\t\t\t\t<\/div>\n\t\t\t\t\t<\/div>\n\t\t<\/div>\n\t\t\t\t\t<\/div>\n\t\t<\/section>\n\t\t\t\t<section class=\"elementor-section elementor-top-section elementor-element elementor-element-1697b4b elementor-section-boxed elementor-section-height-default elementor-section-height-default\" data-id=\"1697b4b\" data-element_type=\"section\">\n\t\t\t\t\t\t<div class=\"elementor-container elementor-column-gap-default\">\n\t\t\t\t\t<div class=\"elementor-column elementor-col-100 elementor-top-column elementor-element elementor-element-53743aa\" data-id=\"53743aa\" data-element_type=\"column\">\n\t\t\t<div class=\"elementor-widget-wrap elementor-element-populated\">\n\t\t\t\t\t\t<div class=\"elementor-element elementor-element-66bdd24 elementor-widget elementor-widget-heading\" data-id=\"66bdd24\" data-element_type=\"widget\" data-widget_type=\"heading.default\">\n\t\t\t\t<div class=\"elementor-widget-container\">\n\t\t\t\t\t<div class=\"elementor-heading-title elementor-size-default\">Entrada libre hasta completar aforo<\/div>\t\t\t\t<\/div>\n\t\t\t\t<\/div>\n\t\t\t\t\t<\/div>\n\t\t<\/div>\n\t\t\t\t\t<\/div>\n\t\t<\/section>\n\t\t\t\t<section class=\"elementor-section elementor-top-section elementor-element elementor-element-2c53e26 elementor-section-boxed elementor-section-height-default elementor-section-height-default\" data-id=\"2c53e26\" data-element_type=\"section\">\n\t\t\t\t\t\t<div class=\"elementor-container elementor-column-gap-default\">\n\t\t\t\t\t<div class=\"elementor-column elementor-col-100 elementor-top-column elementor-element elementor-element-0b63215\" data-id=\"0b63215\" data-element_type=\"column\">\n\t\t\t<div class=\"elementor-widget-wrap elementor-element-populated\">\n\t\t\t\t\t\t<div class=\"elementor-element elementor-element-054a916 elementor-widget elementor-widget-heading\" data-id=\"054a916\" data-element_type=\"widget\" data-widget_type=\"heading.default\">\n\t\t\t\t<div class=\"elementor-widget-container\">\n\t\t\t\t\t<h2 class=\"elementor-heading-title elementor-size-default\"><a href=\"https:\/\/www.filmfest-granada.com\/2022\/sesiones-especiales\/\">SESIONES ESPECIALES: VERDE PRATO + LAS HIJAS DE FELIPE<\/a><\/h2>\t\t\t\t<\/div>\n\t\t\t\t<\/div>\n\t\t\t\t\t<\/div>\n\t\t<\/div>\n\t\t\t\t\t<\/div>\n\t\t<\/section>\n\t\t\t\t<section class=\"elementor-section elementor-top-section elementor-element elementor-element-267bb85 elementor-section-boxed elementor-section-height-default elementor-section-height-default\" data-id=\"267bb85\" data-element_type=\"section\">\n\t\t\t\t\t\t<div class=\"elementor-container elementor-column-gap-default\">\n\t\t\t\t\t<div class=\"elementor-column elementor-col-100 elementor-top-column elementor-element elementor-element-a5d011f\" data-id=\"a5d011f\" data-element_type=\"column\">\n\t\t\t<div class=\"elementor-widget-wrap elementor-element-populated\">\n\t\t\t\t\t\t<div class=\"elementor-element elementor-element-a7e4c0c elementor-widget elementor-widget-heading\" data-id=\"a7e4c0c\" data-element_type=\"widget\" data-widget_type=\"heading.default\">\n\t\t\t\t<div class=\"elementor-widget-container\">\n\t\t\t\t\t<h3 class=\"elementor-heading-title elementor-size-large\">TEATRO ISABEL LA CAT\u00d3LICA - 21:30\n<\/h3>\t\t\t\t<\/div>\n\t\t\t\t<\/div>\n\t\t\t\t\t<\/div>\n\t\t<\/div>\n\t\t\t\t\t<\/div>\n\t\t<\/section>\n\t\t\t\t<section class=\"elementor-section elementor-top-section elementor-element elementor-element-942822c elementor-section-boxed elementor-section-height-default elementor-section-height-default\" data-id=\"942822c\" data-element_type=\"section\">\n\t\t\t\t\t\t<div class=\"elementor-container elementor-column-gap-default\">\n\t\t\t\t\t<div class=\"elementor-column elementor-col-50 elementor-top-column elementor-element elementor-element-49424ab\" data-id=\"49424ab\" data-element_type=\"column\">\n\t\t\t<div class=\"elementor-widget-wrap elementor-element-populated\">\n\t\t\t\t\t\t<div class=\"elementor-element elementor-element-3c55e2f elementor-widget elementor-widget-image\" data-id=\"3c55e2f\" data-element_type=\"widget\" data-widget_type=\"image.default\">\n\t\t\t\t<div class=\"elementor-widget-container\">\n\t\t\t\t\t\t\t\t\t\t\t\t\t\t\t<img loading=\"lazy\" decoding=\"async\" width=\"1200\" height=\"533\" src=\"https:\/\/www.filmfest-granada.com\/2022\/wp-content\/uploads\/sites\/11\/2022\/10\/verde-prato-las-hijas-de-felipe-copia.png\" class=\"attachment-full size-full wp-image-2302\" alt=\"\" srcset=\"https:\/\/www.filmfest-granada.com\/2022\/wp-content\/uploads\/sites\/11\/2022\/10\/verde-prato-las-hijas-de-felipe-copia.png 1200w, https:\/\/www.filmfest-granada.com\/2022\/wp-content\/uploads\/sites\/11\/2022\/10\/verde-prato-las-hijas-de-felipe-copia-300x133.png 300w, https:\/\/www.filmfest-granada.com\/2022\/wp-content\/uploads\/sites\/11\/2022\/10\/verde-prato-las-hijas-de-felipe-copia-1024x455.png 1024w, https:\/\/www.filmfest-granada.com\/2022\/wp-content\/uploads\/sites\/11\/2022\/10\/verde-prato-las-hijas-de-felipe-copia-768x341.png 768w\" sizes=\"(max-width: 1200px) 100vw, 1200px\" \/>\t\t\t\t\t\t\t\t\t\t\t\t\t\t\t<\/div>\n\t\t\t\t<\/div>\n\t\t\t\t\t<\/div>\n\t\t<\/div>\n\t\t\t\t<div class=\"elementor-column elementor-col-50 elementor-top-column elementor-element elementor-element-a1ba01f\" data-id=\"a1ba01f\" data-element_type=\"column\">\n\t\t\t<div class=\"elementor-widget-wrap elementor-element-populated\">\n\t\t\t\t\t\t<div class=\"elementor-element elementor-element-e678a6a elementor-widget elementor-widget-heading\" data-id=\"e678a6a\" data-element_type=\"widget\" data-widget_type=\"heading.default\">\n\t\t\t\t<div class=\"elementor-widget-container\">\n\t\t\t\t\t<div class=\"elementor-heading-title elementor-size-default\">CONCIERTO<\/div>\t\t\t\t<\/div>\n\t\t\t\t<\/div>\n\t\t\t\t<div class=\"elementor-element elementor-element-3fca25e elementor-widget elementor-widget-heading\" data-id=\"3fca25e\" data-element_type=\"widget\" data-widget_type=\"heading.default\">\n\t\t\t\t<div class=\"elementor-widget-container\">\n\t\t\t\t\t<h2 class=\"elementor-heading-title elementor-size-medium\">VERDE PRATO<\/h2>\t\t\t\t<\/div>\n\t\t\t\t<\/div>\n\t\t\t\t<div class=\"elementor-element elementor-element-d6d5876 elementor-widget elementor-widget-heading\" data-id=\"d6d5876\" data-element_type=\"widget\" data-widget_type=\"heading.default\">\n\t\t\t\t<div class=\"elementor-widget-container\">\n\t\t\t\t\t<div class=\"elementor-heading-title elementor-size-default\">PODCAST EN DIRECTO<\/div>\t\t\t\t<\/div>\n\t\t\t\t<\/div>\n\t\t\t\t<div class=\"elementor-element elementor-element-6225710 elementor-widget elementor-widget-heading\" data-id=\"6225710\" data-element_type=\"widget\" data-widget_type=\"heading.default\">\n\t\t\t\t<div class=\"elementor-widget-container\">\n\t\t\t\t\t<h2 class=\"elementor-heading-title elementor-size-medium\">LAS HIJAS DE FELIPE<\/h2>\t\t\t\t<\/div>\n\t\t\t\t<\/div>\n\t\t\t\t<div class=\"elementor-element elementor-element-d26552f elementor-widget elementor-widget-heading\" data-id=\"d26552f\" data-element_type=\"widget\" data-widget_type=\"heading.default\">\n\t\t\t\t<div class=\"elementor-widget-container\">\n\t\t\t\t\t<p class=\"elementor-heading-title elementor-size-default\"><b>Verde Prato<\/b> es un talento \u00fanico que emerge de una oleada de cantautoras que expresan su identidad a trav\u00e9s del poder de la voz humana. El neo-folk desnudo y ceremonial de la artista vasca no deja a nadie indiferente. Su bello y evocador \u00e1lbum <i>Kondaira eder hura<\/i> (Esta bonita historia) remoldea las canciones e historias tradicionales y las transforma en post-pop contempor\u00e1neo, con las cajas de ritmos y casiotones embebidos en reverb sustituyendo a los instrumentos. El resultado nos transporta a otro mundo, traspasando barreras de lenguaje y de g\u00e9nero en el camino.<\/p>\t\t\t\t<\/div>\n\t\t\t\t<\/div>\n\t\t\t\t<div class=\"elementor-element elementor-element-ecca819 elementor-widget elementor-widget-heading\" data-id=\"ecca819\" data-element_type=\"widget\" data-widget_type=\"heading.default\">\n\t\t\t\t<div class=\"elementor-widget-container\">\n\t\t\t\t\t<p class=\"elementor-heading-title elementor-size-default\"><b>Las Hijas de Felipe<\/b> es un podcast de Carmen Urbita y Ana Garriga en el que comentan cotilleos hist\u00f3ricos, dramas barrocos y vidas olvidadas. Hablan de monjas, demonios, embustes, alquimia, recetarios u oro. Son dos amigas siamesas recuperando el brillo de los siglos XVI y XVII, conect\u00e1ndolo con este presente ajetreado. En Granada presentar\u00e1n un episodio especial realizado en directo, en el que conversar\u00e1n con Verde Prato sobre su mundo lit\u00fargico y la fuente de inspiraci\u00f3n de sus letras.<\/p>\t\t\t\t<\/div>\n\t\t\t\t<\/div>\n\t\t\t\t\t<\/div>\n\t\t<\/div>\n\t\t\t\t\t<\/div>\n\t\t<\/section>\n\t\t\t\t<section class=\"elementor-section elementor-top-section elementor-element elementor-element-d9a207f elementor-section-boxed elementor-section-height-default elementor-section-height-default\" data-id=\"d9a207f\" data-element_type=\"section\">\n\t\t\t\t\t\t<div class=\"elementor-container elementor-column-gap-default\">\n\t\t\t\t\t<div class=\"elementor-column elementor-col-100 elementor-top-column elementor-element elementor-element-da7d922\" data-id=\"da7d922\" data-element_type=\"column\">\n\t\t\t<div class=\"elementor-widget-wrap elementor-element-populated\">\n\t\t\t\t\t\t<div class=\"elementor-element elementor-element-cb2bf8c elementor-align-right elementor-widget elementor-widget-button\" data-id=\"cb2bf8c\" data-element_type=\"widget\" data-widget_type=\"button.default\">\n\t\t\t\t<div class=\"elementor-widget-container\">\n\t\t\t\t\t\t\t\t\t<div class=\"elementor-button-wrapper\">\n\t\t\t\t\t<a class=\"elementor-button elementor-button-link elementor-size-sm\" href=\"https:\/\/www.redentradas.com\/acceso.aspx?vid=11&#038;eid=6875\" target=\"_blank\">\n\t\t\t\t\t\t<span class=\"elementor-button-content-wrapper\">\n\t\t\t\t\t\t\t\t\t<span class=\"elementor-button-text\">ENTRADAS<\/span>\n\t\t\t\t\t<\/span>\n\t\t\t\t\t<\/a>\n\t\t\t\t<\/div>\n\t\t\t\t\t\t\t\t<\/div>\n\t\t\t\t<\/div>\n\t\t\t\t\t<\/div>\n\t\t<\/div>\n\t\t\t\t\t<\/div>\n\t\t<\/section>\n\t\t\t\t<\/div>\n\t\t","protected":false},"excerpt":{"rendered":"<p>\/*! elementor &#8211; v3.6.5 &#8211; 27-04-2022 *\/ .elementor-heading-title{padding:0;margin:0;line-height:1}.elementor-widget-heading .elementor-heading-title[class*=elementor-size-]&gt;a{color:inherit;font-size:inherit;line-height:inherit}.elementor-widget-heading .elementor-heading-title.elementor-size-small{font-size:15px}.elementor-widget-heading .elementor-heading-title.elementor-size-medium{font-size:19px}.elementor-widget-heading .elementor-heading-title.elementor-size-large{font-size:29px}.elementor-widget-heading .elementor-heading-title.elementor-size-xl{font-size:39px}.elementor-widget-heading .elementor-heading-title.elementor-size-xxl{font-size:59px} S\u00c1BADO 29 JORNADA DE INDUSTRIA Palacio Condes de Gabia &#8211; 9:30 \/*! elementor &#8211; v3.6.5 &#8211; 27-04-2022 *\/ .elementor-widget-image{text-align:center}.elementor-widget-image a{display:inline-block}.elementor-widget-image a img[src$=\u00bb.svg\u00bb]{width:48px}.elementor-widget-image img{vertical-align:middle;display:inline-block} Organizada por Film in Granada, la oficina de cine y promoci\u00f3n de rodajes de la Diputaci\u00f3n de Granada, &#8230; <a title=\"S\u00e1bado 29\" class=\"read-more\" href=\"https:\/\/www.filmfest-granada.com\/2022\/sabado-29-10-2022\/\" aria-label=\"Leer m\u00e1s sobre S\u00e1bado 29\">Leer m\u00e1s<\/a><\/p>\n","protected":false},"author":1167,"featured_media":0,"parent":0,"menu_order":0,"comment_status":"closed","ping_status":"closed","template":"elementor_header_footer","meta":{"_monsterinsights_skip_tracking":false,"_monsterinsights_sitenote_active":false,"_monsterinsights_sitenote_note":"","_monsterinsights_sitenote_category":0,"footnotes":""},"class_list":["post-2887","page","type-page","status-publish"],"aioseo_notices":[],"_links":{"self":[{"href":"https:\/\/www.filmfest-granada.com\/2022\/wp-json\/wp\/v2\/pages\/2887","targetHints":{"allow":["GET"]}}],"collection":[{"href":"https:\/\/www.filmfest-granada.com\/2022\/wp-json\/wp\/v2\/pages"}],"about":[{"href":"https:\/\/www.filmfest-granada.com\/2022\/wp-json\/wp\/v2\/types\/page"}],"author":[{"embeddable":true,"href":"https:\/\/www.filmfest-granada.com\/2022\/wp-json\/wp\/v2\/users\/1167"}],"replies":[{"embeddable":true,"href":"https:\/\/www.filmfest-granada.com\/2022\/wp-json\/wp\/v2\/comments?post=2887"}],"version-history":[{"count":16,"href":"https:\/\/www.filmfest-granada.com\/2022\/wp-json\/wp\/v2\/pages\/2887\/revisions"}],"predecessor-version":[{"id":3072,"href":"https:\/\/www.filmfest-granada.com\/2022\/wp-json\/wp\/v2\/pages\/2887\/revisions\/3072"}],"wp:attachment":[{"href":"https:\/\/www.filmfest-granada.com\/2022\/wp-json\/wp\/v2\/media?parent=2887"}],"curies":[{"name":"wp","href":"https:\/\/api.w.org\/{rel}","templated":true}]}}