{"id":3017,"date":"2022-10-23T23:45:09","date_gmt":"2022-10-23T21:45:09","guid":{"rendered":"https:\/\/www.filmfest-granada.com\/2022\/?page_id=3017"},"modified":"2022-10-25T00:42:16","modified_gmt":"2022-10-24T22:42:16","slug":"actividades-paralelas-2022","status":"publish","type":"page","link":"https:\/\/www.filmfest-granada.com\/2022\/actividades-paralelas-2022\/","title":{"rendered":"Actividades paralelas"},"content":{"rendered":"\t\t<div data-elementor-type=\"wp-page\" data-elementor-id=\"3017\" class=\"elementor elementor-3017\" data-elementor-post-type=\"page\">\n\t\t\t\t\t\t<section class=\"elementor-section elementor-top-section elementor-element elementor-element-0df15c7 elementor-section-boxed elementor-section-height-default elementor-section-height-default\" data-id=\"0df15c7\" data-element_type=\"section\">\n\t\t\t\t\t\t<div class=\"elementor-container elementor-column-gap-default\">\n\t\t\t\t\t<div class=\"elementor-column elementor-col-100 elementor-top-column elementor-element elementor-element-2d27ab1\" data-id=\"2d27ab1\" data-element_type=\"column\">\n\t\t\t<div class=\"elementor-widget-wrap elementor-element-populated\">\n\t\t\t\t\t\t<div class=\"elementor-element elementor-element-5fdfdb4 elementor-widget elementor-widget-heading\" data-id=\"5fdfdb4\" data-element_type=\"widget\" data-widget_type=\"heading.default\">\n\t\t\t\t<div class=\"elementor-widget-container\">\n\t\t\t\t\t<h1 class=\"elementor-heading-title elementor-size-xl\">ACTIVIDADES PARALELAS<\/h1>\t\t\t\t<\/div>\n\t\t\t\t<\/div>\n\t\t\t\t\t<\/div>\n\t\t<\/div>\n\t\t\t\t\t<\/div>\n\t\t<\/section>\n\t\t\t\t<section class=\"elementor-section elementor-top-section elementor-element elementor-element-22b2ee7 elementor-section-boxed elementor-section-height-default elementor-section-height-default\" data-id=\"22b2ee7\" data-element_type=\"section\">\n\t\t\t\t\t\t<div class=\"elementor-container elementor-column-gap-default\">\n\t\t\t\t\t<div class=\"elementor-column elementor-col-100 elementor-top-column elementor-element elementor-element-c84664f\" data-id=\"c84664f\" data-element_type=\"column\">\n\t\t\t<div class=\"elementor-widget-wrap elementor-element-populated\">\n\t\t\t\t\t\t<div class=\"elementor-element elementor-element-fa24056 elementor-widget elementor-widget-heading\" data-id=\"fa24056\" data-element_type=\"widget\" data-widget_type=\"heading.default\">\n\t\t\t\t<div class=\"elementor-widget-container\">\n\t\t\t\t\t<h2 class=\"elementor-heading-title elementor-size-default\">El festival se desborda por la ciudad con exposiciones, presentaciones de libros, conciertos y encuentros con los que sacar el cine a la calle y relacionarlo con otras artes.<\/h2>\t\t\t\t<\/div>\n\t\t\t\t<\/div>\n\t\t\t\t\t<\/div>\n\t\t<\/div>\n\t\t\t\t\t<\/div>\n\t\t<\/section>\n\t\t\t\t<section class=\"elementor-section elementor-top-section elementor-element elementor-element-a2b441e elementor-section-boxed elementor-section-height-default elementor-section-height-default\" data-id=\"a2b441e\" data-element_type=\"section\">\n\t\t\t\t\t\t<div class=\"elementor-container elementor-column-gap-default\">\n\t\t\t\t\t<div class=\"elementor-column elementor-col-100 elementor-top-column elementor-element elementor-element-59d2365\" data-id=\"59d2365\" data-element_type=\"column\">\n\t\t\t<div class=\"elementor-widget-wrap elementor-element-populated\">\n\t\t\t\t\t\t<div class=\"elementor-element elementor-element-d400d91 elementor-widget elementor-widget-heading\" data-id=\"d400d91\" data-element_type=\"widget\" data-widget_type=\"heading.default\">\n\t\t\t\t<div class=\"elementor-widget-container\">\n\t\t\t\t\t<h2 class=\"elementor-heading-title elementor-size-default\">EL PERRO ANDALUZ: EXPOSICI\u00d3N FLASH<\/h2>\t\t\t\t<\/div>\n\t\t\t\t<\/div>\n\t\t\t\t\t<\/div>\n\t\t<\/div>\n\t\t\t\t\t<\/div>\n\t\t<\/section>\n\t\t\t\t<section class=\"elementor-section elementor-top-section elementor-element elementor-element-015cefa elementor-section-boxed elementor-section-height-default elementor-section-height-default\" data-id=\"015cefa\" data-element_type=\"section\">\n\t\t\t\t\t\t<div class=\"elementor-container elementor-column-gap-default\">\n\t\t\t\t\t<div class=\"elementor-column elementor-col-100 elementor-top-column elementor-element elementor-element-e1d4c4e\" data-id=\"e1d4c4e\" data-element_type=\"column\">\n\t\t\t<div class=\"elementor-widget-wrap elementor-element-populated\">\n\t\t\t\t\t\t<div class=\"elementor-element elementor-element-0f2a767 elementor-widget elementor-widget-heading\" data-id=\"0f2a767\" data-element_type=\"widget\" data-widget_type=\"heading.default\">\n\t\t\t\t<div class=\"elementor-widget-container\">\n\t\t\t\t\t<h3 class=\"elementor-heading-title elementor-size-large\">17-21 SEPTIEMBRE<\/h3>\t\t\t\t<\/div>\n\t\t\t\t<\/div>\n\t\t\t\t<div class=\"elementor-element elementor-element-9cf4c63 elementor-widget elementor-widget-heading\" data-id=\"9cf4c63\" data-element_type=\"widget\" data-widget_type=\"heading.default\">\n\t\t\t\t<div class=\"elementor-widget-container\">\n\t\t\t\t\t<h3 class=\"elementor-heading-title elementor-size-large\">CENTRO JOS\u00c9 GUERRERO<\/h3>\t\t\t\t<\/div>\n\t\t\t\t<\/div>\n\t\t\t\t\t<\/div>\n\t\t<\/div>\n\t\t\t\t\t<\/div>\n\t\t<\/section>\n\t\t\t\t<section class=\"elementor-section elementor-top-section elementor-element elementor-element-114c1fd elementor-section-boxed elementor-section-height-default elementor-section-height-default\" data-id=\"114c1fd\" data-element_type=\"section\">\n\t\t\t\t\t\t<div class=\"elementor-container elementor-column-gap-default\">\n\t\t\t\t\t<div class=\"elementor-column elementor-col-50 elementor-top-column elementor-element elementor-element-5cc3852\" data-id=\"5cc3852\" data-element_type=\"column\">\n\t\t\t<div class=\"elementor-widget-wrap elementor-element-populated\">\n\t\t\t\t\t\t<div class=\"elementor-element elementor-element-5ba4e44 elementor-widget elementor-widget-image\" data-id=\"5ba4e44\" data-element_type=\"widget\" data-widget_type=\"image.default\">\n\t\t\t\t<div class=\"elementor-widget-container\">\n\t\t\t\t\t\t\t\t\t\t\t\t\t\t\t<img fetchpriority=\"high\" decoding=\"async\" width=\"1921\" height=\"1080\" src=\"https:\/\/www.filmfest-granada.com\/2022\/wp-content\/uploads\/sites\/11\/2022\/10\/1920-x-1200-corregido.png\" class=\"attachment-full size-full wp-image-3022\" alt=\"\" srcset=\"https:\/\/www.filmfest-granada.com\/2022\/wp-content\/uploads\/sites\/11\/2022\/10\/1920-x-1200-corregido.png 1921w, https:\/\/www.filmfest-granada.com\/2022\/wp-content\/uploads\/sites\/11\/2022\/10\/1920-x-1200-corregido-300x169.png 300w, https:\/\/www.filmfest-granada.com\/2022\/wp-content\/uploads\/sites\/11\/2022\/10\/1920-x-1200-corregido-1024x576.png 1024w, https:\/\/www.filmfest-granada.com\/2022\/wp-content\/uploads\/sites\/11\/2022\/10\/1920-x-1200-corregido-768x432.png 768w, https:\/\/www.filmfest-granada.com\/2022\/wp-content\/uploads\/sites\/11\/2022\/10\/1920-x-1200-corregido-1536x864.png 1536w\" sizes=\"(max-width: 1921px) 100vw, 1921px\" \/>\t\t\t\t\t\t\t\t\t\t\t\t\t\t\t<\/div>\n\t\t\t\t<\/div>\n\t\t\t\t\t<\/div>\n\t\t<\/div>\n\t\t\t\t<div class=\"elementor-column elementor-col-50 elementor-top-column elementor-element elementor-element-206c0a3\" data-id=\"206c0a3\" data-element_type=\"column\">\n\t\t\t<div class=\"elementor-widget-wrap elementor-element-populated\">\n\t\t\t\t\t\t<div class=\"elementor-element elementor-element-e5ee48e elementor-widget elementor-widget-heading\" data-id=\"e5ee48e\" data-element_type=\"widget\" data-widget_type=\"heading.default\">\n\t\t\t\t<div class=\"elementor-widget-container\">\n\t\t\t\t\t<h3 class=\"elementor-heading-title elementor-size-medium\">lagartija nick: el perro andaluz<\/h3>\t\t\t\t<\/div>\n\t\t\t\t<\/div>\n\t\t\t\t<div class=\"elementor-element elementor-element-632fabd elementor-widget elementor-widget-heading\" data-id=\"632fabd\" data-element_type=\"widget\" data-widget_type=\"heading.default\">\n\t\t\t\t<div class=\"elementor-widget-container\">\n\t\t\t\t\t<div class=\"elementor-heading-title elementor-size-default\">exposici\u00f3n flash<\/div>\t\t\t\t<\/div>\n\t\t\t\t<\/div>\n\t\t\t\t<div class=\"elementor-element elementor-element-fed670e elementor-widget elementor-widget-heading\" data-id=\"fed670e\" data-element_type=\"widget\" data-widget_type=\"heading.default\">\n\t\t\t\t<div class=\"elementor-widget-container\">\n\t\t\t\t\t<p class=\"elementor-heading-title elementor-size-default\">Un disco. Una exposici\u00f3n. Una oportunidad \u00fanica de inmersi\u00f3n, durante tiempo limitado, en el imaginario de la banda granadina, que recupera la poes\u00eda de Luis Bu\u00f1uel en su pr\u00f3ximo lanzamiento, El perro andaluz. Aunque el nuevo \u00e1lbum se publicar\u00e1 el pr\u00f3ximo 16 de diciembre, adelantar\u00e1n algunos temas en el concierto del 27 de octubre, dentro de la programaci\u00f3n del Festival J\u00f3venes Realizadores.<\/p>\t\t\t\t<\/div>\n\t\t\t\t<\/div>\n\t\t\t\t<div class=\"elementor-element elementor-element-c2753af elementor-widget elementor-widget-heading\" data-id=\"c2753af\" data-element_type=\"widget\" data-widget_type=\"heading.default\">\n\t\t\t\t<div class=\"elementor-widget-container\">\n\t\t\t\t\t<p class=\"elementor-heading-title elementor-size-default\">El surrealismo del realizador aragon\u00e9s se funde con el esp\u00edritu experimental y siempre inquieto de la banda de Antonio Arias, que ha creado un sugerente juego de im\u00e1genes musicales, algunas de cuyas fuentes se presentan en esta exclusiva muestra.<\/p>\t\t\t\t<\/div>\n\t\t\t\t<\/div>\n\t\t\t\t<div class=\"elementor-element elementor-element-af51a14 elementor-widget elementor-widget-heading\" data-id=\"af51a14\" data-element_type=\"widget\" data-widget_type=\"heading.default\">\n\t\t\t\t<div class=\"elementor-widget-container\">\n\t\t\t\t\t<p class=\"elementor-heading-title elementor-size-default\"><b>Con la intervenci\u00f3n de Alfonso Puyal (autor de la portada del disco) y Antonio Arias<\/b><\/p>\t\t\t\t<\/div>\n\t\t\t\t<\/div>\n\t\t\t\t\t<\/div>\n\t\t<\/div>\n\t\t\t\t\t<\/div>\n\t\t<\/section>\n\t\t\t\t<section class=\"elementor-section elementor-top-section elementor-element elementor-element-ca0604d elementor-section-boxed elementor-section-height-default elementor-section-height-default\" data-id=\"ca0604d\" data-element_type=\"section\">\n\t\t\t\t\t\t<div class=\"elementor-container elementor-column-gap-default\">\n\t\t\t\t\t<div class=\"elementor-column elementor-col-100 elementor-top-column elementor-element elementor-element-8fbb442\" data-id=\"8fbb442\" data-element_type=\"column\">\n\t\t\t<div class=\"elementor-widget-wrap elementor-element-populated\">\n\t\t\t\t\t\t<div class=\"elementor-element elementor-element-92652da elementor-widget elementor-widget-heading\" data-id=\"92652da\" data-element_type=\"widget\" data-widget_type=\"heading.default\">\n\t\t\t\t<div class=\"elementor-widget-container\">\n\t\t\t\t\t<h2 class=\"elementor-heading-title elementor-size-default\">PRESENTACI\u00d3N DEL LIBRO: SILUETAS Y SOMBRAS<\/h2>\t\t\t\t<\/div>\n\t\t\t\t<\/div>\n\t\t\t\t\t<\/div>\n\t\t<\/div>\n\t\t\t\t\t<\/div>\n\t\t<\/section>\n\t\t\t\t<section class=\"elementor-section elementor-top-section elementor-element elementor-element-391fedc elementor-section-boxed elementor-section-height-default elementor-section-height-default\" data-id=\"391fedc\" data-element_type=\"section\">\n\t\t\t\t\t\t<div class=\"elementor-container elementor-column-gap-default\">\n\t\t\t\t\t<div class=\"elementor-column elementor-col-100 elementor-top-column elementor-element elementor-element-90006dc\" data-id=\"90006dc\" data-element_type=\"column\">\n\t\t\t<div class=\"elementor-widget-wrap elementor-element-populated\">\n\t\t\t\t\t\t<div class=\"elementor-element elementor-element-27d4e71 elementor-widget elementor-widget-heading\" data-id=\"27d4e71\" data-element_type=\"widget\" data-widget_type=\"heading.default\">\n\t\t\t\t<div class=\"elementor-widget-container\">\n\t\t\t\t\t<h3 class=\"elementor-heading-title elementor-size-large\">15 OCTUBRE - 13:00<\/h3>\t\t\t\t<\/div>\n\t\t\t\t<\/div>\n\t\t\t\t<div class=\"elementor-element elementor-element-10b7db4 elementor-widget elementor-widget-heading\" data-id=\"10b7db4\" data-element_type=\"widget\" data-widget_type=\"heading.default\">\n\t\t\t\t<div class=\"elementor-widget-container\">\n\t\t\t\t\t<h3 class=\"elementor-heading-title elementor-size-large\">DISCOS MARCAPASOS<\/h3>\t\t\t\t<\/div>\n\t\t\t\t<\/div>\n\t\t\t\t\t<\/div>\n\t\t<\/div>\n\t\t\t\t\t<\/div>\n\t\t<\/section>\n\t\t\t\t<section class=\"elementor-section elementor-top-section elementor-element elementor-element-1c894f7 elementor-section-boxed elementor-section-height-default elementor-section-height-default\" data-id=\"1c894f7\" data-element_type=\"section\">\n\t\t\t\t\t\t<div class=\"elementor-container elementor-column-gap-default\">\n\t\t\t\t\t<div class=\"elementor-column elementor-col-50 elementor-top-column elementor-element elementor-element-fde6d04\" data-id=\"fde6d04\" data-element_type=\"column\">\n\t\t\t<div class=\"elementor-widget-wrap elementor-element-populated\">\n\t\t\t\t\t\t<div class=\"elementor-element elementor-element-8ea412d elementor-widget elementor-widget-image\" data-id=\"8ea412d\" data-element_type=\"widget\" data-widget_type=\"image.default\">\n\t\t\t\t<div class=\"elementor-widget-container\">\n\t\t\t\t\t\t\t\t\t\t\t\t\t\t\t<img decoding=\"async\" width=\"1636\" height=\"825\" src=\"https:\/\/www.filmfest-granada.com\/2022\/wp-content\/uploads\/sites\/11\/2022\/10\/FB.jpeg\" class=\"attachment-full size-full wp-image-3023\" alt=\"\" srcset=\"https:\/\/www.filmfest-granada.com\/2022\/wp-content\/uploads\/sites\/11\/2022\/10\/FB.jpeg 1636w, https:\/\/www.filmfest-granada.com\/2022\/wp-content\/uploads\/sites\/11\/2022\/10\/FB-300x151.jpeg 300w, https:\/\/www.filmfest-granada.com\/2022\/wp-content\/uploads\/sites\/11\/2022\/10\/FB-1024x516.jpeg 1024w, https:\/\/www.filmfest-granada.com\/2022\/wp-content\/uploads\/sites\/11\/2022\/10\/FB-768x387.jpeg 768w, https:\/\/www.filmfest-granada.com\/2022\/wp-content\/uploads\/sites\/11\/2022\/10\/FB-1536x775.jpeg 1536w\" sizes=\"(max-width: 1636px) 100vw, 1636px\" \/>\t\t\t\t\t\t\t\t\t\t\t\t\t\t\t<\/div>\n\t\t\t\t<\/div>\n\t\t\t\t\t<\/div>\n\t\t<\/div>\n\t\t\t\t<div class=\"elementor-column elementor-col-50 elementor-top-column elementor-element elementor-element-6370902\" data-id=\"6370902\" data-element_type=\"column\">\n\t\t\t<div class=\"elementor-widget-wrap elementor-element-populated\">\n\t\t\t\t\t\t<div class=\"elementor-element elementor-element-693ff30 elementor-widget elementor-widget-heading\" data-id=\"693ff30\" data-element_type=\"widget\" data-widget_type=\"heading.default\">\n\t\t\t\t<div class=\"elementor-widget-container\">\n\t\t\t\t\t<h3 class=\"elementor-heading-title elementor-size-medium\">siluetas y sombras. david bowie<\/h3>\t\t\t\t<\/div>\n\t\t\t\t<\/div>\n\t\t\t\t<div class=\"elementor-element elementor-element-a049f15 elementor-widget elementor-widget-heading\" data-id=\"a049f15\" data-element_type=\"widget\" data-widget_type=\"heading.default\">\n\t\t\t\t<div class=\"elementor-widget-container\">\n\t\t\t\t\t<div class=\"elementor-heading-title elementor-size-default\">juan j. vicedo<\/div>\t\t\t\t<\/div>\n\t\t\t\t<\/div>\n\t\t\t\t<div class=\"elementor-element elementor-element-8e8bf7b elementor-widget elementor-widget-heading\" data-id=\"8e8bf7b\" data-element_type=\"widget\" data-widget_type=\"heading.default\">\n\t\t\t\t<div class=\"elementor-widget-container\">\n\t\t\t\t\t<p class=\"elementor-heading-title elementor-size-default\">Juan J. Vicedo se ha metido en el alma del personaje y nos narra lo que ha visto desde ese lugar privilegiado, como el contador de historias que es, olvid\u00e1ndose del tono habitual de los libros musicales, pero acarreando consigo toda la minuciosa informaci\u00f3n que hace imprescindibles a algunos de ellos. Una labor que es mitad periodismo, mitad literatura, para hacer cre\u00edble y cercano todo aquello que nos va contando.<\/p>\t\t\t\t<\/div>\n\t\t\t\t<\/div>\n\t\t\t\t<div class=\"elementor-element elementor-element-6df7410 elementor-widget elementor-widget-heading\" data-id=\"6df7410\" data-element_type=\"widget\" data-widget_type=\"heading.default\">\n\t\t\t\t<div class=\"elementor-widget-container\">\n\t\t\t\t\t<p class=\"elementor-heading-title elementor-size-default\"><b>Con Juan J. Vicedo (autor) y Salvador Perpi\u00f1\u00e1 (presentador)<\/b><\/p>\t\t\t\t<\/div>\n\t\t\t\t<\/div>\n\t\t\t\t\t<\/div>\n\t\t<\/div>\n\t\t\t\t\t<\/div>\n\t\t<\/section>\n\t\t\t\t<section class=\"elementor-section elementor-top-section elementor-element elementor-element-f365dd5 elementor-section-boxed elementor-section-height-default elementor-section-height-default\" data-id=\"f365dd5\" data-element_type=\"section\">\n\t\t\t\t\t\t<div class=\"elementor-container elementor-column-gap-default\">\n\t\t\t\t\t<div class=\"elementor-column elementor-col-100 elementor-top-column elementor-element elementor-element-f7a2515\" data-id=\"f7a2515\" data-element_type=\"column\">\n\t\t\t<div class=\"elementor-widget-wrap elementor-element-populated\">\n\t\t\t\t\t\t<div class=\"elementor-element elementor-element-c950b79 elementor-widget elementor-widget-heading\" data-id=\"c950b79\" data-element_type=\"widget\" data-widget_type=\"heading.default\">\n\t\t\t\t<div class=\"elementor-widget-container\">\n\t\t\t\t\t<h2 class=\"elementor-heading-title elementor-size-default\">CONFERENCIA: HACIA LA ESCUCHA DEL OJO<\/h2>\t\t\t\t<\/div>\n\t\t\t\t<\/div>\n\t\t\t\t\t<\/div>\n\t\t<\/div>\n\t\t\t\t\t<\/div>\n\t\t<\/section>\n\t\t\t\t<section class=\"elementor-section elementor-top-section elementor-element elementor-element-3857cc2 elementor-section-boxed elementor-section-height-default elementor-section-height-default\" data-id=\"3857cc2\" data-element_type=\"section\">\n\t\t\t\t\t\t<div class=\"elementor-container elementor-column-gap-default\">\n\t\t\t\t\t<div class=\"elementor-column elementor-col-100 elementor-top-column elementor-element elementor-element-f047b10\" data-id=\"f047b10\" data-element_type=\"column\">\n\t\t\t<div class=\"elementor-widget-wrap elementor-element-populated\">\n\t\t\t\t\t\t<div class=\"elementor-element elementor-element-b84b0ae elementor-widget elementor-widget-heading\" data-id=\"b84b0ae\" data-element_type=\"widget\" data-widget_type=\"heading.default\">\n\t\t\t\t<div class=\"elementor-widget-container\">\n\t\t\t\t\t<h3 class=\"elementor-heading-title elementor-size-large\">19 OCTUBRE - 20:00<\/h3>\t\t\t\t<\/div>\n\t\t\t\t<\/div>\n\t\t\t\t<div class=\"elementor-element elementor-element-0a3d148 elementor-widget elementor-widget-heading\" data-id=\"0a3d148\" data-element_type=\"widget\" data-widget_type=\"heading.default\">\n\t\t\t\t<div class=\"elementor-widget-container\">\n\t\t\t\t\t<h3 class=\"elementor-heading-title elementor-size-large\">LA MADRAZA<\/h3>\t\t\t\t<\/div>\n\t\t\t\t<\/div>\n\t\t\t\t\t<\/div>\n\t\t<\/div>\n\t\t\t\t\t<\/div>\n\t\t<\/section>\n\t\t\t\t<section class=\"elementor-section elementor-top-section elementor-element elementor-element-c1fc9cb elementor-section-boxed elementor-section-height-default elementor-section-height-default\" data-id=\"c1fc9cb\" data-element_type=\"section\">\n\t\t\t\t\t\t<div class=\"elementor-container elementor-column-gap-default\">\n\t\t\t\t\t<div class=\"elementor-column elementor-col-50 elementor-top-column elementor-element elementor-element-36534f5\" data-id=\"36534f5\" data-element_type=\"column\">\n\t\t\t<div class=\"elementor-widget-wrap elementor-element-populated\">\n\t\t\t\t\t\t<div class=\"elementor-element elementor-element-9046c4c elementor-widget elementor-widget-image\" data-id=\"9046c4c\" data-element_type=\"widget\" data-widget_type=\"image.default\">\n\t\t\t\t<div class=\"elementor-widget-container\">\n\t\t\t\t\t\t\t\t\t\t\t\t\t\t\t<img decoding=\"async\" width=\"1000\" height=\"563\" src=\"https:\/\/www.filmfest-granada.com\/2022\/wp-content\/uploads\/sites\/11\/2022\/10\/Conferencia-ojo-02-1.png\" class=\"attachment-full size-full wp-image-3024\" alt=\"\" srcset=\"https:\/\/www.filmfest-granada.com\/2022\/wp-content\/uploads\/sites\/11\/2022\/10\/Conferencia-ojo-02-1.png 1000w, https:\/\/www.filmfest-granada.com\/2022\/wp-content\/uploads\/sites\/11\/2022\/10\/Conferencia-ojo-02-1-300x169.png 300w, https:\/\/www.filmfest-granada.com\/2022\/wp-content\/uploads\/sites\/11\/2022\/10\/Conferencia-ojo-02-1-768x432.png 768w\" sizes=\"(max-width: 1000px) 100vw, 1000px\" \/>\t\t\t\t\t\t\t\t\t\t\t\t\t\t\t<\/div>\n\t\t\t\t<\/div>\n\t\t\t\t\t<\/div>\n\t\t<\/div>\n\t\t\t\t<div class=\"elementor-column elementor-col-50 elementor-top-column elementor-element elementor-element-40ead1c\" data-id=\"40ead1c\" data-element_type=\"column\">\n\t\t\t<div class=\"elementor-widget-wrap elementor-element-populated\">\n\t\t\t\t\t\t<div class=\"elementor-element elementor-element-295153f elementor-widget elementor-widget-heading\" data-id=\"295153f\" data-element_type=\"widget\" data-widget_type=\"heading.default\">\n\t\t\t\t<div class=\"elementor-widget-container\">\n\t\t\t\t\t<h3 class=\"elementor-heading-title elementor-size-medium\">hacia la escucha del ojo<\/h3>\t\t\t\t<\/div>\n\t\t\t\t<\/div>\n\t\t\t\t<div class=\"elementor-element elementor-element-f24e413 elementor-widget elementor-widget-heading\" data-id=\"f24e413\" data-element_type=\"widget\" data-widget_type=\"heading.default\">\n\t\t\t\t<div class=\"elementor-widget-container\">\n\t\t\t\t\t<div class=\"elementor-heading-title elementor-size-default\">marina herv\u00e1s<\/div>\t\t\t\t<\/div>\n\t\t\t\t<\/div>\n\t\t\t\t<div class=\"elementor-element elementor-element-69ddaef elementor-widget elementor-widget-heading\" data-id=\"69ddaef\" data-element_type=\"widget\" data-widget_type=\"heading.default\">\n\t\t\t\t<div class=\"elementor-widget-container\">\n\t\t\t\t\t<p class=\"elementor-heading-title elementor-size-default\">Conferencia alrededor de <i>La escucha del ojo<\/i>, un recorrido por el sonido y el cine, un libro que analiza el cine desde la vista y los o\u00eddos. tiene como objetivo poner en cuesti\u00f3n el rol subsidiario de la escucha y mostrar c\u00f3mo justamente, en la construcci\u00f3n sonora del audiovisual, se cuelan algunas prein\u00adterpretaciones o construcciones ideol\u00f3gicas, se dirige nuestra reacci\u00f3n emocional o se acota la lectura del sustrato narrativo.<\/p>\t\t\t\t<\/div>\n\t\t\t\t<\/div>\n\t\t\t\t<div class=\"elementor-element elementor-element-420c68d elementor-widget elementor-widget-heading\" data-id=\"420c68d\" data-element_type=\"widget\" data-widget_type=\"heading.default\">\n\t\t\t\t<div class=\"elementor-widget-container\">\n\t\t\t\t\t<p class=\"elementor-heading-title elementor-size-default\"><b>Marina Herv\u00e1s es profesora ayudante doctora del Departamento de Historia y Ciencias de la M\u00fasica de la Universidad de Granada<\/b><\/p>\t\t\t\t<\/div>\n\t\t\t\t<\/div>\n\t\t\t\t\t<\/div>\n\t\t<\/div>\n\t\t\t\t\t<\/div>\n\t\t<\/section>\n\t\t\t\t<section class=\"elementor-section elementor-top-section elementor-element elementor-element-083cad0 elementor-section-boxed elementor-section-height-default elementor-section-height-default\" data-id=\"083cad0\" data-element_type=\"section\">\n\t\t\t\t\t\t<div class=\"elementor-container elementor-column-gap-default\">\n\t\t\t\t\t<div class=\"elementor-column elementor-col-100 elementor-top-column elementor-element elementor-element-aa3689c\" data-id=\"aa3689c\" data-element_type=\"column\">\n\t\t\t<div class=\"elementor-widget-wrap elementor-element-populated\">\n\t\t\t\t\t\t<div class=\"elementor-element elementor-element-9a98407 elementor-widget elementor-widget-heading\" data-id=\"9a98407\" data-element_type=\"widget\" data-widget_type=\"heading.default\">\n\t\t\t\t<div class=\"elementor-widget-container\">\n\t\t\t\t\t<h2 class=\"elementor-heading-title elementor-size-default\">PRESENTACI\u00d3N DEL LIBRO: PAOLO SORRENTINO<\/h2>\t\t\t\t<\/div>\n\t\t\t\t<\/div>\n\t\t\t\t\t<\/div>\n\t\t<\/div>\n\t\t\t\t\t<\/div>\n\t\t<\/section>\n\t\t\t\t<section class=\"elementor-section elementor-top-section elementor-element elementor-element-b8ab602 elementor-section-boxed elementor-section-height-default elementor-section-height-default\" data-id=\"b8ab602\" data-element_type=\"section\">\n\t\t\t\t\t\t<div class=\"elementor-container elementor-column-gap-default\">\n\t\t\t\t\t<div class=\"elementor-column elementor-col-100 elementor-top-column elementor-element elementor-element-8f98572\" data-id=\"8f98572\" data-element_type=\"column\">\n\t\t\t<div class=\"elementor-widget-wrap elementor-element-populated\">\n\t\t\t\t\t\t<div class=\"elementor-element elementor-element-4db390f elementor-widget elementor-widget-heading\" data-id=\"4db390f\" data-element_type=\"widget\" data-widget_type=\"heading.default\">\n\t\t\t\t<div class=\"elementor-widget-container\">\n\t\t\t\t\t<h3 class=\"elementor-heading-title elementor-size-large\">21 OCTUBRE - 19:30<\/h3>\t\t\t\t<\/div>\n\t\t\t\t<\/div>\n\t\t\t\t<div class=\"elementor-element elementor-element-90874ea elementor-widget elementor-widget-heading\" data-id=\"90874ea\" data-element_type=\"widget\" data-widget_type=\"heading.default\">\n\t\t\t\t<div class=\"elementor-widget-container\">\n\t\t\t\t\t<h3 class=\"elementor-heading-title elementor-size-large\">LIBRER\u00cdA INUSUAL<\/h3>\t\t\t\t<\/div>\n\t\t\t\t<\/div>\n\t\t\t\t\t<\/div>\n\t\t<\/div>\n\t\t\t\t\t<\/div>\n\t\t<\/section>\n\t\t\t\t<section class=\"elementor-section elementor-top-section elementor-element elementor-element-0fbc7f7 elementor-section-boxed elementor-section-height-default elementor-section-height-default\" data-id=\"0fbc7f7\" data-element_type=\"section\">\n\t\t\t\t\t\t<div class=\"elementor-container elementor-column-gap-default\">\n\t\t\t\t\t<div class=\"elementor-column elementor-col-50 elementor-top-column elementor-element elementor-element-55f39b5\" data-id=\"55f39b5\" data-element_type=\"column\">\n\t\t\t<div class=\"elementor-widget-wrap elementor-element-populated\">\n\t\t\t\t\t\t<div class=\"elementor-element elementor-element-7e85a84 elementor-widget elementor-widget-image\" data-id=\"7e85a84\" data-element_type=\"widget\" data-widget_type=\"image.default\">\n\t\t\t\t<div class=\"elementor-widget-container\">\n\t\t\t\t\t\t\t\t\t\t\t\t\t\t\t<img loading=\"lazy\" decoding=\"async\" width=\"1080\" height=\"1080\" src=\"https:\/\/www.filmfest-granada.com\/2022\/wp-content\/uploads\/sites\/11\/2022\/10\/3.png\" class=\"attachment-full size-full wp-image-3025\" alt=\"\" srcset=\"https:\/\/www.filmfest-granada.com\/2022\/wp-content\/uploads\/sites\/11\/2022\/10\/3.png 1080w, https:\/\/www.filmfest-granada.com\/2022\/wp-content\/uploads\/sites\/11\/2022\/10\/3-300x300.png 300w, https:\/\/www.filmfest-granada.com\/2022\/wp-content\/uploads\/sites\/11\/2022\/10\/3-1024x1024.png 1024w, https:\/\/www.filmfest-granada.com\/2022\/wp-content\/uploads\/sites\/11\/2022\/10\/3-150x150.png 150w, https:\/\/www.filmfest-granada.com\/2022\/wp-content\/uploads\/sites\/11\/2022\/10\/3-768x768.png 768w\" sizes=\"(max-width: 1080px) 100vw, 1080px\" \/>\t\t\t\t\t\t\t\t\t\t\t\t\t\t\t<\/div>\n\t\t\t\t<\/div>\n\t\t\t\t\t<\/div>\n\t\t<\/div>\n\t\t\t\t<div class=\"elementor-column elementor-col-50 elementor-top-column elementor-element elementor-element-4cabbec\" data-id=\"4cabbec\" data-element_type=\"column\">\n\t\t\t<div class=\"elementor-widget-wrap elementor-element-populated\">\n\t\t\t\t\t\t<div class=\"elementor-element elementor-element-cd52e1f elementor-widget elementor-widget-heading\" data-id=\"cd52e1f\" data-element_type=\"widget\" data-widget_type=\"heading.default\">\n\t\t\t\t<div class=\"elementor-widget-container\">\n\t\t\t\t\t<h3 class=\"elementor-heading-title elementor-size-medium\">PAOLO SORRENTINO (editorial c\u00e1tedra)<\/h3>\t\t\t\t<\/div>\n\t\t\t\t<\/div>\n\t\t\t\t<div class=\"elementor-element elementor-element-b4b68a6 elementor-widget elementor-widget-heading\" data-id=\"b4b68a6\" data-element_type=\"widget\" data-widget_type=\"heading.default\">\n\t\t\t\t<div class=\"elementor-widget-container\">\n\t\t\t\t\t<div class=\"elementor-heading-title elementor-size-default\">ELIOS MENDIETA<\/div>\t\t\t\t<\/div>\n\t\t\t\t<\/div>\n\t\t\t\t<div class=\"elementor-element elementor-element-e29d2f3 elementor-widget elementor-widget-heading\" data-id=\"e29d2f3\" data-element_type=\"widget\" data-widget_type=\"heading.default\">\n\t\t\t\t<div class=\"elementor-widget-container\">\n\t\t\t\t\t<p class=\"elementor-heading-title elementor-size-default\">Paolo Sorrentino (1970) es autor de una de las obras m\u00e1s interesantes del panorama cinematogr\u00e1fico contempor\u00e1neo, repleta de im\u00e1genes y secuencias de extraordinaria potencia est\u00e9tica que no se quedan en la mera belleza, sino que dialogan con otras manifestaciones art\u00edsticas y campos del saber, estableciendo, al mismo tiempo, una continua reflexi\u00f3n sobre los temas de actualidad, sin dejar de repensar el pasado y c\u00f3mo este afecta al devenir de sus personajes.<\/p>\t\t\t\t<\/div>\n\t\t\t\t<\/div>\n\t\t\t\t<div class=\"elementor-element elementor-element-48bd1a3 elementor-widget elementor-widget-heading\" data-id=\"48bd1a3\" data-element_type=\"widget\" data-widget_type=\"heading.default\">\n\t\t\t\t<div class=\"elementor-widget-container\">\n\t\t\t\t\t<p class=\"elementor-heading-title elementor-size-default\"><b>Con la participaci\u00f3n del autor, Francisco Salvador (especialista en Cine Italiano y en Cine e Historia) y Antonio Miguel Arenas (director del Festival J\u00f3venes Realizadores)<\/b><\/p>\t\t\t\t<\/div>\n\t\t\t\t<\/div>\n\t\t\t\t\t<\/div>\n\t\t<\/div>\n\t\t\t\t\t<\/div>\n\t\t<\/section>\n\t\t\t\t<section class=\"elementor-section elementor-top-section elementor-element elementor-element-3c27466 elementor-section-boxed elementor-section-height-default elementor-section-height-default\" data-id=\"3c27466\" data-element_type=\"section\">\n\t\t\t\t\t\t<div class=\"elementor-container elementor-column-gap-default\">\n\t\t\t\t\t<div class=\"elementor-column elementor-col-100 elementor-top-column elementor-element elementor-element-fc4452a\" data-id=\"fc4452a\" data-element_type=\"column\">\n\t\t\t<div class=\"elementor-widget-wrap elementor-element-populated\">\n\t\t\t\t\t\t<div class=\"elementor-element elementor-element-3eb6cff elementor-widget elementor-widget-heading\" data-id=\"3eb6cff\" data-element_type=\"widget\" data-widget_type=\"heading.default\">\n\t\t\t\t<div class=\"elementor-widget-container\">\n\t\t\t\t\t<h2 class=\"elementor-heading-title elementor-size-default\">CONCURSO DE VIDEOCLIPS: GRANAJOVEN EN UN CLIP<\/h2>\t\t\t\t<\/div>\n\t\t\t\t<\/div>\n\t\t\t\t\t<\/div>\n\t\t<\/div>\n\t\t\t\t\t<\/div>\n\t\t<\/section>\n\t\t\t\t<section class=\"elementor-section elementor-top-section elementor-element elementor-element-7dcaaae elementor-section-boxed elementor-section-height-default elementor-section-height-default\" data-id=\"7dcaaae\" data-element_type=\"section\">\n\t\t\t\t\t\t<div class=\"elementor-container elementor-column-gap-default\">\n\t\t\t\t\t<div class=\"elementor-column elementor-col-100 elementor-top-column elementor-element elementor-element-6eef491\" data-id=\"6eef491\" data-element_type=\"column\">\n\t\t\t<div class=\"elementor-widget-wrap elementor-element-populated\">\n\t\t\t\t\t\t<div class=\"elementor-element elementor-element-9b3eef1 elementor-widget elementor-widget-heading\" data-id=\"9b3eef1\" data-element_type=\"widget\" data-widget_type=\"heading.default\">\n\t\t\t\t<div class=\"elementor-widget-container\">\n\t\t\t\t\t<h3 class=\"elementor-heading-title elementor-size-large\">22 OCTUBRE - 22:00<\/h3>\t\t\t\t<\/div>\n\t\t\t\t<\/div>\n\t\t\t\t<div class=\"elementor-element elementor-element-1fe551d elementor-widget elementor-widget-heading\" data-id=\"1fe551d\" data-element_type=\"widget\" data-widget_type=\"heading.default\">\n\t\t\t\t<div class=\"elementor-widget-container\">\n\t\t\t\t\t<h3 class=\"elementor-heading-title elementor-size-large\">LEMON ROCK<\/h3>\t\t\t\t<\/div>\n\t\t\t\t<\/div>\n\t\t\t\t\t<\/div>\n\t\t<\/div>\n\t\t\t\t\t<\/div>\n\t\t<\/section>\n\t\t\t\t<section class=\"elementor-section elementor-top-section elementor-element elementor-element-bc2fa3b elementor-section-boxed elementor-section-height-default elementor-section-height-default\" data-id=\"bc2fa3b\" data-element_type=\"section\">\n\t\t\t\t\t\t<div class=\"elementor-container elementor-column-gap-default\">\n\t\t\t\t\t<div class=\"elementor-column elementor-col-50 elementor-top-column elementor-element elementor-element-3c7f435\" data-id=\"3c7f435\" data-element_type=\"column\">\n\t\t\t<div class=\"elementor-widget-wrap elementor-element-populated\">\n\t\t\t\t\t\t<div class=\"elementor-element elementor-element-8e6a981 elementor-widget elementor-widget-image\" data-id=\"8e6a981\" data-element_type=\"widget\" data-widget_type=\"image.default\">\n\t\t\t\t<div class=\"elementor-widget-container\">\n\t\t\t\t\t\t\t\t\t\t\t\t\t\t\t<img loading=\"lazy\" decoding=\"async\" width=\"848\" height=\"1199\" src=\"https:\/\/www.filmfest-granada.com\/2022\/wp-content\/uploads\/sites\/11\/2022\/10\/FfVWOzWXwAAHqzO.jpeg\" class=\"attachment-full size-full wp-image-3026\" alt=\"\" srcset=\"https:\/\/www.filmfest-granada.com\/2022\/wp-content\/uploads\/sites\/11\/2022\/10\/FfVWOzWXwAAHqzO.jpeg 848w, https:\/\/www.filmfest-granada.com\/2022\/wp-content\/uploads\/sites\/11\/2022\/10\/FfVWOzWXwAAHqzO-212x300.jpeg 212w, https:\/\/www.filmfest-granada.com\/2022\/wp-content\/uploads\/sites\/11\/2022\/10\/FfVWOzWXwAAHqzO-724x1024.jpeg 724w, https:\/\/www.filmfest-granada.com\/2022\/wp-content\/uploads\/sites\/11\/2022\/10\/FfVWOzWXwAAHqzO-768x1086.jpeg 768w\" sizes=\"(max-width: 848px) 100vw, 848px\" \/>\t\t\t\t\t\t\t\t\t\t\t\t\t\t\t<\/div>\n\t\t\t\t<\/div>\n\t\t\t\t\t<\/div>\n\t\t<\/div>\n\t\t\t\t<div class=\"elementor-column elementor-col-50 elementor-top-column elementor-element elementor-element-3301370\" data-id=\"3301370\" data-element_type=\"column\">\n\t\t\t<div class=\"elementor-widget-wrap elementor-element-populated\">\n\t\t\t\t\t\t<div class=\"elementor-element elementor-element-2d1ff32 elementor-widget elementor-widget-heading\" data-id=\"2d1ff32\" data-element_type=\"widget\" data-widget_type=\"heading.default\">\n\t\t\t\t<div class=\"elementor-widget-container\">\n\t\t\t\t\t<h3 class=\"elementor-heading-title elementor-size-medium\">ADI\u00d3S AMORES<\/h3>\t\t\t\t<\/div>\n\t\t\t\t<\/div>\n\t\t\t\t<div class=\"elementor-element elementor-element-96cc0b1 elementor-widget elementor-widget-heading\" data-id=\"96cc0b1\" data-element_type=\"widget\" data-widget_type=\"heading.default\">\n\t\t\t\t<div class=\"elementor-widget-container\">\n\t\t\t\t\t<div class=\"elementor-heading-title elementor-size-default\">\u00c1NGEL CARMONA DJ<\/div>\t\t\t\t<\/div>\n\t\t\t\t<\/div>\n\t\t\t\t<div class=\"elementor-element elementor-element-09b5596 elementor-widget elementor-widget-heading\" data-id=\"09b5596\" data-element_type=\"widget\" data-widget_type=\"heading.default\">\n\t\t\t\t<div class=\"elementor-widget-container\">\n\t\t\t\t\t<p class=\"elementor-heading-title elementor-size-default\">En la gala de la octava edici\u00f3n del Concurso de Videoclips \"Granajoven en un Clip\", organizado por la Concejal\u00eda de Juventud del Ayuntamiento de Granada, se har\u00e1 entrega de los premios a Mejor Videoclip Universitario (Magia del Sur - Altavoz de propaganda), Mejor Videoclip Granadino (Ni\u00f1os Luchando -Hundidero) y Mejor Videoclip (Fausto Taranto - La Ratonera).<\/p>\t\t\t\t<\/div>\n\t\t\t\t<\/div>\n\t\t\t\t<div class=\"elementor-element elementor-element-b03ba8d elementor-widget elementor-widget-heading\" data-id=\"b03ba8d\" data-element_type=\"widget\" data-widget_type=\"heading.default\">\n\t\t\t\t<div class=\"elementor-widget-container\">\n\t\t\t\t\t<p class=\"elementor-heading-title elementor-size-default\">El evento estar\u00e1 presentado por el periodista musical <b>\u00c1ngel Carmona<\/b> (Hoy empieza todo, Radio 3), que har\u00e1 una sesi\u00f3n de DJ tras la proyecci\u00f3n de los videoclips ganadores y el concierto de Adi\u00f3s Amores.<\/p>\t\t\t\t<\/div>\n\t\t\t\t<\/div>\n\t\t\t\t<div class=\"elementor-element elementor-element-fc9efb8 elementor-widget elementor-widget-heading\" data-id=\"fc9efb8\" data-element_type=\"widget\" data-widget_type=\"heading.default\">\n\t\t\t\t<div class=\"elementor-widget-container\">\n\t\t\t\t\t<p class=\"elementor-heading-title elementor-size-default\"><b>Adi\u00f3s Amores<\/b> es un joven d\u00fao femenino de pop compuesto por Iman Amar (guitarra y voz) y Ana Valladares (guitarra, sintetizadores y voz). A pesar de su juventud, beben de proyectos de pop de anta\u00f1o, y vienen a reivindicar la canci\u00f3n solista de los a\u00f1os sesenta. Entre sus referentes est\u00e1n Lole y Manuel, Jeanette, France Gall o Fran\u00e7oise Hardy.<\/p>\t\t\t\t<\/div>\n\t\t\t\t<\/div>\n\t\t\t\t<div class=\"elementor-element elementor-element-cadaf8a elementor-widget elementor-widget-heading\" data-id=\"cadaf8a\" data-element_type=\"widget\" data-widget_type=\"heading.default\">\n\t\t\t\t<div class=\"elementor-widget-container\">\n\t\t\t\t\t<p class=\"elementor-heading-title elementor-size-default\"><b>Entrada libre<\/b><\/p>\t\t\t\t<\/div>\n\t\t\t\t<\/div>\n\t\t\t\t\t<\/div>\n\t\t<\/div>\n\t\t\t\t\t<\/div>\n\t\t<\/section>\n\t\t\t\t<section class=\"elementor-section elementor-top-section elementor-element elementor-element-c1ecffe elementor-section-boxed elementor-section-height-default elementor-section-height-default\" data-id=\"c1ecffe\" data-element_type=\"section\">\n\t\t\t\t\t\t<div class=\"elementor-container elementor-column-gap-default\">\n\t\t\t\t\t<div class=\"elementor-column elementor-col-100 elementor-top-column elementor-element elementor-element-4504a51\" data-id=\"4504a51\" data-element_type=\"column\">\n\t\t\t<div class=\"elementor-widget-wrap elementor-element-populated\">\n\t\t\t\t\t\t<div class=\"elementor-element elementor-element-64887dc elementor-widget elementor-widget-heading\" data-id=\"64887dc\" data-element_type=\"widget\" data-widget_type=\"heading.default\">\n\t\t\t\t<div class=\"elementor-widget-container\">\n\t\t\t\t\t<h2 class=\"elementor-heading-title elementor-size-default\">EXPOSICI\u00d3N: GODARD A TRAV\u00c9S DE TONY FRANK<\/h2>\t\t\t\t<\/div>\n\t\t\t\t<\/div>\n\t\t\t\t\t<\/div>\n\t\t<\/div>\n\t\t\t\t\t<\/div>\n\t\t<\/section>\n\t\t\t\t<section class=\"elementor-section elementor-top-section elementor-element elementor-element-22071a0 elementor-section-boxed elementor-section-height-default elementor-section-height-default\" data-id=\"22071a0\" data-element_type=\"section\">\n\t\t\t\t\t\t<div class=\"elementor-container elementor-column-gap-default\">\n\t\t\t\t\t<div class=\"elementor-column elementor-col-100 elementor-top-column elementor-element elementor-element-64e1d0f\" data-id=\"64e1d0f\" data-element_type=\"column\">\n\t\t\t<div class=\"elementor-widget-wrap elementor-element-populated\">\n\t\t\t\t\t\t<div class=\"elementor-element elementor-element-e7f72b4 elementor-widget elementor-widget-heading\" data-id=\"e7f72b4\" data-element_type=\"widget\" data-widget_type=\"heading.default\">\n\t\t\t\t<div class=\"elementor-widget-container\">\n\t\t\t\t\t<h3 class=\"elementor-heading-title elementor-size-large\">22 OCTUBRE - 20 NOVIEMBRE<\/h3>\t\t\t\t<\/div>\n\t\t\t\t<\/div>\n\t\t\t\t<div class=\"elementor-element elementor-element-b522ac6 elementor-widget elementor-widget-heading\" data-id=\"b522ac6\" data-element_type=\"widget\" data-widget_type=\"heading.default\">\n\t\t\t\t<div class=\"elementor-widget-container\">\n\t\t\t\t\t<h3 class=\"elementor-heading-title elementor-size-large\">CASA \u00c1RABE DE ZAFRA<\/h3>\t\t\t\t<\/div>\n\t\t\t\t<\/div>\n\t\t\t\t\t<\/div>\n\t\t<\/div>\n\t\t\t\t\t<\/div>\n\t\t<\/section>\n\t\t\t\t<section class=\"elementor-section elementor-top-section elementor-element elementor-element-0f6e901 elementor-section-boxed elementor-section-height-default elementor-section-height-default\" data-id=\"0f6e901\" data-element_type=\"section\">\n\t\t\t\t\t\t<div class=\"elementor-container elementor-column-gap-default\">\n\t\t\t\t\t<div class=\"elementor-column elementor-col-50 elementor-top-column elementor-element elementor-element-8b6dc49\" data-id=\"8b6dc49\" data-element_type=\"column\">\n\t\t\t<div class=\"elementor-widget-wrap elementor-element-populated\">\n\t\t\t\t\t\t<div class=\"elementor-element elementor-element-f5b618e elementor-widget elementor-widget-image\" data-id=\"f5b618e\" data-element_type=\"widget\" data-widget_type=\"image.default\">\n\t\t\t\t<div class=\"elementor-widget-container\">\n\t\t\t\t\t\t\t\t\t\t\t\t\t\t\t<img loading=\"lazy\" decoding=\"async\" width=\"650\" height=\"655\" src=\"https:\/\/www.filmfest-granada.com\/2022\/wp-content\/uploads\/sites\/11\/2022\/10\/WhatsApp-Image-2022-10-22-at-2.43.51-PM.jpeg\" class=\"attachment-full size-full wp-image-3028\" alt=\"\" srcset=\"https:\/\/www.filmfest-granada.com\/2022\/wp-content\/uploads\/sites\/11\/2022\/10\/WhatsApp-Image-2022-10-22-at-2.43.51-PM.jpeg 650w, https:\/\/www.filmfest-granada.com\/2022\/wp-content\/uploads\/sites\/11\/2022\/10\/WhatsApp-Image-2022-10-22-at-2.43.51-PM-298x300.jpeg 298w, https:\/\/www.filmfest-granada.com\/2022\/wp-content\/uploads\/sites\/11\/2022\/10\/WhatsApp-Image-2022-10-22-at-2.43.51-PM-150x150.jpeg 150w\" sizes=\"(max-width: 650px) 100vw, 650px\" \/>\t\t\t\t\t\t\t\t\t\t\t\t\t\t\t<\/div>\n\t\t\t\t<\/div>\n\t\t\t\t\t<\/div>\n\t\t<\/div>\n\t\t\t\t<div class=\"elementor-column elementor-col-50 elementor-top-column elementor-element elementor-element-aa3ac7a\" data-id=\"aa3ac7a\" data-element_type=\"column\">\n\t\t\t<div class=\"elementor-widget-wrap elementor-element-populated\">\n\t\t\t\t\t\t<div class=\"elementor-element elementor-element-deec2b0 elementor-widget elementor-widget-heading\" data-id=\"deec2b0\" data-element_type=\"widget\" data-widget_type=\"heading.default\">\n\t\t\t\t<div class=\"elementor-widget-container\">\n\t\t\t\t\t<h3 class=\"elementor-heading-title elementor-size-medium\">GODARD A TRAV\u00c9S DE TONY FRANK<\/h3>\t\t\t\t<\/div>\n\t\t\t\t<\/div>\n\t\t\t\t<div class=\"elementor-element elementor-element-d582514 elementor-widget elementor-widget-heading\" data-id=\"d582514\" data-element_type=\"widget\" data-widget_type=\"heading.default\">\n\t\t\t\t<div class=\"elementor-widget-container\">\n\t\t\t\t\t<div class=\"elementor-heading-title elementor-size-default\">EXPOSICI\u00d3N<\/div>\t\t\t\t<\/div>\n\t\t\t\t<\/div>\n\t\t\t\t<div class=\"elementor-element elementor-element-35a388c elementor-widget elementor-widget-heading\" data-id=\"35a388c\" data-element_type=\"widget\" data-widget_type=\"heading.default\">\n\t\t\t\t<div class=\"elementor-widget-container\">\n\t\t\t\t\t<p class=\"elementor-heading-title elementor-size-default\">La exposici\u00f3n est\u00e1 compuesta por doce fotograf\u00edas en blanco y negro tomadas por el c\u00e9lebre fot\u00f3grafo franc\u00e9s Tony Frank durante el rodaje de la pel\u00edcula <i>Detective<\/i>, thriller neo-noir dirigido por Jean-Luc Godard que fue presentado en el Festival de Cannes.<\/p>\t\t\t\t<\/div>\n\t\t\t\t<\/div>\n\t\t\t\t<div class=\"elementor-element elementor-element-095b77c elementor-widget elementor-widget-heading\" data-id=\"095b77c\" data-element_type=\"widget\" data-widget_type=\"heading.default\">\n\t\t\t\t<div class=\"elementor-widget-container\">\n\t\t\t\t\t<p class=\"elementor-heading-title elementor-size-default\">Entre la cuidada selecci\u00f3n de materiales podemos encontrar al director de <i>Al final de la escapada<\/i> repasando el guion durante una pausa del rodaje, detr\u00e1s de la c\u00e1mara o incluso empu\u00f1ando un arma mientras ensaya una escena junto al reparto. Im\u00e1genes que nos revelan con agudeza y sigilo perfiles nuevos que desconoc\u00edamos de Godard.<\/p>\t\t\t\t<\/div>\n\t\t\t\t<\/div>\n\t\t\t\t<div class=\"elementor-element elementor-element-e7f80bb elementor-widget elementor-widget-heading\" data-id=\"e7f80bb\" data-element_type=\"widget\" data-widget_type=\"heading.default\">\n\t\t\t\t<div class=\"elementor-widget-container\">\n\t\t\t\t\t<p class=\"elementor-heading-title elementor-size-default\"><b>Entrada libre<\/b><\/p>\t\t\t\t<\/div>\n\t\t\t\t<\/div>\n\t\t\t\t\t<\/div>\n\t\t<\/div>\n\t\t\t\t\t<\/div>\n\t\t<\/section>\n\t\t\t\t<section class=\"elementor-section elementor-top-section elementor-element elementor-element-927def7 elementor-section-boxed elementor-section-height-default elementor-section-height-default\" data-id=\"927def7\" data-element_type=\"section\">\n\t\t\t\t\t\t<div class=\"elementor-container elementor-column-gap-default\">\n\t\t\t\t\t<div class=\"elementor-column elementor-col-100 elementor-top-column elementor-element elementor-element-f3042c6\" data-id=\"f3042c6\" data-element_type=\"column\">\n\t\t\t<div class=\"elementor-widget-wrap elementor-element-populated\">\n\t\t\t\t\t\t<div class=\"elementor-element elementor-element-2ee1f29 elementor-widget elementor-widget-heading\" data-id=\"2ee1f29\" data-element_type=\"widget\" data-widget_type=\"heading.default\">\n\t\t\t\t<div class=\"elementor-widget-container\">\n\t\t\t\t\t<h2 class=\"elementor-heading-title elementor-size-default\">FESTIVAL TAC!<\/h2>\t\t\t\t<\/div>\n\t\t\t\t<\/div>\n\t\t\t\t\t<\/div>\n\t\t<\/div>\n\t\t\t\t\t<\/div>\n\t\t<\/section>\n\t\t\t\t<section class=\"elementor-section elementor-top-section elementor-element elementor-element-42d7d73 elementor-section-boxed elementor-section-height-default elementor-section-height-default\" data-id=\"42d7d73\" data-element_type=\"section\">\n\t\t\t\t\t\t<div class=\"elementor-container elementor-column-gap-default\">\n\t\t\t\t\t<div class=\"elementor-column elementor-col-100 elementor-top-column elementor-element elementor-element-0292c56\" data-id=\"0292c56\" data-element_type=\"column\">\n\t\t\t<div class=\"elementor-widget-wrap elementor-element-populated\">\n\t\t\t\t\t\t<div class=\"elementor-element elementor-element-ae4fa2e elementor-widget elementor-widget-heading\" data-id=\"ae4fa2e\" data-element_type=\"widget\" data-widget_type=\"heading.default\">\n\t\t\t\t<div class=\"elementor-widget-container\">\n\t\t\t\t\t<h3 class=\"elementor-heading-title elementor-size-large\">25-28-29 OCTUBRE <\/h3>\t\t\t\t<\/div>\n\t\t\t\t<\/div>\n\t\t\t\t<div class=\"elementor-element elementor-element-6500ce0 elementor-widget elementor-widget-heading\" data-id=\"6500ce0\" data-element_type=\"widget\" data-widget_type=\"heading.default\">\n\t\t\t\t<div class=\"elementor-widget-container\">\n\t\t\t\t\t<h3 class=\"elementor-heading-title elementor-size-large\">PLAZA DEL HUMILLADERO<\/h3>\t\t\t\t<\/div>\n\t\t\t\t<\/div>\n\t\t\t\t\t<\/div>\n\t\t<\/div>\n\t\t\t\t\t<\/div>\n\t\t<\/section>\n\t\t\t\t<section class=\"elementor-section elementor-top-section elementor-element elementor-element-8f63950 elementor-section-boxed elementor-section-height-default elementor-section-height-default\" data-id=\"8f63950\" data-element_type=\"section\">\n\t\t\t\t\t\t<div class=\"elementor-container elementor-column-gap-default\">\n\t\t\t\t\t<div class=\"elementor-column elementor-col-50 elementor-top-column elementor-element elementor-element-43a7fe4\" data-id=\"43a7fe4\" data-element_type=\"column\">\n\t\t\t<div class=\"elementor-widget-wrap elementor-element-populated\">\n\t\t\t\t\t\t<div class=\"elementor-element elementor-element-dda9362 elementor-widget elementor-widget-image\" data-id=\"dda9362\" data-element_type=\"widget\" data-widget_type=\"image.default\">\n\t\t\t\t<div class=\"elementor-widget-container\">\n\t\t\t\t\t\t\t\t\t\t\t\t\t\t\t<img loading=\"lazy\" decoding=\"async\" width=\"1024\" height=\"1024\" src=\"https:\/\/www.filmfest-granada.com\/2022\/wp-content\/uploads\/sites\/11\/2022\/10\/fotosaire02-1024x1024-1.jpeg\" class=\"attachment-full size-full wp-image-3078\" alt=\"\" srcset=\"https:\/\/www.filmfest-granada.com\/2022\/wp-content\/uploads\/sites\/11\/2022\/10\/fotosaire02-1024x1024-1.jpeg 1024w, https:\/\/www.filmfest-granada.com\/2022\/wp-content\/uploads\/sites\/11\/2022\/10\/fotosaire02-1024x1024-1-300x300.jpeg 300w, https:\/\/www.filmfest-granada.com\/2022\/wp-content\/uploads\/sites\/11\/2022\/10\/fotosaire02-1024x1024-1-150x150.jpeg 150w, https:\/\/www.filmfest-granada.com\/2022\/wp-content\/uploads\/sites\/11\/2022\/10\/fotosaire02-1024x1024-1-768x768.jpeg 768w\" sizes=\"(max-width: 1024px) 100vw, 1024px\" \/>\t\t\t\t\t\t\t\t\t\t\t\t\t\t\t<\/div>\n\t\t\t\t<\/div>\n\t\t\t\t\t<\/div>\n\t\t<\/div>\n\t\t\t\t<div class=\"elementor-column elementor-col-50 elementor-top-column elementor-element elementor-element-b328e45\" data-id=\"b328e45\" data-element_type=\"column\">\n\t\t\t<div class=\"elementor-widget-wrap elementor-element-populated\">\n\t\t\t\t\t\t<div class=\"elementor-element elementor-element-3eed24a elementor-widget elementor-widget-heading\" data-id=\"3eed24a\" data-element_type=\"widget\" data-widget_type=\"heading.default\">\n\t\t\t\t<div class=\"elementor-widget-container\">\n\t\t\t\t\t<h3 class=\"elementor-heading-title elementor-size-medium\">FESTIVAL TAC!<\/h3>\t\t\t\t<\/div>\n\t\t\t\t<\/div>\n\t\t\t\t<div class=\"elementor-element elementor-element-6b8ac5c elementor-widget elementor-widget-heading\" data-id=\"6b8ac5c\" data-element_type=\"widget\" data-widget_type=\"heading.default\">\n\t\t\t\t<div class=\"elementor-widget-container\">\n\t\t\t\t\t<div class=\"elementor-heading-title elementor-size-default\">entrevistas, conferencias y realidad virtual<\/div>\t\t\t\t<\/div>\n\t\t\t\t<\/div>\n\t\t\t\t<div class=\"elementor-element elementor-element-7486e04 elementor-widget elementor-widget-heading\" data-id=\"7486e04\" data-element_type=\"widget\" data-widget_type=\"heading.default\">\n\t\t\t\t<div class=\"elementor-widget-container\">\n\t\t\t\t\t<p class=\"elementor-heading-title elementor-size-default\"><b>Martes 25<\/b> (18h-19:30h)<\/p>\t\t\t\t<\/div>\n\t\t\t\t<\/div>\n\t\t\t\t<div class=\"elementor-element elementor-element-83d7a30 elementor-widget elementor-widget-heading\" data-id=\"83d7a30\" data-element_type=\"widget\" data-widget_type=\"heading.default\">\n\t\t\t\t<div class=\"elementor-widget-container\">\n\t\t\t\t\t<p class=\"elementor-heading-title elementor-size-default\"><u>Espacio Mondo Sonoro:<\/u> Entrevistas tomando una Alhambra con los principales protagonistas e invitados del festival.<\/p>\t\t\t\t<\/div>\n\t\t\t\t<\/div>\n\t\t\t\t<div class=\"elementor-element elementor-element-b2f09b5 elementor-widget elementor-widget-heading\" data-id=\"b2f09b5\" data-element_type=\"widget\" data-widget_type=\"heading.default\">\n\t\t\t\t<div class=\"elementor-widget-container\">\n\t\t\t\t\t<p class=\"elementor-heading-title elementor-size-default\"><b>Viernes 28<\/b> (10-14h) (17-20h)<\/p>\t\t\t\t<\/div>\n\t\t\t\t<\/div>\n\t\t\t\t<div class=\"elementor-element elementor-element-b7d16ef elementor-widget elementor-widget-heading\" data-id=\"b7d16ef\" data-element_type=\"widget\" data-widget_type=\"heading.default\">\n\t\t\t\t<div class=\"elementor-widget-container\">\n\t\t\t\t\t<p class=\"elementor-heading-title elementor-size-default\"><u>Espacio ESCAV:<\/u> Descubre el universo de la realidad virtual y sus posibilidades, ac\u00e9rcate a probar las GAFAS VR.<\/p>\t\t\t\t<\/div>\n\t\t\t\t<\/div>\n\t\t\t\t<div class=\"elementor-element elementor-element-51eb437 elementor-widget elementor-widget-heading\" data-id=\"51eb437\" data-element_type=\"widget\" data-widget_type=\"heading.default\">\n\t\t\t\t<div class=\"elementor-widget-container\">\n\t\t\t\t\t<p class=\"elementor-heading-title elementor-size-default\"><b>S\u00e1bado 29<\/b> (12h-14h)<\/p>\t\t\t\t<\/div>\n\t\t\t\t<\/div>\n\t\t\t\t<div class=\"elementor-element elementor-element-289e04f elementor-widget elementor-widget-heading\" data-id=\"289e04f\" data-element_type=\"widget\" data-widget_type=\"heading.default\">\n\t\t\t\t<div class=\"elementor-widget-container\">\n\t\t\t\t\t<p class=\"elementor-heading-title elementor-size-default\"><u>Espacio Sacromonte:<\/u> Conferencias y mesas redondas alrededor del ciclo \"Rituales y Visionarios\" del Museo Cuevas del Sacromonte. Con la participaci\u00f3n de \u00c1ngel Arias, Patxi Burillo, Mario Sanz, Clara Rus, Mikel Belascoain, Miguel Go\u00f1i y Rub\u00e9n Seca.<\/p>\t\t\t\t<\/div>\n\t\t\t\t<\/div>\n\t\t\t\t<div class=\"elementor-element elementor-element-e1e7124 elementor-widget elementor-widget-heading\" data-id=\"e1e7124\" data-element_type=\"widget\" data-widget_type=\"heading.default\">\n\t\t\t\t<div class=\"elementor-widget-container\">\n\t\t\t\t\t<p class=\"elementor-heading-title elementor-size-default\"><b>Entrada libre<\/b><\/p>\t\t\t\t<\/div>\n\t\t\t\t<\/div>\n\t\t\t\t\t<\/div>\n\t\t<\/div>\n\t\t\t\t\t<\/div>\n\t\t<\/section>\n\t\t\t\t<section class=\"elementor-section elementor-top-section elementor-element elementor-element-387a19e elementor-section-boxed elementor-section-height-default elementor-section-height-default\" data-id=\"387a19e\" data-element_type=\"section\">\n\t\t\t\t\t\t<div class=\"elementor-container elementor-column-gap-default\">\n\t\t\t\t\t<div class=\"elementor-column elementor-col-100 elementor-top-column elementor-element elementor-element-9b362ad\" data-id=\"9b362ad\" data-element_type=\"column\">\n\t\t\t<div class=\"elementor-widget-wrap elementor-element-populated\">\n\t\t\t\t\t\t<div class=\"elementor-element elementor-element-092d9d5 elementor-widget elementor-widget-heading\" data-id=\"092d9d5\" data-element_type=\"widget\" data-widget_type=\"heading.default\">\n\t\t\t\t<div class=\"elementor-widget-container\">\n\t\t\t\t\t<h2 class=\"elementor-heading-title elementor-size-default\">PRESENTACI\u00d3N DEL LIBRO: PROLETARIA CONSENTIDA<\/h2>\t\t\t\t<\/div>\n\t\t\t\t<\/div>\n\t\t\t\t\t<\/div>\n\t\t<\/div>\n\t\t\t\t\t<\/div>\n\t\t<\/section>\n\t\t\t\t<section class=\"elementor-section elementor-top-section elementor-element elementor-element-4811366 elementor-section-boxed elementor-section-height-default elementor-section-height-default\" data-id=\"4811366\" data-element_type=\"section\">\n\t\t\t\t\t\t<div class=\"elementor-container elementor-column-gap-default\">\n\t\t\t\t\t<div class=\"elementor-column elementor-col-100 elementor-top-column elementor-element elementor-element-1be90e4\" data-id=\"1be90e4\" data-element_type=\"column\">\n\t\t\t<div class=\"elementor-widget-wrap elementor-element-populated\">\n\t\t\t\t\t\t<div class=\"elementor-element elementor-element-7393744 elementor-widget elementor-widget-heading\" data-id=\"7393744\" data-element_type=\"widget\" data-widget_type=\"heading.default\">\n\t\t\t\t<div class=\"elementor-widget-container\">\n\t\t\t\t\t<h3 class=\"elementor-heading-title elementor-size-large\">29 OCTUBRE - 13:00<\/h3>\t\t\t\t<\/div>\n\t\t\t\t<\/div>\n\t\t\t\t<div class=\"elementor-element elementor-element-d1edc17 elementor-widget elementor-widget-heading\" data-id=\"d1edc17\" data-element_type=\"widget\" data-widget_type=\"heading.default\">\n\t\t\t\t<div class=\"elementor-widget-container\">\n\t\t\t\t\t<h3 class=\"elementor-heading-title elementor-size-large\">LIBRER\u00cdA \u00a1\u00a1\u00a1TREMENDA!!!<\/h3>\t\t\t\t<\/div>\n\t\t\t\t<\/div>\n\t\t\t\t\t<\/div>\n\t\t<\/div>\n\t\t\t\t\t<\/div>\n\t\t<\/section>\n\t\t\t\t<section class=\"elementor-section elementor-top-section elementor-element elementor-element-ad6cad2 elementor-section-boxed elementor-section-height-default elementor-section-height-default\" data-id=\"ad6cad2\" data-element_type=\"section\">\n\t\t\t\t\t\t<div class=\"elementor-container elementor-column-gap-default\">\n\t\t\t\t\t<div class=\"elementor-column elementor-col-50 elementor-top-column elementor-element elementor-element-2eab7ad\" data-id=\"2eab7ad\" data-element_type=\"column\">\n\t\t\t<div class=\"elementor-widget-wrap elementor-element-populated\">\n\t\t\t\t\t\t<div class=\"elementor-element elementor-element-cd0a009 elementor-widget elementor-widget-image\" data-id=\"cd0a009\" data-element_type=\"widget\" data-widget_type=\"image.default\">\n\t\t\t\t<div class=\"elementor-widget-container\">\n\t\t\t\t\t\t\t\t\t\t\t\t\t\t\t<img loading=\"lazy\" decoding=\"async\" width=\"1200\" height=\"675\" src=\"https:\/\/www.filmfest-granada.com\/2022\/wp-content\/uploads\/sites\/11\/2022\/10\/PROLETARIA-CONSENTIDA-Laura-Carneros_granada_TW.jpeg\" class=\"attachment-full size-full wp-image-3027\" alt=\"\" srcset=\"https:\/\/www.filmfest-granada.com\/2022\/wp-content\/uploads\/sites\/11\/2022\/10\/PROLETARIA-CONSENTIDA-Laura-Carneros_granada_TW.jpeg 1200w, https:\/\/www.filmfest-granada.com\/2022\/wp-content\/uploads\/sites\/11\/2022\/10\/PROLETARIA-CONSENTIDA-Laura-Carneros_granada_TW-300x169.jpeg 300w, https:\/\/www.filmfest-granada.com\/2022\/wp-content\/uploads\/sites\/11\/2022\/10\/PROLETARIA-CONSENTIDA-Laura-Carneros_granada_TW-1024x576.jpeg 1024w, https:\/\/www.filmfest-granada.com\/2022\/wp-content\/uploads\/sites\/11\/2022\/10\/PROLETARIA-CONSENTIDA-Laura-Carneros_granada_TW-768x432.jpeg 768w\" sizes=\"(max-width: 1200px) 100vw, 1200px\" \/>\t\t\t\t\t\t\t\t\t\t\t\t\t\t\t<\/div>\n\t\t\t\t<\/div>\n\t\t\t\t\t<\/div>\n\t\t<\/div>\n\t\t\t\t<div class=\"elementor-column elementor-col-50 elementor-top-column elementor-element elementor-element-1e0475f\" data-id=\"1e0475f\" data-element_type=\"column\">\n\t\t\t<div class=\"elementor-widget-wrap elementor-element-populated\">\n\t\t\t\t\t\t<div class=\"elementor-element elementor-element-5bd4431 elementor-widget elementor-widget-heading\" data-id=\"5bd4431\" data-element_type=\"widget\" data-widget_type=\"heading.default\">\n\t\t\t\t<div class=\"elementor-widget-container\">\n\t\t\t\t\t<h3 class=\"elementor-heading-title elementor-size-medium\">proletaria consentida<\/h3>\t\t\t\t<\/div>\n\t\t\t\t<\/div>\n\t\t\t\t<div class=\"elementor-element elementor-element-29acb8d elementor-widget elementor-widget-heading\" data-id=\"29acb8d\" data-element_type=\"widget\" data-widget_type=\"heading.default\">\n\t\t\t\t<div class=\"elementor-widget-container\">\n\t\t\t\t\t<div class=\"elementor-heading-title elementor-size-default\">laura carneros<\/div>\t\t\t\t<\/div>\n\t\t\t\t<\/div>\n\t\t\t\t<div class=\"elementor-element elementor-element-f52b590 elementor-widget elementor-widget-heading\" data-id=\"f52b590\" data-element_type=\"widget\" data-widget_type=\"heading.default\">\n\t\t\t\t<div class=\"elementor-widget-container\">\n\t\t\t\t\t<p class=\"elementor-heading-title elementor-size-default\">Novela de aprendizaje, pero sin moraleja final o redenci\u00f3n a la vista, <i>Proletaria consentida<\/i> provoca se\u00edsmos en cada una de las situaciones que relata. Un autorretrato \u00edntimo, familiar y generacional, que explora la conciencia de clase, las aspiraciones y el deseo.<\/p>\t\t\t\t<\/div>\n\t\t\t\t<\/div>\n\t\t\t\t<div class=\"elementor-element elementor-element-1ce5b98 elementor-widget elementor-widget-heading\" data-id=\"1ce5b98\" data-element_type=\"widget\" data-widget_type=\"heading.default\">\n\t\t\t\t<div class=\"elementor-widget-container\">\n\t\t\t\t\t<p class=\"elementor-heading-title elementor-size-default\"><b>Su autora, la periodista y cr\u00edtica de cine Laura Carneros, conversar\u00e1 con Jos\u00e9 C. Ojeda<\/b><\/p>\t\t\t\t<\/div>\n\t\t\t\t<\/div>\n\t\t\t\t\t<\/div>\n\t\t<\/div>\n\t\t\t\t\t<\/div>\n\t\t<\/section>\n\t\t\t\t<\/div>\n\t\t","protected":false},"excerpt":{"rendered":"<p>\/*! elementor &#8211; v3.6.5 &#8211; 27-04-2022 *\/ .elementor-heading-title{padding:0;margin:0;line-height:1}.elementor-widget-heading .elementor-heading-title[class*=elementor-size-]&gt;a{color:inherit;font-size:inherit;line-height:inherit}.elementor-widget-heading .elementor-heading-title.elementor-size-small{font-size:15px}.elementor-widget-heading .elementor-heading-title.elementor-size-medium{font-size:19px}.elementor-widget-heading .elementor-heading-title.elementor-size-large{font-size:29px}.elementor-widget-heading .elementor-heading-title.elementor-size-xl{font-size:39px}.elementor-widget-heading .elementor-heading-title.elementor-size-xxl{font-size:59px} ACTIVIDADES PARALELAS El festival se desborda por la ciudad con exposiciones, presentaciones de libros, conciertos y encuentros con los que sacar el cine a la calle y relacionarlo con otras artes. EL PERRO ANDALUZ: EXPOSICI\u00d3N FLASH 17-21 SEPTIEMBRE CENTRO JOS\u00c9 GUERRERO &#8230; <a title=\"Actividades paralelas\" class=\"read-more\" href=\"https:\/\/www.filmfest-granada.com\/2022\/actividades-paralelas-2022\/\" aria-label=\"Leer m\u00e1s sobre Actividades paralelas\">Leer m\u00e1s<\/a><\/p>\n","protected":false},"author":1167,"featured_media":0,"parent":0,"menu_order":0,"comment_status":"closed","ping_status":"closed","template":"elementor_header_footer","meta":{"_monsterinsights_skip_tracking":false,"_monsterinsights_sitenote_active":false,"_monsterinsights_sitenote_note":"","_monsterinsights_sitenote_category":0,"footnotes":""},"class_list":["post-3017","page","type-page","status-publish"],"aioseo_notices":[],"_links":{"self":[{"href":"https:\/\/www.filmfest-granada.com\/2022\/wp-json\/wp\/v2\/pages\/3017","targetHints":{"allow":["GET"]}}],"collection":[{"href":"https:\/\/www.filmfest-granada.com\/2022\/wp-json\/wp\/v2\/pages"}],"about":[{"href":"https:\/\/www.filmfest-granada.com\/2022\/wp-json\/wp\/v2\/types\/page"}],"author":[{"embeddable":true,"href":"https:\/\/www.filmfest-granada.com\/2022\/wp-json\/wp\/v2\/users\/1167"}],"replies":[{"embeddable":true,"href":"https:\/\/www.filmfest-granada.com\/2022\/wp-json\/wp\/v2\/comments?post=3017"}],"version-history":[{"count":16,"href":"https:\/\/www.filmfest-granada.com\/2022\/wp-json\/wp\/v2\/pages\/3017\/revisions"}],"predecessor-version":[{"id":3085,"href":"https:\/\/www.filmfest-granada.com\/2022\/wp-json\/wp\/v2\/pages\/3017\/revisions\/3085"}],"wp:attachment":[{"href":"https:\/\/www.filmfest-granada.com\/2022\/wp-json\/wp\/v2\/media?parent=3017"}],"curies":[{"name":"wp","href":"https:\/\/api.w.org\/{rel}","templated":true}]}}