{"id":20,"date":"2021-09-30T19:57:44","date_gmt":"2021-09-30T17:57:44","guid":{"rendered":"https:\/\/www.filmfest-granada.com\/2023\/?page_id=20"},"modified":"2023-11-03T10:27:24","modified_gmt":"2023-11-03T09:27:24","slug":"home","status":"publish","type":"page","link":"https:\/\/www.filmfest-granada.com\/2023\/","title":{"rendered":"Home"},"content":{"rendered":"\t\t<div data-elementor-type=\"wp-page\" data-elementor-id=\"20\" class=\"elementor elementor-20\" data-elementor-post-type=\"page\">\n\t\t\t\t\t\t<section class=\"elementor-section elementor-top-section elementor-element elementor-element-311d9f6 elementor-section-boxed elementor-section-height-default elementor-section-height-default\" data-id=\"311d9f6\" data-element_type=\"section\">\n\t\t\t\t\t\t<div class=\"elementor-container elementor-column-gap-default\">\n\t\t\t\t\t<div class=\"elementor-column elementor-col-33 elementor-top-column elementor-element elementor-element-3f680f7\" data-id=\"3f680f7\" data-element_type=\"column\">\n\t\t\t<div class=\"elementor-widget-wrap elementor-element-populated\">\n\t\t\t\t\t\t<div class=\"elementor-element elementor-element-f2d2956 elementor-cta--skin-cover elementor-cta--valign-bottom text-needs-shadow elementor-widget elementor-widget-call-to-action\" data-id=\"f2d2956\" data-element_type=\"widget\" data-widget_type=\"call-to-action.default\">\n\t\t\t\t<div class=\"elementor-widget-container\">\n\t\t\t\t\t\t\t<div class=\"elementor-cta\">\n\t\t\t\t\t<div class=\"elementor-cta__bg-wrapper\">\n\t\t\t\t<div class=\"elementor-cta__bg elementor-bg\" style=\"background-image: url(https:\/\/www.filmfest-granada.com\/2023\/wp-content\/uploads\/sites\/13\/2023\/10\/Cartel-29-FIJR-RRSS-ST-con-logos-1024x871.jpg);\" role=\"img\" aria-label=\"Cartel 29 FIJR\"><\/div>\n\t\t\t\t<div class=\"elementor-cta__bg-overlay\"><\/div>\n\t\t\t<\/div>\n\t\t\t\t\t\t\t<div class=\"elementor-cta__content\">\n\t\t\t\t\n\t\t\t\t\t\t\t\t\t<h2 class=\"elementor-cta__title elementor-cta__content-item elementor-content-item\">\n\t\t\t\t\t\tABONOS Y ENTRADAS\t\t\t\t\t<\/h2>\n\t\t\t\t\n\t\t\t\t\n\t\t\t\t\t\t\t<\/div>\n\t\t\t\t\t\t<\/div>\n\t\t\t\t\t\t<\/div>\n\t\t\t\t<\/div>\n\t\t\t\t\t<\/div>\n\t\t<\/div>\n\t\t\t\t<div class=\"elementor-column elementor-col-66 elementor-top-column elementor-element elementor-element-8e2477f\" data-id=\"8e2477f\" data-element_type=\"column\">\n\t\t\t<div class=\"elementor-widget-wrap elementor-element-populated\">\n\t\t\t\t\t\t<div class=\"elementor-element elementor-element-5ac9c70 elementor-cta--skin-cover elementor-cta--valign-bottom elementor-widget elementor-widget-call-to-action\" data-id=\"5ac9c70\" data-element_type=\"widget\" data-widget_type=\"call-to-action.default\">\n\t\t\t\t<div class=\"elementor-widget-container\">\n\t\t\t\t\t\t\t<div class=\"elementor-cta\">\n\t\t\t\t\t<div class=\"elementor-cta__bg-wrapper\">\n\t\t\t\t<div class=\"elementor-cta__bg elementor-bg\" style=\"background-image: url(https:\/\/www.filmfest-granada.com\/2023\/wp-content\/uploads\/sites\/13\/2023\/10\/fp_710231_28593-1-1.jpg);\" role=\"img\" aria-label=\"FESTIVAL EN LAS ENTRA\u00d1AS\"><\/div>\n\t\t\t\t<div class=\"elementor-cta__bg-overlay\"><\/div>\n\t\t\t<\/div>\n\t\t\t\t\t\t\t<div class=\"elementor-cta__content\">\n\t\t\t\t\n\t\t\t\t\t\t\t\t\t<h2 class=\"elementor-cta__title elementor-cta__content-item elementor-content-item\">\n\t\t\t\t\t\t<span style=\"font-size: 1.5rem\">INAUGURACI\u00d3N<\/span>\t\t\t\t\t<\/h2>\n\t\t\t\t\n\t\t\t\t\t\t\t\t\t<div class=\"elementor-cta__description elementor-cta__content-item elementor-content-item\">\n\t\t\t\t\t\tFestival en las entra\u00f1as <br>de Jos\u00e9 Val del Omar\t\t\t\t\t<\/div>\n\t\t\t\t\n\t\t\t\t\t\t\t<\/div>\n\t\t\t\t\t\t<\/div>\n\t\t\t\t\t\t<\/div>\n\t\t\t\t<\/div>\n\t\t\t\t\t<\/div>\n\t\t<\/div>\n\t\t\t\t\t<\/div>\n\t\t<\/section>\n\t\t\t\t<section class=\"elementor-section elementor-top-section elementor-element elementor-element-7806095 elementor-section-boxed elementor-section-height-default elementor-section-height-default\" data-id=\"7806095\" data-element_type=\"section\">\n\t\t\t\t\t\t<div class=\"elementor-container elementor-column-gap-default\">\n\t\t\t\t\t<div class=\"elementor-column elementor-col-33 elementor-top-column elementor-element elementor-element-75b7623\" data-id=\"75b7623\" data-element_type=\"column\">\n\t\t\t<div class=\"elementor-widget-wrap elementor-element-populated\">\n\t\t\t\t\t\t<div class=\"elementor-element elementor-element-a8a385a elementor-cta--skin-cover elementor-cta--valign-bottom text-needs-shadow elementor-widget elementor-widget-call-to-action\" data-id=\"a8a385a\" data-element_type=\"widget\" data-widget_type=\"call-to-action.default\">\n\t\t\t\t<div class=\"elementor-widget-container\">\n\t\t\t\t\t\t\t<div class=\"elementor-cta\">\n\t\t\t\t\t<div class=\"elementor-cta__bg-wrapper\">\n\t\t\t\t<div class=\"elementor-cta__bg elementor-bg\" style=\"background-image: url(https:\/\/www.filmfest-granada.com\/2023\/wp-content\/uploads\/sites\/13\/2023\/10\/eric-1024x575.jpeg);\" role=\"img\" aria-label=\"LA IMPORTANCIA DE LLAMARSE ERNESTO Y LA GILIPOLLEZ DE LLAMARSE ERIC\u200b\"><\/div>\n\t\t\t\t<div class=\"elementor-cta__bg-overlay\"><\/div>\n\t\t\t<\/div>\n\t\t\t\t\t\t\t<div class=\"elementor-cta__content\">\n\t\t\t\t\n\t\t\t\t\t\t\t\t\t<h2 class=\"elementor-cta__title elementor-cta__content-item elementor-content-item\">\n\t\t\t\t\t\tLA IMPORTANCIA DE LLAMARSE ERNESTO\t\t\t\t\t<\/h2>\n\t\t\t\t\n\t\t\t\t\t\t\t\t\t<div class=\"elementor-cta__description elementor-cta__content-item elementor-content-item\">\n\t\t\t\t\t\ty la gilipollez de llamarse Eric\t\t\t\t\t<\/div>\n\t\t\t\t\n\t\t\t\t\t\t\t<\/div>\n\t\t\t\t\t\t<\/div>\n\t\t\t\t\t\t<\/div>\n\t\t\t\t<\/div>\n\t\t\t\t\t<\/div>\n\t\t<\/div>\n\t\t\t\t<div class=\"elementor-column elementor-col-33 elementor-top-column elementor-element elementor-element-4eb5c74\" data-id=\"4eb5c74\" data-element_type=\"column\">\n\t\t\t<div class=\"elementor-widget-wrap elementor-element-populated\">\n\t\t\t\t\t\t<div class=\"elementor-element elementor-element-3056aab elementor-cta--skin-cover elementor-cta--valign-bottom text-needs-shadow elementor-widget elementor-widget-call-to-action\" data-id=\"3056aab\" data-element_type=\"widget\" data-widget_type=\"call-to-action.default\">\n\t\t\t\t<div class=\"elementor-widget-container\">\n\t\t\t\t\t\t\t<div class=\"elementor-cta\">\n\t\t\t\t\t<div class=\"elementor-cta__bg-wrapper\">\n\t\t\t\t<div class=\"elementor-cta__bg elementor-bg\" style=\"background-image: url(https:\/\/www.filmfest-granada.com\/2023\/wp-content\/uploads\/sites\/13\/2023\/10\/fp_711530_28865.jpg);\" role=\"img\" aria-label=\"HERE\"><\/div>\n\t\t\t\t<div class=\"elementor-cta__bg-overlay\"><\/div>\n\t\t\t<\/div>\n\t\t\t\t\t\t\t<div class=\"elementor-cta__content\">\n\t\t\t\t\n\t\t\t\t\t\t\t\t\t<h2 class=\"elementor-cta__title elementor-cta__content-item elementor-content-item\">\n\t\t\t\t\t\tHere\t\t\t\t\t<\/h2>\n\t\t\t\t\n\t\t\t\t\t\t\t\t\t<div class=\"elementor-cta__description elementor-cta__content-item elementor-content-item\">\n\t\t\t\t\t\tde Bas Devos\t\t\t\t\t<\/div>\n\t\t\t\t\n\t\t\t\t\t\t\t<\/div>\n\t\t\t\t\t\t<\/div>\n\t\t\t\t\t\t<\/div>\n\t\t\t\t<\/div>\n\t\t\t\t\t<\/div>\n\t\t<\/div>\n\t\t\t\t<div class=\"elementor-column elementor-col-33 elementor-top-column elementor-element elementor-element-0acabd5\" data-id=\"0acabd5\" data-element_type=\"column\">\n\t\t\t<div class=\"elementor-widget-wrap elementor-element-populated\">\n\t\t\t\t\t\t<div class=\"elementor-element elementor-element-bbff98d elementor-cta--skin-cover elementor-cta--valign-bottom text-needs-shadow elementor-widget elementor-widget-call-to-action\" data-id=\"bbff98d\" data-element_type=\"widget\" data-widget_type=\"call-to-action.default\">\n\t\t\t\t<div class=\"elementor-widget-container\">\n\t\t\t\t\t\t\t<div class=\"elementor-cta\">\n\t\t\t\t\t<div class=\"elementor-cta__bg-wrapper\">\n\t\t\t\t<div class=\"elementor-cta__bg elementor-bg\" style=\"background-image: url(https:\/\/www.filmfest-granada.com\/2023\/wp-content\/uploads\/sites\/13\/2023\/10\/BROMO-1024x576.jpg);\" role=\"img\" aria-label=\"BROMO\"><\/div>\n\t\t\t\t<div class=\"elementor-cta__bg-overlay\"><\/div>\n\t\t\t<\/div>\n\t\t\t\t\t\t\t<div class=\"elementor-cta__content\">\n\t\t\t\t\n\t\t\t\t\t\t\t\t\t<h2 class=\"elementor-cta__title elementor-cta__content-item elementor-content-item\">\n\t\t\t\t\t\tNO SIGNAL\t\t\t\t\t<\/h2>\n\t\t\t\t\n\t\t\t\t\t\t\t\t\t<div class=\"elementor-cta__description elementor-cta__content-item elementor-content-item\">\n\t\t\t\t\t\tBROMO A\/V LIVE\t\t\t\t\t<\/div>\n\t\t\t\t\n\t\t\t\t\t\t\t<\/div>\n\t\t\t\t\t\t<\/div>\n\t\t\t\t\t\t<\/div>\n\t\t\t\t<\/div>\n\t\t\t\t\t<\/div>\n\t\t<\/div>\n\t\t\t\t\t<\/div>\n\t\t<\/section>\n\t\t\t\t<section class=\"elementor-section elementor-top-section elementor-element elementor-element-d56752f elementor-section-boxed elementor-section-height-default elementor-section-height-default\" data-id=\"d56752f\" data-element_type=\"section\">\n\t\t\t\t\t\t<div class=\"elementor-container elementor-column-gap-default\">\n\t\t\t\t\t<div class=\"elementor-column elementor-col-33 elementor-top-column elementor-element elementor-element-bafb0fa\" data-id=\"bafb0fa\" data-element_type=\"column\">\n\t\t\t<div class=\"elementor-widget-wrap elementor-element-populated\">\n\t\t\t\t\t\t<div class=\"elementor-element elementor-element-d31090c elementor-cta--skin-cover elementor-cta--valign-bottom text-needs-shadow elementor-widget elementor-widget-call-to-action\" data-id=\"d31090c\" data-element_type=\"widget\" data-widget_type=\"call-to-action.default\">\n\t\t\t\t<div class=\"elementor-widget-container\">\n\t\t\t\t\t\t\t<div class=\"elementor-cta\">\n\t\t\t\t\t<div class=\"elementor-cta__bg-wrapper\">\n\t\t\t\t<div class=\"elementor-cta__bg elementor-bg\" style=\"background-image: url(https:\/\/www.filmfest-granada.com\/2023\/wp-content\/uploads\/sites\/13\/2023\/10\/ORLANDO-copia.jpeg);\" role=\"img\" aria-label=\"ORLANDO, MI BIOGRAF\u00cdA POL\u00cdTICA\"><\/div>\n\t\t\t\t<div class=\"elementor-cta__bg-overlay\"><\/div>\n\t\t\t<\/div>\n\t\t\t\t\t\t\t<div class=\"elementor-cta__content\">\n\t\t\t\t\n\t\t\t\t\t\t\t\t\t<h2 class=\"elementor-cta__title elementor-cta__content-item elementor-content-item\">\n\t\t\t\t\t\tORLANDO,<br>MI BIOGRAF\u00cdA POL\u00cdTICA\t\t\t\t\t<\/h2>\n\t\t\t\t\n\t\t\t\t\t\t\t\t\t<div class=\"elementor-cta__description elementor-cta__content-item elementor-content-item\">\n\t\t\t\t\t\tde Paul B. Preciado\t\t\t\t\t<\/div>\n\t\t\t\t\n\t\t\t\t\t\t\t<\/div>\n\t\t\t\t\t\t<\/div>\n\t\t\t\t\t\t<\/div>\n\t\t\t\t<\/div>\n\t\t\t\t\t<\/div>\n\t\t<\/div>\n\t\t\t\t<div class=\"elementor-column elementor-col-33 elementor-top-column elementor-element elementor-element-e1e2c0d\" data-id=\"e1e2c0d\" data-element_type=\"column\">\n\t\t\t<div class=\"elementor-widget-wrap elementor-element-populated\">\n\t\t\t\t\t\t<div class=\"elementor-element elementor-element-1924b01 elementor-cta--skin-cover elementor-cta--valign-bottom text-needs-shadow light-shadow elementor-widget elementor-widget-call-to-action\" data-id=\"1924b01\" data-element_type=\"widget\" data-widget_type=\"call-to-action.default\">\n\t\t\t\t<div class=\"elementor-widget-container\">\n\t\t\t\t\t\t\t<div class=\"elementor-cta\">\n\t\t\t\t\t<div class=\"elementor-cta__bg-wrapper\">\n\t\t\t\t<div class=\"elementor-cta__bg elementor-bg\" style=\"background-image: url(https:\/\/www.filmfest-granada.com\/2023\/wp-content\/uploads\/sites\/13\/2023\/10\/Akira-1024x576.jpg);\" role=\"img\" aria-label=\"Akira\"><\/div>\n\t\t\t\t<div class=\"elementor-cta__bg-overlay\"><\/div>\n\t\t\t<\/div>\n\t\t\t\t\t\t\t<div class=\"elementor-cta__content\">\n\t\t\t\t\n\t\t\t\t\t\t\t\t\t<h2 class=\"elementor-cta__title elementor-cta__content-item elementor-content-item\">\n\t\t\t\t\t\tAKIRA\t\t\t\t\t<\/h2>\n\t\t\t\t\n\t\t\t\t\t\t\t\t\t<div class=\"elementor-cta__description elementor-cta__content-item elementor-content-item\">\n\t\t\t\t\t\t35 aniversario\t\t\t\t\t<\/div>\n\t\t\t\t\n\t\t\t\t\t\t\t<\/div>\n\t\t\t\t\t\t<\/div>\n\t\t\t\t\t\t<\/div>\n\t\t\t\t<\/div>\n\t\t\t\t\t<\/div>\n\t\t<\/div>\n\t\t\t\t<div class=\"elementor-column elementor-col-33 elementor-top-column elementor-element elementor-element-6e2af46\" data-id=\"6e2af46\" data-element_type=\"column\">\n\t\t\t<div class=\"elementor-widget-wrap elementor-element-populated\">\n\t\t\t\t\t\t<div class=\"elementor-element elementor-element-b64f6ed elementor-cta--skin-cover elementor-cta--valign-bottom text-needs-shadow elementor-widget elementor-widget-call-to-action\" data-id=\"b64f6ed\" data-element_type=\"widget\" data-widget_type=\"call-to-action.default\">\n\t\t\t\t<div class=\"elementor-widget-container\">\n\t\t\t\t\t\t\t<div class=\"elementor-cta\">\n\t\t\t\t\t<div class=\"elementor-cta__bg-wrapper\">\n\t\t\t\t<div class=\"elementor-cta__bg elementor-bg\" style=\"background-image: url(https:\/\/www.filmfest-granada.com\/2023\/wp-content\/uploads\/sites\/13\/2023\/10\/little-spain-1024x597.jpg);\" role=\"img\" aria-label=\"LITTLE SPAIN\"><\/div>\n\t\t\t\t<div class=\"elementor-cta__bg-overlay\"><\/div>\n\t\t\t<\/div>\n\t\t\t\t\t\t\t<div class=\"elementor-cta__content\">\n\t\t\t\t\n\t\t\t\t\t\t\t\t\t<h2 class=\"elementor-cta__title elementor-cta__content-item elementor-content-item\">\n\t\t\t\t\t\tLITTLE SPAIN\t\t\t\t\t<\/h2>\n\t\t\t\t\n\t\t\t\t\t\t\t\t\t<div class=\"elementor-cta__description elementor-cta__content-item elementor-content-item\">\n\t\t\t\t\t\tConversaci\u00f3n con Cris Trenas, Rogelio Gonz\u00e1lez y Santos Bacana\t\t\t\t\t<\/div>\n\t\t\t\t\n\t\t\t\t\t\t\t<\/div>\n\t\t\t\t\t\t<\/div>\n\t\t\t\t\t\t<\/div>\n\t\t\t\t<\/div>\n\t\t\t\t\t<\/div>\n\t\t<\/div>\n\t\t\t\t\t<\/div>\n\t\t<\/section>\n\t\t\t\t<section class=\"elementor-section elementor-top-section elementor-element elementor-element-0ab4612 elementor-section-boxed elementor-section-height-default elementor-section-height-default\" data-id=\"0ab4612\" data-element_type=\"section\">\n\t\t\t\t\t\t<div class=\"elementor-container elementor-column-gap-default\">\n\t\t\t\t\t<div class=\"elementor-column elementor-col-33 elementor-top-column elementor-element elementor-element-21e2e51\" data-id=\"21e2e51\" data-element_type=\"column\">\n\t\t\t<div class=\"elementor-widget-wrap elementor-element-populated\">\n\t\t\t\t\t\t<div class=\"elementor-element elementor-element-9ca4a6f elementor-cta--skin-cover elementor-cta--valign-bottom text-needs-shadow elementor-widget elementor-widget-call-to-action\" data-id=\"9ca4a6f\" data-element_type=\"widget\" data-widget_type=\"call-to-action.default\">\n\t\t\t\t<div class=\"elementor-widget-container\">\n\t\t\t\t\t\t\t<div class=\"elementor-cta\">\n\t\t\t\t\t<div class=\"elementor-cta__bg-wrapper\">\n\t\t\t\t<div class=\"elementor-cta__bg elementor-bg\" style=\"background-image: url(https:\/\/www.filmfest-granada.com\/2023\/wp-content\/uploads\/sites\/13\/2023\/10\/ROMANCERO-1024x683.jpg);\" role=\"img\" aria-label=\"ROMANCERO\"><\/div>\n\t\t\t\t<div class=\"elementor-cta__bg-overlay\"><\/div>\n\t\t\t<\/div>\n\t\t\t\t\t\t\t<div class=\"elementor-cta__content\">\n\t\t\t\t\n\t\t\t\t\t\t\t\t\t<h2 class=\"elementor-cta__title elementor-cta__content-item elementor-content-item\">\n\t\t\t\t\t\tROMANCERO\t\t\t\t\t<\/h2>\n\t\t\t\t\n\t\t\t\t\t\t\t\t\t<div class=\"elementor-cta__description elementor-cta__content-item elementor-content-item\">\n\t\t\t\t\t\tBUMA x MAYA DEREN\t\t\t\t\t<\/div>\n\t\t\t\t\n\t\t\t\t\t\t\t<\/div>\n\t\t\t\t\t\t<\/div>\n\t\t\t\t\t\t<\/div>\n\t\t\t\t<\/div>\n\t\t\t\t\t<\/div>\n\t\t<\/div>\n\t\t\t\t<div class=\"elementor-column elementor-col-66 elementor-top-column elementor-element elementor-element-4dd0da0\" data-id=\"4dd0da0\" data-element_type=\"column\">\n\t\t\t<div class=\"elementor-widget-wrap elementor-element-populated\">\n\t\t\t\t\t\t<div class=\"elementor-element elementor-element-c437f7a elementor-cta--skin-cover elementor-cta--valign-bottom text-needs-shadow elementor-widget elementor-widget-call-to-action\" data-id=\"c437f7a\" data-element_type=\"widget\" data-widget_type=\"call-to-action.default\">\n\t\t\t\t<div class=\"elementor-widget-container\">\n\t\t\t\t\t\t\t<div class=\"elementor-cta\">\n\t\t\t\t\t<div class=\"elementor-cta__bg-wrapper\">\n\t\t\t\t<div class=\"elementor-cta__bg elementor-bg\" style=\"background-image: url(https:\/\/www.filmfest-granada.com\/2023\/wp-content\/uploads\/sites\/13\/2023\/10\/LorenaAlvarez@HelenaGrimaldi1-copia.jpeg);\" role=\"img\" aria-label=\"LORENA \u00c1LVAREZ\"><\/div>\n\t\t\t\t<div class=\"elementor-cta__bg-overlay\"><\/div>\n\t\t\t<\/div>\n\t\t\t\t\t\t\t<div class=\"elementor-cta__content\">\n\t\t\t\t\n\t\t\t\t\t\t\t\t\t<h2 class=\"elementor-cta__title elementor-cta__content-item elementor-content-item\">\n\t\t\t\t\t\tCLAUSURA\t\t\t\t\t<\/h2>\n\t\t\t\t\n\t\t\t\t\t\t\t\t\t<div class=\"elementor-cta__description elementor-cta__content-item elementor-content-item\">\n\t\t\t\t\t\tLORENA \u00c1LVAREZ\t\t\t\t\t<\/div>\n\t\t\t\t\n\t\t\t\t\t\t\t<\/div>\n\t\t\t\t\t\t<\/div>\n\t\t\t\t\t\t<\/div>\n\t\t\t\t<\/div>\n\t\t\t\t\t<\/div>\n\t\t<\/div>\n\t\t\t\t\t<\/div>\n\t\t<\/section>\n\t\t\t\t<section class=\"elementor-section elementor-top-section elementor-element elementor-element-081c6bf elementor-section-boxed elementor-section-height-default elementor-section-height-default\" data-id=\"081c6bf\" data-element_type=\"section\">\n\t\t\t\t\t\t<div class=\"elementor-container elementor-column-gap-default\">\n\t\t\t\t\t<div class=\"elementor-column elementor-col-100 elementor-top-column elementor-element elementor-element-0ba32f3\" data-id=\"0ba32f3\" data-element_type=\"column\">\n\t\t\t<div class=\"elementor-widget-wrap elementor-element-populated\">\n\t\t\t\t\t\t<div class=\"elementor-element elementor-element-2a93910 elementor-button-success elementor-align-center elementor-tablet-align-center elementor-widget elementor-widget-button\" data-id=\"2a93910\" data-element_type=\"widget\" data-widget_type=\"button.default\">\n\t\t\t\t<div class=\"elementor-widget-container\">\n\t\t\t\t\t\t\t\t\t<div class=\"elementor-button-wrapper\">\n\t\t\t\t\t<a class=\"elementor-button elementor-button-link elementor-size-xl\" href=\"https:\/\/drive.google.com\/file\/d\/1poSWaoG1-Y68AjIPm9d7YhmvTGCUrNxT\/view?usp=sharing\" target=\"_blank\">\n\t\t\t\t\t\t<span class=\"elementor-button-content-wrapper\">\n\t\t\t\t\t\t<span class=\"elementor-button-icon\">\n\t\t\t\t<i aria-hidden=\"true\" class=\"far fa-arrow-alt-circle-down\"><\/i>\t\t\t<\/span>\n\t\t\t\t\t\t\t\t\t<span class=\"elementor-button-text\">PROGRAMACI\u00d3N<\/span>\n\t\t\t\t\t<\/span>\n\t\t\t\t\t<\/a>\n\t\t\t\t<\/div>\n\t\t\t\t\t\t\t\t<\/div>\n\t\t\t\t<\/div>\n\t\t\t\t\t<\/div>\n\t\t<\/div>\n\t\t\t\t\t<\/div>\n\t\t<\/section>\n\t\t\t\t<section class=\"elementor-section elementor-top-section elementor-element elementor-element-c0eb71d elementor-section-boxed elementor-section-height-default elementor-section-height-default\" data-id=\"c0eb71d\" data-element_type=\"section\">\n\t\t\t\t\t\t<div class=\"elementor-container elementor-column-gap-default\">\n\t\t\t\t\t<div class=\"elementor-column elementor-col-100 elementor-top-column elementor-element elementor-element-3deb64d\" data-id=\"3deb64d\" data-element_type=\"column\">\n\t\t\t<div class=\"elementor-widget-wrap elementor-element-populated\">\n\t\t\t\t\t\t<div class=\"elementor-element elementor-element-69a5ca9 elementor-widget elementor-widget-heading\" data-id=\"69a5ca9\" data-element_type=\"widget\" data-widget_type=\"heading.default\">\n\t\t\t\t<div class=\"elementor-widget-container\">\n\t\t\t\t\t<h2 class=\"elementor-heading-title elementor-size-default\">NOTICIAS<\/h2>\t\t\t\t<\/div>\n\t\t\t\t<\/div>\n\t\t\t\t\t<\/div>\n\t\t<\/div>\n\t\t\t\t\t<\/div>\n\t\t<\/section>\n\t\t\t\t<section class=\"elementor-section elementor-top-section elementor-element elementor-element-1401634 elementor-section-boxed elementor-section-height-default elementor-section-height-default\" data-id=\"1401634\" data-element_type=\"section\" data-settings=\"{&quot;background_background&quot;:&quot;classic&quot;}\">\n\t\t\t\t\t\t<div class=\"elementor-container elementor-column-gap-default\">\n\t\t\t\t\t<div class=\"elementor-column elementor-col-100 elementor-top-column elementor-element elementor-element-0c28a4f\" data-id=\"0c28a4f\" data-element_type=\"column\">\n\t\t\t<div class=\"elementor-widget-wrap elementor-element-populated\">\n\t\t\t\t\t\t<div class=\"elementor-element elementor-element-f2c27fd home__posts elementor-grid-3 elementor-grid-tablet-2 elementor-grid-mobile-1 elementor-posts--thumbnail-top elementor-card-shadow-yes elementor-posts__hover-gradient elementor-widget elementor-widget-posts\" data-id=\"f2c27fd\" data-element_type=\"widget\" data-settings=\"{&quot;pagination_type&quot;:&quot;numbers&quot;,&quot;cards_columns&quot;:&quot;3&quot;,&quot;cards_columns_tablet&quot;:&quot;2&quot;,&quot;cards_columns_mobile&quot;:&quot;1&quot;,&quot;cards_row_gap&quot;:{&quot;unit&quot;:&quot;px&quot;,&quot;size&quot;:35,&quot;sizes&quot;:[]},&quot;cards_row_gap_tablet&quot;:{&quot;unit&quot;:&quot;px&quot;,&quot;size&quot;:&quot;&quot;,&quot;sizes&quot;:[]},&quot;cards_row_gap_mobile&quot;:{&quot;unit&quot;:&quot;px&quot;,&quot;size&quot;:&quot;&quot;,&quot;sizes&quot;:[]}}\" data-widget_type=\"posts.cards\">\n\t\t\t\t<div class=\"elementor-widget-container\">\n\t\t\t\t\t\t\t<div class=\"elementor-posts-container elementor-posts elementor-posts--skin-cards elementor-grid\" role=\"list\">\n\t\t\t\t<article class=\"elementor-post elementor-grid-item post-4551 post type-post status-publish format-standard has-post-thumbnail hentry category-sin-categoria\" role=\"listitem\">\n\t\t\t<div class=\"elementor-post__card\">\n\t\t\t\t<a class=\"elementor-post__thumbnail__link\" href=\"https:\/\/www.filmfest-granada.com\/2023\/el-cine-andaluz-triunfa-en-la-clausura-de-una-exitosa-edicion-del-festival-jovenes-realizadores\/\" tabindex=\"-1\" ><div class=\"elementor-post__thumbnail\"><img fetchpriority=\"high\" decoding=\"async\" width=\"300\" height=\"200\" src=\"https:\/\/www.filmfest-granada.com\/2023\/wp-content\/uploads\/sites\/13\/2023\/10\/DSC9278-copia-300x200.jpeg\" class=\"attachment-medium size-medium wp-image-4556\" alt=\"\" srcset=\"https:\/\/www.filmfest-granada.com\/2023\/wp-content\/uploads\/sites\/13\/2023\/10\/DSC9278-copia-300x200.jpeg 300w, https:\/\/www.filmfest-granada.com\/2023\/wp-content\/uploads\/sites\/13\/2023\/10\/DSC9278-copia-1024x683.jpeg 1024w, https:\/\/www.filmfest-granada.com\/2023\/wp-content\/uploads\/sites\/13\/2023\/10\/DSC9278-copia-768x513.jpeg 768w, https:\/\/www.filmfest-granada.com\/2023\/wp-content\/uploads\/sites\/13\/2023\/10\/DSC9278-copia.jpeg 1500w\" sizes=\"(max-width: 300px) 100vw, 300px\" \/><\/div><\/a>\n\t\t\t\t<div class=\"elementor-post__text\">\n\t\t\t\t<h3 class=\"elementor-post__title\">\n\t\t\t<a href=\"https:\/\/www.filmfest-granada.com\/2023\/el-cine-andaluz-triunfa-en-la-clausura-de-una-exitosa-edicion-del-festival-jovenes-realizadores\/\" >\n\t\t\t\tEl cine andaluz triunfa en la clausura\u00a0de una exitosa edici\u00f3n del Festival\u00a0J\u00f3venes Realizadores\t\t\t<\/a>\n\t\t<\/h3>\n\t\t\t\t<div class=\"elementor-post__excerpt\">\n\t\t\t<p>Lorena \u00c1lvarez\u00a0puso m\u00fasica a una entrega de premios en la que\u00a0Aqueronte, dirigida por el cineasta sevillano Manuel Mu\u00f1oz Rivas, logr\u00f3 el Premio Val del Omar a la mejor pel\u00edcula<\/p>\n\t\t<\/div>\n\t\t\n\t\t<a class=\"elementor-post__read-more\" href=\"https:\/\/www.filmfest-granada.com\/2023\/el-cine-andaluz-triunfa-en-la-clausura-de-una-exitosa-edicion-del-festival-jovenes-realizadores\/\" aria-label=\"M\u00e1s informaci\u00f3n sobre El cine andaluz triunfa en la clausura\u00a0de una exitosa edici\u00f3n del Festival\u00a0J\u00f3venes Realizadores\" tabindex=\"-1\" >\n\t\t\tSeguir leyendo\t\t<\/a>\n\n\t\t\t\t<\/div>\n\t\t\t\t<div class=\"elementor-post__meta-data\">\n\t\t\t\t\t<span class=\"elementor-post-date\">\n\t\t\t30 de octubre de 2023\t\t<\/span>\n\t\t\t\t<\/div>\n\t\t\t\t\t<\/div>\n\t\t<\/article>\n\t\t\t\t<article class=\"elementor-post elementor-grid-item post-4528 post type-post status-publish format-standard has-post-thumbnail hentry category-sin-categoria\" role=\"listitem\">\n\t\t\t<div class=\"elementor-post__card\">\n\t\t\t\t<a class=\"elementor-post__thumbnail__link\" href=\"https:\/\/www.filmfest-granada.com\/2023\/la-directora-de-fotografia-alana-mejia-regresa-a-granada-para-participar-en-el-encuentro-con-realizadoras\/\" tabindex=\"-1\" ><div class=\"elementor-post__thumbnail\"><img decoding=\"async\" width=\"240\" height=\"300\" src=\"https:\/\/www.filmfest-granada.com\/2023\/wp-content\/uploads\/sites\/13\/2023\/10\/87584-240x300.jpg\" class=\"attachment-medium size-medium wp-image-4531\" alt=\"\" srcset=\"https:\/\/www.filmfest-granada.com\/2023\/wp-content\/uploads\/sites\/13\/2023\/10\/87584-240x300.jpg 240w, https:\/\/www.filmfest-granada.com\/2023\/wp-content\/uploads\/sites\/13\/2023\/10\/87584-819x1024.jpg 819w, https:\/\/www.filmfest-granada.com\/2023\/wp-content\/uploads\/sites\/13\/2023\/10\/87584-768x960.jpg 768w, https:\/\/www.filmfest-granada.com\/2023\/wp-content\/uploads\/sites\/13\/2023\/10\/87584-e1698403885406.jpg 500w\" sizes=\"(max-width: 240px) 100vw, 240px\" \/><\/div><\/a>\n\t\t\t\t<div class=\"elementor-post__text\">\n\t\t\t\t<h3 class=\"elementor-post__title\">\n\t\t\t<a href=\"https:\/\/www.filmfest-granada.com\/2023\/la-directora-de-fotografia-alana-mejia-regresa-a-granada-para-participar-en-el-encuentro-con-realizadoras\/\" >\n\t\t\t\tLa directora de fotograf\u00eda Alana Mej\u00eda regresa a Granada para participar en el Encuentro con Realizadoras\t\t\t<\/a>\n\t\t<\/h3>\n\t\t\t\t<div class=\"elementor-post__excerpt\">\n\t\t\t<p>Una de las profesionales m\u00e1s reputadas de la actualidad, compartir\u00e1 su experiencia en los rodajes de Secaderos, Mant\u00edcora y Creatura<\/p>\n\t\t<\/div>\n\t\t\n\t\t<a class=\"elementor-post__read-more\" href=\"https:\/\/www.filmfest-granada.com\/2023\/la-directora-de-fotografia-alana-mejia-regresa-a-granada-para-participar-en-el-encuentro-con-realizadoras\/\" aria-label=\"M\u00e1s informaci\u00f3n sobre La directora de fotograf\u00eda Alana Mej\u00eda regresa a Granada para participar en el Encuentro con Realizadoras\" tabindex=\"-1\" >\n\t\t\tSeguir leyendo\t\t<\/a>\n\n\t\t\t\t<\/div>\n\t\t\t\t<div class=\"elementor-post__meta-data\">\n\t\t\t\t\t<span class=\"elementor-post-date\">\n\t\t\t27 de octubre de 2023\t\t<\/span>\n\t\t\t\t<\/div>\n\t\t\t\t\t<\/div>\n\t\t<\/article>\n\t\t\t\t<article class=\"elementor-post elementor-grid-item post-4502 post type-post status-publish format-standard has-post-thumbnail hentry category-sin-categoria\" role=\"listitem\">\n\t\t\t<div class=\"elementor-post__card\">\n\t\t\t\t<a class=\"elementor-post__thumbnail__link\" href=\"https:\/\/www.filmfest-granada.com\/2023\/arranca-el-festival-jovenes-realizadores-reivindicando-al-cinemista-granadino-jose-val-del-omar\/\" tabindex=\"-1\" ><div class=\"elementor-post__thumbnail\"><img decoding=\"async\" width=\"300\" height=\"200\" src=\"https:\/\/www.filmfest-granada.com\/2023\/wp-content\/uploads\/sites\/13\/2023\/10\/FIJR6979-300x200.jpg\" class=\"attachment-medium size-medium wp-image-4503\" alt=\"\" srcset=\"https:\/\/www.filmfest-granada.com\/2023\/wp-content\/uploads\/sites\/13\/2023\/10\/FIJR6979-300x200.jpg 300w, https:\/\/www.filmfest-granada.com\/2023\/wp-content\/uploads\/sites\/13\/2023\/10\/FIJR6979-1024x683.jpg 1024w, https:\/\/www.filmfest-granada.com\/2023\/wp-content\/uploads\/sites\/13\/2023\/10\/FIJR6979-768x512.jpg 768w, https:\/\/www.filmfest-granada.com\/2023\/wp-content\/uploads\/sites\/13\/2023\/10\/FIJR6979-1536x1024.jpg 1536w, https:\/\/www.filmfest-granada.com\/2023\/wp-content\/uploads\/sites\/13\/2023\/10\/FIJR6979-2048x1365.jpg 2048w, https:\/\/www.filmfest-granada.com\/2023\/wp-content\/uploads\/sites\/13\/2023\/10\/FIJR6979-scaled-e1698080894151.jpg 700w\" sizes=\"(max-width: 300px) 100vw, 300px\" \/><\/div><\/a>\n\t\t\t\t<div class=\"elementor-post__text\">\n\t\t\t\t<h3 class=\"elementor-post__title\">\n\t\t\t<a href=\"https:\/\/www.filmfest-granada.com\/2023\/arranca-el-festival-jovenes-realizadores-reivindicando-al-cinemista-granadino-jose-val-del-omar\/\" >\n\t\t\t\tArranca el Festival J\u00f3venes Realizadores reivindicando al cinemista granadino Jos\u00e9 Val del Omar\t\t\t<\/a>\n\t\t<\/h3>\n\t\t\t\t<div class=\"elementor-post__excerpt\">\n\t\t\t<p>Se estrena en Granada Festival en las entra\u00f1as, del Jos\u00e9 Val del Omar, que hab\u00eda permanecido oculta durante 60 a\u00f1os.<\/p>\n\t\t<\/div>\n\t\t\n\t\t<a class=\"elementor-post__read-more\" href=\"https:\/\/www.filmfest-granada.com\/2023\/arranca-el-festival-jovenes-realizadores-reivindicando-al-cinemista-granadino-jose-val-del-omar\/\" aria-label=\"M\u00e1s informaci\u00f3n sobre Arranca el Festival J\u00f3venes Realizadores reivindicando al cinemista granadino Jos\u00e9 Val del Omar\" tabindex=\"-1\" >\n\t\t\tSeguir leyendo\t\t<\/a>\n\n\t\t\t\t<\/div>\n\t\t\t\t<div class=\"elementor-post__meta-data\">\n\t\t\t\t\t<span class=\"elementor-post-date\">\n\t\t\t23 de octubre de 2023\t\t<\/span>\n\t\t\t\t<\/div>\n\t\t\t\t\t<\/div>\n\t\t<\/article>\n\t\t\t\t<\/div>\n\t\t\n\t\t\t\t<div class=\"e-load-more-anchor\" data-page=\"1\" data-max-page=\"4\" data-next-page=\"https:\/\/www.filmfest-granada.com\/2023\/wp-json\/wp\/v2\/pages\/20\/page\/2\/\"><\/div>\n\t\t\t\t<nav class=\"elementor-pagination\" aria-label=\"Paginaci\u00f3n\">\n\t\t\t<span aria-current=\"page\" class=\"page-numbers current\"><span class=\"elementor-screen-only\">P\u00e1gina<\/span>1<\/span>\n<a class=\"page-numbers\" href=\"https:\/\/www.filmfest-granada.com\/2023\/wp-json\/wp\/v2\/pages\/20\/page\/2\/\"><span class=\"elementor-screen-only\">P\u00e1gina<\/span>2<\/a>\n<a class=\"page-numbers\" href=\"https:\/\/www.filmfest-granada.com\/2023\/wp-json\/wp\/v2\/pages\/20\/page\/3\/\"><span class=\"elementor-screen-only\">P\u00e1gina<\/span>3<\/a>\n<a class=\"page-numbers\" href=\"https:\/\/www.filmfest-granada.com\/2023\/wp-json\/wp\/v2\/pages\/20\/page\/4\/\"><span class=\"elementor-screen-only\">P\u00e1gina<\/span>4<\/a>\t\t<\/nav>\n\t\t\t\t\t\t<\/div>\n\t\t\t\t<\/div>\n\t\t\t\t\t<\/div>\n\t\t<\/div>\n\t\t\t\t\t<\/div>\n\t\t<\/section>\n\t\t\t\t<section class=\"elementor-section elementor-top-section elementor-element elementor-element-8d6b3df elementor-section-boxed elementor-section-height-default elementor-section-height-default\" data-id=\"8d6b3df\" data-element_type=\"section\">\n\t\t\t\t\t\t<div class=\"elementor-container elementor-column-gap-default\">\n\t\t\t\t\t<div class=\"elementor-column elementor-col-100 elementor-top-column elementor-element elementor-element-74c9727\" data-id=\"74c9727\" data-element_type=\"column\">\n\t\t\t<div class=\"elementor-widget-wrap elementor-element-populated\">\n\t\t\t\t\t\t<div class=\"elementor-element elementor-element-a7b548b elementor-widget elementor-widget-heading\" data-id=\"a7b548b\" data-element_type=\"widget\" data-widget_type=\"heading.default\">\n\t\t\t\t<div class=\"elementor-widget-container\">\n\t\t\t\t\t<h2 class=\"elementor-heading-title elementor-size-default\">EDICI\u00d3N ANTERIOR<\/h2>\t\t\t\t<\/div>\n\t\t\t\t<\/div>\n\t\t\t\t\t<\/div>\n\t\t<\/div>\n\t\t\t\t\t<\/div>\n\t\t<\/section>\n\t\t\t\t<section class=\"elementor-section elementor-top-section elementor-element elementor-element-8d8fb64 elementor-section-boxed elementor-section-height-default elementor-section-height-default\" data-id=\"8d8fb64\" data-element_type=\"section\">\n\t\t\t\t\t\t<div class=\"elementor-container elementor-column-gap-default\">\n\t\t\t\t\t<div class=\"elementor-column elementor-col-100 elementor-top-column elementor-element elementor-element-3972b86\" data-id=\"3972b86\" data-element_type=\"column\">\n\t\t\t<div class=\"elementor-widget-wrap elementor-element-populated\">\n\t\t\t\t\t\t<div class=\"elementor-element elementor-element-2e3a133 elementor-widget elementor-widget-wp-widget-custom_html\" data-id=\"2e3a133\" data-element_type=\"widget\" data-widget_type=\"wp-widget-custom_html.default\">\n\t\t\t\t<div class=\"elementor-widget-container\">\n\t\t\t\t\t<div class=\"textwidget custom-html-widget\"><div class=\"elementor-element elementor-element-f2c27fd home__posts elementor-grid-3 elementor-grid-tablet-2 elementor-grid-mobile-1 elementor-posts--thumbnail-top elementor-card-shadow-yes elementor-posts__hover-gradient elementor-widget elementor-widget-posts\" data-id=\"f2c27fd\" data-element_type=\"widget\" data-settings=\"{&quot;pagination_type&quot;:&quot;numbers&quot;,&quot;cards_columns&quot;:&quot;3&quot;,&quot;cards_columns_tablet&quot;:&quot;2&quot;,&quot;cards_columns_mobile&quot;:&quot;1&quot;,&quot;cards_row_gap&quot;:{&quot;unit&quot;:&quot;px&quot;,&quot;size&quot;:35,&quot;sizes&quot;:[]},&quot;cards_row_gap_tablet&quot;:{&quot;unit&quot;:&quot;px&quot;,&quot;size&quot;:&quot;&quot;,&quot;sizes&quot;:[]},&quot;cards_row_gap_mobile&quot;:{&quot;unit&quot;:&quot;px&quot;,&quot;size&quot;:&quot;&quot;,&quot;sizes&quot;:[]}}\" data-widget_type=\"posts.cards\">\r\n\t<div class=\"elementor-widget-container\">\r\n\t\t\t\t\r\n\t\t<div class=\"elementor-posts-container elementor-posts elementor-posts--skin-cards elementor-grid elementor-has-item-ratio\">\r\n\t\t\t<article class=\"elementor-post elementor-grid-item post-2244 post type-post status-publish format-standard has-post-thumbnail hentry category-sin-categoria\">\r\n\t\t\t\t<div class=\"elementor-post__card\">\r\n\t\t\t\t\t<a class=\"elementor-post__thumbnail__link\" href=\"https:\/\/www.filmfest-granada.com\/2022\/secaderos-de-rocio-mesa-inaugurara-el-festival\/\"><div class=\"elementor-post__thumbnail\"><img loading=\"lazy\" decoding=\"async\" width=\"300\" height=\"200\" src=\"https:\/\/www.filmfest-granada.com\/2022\/wp-content\/uploads\/sites\/11\/2022\/10\/RUEDA-DE-PRENSA-300x200.jpeg\" class=\"attachment-medium size-medium wp-image-2245\" alt=\"RUEDA DE PRENSA 28 FESTIVAL J\u00d3VENES REALIZADORES\" loading=\"lazy\" srcset=\"https:\/\/www.filmfest-granada.com\/2023\/wp-content\/uploads\/sites\/13\/2022\/10\/RUEDA-DE-PRENSA-300x200.jpeg 300w, https:\/\/www.filmfest-granada.com\/2023\/wp-content\/uploads\/sites\/13\/2022\/10\/RUEDA-DE-PRENSA-1024x683.jpeg 1024w, https:\/\/www.filmfest-granada.com\/2023\/wp-content\/uploads\/sites\/13\/2022\/10\/RUEDA-DE-PRENSA-768x512.jpeg 768w, https:\/\/www.filmfest-granada.com\/2023\/wp-content\/uploads\/sites\/13\/2022\/10\/RUEDA-DE-PRENSA.jpeg 1200w\" sizes=\"auto, (max-width: 300px) 100vw, 300px\" \/><\/div><\/a>\r\n\t\t\t\t\t<div class=\"elementor-post__text\">\r\n\t\t\t\t\t<h3 class=\"elementor-post__title\">\r\n\t\t\t\t\t<a href=\"https:\/\/www.filmfest-granada.com\/2022\/secaderos-de-rocio-mesa-inaugurara-el-festival\/\">\r\n\t\t\t\t\tSecaderos de Roc\u00edo Mesa inaugurar\u00e1 el Festival J\u00f3venes Realizadores\t\t\t<\/a>\r\n\t\t\t\t\t<\/h3>\r\n\t\t\t\t\t<div class=\"elementor-post__excerpt\">\r\n\t\t\t\t\t<p>El pop psicod\u00e9lico de Unidad y Armon\u00eda dar\u00e1 color a la inauguraci\u00f3n, en la que se estrenar\u00e1 en Granada la pel\u00edcula dirigida por Roc\u00edo Mesa tras su premiere mundial en el Festival de San Sebasti\u00e1n.<\/p>\r\n\t\t\t\t\t<\/div>\r\n\r\n\t\t\t\t\t<a class=\"elementor-post__read-more\" href=\"https:\/\/www.filmfest-granada.com\/2022\/secaderos-de-rocio-mesa-inaugurara-el-festival\/\" aria-label=\"Read more about Secaderos de Roc\u00edo Mesa inaugurar\u00e1 el Festival J\u00f3venes Realizadores\">\r\n\t\t\t\t\tSeguir leyendo\t\t<\/a>\r\n\r\n\t\t\t\t\t<\/div>\r\n\t\t\t\t\t<div class=\"elementor-post__meta-data\">\r\n\t\t\t\t\t<span class=\"elementor-post-date\">\r\n\t\t\t\t\t5 de octubre de 2022\t\t<\/span>\r\n\t\t\t\t\t<\/div>\r\n\t\t\t\t<\/div>\r\n\t\t\t<\/article>\r\n\t\t\t\t<article class=\"elementor-post elementor-grid-item post-2096 post type-post status-publish format-standard has-post-thumbnail hentry category-sin-categoria\">\r\n\t\t\t<div class=\"elementor-post__card\">\r\n\t\t\t\t<a class=\"elementor-post__thumbnail__link\" href=\"https:\/\/www.filmfest-granada.com\/2022\/carla-simon-ana-pfaff-y-meritxell-colell-protagonistas-del-encuentro-con-realizadoras\/\"><div class=\"elementor-post__thumbnail elementor-fit-height\"><img loading=\"lazy\" decoding=\"async\" width=\"300\" height=\"197\" src=\"https:\/\/www.filmfest-granada.com\/2022\/wp-content\/uploads\/sites\/11\/2022\/09\/collage2-300x197.png\" class=\"attachment-medium size-medium wp-image-2099\" alt=\"Encuentro con Realizadoras 2022\" loading=\"lazy\" srcset=\"https:\/\/www.filmfest-granada.com\/2023\/wp-content\/uploads\/sites\/13\/2022\/09\/collage2-300x197.png 300w, https:\/\/www.filmfest-granada.com\/2023\/wp-content\/uploads\/sites\/13\/2022\/09\/collage2-1024x673.png 1024w, https:\/\/www.filmfest-granada.com\/2023\/wp-content\/uploads\/sites\/13\/2022\/09\/collage2-768x505.png 768w, https:\/\/www.filmfest-granada.com\/2023\/wp-content\/uploads\/sites\/13\/2022\/09\/collage2.png 1200w\" sizes=\"auto, (max-width: 300px) 100vw, 300px\" \/><\/div><\/a>\r\n\t\t\t\t<div class=\"elementor-post__text\">\r\n\t\t\t\t<h3 class=\"elementor-post__title\">\r\n\t\t\t<a href=\"https:\/\/www.filmfest-granada.com\/2022\/carla-simon-ana-pfaff-y-meritxell-colell-protagonistas-del-encuentro-con-realizadoras\/\">\r\n\t\t\t\tCarla Sim\u00f3n, Ana Pfaff y Meritxell Colell protagonistas del Encuentro con Realizadoras\t\t\t<\/a>\r\n\t\t<\/h3>\r\n\t\t\t\t<div class=\"elementor-post__excerpt\">\r\n\t\t\t<p>El s\u00e1bado 29 de octubre compartir\u00e1n sus procesos creativos en el Palacio Condes de Gabia. Durante el mes de octubre un foco dedicado a la montadora Ana Pfaff recuperar\u00e1 sus \u00faltimas pel\u00edculas.<\/p>\r\n\t\t<\/div>\r\n\t\t\r\n\t\t<a class=\"elementor-post__read-more\" href=\"https:\/\/www.filmfest-granada.com\/2022\/carla-simon-ana-pfaff-y-meritxell-colell-protagonistas-del-encuentro-con-realizadoras\/\" aria-label=\"Read more about Carla Sim\u00f3n, Ana Pfaff y Meritxell Colell protagonistas del Encuentro con Realizadoras\">\r\n\t\t\tSeguir leyendo\t\t<\/a>\r\n\r\n\t\t\t\t<\/div>\r\n\t\t\t\t<div class=\"elementor-post__meta-data\">\r\n\t\t\t\t\t<span class=\"elementor-post-date\">\r\n\t\t\t27 de septiembre de 2022\t\t<\/span>\r\n\t\t\t\t<\/div>\r\n\t\t\t\t\t<\/div>\r\n\t\t<\/article>\r\n\t\t\t\t<article class=\"elementor-post elementor-grid-item post-1897 post type-post status-publish format-standard has-post-thumbnail hentry category-sin-categoria\">\r\n\t\t\t<div class=\"elementor-post__card\">\r\n\t\t\t\t<a class=\"elementor-post__thumbnail__link\" href=\"https:\/\/www.filmfest-granada.com\/2022\/lagartija-nick-y-su-homenaje-a-la-generacion-del-27-primer-adelanto-de-la-programacion\/\"><div class=\"elementor-post__thumbnail\"><img loading=\"lazy\" decoding=\"async\" width=\"300\" height=\"200\" src=\"https:\/\/www.filmfest-granada.com\/2022\/wp-content\/uploads\/sites\/11\/2022\/09\/LAGARTIJA-NICK_8159-copia-300x200.jpg\" class=\"attachment-medium size-medium wp-image-1898\" alt=\"\" loading=\"lazy\" srcset=\"https:\/\/www.filmfest-granada.com\/2023\/wp-content\/uploads\/sites\/13\/2022\/09\/LAGARTIJA-NICK_8159-copia-300x200.jpg 300w, https:\/\/www.filmfest-granada.com\/2023\/wp-content\/uploads\/sites\/13\/2022\/09\/LAGARTIJA-NICK_8159-copia-1024x683.jpg 1024w, https:\/\/www.filmfest-granada.com\/2023\/wp-content\/uploads\/sites\/13\/2022\/09\/LAGARTIJA-NICK_8159-copia-768x513.jpg 768w, https:\/\/www.filmfest-granada.com\/2023\/wp-content\/uploads\/sites\/13\/2022\/09\/LAGARTIJA-NICK_8159-copia.jpg 1500w\" sizes=\"auto, (max-width: 300px) 100vw, 300px\" \/><\/div><\/a>\r\n\t\t\t\t<div class=\"elementor-post__text\">\r\n\t\t\t\t<h3 class=\"elementor-post__title\">\r\n\t\t\t<a href=\"https:\/\/www.filmfest-granada.com\/2022\/lagartija-nick-y-su-homenaje-a-la-generacion-del-27-primer-adelanto-de-la-programacion\/\">\r\n\t\t\t\tLagartija Nick y su homenaje a la Generaci\u00f3n del 27 primer adelanto de programaci\u00f3n\t\t\t<\/a>\r\n\t\t<\/h3>\r\n\t\t\t\t<div class=\"elementor-post__excerpt\">\r\n\t\t\t<p>La banda granadina presentar\u00e1 un espect\u00e1culo audiovisual in\u00e9dito en Granada, realizado con fragmentos de pel\u00edculas de Luis Bu\u00f1uel y Jos\u00e9 Val del Omar<\/p>\r\n\t\t<\/div>\r\n\t\t\r\n\t\t<a class=\"elementor-post__read-more\" href=\"https:\/\/www.filmfest-granada.com\/2022\/lagartija-nick-y-su-homenaje-a-la-generacion-del-27-primer-adelanto-de-la-programacion\/\" aria-label=\"Read more about Lagartija Nick y su homenaje a la Generaci\u00f3n del 27 primer adelanto de programaci\u00f3n\">\r\n\t\t\tSeguir leyendo\t\t<\/a>\r\n\r\n\t\t\t\t<\/div>\r\n\t\t\t\t<div class=\"elementor-post__meta-data\">\r\n\t\t\t\t\t<span class=\"elementor-post-date\">\r\n\t\t\t9 de septiembre de 2022\t\t<\/span>\r\n\t\t\t\t<\/div>\r\n\t\t\t\t\t<\/div>\r\n\t\t<\/article>\r\n\t<\/div>\r\n\t\t\r\n\t<\/div>\r\n<\/div><\/div>\t\t\t\t<\/div>\n\t\t\t\t<\/div>\n\t\t\t\t\t<\/div>\n\t\t<\/div>\n\t\t\t\t\t<\/div>\n\t\t<\/section>\n\t\t\t\t<section class=\"elementor-section elementor-top-section elementor-element elementor-element-83886c0 home__after-movie elementor-section-boxed elementor-section-height-default elementor-section-height-default\" data-id=\"83886c0\" data-element_type=\"section\" data-settings=\"{&quot;background_background&quot;:&quot;classic&quot;}\">\n\t\t\t\t\t\t<div class=\"elementor-container elementor-column-gap-no\">\n\t\t\t\t\t<div class=\"elementor-column elementor-col-100 elementor-top-column elementor-element elementor-element-8aa16ed\" data-id=\"8aa16ed\" data-element_type=\"column\" data-settings=\"{&quot;background_background&quot;:&quot;classic&quot;}\">\n\t\t\t<div class=\"elementor-widget-wrap elementor-element-populated\">\n\t\t\t\t\t\t<div class=\"elementor-element elementor-element-821b2f1 elementor-widget elementor-widget-video\" data-id=\"821b2f1\" data-element_type=\"widget\" data-settings=\"{&quot;youtube_url&quot;:&quot;https:\\\/\\\/youtu.be\\\/hZ4KCCookLI&quot;,&quot;loop&quot;:&quot;yes&quot;,&quot;video_type&quot;:&quot;youtube&quot;,&quot;controls&quot;:&quot;yes&quot;}\" data-widget_type=\"video.default\">\n\t\t\t\t<div class=\"elementor-widget-container\">\n\t\t\t\t\t\t\t<div class=\"elementor-wrapper elementor-open-inline\">\n\t\t\t<div class=\"elementor-video\"><\/div>\t\t<\/div>\n\t\t\t\t\t\t<\/div>\n\t\t\t\t<\/div>\n\t\t\t\t\t<\/div>\n\t\t<\/div>\n\t\t\t\t\t<\/div>\n\t\t<\/section>\n\t\t\t\t<section class=\"elementor-section elementor-top-section elementor-element elementor-element-5a32ebb elementor-section-full_width elementor-section-height-default elementor-section-height-default\" data-id=\"5a32ebb\" data-element_type=\"section\" data-settings=\"{&quot;background_background&quot;:&quot;classic&quot;}\">\n\t\t\t\t\t\t<div class=\"elementor-container elementor-column-gap-default\">\n\t\t\t\t\t<div class=\"elementor-column elementor-col-100 elementor-top-column elementor-element elementor-element-27beebd\" data-id=\"27beebd\" data-element_type=\"column\">\n\t\t\t<div class=\"elementor-widget-wrap elementor-element-populated\">\n\t\t\t\t\t\t<div class=\"elementor-element elementor-element-fa36013 elementor-widget elementor-widget-heading\" data-id=\"fa36013\" data-element_type=\"widget\" data-widget_type=\"heading.default\">\n\t\t\t\t<div class=\"elementor-widget-container\">\n\t\t\t\t\t<h2 class=\"elementor-heading-title elementor-size-default\">ORGANIZA<\/h2>\t\t\t\t<\/div>\n\t\t\t\t<\/div>\n\t\t\t\t<div class=\"elementor-element elementor-element-f69af0a elementor-widget elementor-widget-image\" data-id=\"f69af0a\" data-element_type=\"widget\" data-widget_type=\"image.default\">\n\t\t\t\t<div class=\"elementor-widget-container\">\n\t\t\t\t\t\t\t\t\t\t\t\t\t\t\t<img loading=\"lazy\" decoding=\"async\" width=\"660\" height=\"91\" src=\"https:\/\/www.filmfest-granada.com\/2023\/wp-content\/uploads\/sites\/13\/2023\/10\/org-descop.svg\" class=\"attachment-medium_large size-medium_large wp-image-3763\" alt=\"\" \/>\t\t\t\t\t\t\t\t\t\t\t\t\t\t\t<\/div>\n\t\t\t\t<\/div>\n\t\t\t\t<div class=\"elementor-element elementor-element-2f264ce elementor-hidden-desktop elementor-hidden-tablet elementor-hidden-mobile elementor-widget elementor-widget-image\" data-id=\"2f264ce\" data-element_type=\"widget\" data-widget_type=\"image.default\">\n\t\t\t\t<div class=\"elementor-widget-container\">\n\t\t\t\t\t\t\t\t\t\t\t\t\t\t\t<img loading=\"lazy\" decoding=\"async\" width=\"169\" height=\"422\" src=\"https:\/\/www.filmfest-granada.com\/2023\/wp-content\/uploads\/sites\/13\/2023\/10\/org-mobile.svg\" class=\"attachment-medium_large size-medium_large wp-image-3765\" alt=\"\" \/>\t\t\t\t\t\t\t\t\t\t\t\t\t\t\t<\/div>\n\t\t\t\t<\/div>\n\t\t\t\t<div class=\"elementor-element elementor-element-7100e8c elementor-widget elementor-widget-heading\" data-id=\"7100e8c\" data-element_type=\"widget\" data-widget_type=\"heading.default\">\n\t\t\t\t<div class=\"elementor-widget-container\">\n\t\t\t\t\t<h2 class=\"elementor-heading-title elementor-size-default\">COLABORA<\/h2>\t\t\t\t<\/div>\n\t\t\t\t<\/div>\n\t\t\t\t<div class=\"elementor-element elementor-element-48d75dd elementor-hidden-mobile elementor-widget elementor-widget-image\" data-id=\"48d75dd\" data-element_type=\"widget\" data-widget_type=\"image.default\">\n\t\t\t\t<div class=\"elementor-widget-container\">\n\t\t\t\t\t\t\t\t\t\t\t\t\t\t\t<img loading=\"lazy\" decoding=\"async\" width=\"945\" height=\"123\" src=\"https:\/\/www.filmfest-granada.com\/2023\/wp-content\/uploads\/sites\/13\/2023\/10\/colab-descop.svg\" class=\"attachment-full size-full wp-image-3762\" alt=\"\" \/>\t\t\t\t\t\t\t\t\t\t\t\t\t\t\t<\/div>\n\t\t\t\t<\/div>\n\t\t\t\t<div class=\"elementor-element elementor-element-c3e8130 elementor-hidden-desktop elementor-hidden-tablet elementor-widget elementor-widget-image\" data-id=\"c3e8130\" data-element_type=\"widget\" data-widget_type=\"image.default\">\n\t\t\t\t<div class=\"elementor-widget-container\">\n\t\t\t\t\t\t\t\t\t\t\t\t\t\t\t<img loading=\"lazy\" decoding=\"async\" width=\"395\" height=\"322\" src=\"https:\/\/www.filmfest-granada.com\/2023\/wp-content\/uploads\/sites\/13\/2023\/10\/colab-mobile.svg\" class=\"attachment-full size-full wp-image-3761\" alt=\"\" \/>\t\t\t\t\t\t\t\t\t\t\t\t\t\t\t<\/div>\n\t\t\t\t<\/div>\n\t\t\t\t\t<\/div>\n\t\t<\/div>\n\t\t\t\t\t<\/div>\n\t\t<\/section>\n\t\t\t\t<\/div>\n\t\t","protected":false},"excerpt":{"rendered":"<p>ABONOS Y ENTRADAS INAUGURACI\u00d3N Festival en las entra\u00f1as de Jos\u00e9 Val del Omar LA IMPORTANCIA DE LLAMARSE ERNESTO y la gilipollez de llamarse Eric Here de Bas Devos NO SIGNAL BROMO A\/V LIVE ORLANDO,MI BIOGRAF\u00cdA POL\u00cdTICA de Paul B. Preciado AKIRA 35 aniversario LITTLE SPAIN Conversaci\u00f3n con Cris Trenas, Rogelio Gonz\u00e1lez y Santos Bacana ROMANCERO &#8230; <a title=\"Arranca el Festival J\u00f3venes Realizadores reivindicando al cinemista granadino Jos\u00e9 Val del Omar\" class=\"read-more\" href=\"https:\/\/www.filmfest-granada.com\/2023\/arranca-el-festival-jovenes-realizadores-reivindicando-al-cinemista-granadino-jose-val-del-omar\/\" aria-label=\"Leer m\u00e1s sobre Arranca el Festival J\u00f3venes Realizadores reivindicando al cinemista granadino Jos\u00e9 Val del Omar\">Leer m\u00e1s<\/a><\/p>\n","protected":false},"author":1167,"featured_media":0,"parent":0,"menu_order":0,"comment_status":"closed","ping_status":"closed","template":"elementor_header_footer","meta":{"_monsterinsights_skip_tracking":false,"_monsterinsights_sitenote_active":false,"_monsterinsights_sitenote_note":"","_monsterinsights_sitenote_category":0,"footnotes":""},"class_list":["post-20","page","type-page","status-publish","hentry"],"aioseo_notices":[],"_links":{"self":[{"href":"https:\/\/www.filmfest-granada.com\/2023\/wp-json\/wp\/v2\/pages\/20","targetHints":{"allow":["GET"]}}],"collection":[{"href":"https:\/\/www.filmfest-granada.com\/2023\/wp-json\/wp\/v2\/pages"}],"about":[{"href":"https:\/\/www.filmfest-granada.com\/2023\/wp-json\/wp\/v2\/types\/page"}],"author":[{"embeddable":true,"href":"https:\/\/www.filmfest-granada.com\/2023\/wp-json\/wp\/v2\/users\/1167"}],"replies":[{"embeddable":true,"href":"https:\/\/www.filmfest-granada.com\/2023\/wp-json\/wp\/v2\/comments?post=20"}],"version-history":[{"count":776,"href":"https:\/\/www.filmfest-granada.com\/2023\/wp-json\/wp\/v2\/pages\/20\/revisions"}],"predecessor-version":[{"id":4541,"href":"https:\/\/www.filmfest-granada.com\/2023\/wp-json\/wp\/v2\/pages\/20\/revisions\/4541"}],"wp:attachment":[{"href":"https:\/\/www.filmfest-granada.com\/2023\/wp-json\/wp\/v2\/media?parent=20"}],"curies":[{"name":"wp","href":"https:\/\/api.w.org\/{rel}","templated":true}]}}