{"id":2848,"date":"2022-10-20T18:01:04","date_gmt":"2022-10-20T16:01:04","guid":{"rendered":"https:\/\/www.filmfest-granada.com\/2023\/?page_id=2848"},"modified":"2023-10-19T19:57:23","modified_gmt":"2023-10-19T17:57:23","slug":"miercoles-25-10-2023","status":"publish","type":"page","link":"https:\/\/www.filmfest-granada.com\/2023\/miercoles-25-10-2023\/","title":{"rendered":"Mi\u00e9rcoles 25"},"content":{"rendered":"\t\t<div data-elementor-type=\"wp-page\" data-elementor-id=\"2848\" class=\"elementor elementor-2848\" data-elementor-post-type=\"page\">\n\t\t\t\t\t\t<section class=\"elementor-section elementor-top-section elementor-element elementor-element-dea2ed1 elementor-section-boxed elementor-section-height-default elementor-section-height-default\" data-id=\"dea2ed1\" data-element_type=\"section\">\n\t\t\t\t\t\t<div class=\"elementor-container elementor-column-gap-default\">\n\t\t\t\t\t<div class=\"elementor-column elementor-col-100 elementor-top-column elementor-element elementor-element-26042ae\" data-id=\"26042ae\" data-element_type=\"column\">\n\t\t\t<div class=\"elementor-widget-wrap elementor-element-populated\">\n\t\t\t\t\t\t<div class=\"elementor-element elementor-element-b4915d6 elementor-widget elementor-widget-heading\" data-id=\"b4915d6\" data-element_type=\"widget\" data-widget_type=\"heading.default\">\n\t\t\t\t<div class=\"elementor-widget-container\">\n\t\t\t\t\t<h1 class=\"elementor-heading-title elementor-size-xl\">MI\u00c9RCOLES 25 DE OCTUBRE<\/h1>\t\t\t\t<\/div>\n\t\t\t\t<\/div>\n\t\t\t\t\t<\/div>\n\t\t<\/div>\n\t\t\t\t\t<\/div>\n\t\t<\/section>\n\t\t\t\t<section class=\"elementor-section elementor-top-section elementor-element elementor-element-4ab0541 elementor-section-boxed elementor-section-height-default elementor-section-height-default\" data-id=\"4ab0541\" data-element_type=\"section\">\n\t\t\t\t\t\t<div class=\"elementor-container elementor-column-gap-default\">\n\t\t\t\t\t<div class=\"elementor-column elementor-col-100 elementor-top-column elementor-element elementor-element-fffd6c8\" data-id=\"fffd6c8\" data-element_type=\"column\">\n\t\t\t<div class=\"elementor-widget-wrap elementor-element-populated\">\n\t\t\t\t\t\t<div class=\"elementor-element elementor-element-63274da elementor-widget elementor-widget-heading\" data-id=\"63274da\" data-element_type=\"widget\" data-widget_type=\"heading.default\">\n\t\t\t\t<div class=\"elementor-widget-container\">\n\t\t\t\t\t<p class=\"elementor-heading-title elementor-size-default\">MASTERCLASS de guion con Fernando Navarro y Rafael Cobos\u200b<\/p>\t\t\t\t<\/div>\n\t\t\t\t<\/div>\n\t\t\t\t\t<\/div>\n\t\t<\/div>\n\t\t\t\t\t<\/div>\n\t\t<\/section>\n\t\t\t\t<section class=\"elementor-section elementor-top-section elementor-element elementor-element-b7234c0 elementor-section-boxed elementor-section-height-default elementor-section-height-default\" data-id=\"b7234c0\" data-element_type=\"section\">\n\t\t\t\t\t\t<div class=\"elementor-container elementor-column-gap-default\">\n\t\t\t\t\t<div class=\"elementor-column elementor-col-100 elementor-top-column elementor-element elementor-element-9f702ff\" data-id=\"9f702ff\" data-element_type=\"column\">\n\t\t\t<div class=\"elementor-widget-wrap elementor-element-populated\">\n\t\t\t\t\t\t<div class=\"elementor-element elementor-element-d4ad87f elementor-widget elementor-widget-heading\" data-id=\"d4ad87f\" data-element_type=\"widget\" data-widget_type=\"heading.default\">\n\t\t\t\t<div class=\"elementor-widget-container\">\n\t\t\t\t\t<h3 class=\"elementor-heading-title elementor-size-large\">MI\u00c9RCOLES 25 - 12:30<\/h3>\t\t\t\t<\/div>\n\t\t\t\t<\/div>\n\t\t\t\t<div class=\"elementor-element elementor-element-e2eca15 elementor-widget elementor-widget-heading\" data-id=\"e2eca15\" data-element_type=\"widget\" data-widget_type=\"heading.default\">\n\t\t\t\t<div class=\"elementor-widget-container\">\n\t\t\t\t\t<h3 class=\"elementor-heading-title elementor-size-large\">FACULTAD DE COMUNICACI\u00d3N Y DOCUMENTACI\u00d3N<\/h3>\t\t\t\t<\/div>\n\t\t\t\t<\/div>\n\t\t\t\t\t<\/div>\n\t\t<\/div>\n\t\t\t\t\t<\/div>\n\t\t<\/section>\n\t\t\t\t<section class=\"elementor-section elementor-top-section elementor-element elementor-element-fc13c9a elementor-section-boxed elementor-section-height-default elementor-section-height-default\" data-id=\"fc13c9a\" data-element_type=\"section\">\n\t\t\t\t\t\t<div class=\"elementor-container elementor-column-gap-default\">\n\t\t\t\t\t<div class=\"elementor-column elementor-col-50 elementor-top-column elementor-element elementor-element-e691e7a\" data-id=\"e691e7a\" data-element_type=\"column\">\n\t\t\t<div class=\"elementor-widget-wrap elementor-element-populated\">\n\t\t\t\t\t\t<div class=\"elementor-element elementor-element-139fca1 mini-slider elementor--h-position-center elementor--v-position-middle elementor-widget elementor-widget-slides\" data-id=\"139fca1\" data-element_type=\"widget\" data-settings=\"{&quot;navigation&quot;:&quot;none&quot;,&quot;autoplay&quot;:&quot;yes&quot;,&quot;autoplay_speed&quot;:5000,&quot;infinite&quot;:&quot;yes&quot;,&quot;transition&quot;:&quot;slide&quot;,&quot;transition_speed&quot;:500}\" data-widget_type=\"slides.default\">\n\t\t\t\t<div class=\"elementor-widget-container\">\n\t\t\t\t\t\t\t\t\t<div class=\"elementor-swiper\">\n\t\t\t\t\t<div class=\"elementor-slides-wrapper elementor-main-swiper swiper\" role=\"region\" aria-roledescription=\"carousel\" aria-label=\"Diapositivas\" dir=\"ltr\" data-animation=\"fadeInUp\">\n\t\t\t\t<div class=\"swiper-wrapper elementor-slides\">\n\t\t\t\t\t\t\t\t\t\t<div class=\"elementor-repeater-item-3d86ba0 swiper-slide\" role=\"group\" aria-roledescription=\"slide\"><div class=\"swiper-slide-bg\" role=\"img\" aria-label=\"FERNANDO NAVARRO\"><\/div><div class=\"swiper-slide-inner\" ><div class=\"swiper-slide-contents\"><\/div><\/div><\/div><div class=\"elementor-repeater-item-f79c3af swiper-slide\" role=\"group\" aria-roledescription=\"slide\"><div class=\"swiper-slide-bg\" role=\"img\" aria-label=\"RAFAEL COBOS\"><\/div><div class=\"swiper-slide-inner\" ><div class=\"swiper-slide-contents\"><\/div><\/div><\/div>\t\t\t\t<\/div>\n\t\t\t\t\t\t\t\t\t\t\t\t\t\t\t\t\t\t\t\t\t<\/div>\n\t\t\t\t<\/div>\n\t\t\t\t\t\t\t\t<\/div>\n\t\t\t\t<\/div>\n\t\t\t\t\t<\/div>\n\t\t<\/div>\n\t\t\t\t<div class=\"elementor-column elementor-col-50 elementor-top-column elementor-element elementor-element-005ee7e\" data-id=\"005ee7e\" data-element_type=\"column\">\n\t\t\t<div class=\"elementor-widget-wrap elementor-element-populated\">\n\t\t\t\t\t\t<div class=\"elementor-element elementor-element-bcffa75 elementor-widget elementor-widget-heading\" data-id=\"bcffa75\" data-element_type=\"widget\" data-widget_type=\"heading.default\">\n\t\t\t\t<div class=\"elementor-widget-container\">\n\t\t\t\t\t<h2 class=\"elementor-heading-title elementor-size-medium\">FERNANDO NAVARRO<\/h2>\t\t\t\t<\/div>\n\t\t\t\t<\/div>\n\t\t\t\t<div class=\"elementor-element elementor-element-0d1d6b6 elementor-widget elementor-widget-heading\" data-id=\"0d1d6b6\" data-element_type=\"widget\" data-widget_type=\"heading.default\">\n\t\t\t\t<div class=\"elementor-widget-container\">\n\t\t\t\t\t<p class=\"elementor-heading-title elementor-size-default\">Como guionista ha colaborado con cineastas como \u00c1lex de la Iglesia, Rodrigo Cort\u00e9s, Paco Plaza o Jaume Balaguer\u00f3. Ha sido dos veces nominado a los Premios Goya, en las categor\u00edas de Mejor Guion Original y Mejor Guion Adaptado. Entre su filmograf\u00eda destacan <i>Toro<\/i>, <i>Ver\u00f3nica<\/i> o <i>Venus<\/i>. Su \u00faltimo guion hasta la fecha es el de la serie de Prime Video <i>Romancero<\/i>, de la que ha sido showrunner.<\/p>\t\t\t\t<\/div>\n\t\t\t\t<\/div>\n\t\t\t\t<div class=\"elementor-element elementor-element-f6707c8 elementor-widget elementor-widget-heading\" data-id=\"f6707c8\" data-element_type=\"widget\" data-widget_type=\"heading.default\">\n\t\t\t\t<div class=\"elementor-widget-container\">\n\t\t\t\t\t<h2 class=\"elementor-heading-title elementor-size-medium\">RAFAEL COBOS<\/h2>\t\t\t\t<\/div>\n\t\t\t\t<\/div>\n\t\t\t\t<div class=\"elementor-element elementor-element-1abb61c elementor-widget elementor-widget-heading\" data-id=\"1abb61c\" data-element_type=\"widget\" data-widget_type=\"heading.default\">\n\t\t\t\t<div class=\"elementor-widget-container\">\n\t\t\t\t\t<p class=\"elementor-heading-title elementor-size-default\">Guionista habitual de Alberto Rodr\u00edguez, en 2015 obtuvo el Premio Goya a mejor Gui\u00f3n Original por <i>La isla m\u00ednima<\/i> y en 2016 el Goya a mejor Gui\u00f3n Adaptado por <i>El hombre de las mil caras<\/i>. Tambi\u00e9n coescribi\u00f3 el guion de <i>Toro<\/i> junto a Fernando Navarro. En televisi\u00f3n ha escrito la serie L<i>a peste<\/i>, para Movistar, siendo director creativo en su segunda temporada. Y ha sido creador, director y showrunner de la serie <i>El hijo zurdo<\/i>.\n<\/p>\t\t\t\t<\/div>\n\t\t\t\t<\/div>\n\t\t\t\t\t<\/div>\n\t\t<\/div>\n\t\t\t\t\t<\/div>\n\t\t<\/section>\n\t\t\t\t<section class=\"elementor-section elementor-top-section elementor-element elementor-element-ce9c574 elementor-section-boxed elementor-section-height-default elementor-section-height-default\" data-id=\"ce9c574\" data-element_type=\"section\">\n\t\t\t\t\t\t<div class=\"elementor-container elementor-column-gap-default\">\n\t\t\t\t\t<div class=\"elementor-column elementor-col-100 elementor-top-column elementor-element elementor-element-ad74e00\" data-id=\"ad74e00\" data-element_type=\"column\">\n\t\t\t<div class=\"elementor-widget-wrap elementor-element-populated\">\n\t\t\t\t\t\t<div class=\"elementor-element elementor-element-775bb39 elementor-widget elementor-widget-heading\" data-id=\"775bb39\" data-element_type=\"widget\" data-widget_type=\"heading.default\">\n\t\t\t\t<div class=\"elementor-widget-container\">\n\t\t\t\t\t<div class=\"elementor-heading-title elementor-size-default\"><b>Entrada libre hasta completar aforo<\/b><\/div>\t\t\t\t<\/div>\n\t\t\t\t<\/div>\n\t\t\t\t\t<\/div>\n\t\t<\/div>\n\t\t\t\t\t<\/div>\n\t\t<\/section>\n\t\t\t\t<section class=\"elementor-section elementor-top-section elementor-element elementor-element-3b5258c elementor-section-boxed elementor-section-height-default elementor-section-height-default\" data-id=\"3b5258c\" data-element_type=\"section\">\n\t\t\t\t\t\t<div class=\"elementor-container elementor-column-gap-default\">\n\t\t\t\t\t<div class=\"elementor-column elementor-col-100 elementor-top-column elementor-element elementor-element-fa9b83b\" data-id=\"fa9b83b\" data-element_type=\"column\">\n\t\t\t<div class=\"elementor-widget-wrap elementor-element-populated\">\n\t\t\t\t\t\t<div class=\"elementor-element elementor-element-9fa4d4b elementor-widget elementor-widget-heading\" data-id=\"9fa4d4b\" data-element_type=\"widget\" data-widget_type=\"heading.default\">\n\t\t\t\t<div class=\"elementor-widget-container\">\n\t\t\t\t\t<h2 class=\"elementor-heading-title elementor-size-default\">COMPETICI\u00d3N INTERNACIONAL 3<\/h2>\t\t\t\t<\/div>\n\t\t\t\t<\/div>\n\t\t\t\t\t<\/div>\n\t\t<\/div>\n\t\t\t\t\t<\/div>\n\t\t<\/section>\n\t\t\t\t<section class=\"elementor-section elementor-top-section elementor-element elementor-element-46caac5 elementor-section-boxed elementor-section-height-default elementor-section-height-default\" data-id=\"46caac5\" data-element_type=\"section\">\n\t\t\t\t\t\t<div class=\"elementor-container elementor-column-gap-default\">\n\t\t\t\t\t<div class=\"elementor-column elementor-col-100 elementor-top-column elementor-element elementor-element-f6dfe88\" data-id=\"f6dfe88\" data-element_type=\"column\">\n\t\t\t<div class=\"elementor-widget-wrap elementor-element-populated\">\n\t\t\t\t\t\t<div class=\"elementor-element elementor-element-a5f4082 elementor-widget elementor-widget-heading\" data-id=\"a5f4082\" data-element_type=\"widget\" data-widget_type=\"heading.default\">\n\t\t\t\t<div class=\"elementor-widget-container\">\n\t\t\t\t\t<h3 class=\"elementor-heading-title elementor-size-large\">MI\u00c9RCOLES 25 - 18:00<\/h3>\t\t\t\t<\/div>\n\t\t\t\t<\/div>\n\t\t\t\t<div class=\"elementor-element elementor-element-953a5d8 elementor-widget elementor-widget-heading\" data-id=\"953a5d8\" data-element_type=\"widget\" data-widget_type=\"heading.default\">\n\t\t\t\t<div class=\"elementor-widget-container\">\n\t\t\t\t\t<h3 class=\"elementor-heading-title elementor-size-large\">PALACIO CONDES DE GABIA<\/h3>\t\t\t\t<\/div>\n\t\t\t\t<\/div>\n\t\t\t\t\t<\/div>\n\t\t<\/div>\n\t\t\t\t\t<\/div>\n\t\t<\/section>\n\t\t\t\t<section class=\"elementor-section elementor-top-section elementor-element elementor-element-e25398f elementor-section-boxed elementor-section-height-default elementor-section-height-default\" data-id=\"e25398f\" data-element_type=\"section\">\n\t\t\t\t\t\t<div class=\"elementor-container elementor-column-gap-default\">\n\t\t\t\t\t<div class=\"elementor-column elementor-col-50 elementor-top-column elementor-element elementor-element-acefe2a\" data-id=\"acefe2a\" data-element_type=\"column\">\n\t\t\t<div class=\"elementor-widget-wrap elementor-element-populated\">\n\t\t\t\t\t\t<div class=\"elementor-element elementor-element-0626069 elementor-widget elementor-widget-image\" data-id=\"0626069\" data-element_type=\"widget\" data-widget_type=\"image.default\">\n\t\t\t\t<div class=\"elementor-widget-container\">\n\t\t\t\t\t\t\t\t\t\t\t\t\t\t\t<img fetchpriority=\"high\" decoding=\"async\" width=\"1000\" height=\"563\" src=\"https:\/\/www.filmfest-granada.com\/2023\/wp-content\/uploads\/sites\/13\/2023\/10\/a_goats_spell_04-copia.jpg\" class=\"attachment-large size-large wp-image-3750\" alt=\"A GOAT\u2019S SPELL\" srcset=\"https:\/\/www.filmfest-granada.com\/2023\/wp-content\/uploads\/sites\/13\/2023\/10\/a_goats_spell_04-copia.jpg 1000w, https:\/\/www.filmfest-granada.com\/2023\/wp-content\/uploads\/sites\/13\/2023\/10\/a_goats_spell_04-copia-300x169.jpg 300w, https:\/\/www.filmfest-granada.com\/2023\/wp-content\/uploads\/sites\/13\/2023\/10\/a_goats_spell_04-copia-768x432.jpg 768w\" sizes=\"(max-width: 1000px) 100vw, 1000px\" \/>\t\t\t\t\t\t\t\t\t\t\t\t\t\t\t<\/div>\n\t\t\t\t<\/div>\n\t\t\t\t\t<\/div>\n\t\t<\/div>\n\t\t\t\t<div class=\"elementor-column elementor-col-50 elementor-top-column elementor-element elementor-element-3ff1a72\" data-id=\"3ff1a72\" data-element_type=\"column\">\n\t\t\t<div class=\"elementor-widget-wrap elementor-element-populated\">\n\t\t\t\t\t\t<div class=\"elementor-element elementor-element-eb6c13a elementor-widget elementor-widget-heading\" data-id=\"eb6c13a\" data-element_type=\"widget\" data-widget_type=\"heading.default\">\n\t\t\t\t<div class=\"elementor-widget-container\">\n\t\t\t\t\t<h3 class=\"elementor-heading-title elementor-size-medium\">A GOAT\u2019S SPELL<\/h3>\t\t\t\t<\/div>\n\t\t\t\t<\/div>\n\t\t\t\t<div class=\"elementor-element elementor-element-b12f1ac elementor-widget elementor-widget-heading\" data-id=\"b12f1ac\" data-element_type=\"widget\" data-widget_type=\"heading.default\">\n\t\t\t\t<div class=\"elementor-widget-container\">\n\t\t\t\t\t<div class=\"elementor-heading-title elementor-size-default\">GERHARD FUNK | ALEMANIA | 2022 | 9\u2019<\/div>\t\t\t\t<\/div>\n\t\t\t\t<\/div>\n\t\t\t\t<div class=\"elementor-element elementor-element-db57750 elementor-widget elementor-widget-heading\" data-id=\"db57750\" data-element_type=\"widget\" data-widget_type=\"heading.default\">\n\t\t\t\t<div class=\"elementor-widget-container\">\n\t\t\t\t\t<p class=\"elementor-heading-title elementor-size-default\">Realizada con animaci\u00f3n 3D y tecnolog\u00eda VR, nos transporta al particular amanecer de un ni\u00f1o y una cabra desde el desayuno hasta que su mundo se desmorona. La cabra parece ser la responsable. Si es que algo de esto tiene sentido.<\/p>\t\t\t\t<\/div>\n\t\t\t\t<\/div>\n\t\t\t\t\t<\/div>\n\t\t<\/div>\n\t\t\t\t\t<\/div>\n\t\t<\/section>\n\t\t\t\t<section class=\"elementor-section elementor-top-section elementor-element elementor-element-d2e3b31 elementor-section-boxed elementor-section-height-default elementor-section-height-default\" data-id=\"d2e3b31\" data-element_type=\"section\">\n\t\t\t\t\t\t<div class=\"elementor-container elementor-column-gap-default\">\n\t\t\t\t\t<div class=\"elementor-column elementor-col-50 elementor-top-column elementor-element elementor-element-d6a9110\" data-id=\"d6a9110\" data-element_type=\"column\">\n\t\t\t<div class=\"elementor-widget-wrap elementor-element-populated\">\n\t\t\t\t\t\t<div class=\"elementor-element elementor-element-164ae02 elementor-widget elementor-widget-image\" data-id=\"164ae02\" data-element_type=\"widget\" data-widget_type=\"image.default\">\n\t\t\t\t<div class=\"elementor-widget-container\">\n\t\t\t\t\t\t\t\t\t\t\t\t\t\t\t<img decoding=\"async\" width=\"1024\" height=\"576\" src=\"https:\/\/www.filmfest-granada.com\/2023\/wp-content\/uploads\/sites\/13\/2023\/10\/bf_still_ng_01-1024x576.jpg\" class=\"attachment-large size-large wp-image-3741\" alt=\"BACKFLIP\" srcset=\"https:\/\/www.filmfest-granada.com\/2023\/wp-content\/uploads\/sites\/13\/2023\/10\/bf_still_ng_01-1024x576.jpg 1024w, https:\/\/www.filmfest-granada.com\/2023\/wp-content\/uploads\/sites\/13\/2023\/10\/bf_still_ng_01-300x169.jpg 300w, https:\/\/www.filmfest-granada.com\/2023\/wp-content\/uploads\/sites\/13\/2023\/10\/bf_still_ng_01-768x432.jpg 768w, https:\/\/www.filmfest-granada.com\/2023\/wp-content\/uploads\/sites\/13\/2023\/10\/bf_still_ng_01-1536x864.jpg 1536w, https:\/\/www.filmfest-granada.com\/2023\/wp-content\/uploads\/sites\/13\/2023\/10\/bf_still_ng_01.jpg 1920w\" sizes=\"(max-width: 1024px) 100vw, 1024px\" \/>\t\t\t\t\t\t\t\t\t\t\t\t\t\t\t<\/div>\n\t\t\t\t<\/div>\n\t\t\t\t\t<\/div>\n\t\t<\/div>\n\t\t\t\t<div class=\"elementor-column elementor-col-50 elementor-top-column elementor-element elementor-element-258b41c\" data-id=\"258b41c\" data-element_type=\"column\">\n\t\t\t<div class=\"elementor-widget-wrap elementor-element-populated\">\n\t\t\t\t\t\t<div class=\"elementor-element elementor-element-9a41415 elementor-widget elementor-widget-heading\" data-id=\"9a41415\" data-element_type=\"widget\" data-widget_type=\"heading.default\">\n\t\t\t\t<div class=\"elementor-widget-container\">\n\t\t\t\t\t<h3 class=\"elementor-heading-title elementor-size-medium\">BACKFLIP<\/h3>\t\t\t\t<\/div>\n\t\t\t\t<\/div>\n\t\t\t\t<div class=\"elementor-element elementor-element-ace8082 elementor-widget elementor-widget-heading\" data-id=\"ace8082\" data-element_type=\"widget\" data-widget_type=\"heading.default\">\n\t\t\t\t<div class=\"elementor-widget-container\">\n\t\t\t\t\t<div class=\"elementor-heading-title elementor-size-default\">NIKITA DIAKUR | ALEMANIA, FRANCIA | 2022 | 12\u2019 <\/div>\t\t\t\t<\/div>\n\t\t\t\t<\/div>\n\t\t\t\t<div class=\"elementor-element elementor-element-ff4fff9 elementor-widget elementor-widget-heading\" data-id=\"ff4fff9\" data-element_type=\"widget\" data-widget_type=\"heading.default\">\n\t\t\t\t<div class=\"elementor-widget-container\">\n\t\t\t\t\t<p class=\"elementor-heading-title elementor-size-default\">Intentar una voltereta hacia atr\u00e1s no es seguro. Te puedes romper el cuello, aterrizar de cabeza o caer de mala manera. As\u00ed que mi avatar lo hace por m\u00ed. Esta pel\u00edcula es el resultado de una investigaci\u00f3n con c\u00e1maras de realidad virtual y la ayuda del Machine Learning. \u00bfAprender\u00e1 la IA a dar una voltereta?\n<\/p>\t\t\t\t<\/div>\n\t\t\t\t<\/div>\n\t\t\t\t\t<\/div>\n\t\t<\/div>\n\t\t\t\t\t<\/div>\n\t\t<\/section>\n\t\t\t\t<section class=\"elementor-section elementor-top-section elementor-element elementor-element-a478bd3 elementor-section-boxed elementor-section-height-default elementor-section-height-default\" data-id=\"a478bd3\" data-element_type=\"section\">\n\t\t\t\t\t\t<div class=\"elementor-container elementor-column-gap-default\">\n\t\t\t\t\t<div class=\"elementor-column elementor-col-50 elementor-top-column elementor-element elementor-element-5b07987\" data-id=\"5b07987\" data-element_type=\"column\">\n\t\t\t<div class=\"elementor-widget-wrap elementor-element-populated\">\n\t\t\t\t\t\t<div class=\"elementor-element elementor-element-025edbf elementor-widget elementor-widget-image\" data-id=\"025edbf\" data-element_type=\"widget\" data-widget_type=\"image.default\">\n\t\t\t\t<div class=\"elementor-widget-container\">\n\t\t\t\t\t\t\t\t\t\t\t\t\t\t\t<img decoding=\"async\" width=\"1000\" height=\"563\" src=\"https:\/\/www.filmfest-granada.com\/2023\/wp-content\/uploads\/sites\/13\/2023\/10\/Still-1_lo.jpg\" class=\"attachment-full size-full wp-image-3742\" alt=\"\u00c9L CORRI\u00d3 JUNTO A SU CAMARADA\" srcset=\"https:\/\/www.filmfest-granada.com\/2023\/wp-content\/uploads\/sites\/13\/2023\/10\/Still-1_lo.jpg 1000w, https:\/\/www.filmfest-granada.com\/2023\/wp-content\/uploads\/sites\/13\/2023\/10\/Still-1_lo-300x169.jpg 300w, https:\/\/www.filmfest-granada.com\/2023\/wp-content\/uploads\/sites\/13\/2023\/10\/Still-1_lo-768x432.jpg 768w\" sizes=\"(max-width: 1000px) 100vw, 1000px\" \/>\t\t\t\t\t\t\t\t\t\t\t\t\t\t\t<\/div>\n\t\t\t\t<\/div>\n\t\t\t\t\t<\/div>\n\t\t<\/div>\n\t\t\t\t<div class=\"elementor-column elementor-col-50 elementor-top-column elementor-element elementor-element-d18ea51\" data-id=\"d18ea51\" data-element_type=\"column\">\n\t\t\t<div class=\"elementor-widget-wrap elementor-element-populated\">\n\t\t\t\t\t\t<div class=\"elementor-element elementor-element-7aa7855 elementor-widget elementor-widget-heading\" data-id=\"7aa7855\" data-element_type=\"widget\" data-widget_type=\"heading.default\">\n\t\t\t\t<div class=\"elementor-widget-container\">\n\t\t\t\t\t<h3 class=\"elementor-heading-title elementor-size-medium\">\u00c9L CORRI\u00d3 JUNTO A SU CAMARADA<\/h3>\t\t\t\t<\/div>\n\t\t\t\t<\/div>\n\t\t\t\t<div class=\"elementor-element elementor-element-1c892f6 elementor-widget elementor-widget-heading\" data-id=\"1c892f6\" data-element_type=\"widget\" data-widget_type=\"heading.default\">\n\t\t\t\t<div class=\"elementor-widget-container\">\n\t\t\t\t\t<div class=\"elementor-heading-title elementor-size-default\">GEN\u00cdS RIGOL | ESPA\u00d1A | 2022 | 14\u2019\n<\/div>\t\t\t\t<\/div>\n\t\t\t\t<\/div>\n\t\t\t\t<div class=\"elementor-element elementor-element-dfafff7 elementor-widget elementor-widget-heading\" data-id=\"dfafff7\" data-element_type=\"widget\" data-widget_type=\"heading.default\">\n\t\t\t\t<div class=\"elementor-widget-container\">\n\t\t\t\t\t<p class=\"elementor-heading-title elementor-size-default\">La historia de un gran empresario en busca de popularidad que entiende la solidaridad de una manera algo particular, dedic\u00e1ndose a generar problemas a la gente con el objetivo de ayudarles. Feroz f\u00e1bula cargada de cr\u00edtica social y envuelta en una lib\u00e9rrima est\u00e9tica cartoon.<\/p>\t\t\t\t<\/div>\n\t\t\t\t<\/div>\n\t\t\t\t\t<\/div>\n\t\t<\/div>\n\t\t\t\t\t<\/div>\n\t\t<\/section>\n\t\t\t\t<section class=\"elementor-section elementor-top-section elementor-element elementor-element-f886615 elementor-section-boxed elementor-section-height-default elementor-section-height-default\" data-id=\"f886615\" data-element_type=\"section\">\n\t\t\t\t\t\t<div class=\"elementor-container elementor-column-gap-default\">\n\t\t\t\t\t<div class=\"elementor-column elementor-col-50 elementor-top-column elementor-element elementor-element-fc77e51\" data-id=\"fc77e51\" data-element_type=\"column\">\n\t\t\t<div class=\"elementor-widget-wrap elementor-element-populated\">\n\t\t\t\t\t\t<div class=\"elementor-element elementor-element-ababf35 elementor-widget elementor-widget-image\" data-id=\"ababf35\" data-element_type=\"widget\" data-widget_type=\"image.default\">\n\t\t\t\t<div class=\"elementor-widget-container\">\n\t\t\t\t\t\t\t\t\t\t\t\t\t\t\t<img loading=\"lazy\" decoding=\"async\" width=\"2560\" height=\"1440\" src=\"https:\/\/www.filmfest-granada.com\/2023\/wp-content\/uploads\/sites\/13\/2023\/10\/SandwichCat-FRAME-2-scaled.jpg\" class=\"attachment-full size-full wp-image-3743\" alt=\"SANDWICH CAT\" srcset=\"https:\/\/www.filmfest-granada.com\/2023\/wp-content\/uploads\/sites\/13\/2023\/10\/SandwichCat-FRAME-2-scaled.jpg 2560w, https:\/\/www.filmfest-granada.com\/2023\/wp-content\/uploads\/sites\/13\/2023\/10\/SandwichCat-FRAME-2-300x169.jpg 300w, https:\/\/www.filmfest-granada.com\/2023\/wp-content\/uploads\/sites\/13\/2023\/10\/SandwichCat-FRAME-2-1024x576.jpg 1024w, https:\/\/www.filmfest-granada.com\/2023\/wp-content\/uploads\/sites\/13\/2023\/10\/SandwichCat-FRAME-2-768x432.jpg 768w, https:\/\/www.filmfest-granada.com\/2023\/wp-content\/uploads\/sites\/13\/2023\/10\/SandwichCat-FRAME-2-1536x864.jpg 1536w, https:\/\/www.filmfest-granada.com\/2023\/wp-content\/uploads\/sites\/13\/2023\/10\/SandwichCat-FRAME-2-2048x1152.jpg 2048w\" sizes=\"(max-width: 2560px) 100vw, 2560px\" \/>\t\t\t\t\t\t\t\t\t\t\t\t\t\t\t<\/div>\n\t\t\t\t<\/div>\n\t\t\t\t\t<\/div>\n\t\t<\/div>\n\t\t\t\t<div class=\"elementor-column elementor-col-50 elementor-top-column elementor-element elementor-element-2e8636f\" data-id=\"2e8636f\" data-element_type=\"column\">\n\t\t\t<div class=\"elementor-widget-wrap elementor-element-populated\">\n\t\t\t\t\t\t<div class=\"elementor-element elementor-element-4b21739 elementor-widget elementor-widget-heading\" data-id=\"4b21739\" data-element_type=\"widget\" data-widget_type=\"heading.default\">\n\t\t\t\t<div class=\"elementor-widget-container\">\n\t\t\t\t\t<h3 class=\"elementor-heading-title elementor-size-medium\">SANDWICH CAT<\/h3>\t\t\t\t<\/div>\n\t\t\t\t<\/div>\n\t\t\t\t<div class=\"elementor-element elementor-element-9c5c0df elementor-widget elementor-widget-heading\" data-id=\"9c5c0df\" data-element_type=\"widget\" data-widget_type=\"heading.default\">\n\t\t\t\t<div class=\"elementor-widget-container\">\n\t\t\t\t\t<div class=\"elementor-heading-title elementor-size-default\">DAVID FIDALGO | ESPA\u00d1A | 2023 | 10\u2019 <\/div>\t\t\t\t<\/div>\n\t\t\t\t<\/div>\n\t\t\t\t<div class=\"elementor-element elementor-element-458e672 elementor-widget elementor-widget-heading\" data-id=\"458e672\" data-element_type=\"widget\" data-widget_type=\"heading.default\">\n\t\t\t\t<div class=\"elementor-widget-container\">\n\t\t\t\t\t<p class=\"elementor-heading-title elementor-size-default\">David vive solo con su gato, Sandwich Cat. Parec\u00eda un d\u00eda cualquiera sin m\u00e1s, pero una visita inesperada le conducir\u00e1 a una reflexi\u00f3n crucial para la humanidad. Comedia repleta de humor absurdo, tan delirante como su estilo de animaci\u00f3n, que explota y deforma las posibilidades del digital.<\/p>\t\t\t\t<\/div>\n\t\t\t\t<\/div>\n\t\t\t\t\t<\/div>\n\t\t<\/div>\n\t\t\t\t\t<\/div>\n\t\t<\/section>\n\t\t\t\t<section class=\"elementor-section elementor-top-section elementor-element elementor-element-028c822 elementor-section-boxed elementor-section-height-default elementor-section-height-default\" data-id=\"028c822\" data-element_type=\"section\">\n\t\t\t\t\t\t<div class=\"elementor-container elementor-column-gap-default\">\n\t\t\t\t\t<div class=\"elementor-column elementor-col-50 elementor-top-column elementor-element elementor-element-8036504\" data-id=\"8036504\" data-element_type=\"column\">\n\t\t\t<div class=\"elementor-widget-wrap elementor-element-populated\">\n\t\t\t\t\t\t<div class=\"elementor-element elementor-element-7af4aff elementor-widget elementor-widget-image\" data-id=\"7af4aff\" data-element_type=\"widget\" data-widget_type=\"image.default\">\n\t\t\t\t<div class=\"elementor-widget-container\">\n\t\t\t\t\t\t\t\t\t\t\t\t\t\t\t<img loading=\"lazy\" decoding=\"async\" width=\"2000\" height=\"1126\" src=\"https:\/\/www.filmfest-granada.com\/2023\/wp-content\/uploads\/sites\/13\/2023\/10\/img-El_After_del_Mundo-300dpi-3.jpg\" class=\"attachment-full size-full wp-image-3744\" alt=\"EL AFTER DEL MUNDO\" srcset=\"https:\/\/www.filmfest-granada.com\/2023\/wp-content\/uploads\/sites\/13\/2023\/10\/img-El_After_del_Mundo-300dpi-3.jpg 2000w, https:\/\/www.filmfest-granada.com\/2023\/wp-content\/uploads\/sites\/13\/2023\/10\/img-El_After_del_Mundo-300dpi-3-300x169.jpg 300w, https:\/\/www.filmfest-granada.com\/2023\/wp-content\/uploads\/sites\/13\/2023\/10\/img-El_After_del_Mundo-300dpi-3-1024x577.jpg 1024w, https:\/\/www.filmfest-granada.com\/2023\/wp-content\/uploads\/sites\/13\/2023\/10\/img-El_After_del_Mundo-300dpi-3-768x432.jpg 768w, https:\/\/www.filmfest-granada.com\/2023\/wp-content\/uploads\/sites\/13\/2023\/10\/img-El_After_del_Mundo-300dpi-3-1536x865.jpg 1536w\" sizes=\"(max-width: 2000px) 100vw, 2000px\" \/>\t\t\t\t\t\t\t\t\t\t\t\t\t\t\t<\/div>\n\t\t\t\t<\/div>\n\t\t\t\t\t<\/div>\n\t\t<\/div>\n\t\t\t\t<div class=\"elementor-column elementor-col-50 elementor-top-column elementor-element elementor-element-72574b1\" data-id=\"72574b1\" data-element_type=\"column\">\n\t\t\t<div class=\"elementor-widget-wrap elementor-element-populated\">\n\t\t\t\t\t\t<div class=\"elementor-element elementor-element-ec1317c elementor-widget elementor-widget-heading\" data-id=\"ec1317c\" data-element_type=\"widget\" data-widget_type=\"heading.default\">\n\t\t\t\t<div class=\"elementor-widget-container\">\n\t\t\t\t\t<h3 class=\"elementor-heading-title elementor-size-medium\">EL AFTER DEL MUNDO<\/h3>\t\t\t\t<\/div>\n\t\t\t\t<\/div>\n\t\t\t\t<div class=\"elementor-element elementor-element-72e5ffd elementor-widget elementor-widget-heading\" data-id=\"72e5ffd\" data-element_type=\"widget\" data-widget_type=\"heading.default\">\n\t\t\t\t<div class=\"elementor-widget-container\">\n\t\t\t\t\t<div class=\"elementor-heading-title elementor-size-default\">FLORENTINA GONZ\u00c1LEZ | FRANCIA | 2022 | 11\u2019 <\/div>\t\t\t\t<\/div>\n\t\t\t\t<\/div>\n\t\t\t\t<div class=\"elementor-element elementor-element-9f431e0 elementor-widget elementor-widget-heading\" data-id=\"9f431e0\" data-element_type=\"widget\" data-widget_type=\"heading.default\">\n\t\t\t\t<div class=\"elementor-widget-container\">\n\t\t\t\t\t<p class=\"elementor-heading-title elementor-size-default\">La humanidad ha dejado de existir, solo quedan Fluor y Carlix, dos fantasmas en ropa deportiva que vagabundean entre los restos de la civilizaci\u00f3n. Uno busca conexi\u00f3n wifi, el otro la cabeza de un cet\u00e1ceo gigante. Una historia de encuentros y amistad, de rabiosa est\u00e9tica contempor\u00e1nea, al ritmo de la \u00faltima lista de canciones: la del fin del mundo.\n<\/p>\t\t\t\t<\/div>\n\t\t\t\t<\/div>\n\t\t\t\t\t<\/div>\n\t\t<\/div>\n\t\t\t\t\t<\/div>\n\t\t<\/section>\n\t\t\t\t<section class=\"elementor-section elementor-top-section elementor-element elementor-element-2ca97f1 elementor-section-boxed elementor-section-height-default elementor-section-height-default\" data-id=\"2ca97f1\" data-element_type=\"section\">\n\t\t\t\t\t\t<div class=\"elementor-container elementor-column-gap-default\">\n\t\t\t\t\t<div class=\"elementor-column elementor-col-100 elementor-top-column elementor-element elementor-element-949a419\" data-id=\"949a419\" data-element_type=\"column\">\n\t\t\t<div class=\"elementor-widget-wrap elementor-element-populated\">\n\t\t\t\t\t\t<div class=\"elementor-element elementor-element-f669238 elementor-widget elementor-widget-heading\" data-id=\"f669238\" data-element_type=\"widget\" data-widget_type=\"heading.default\">\n\t\t\t\t<div class=\"elementor-widget-container\">\n\t\t\t\t\t<div class=\"elementor-heading-title elementor-size-default\"><b>Entrada libre hasta completar aforo<\/b><\/div>\t\t\t\t<\/div>\n\t\t\t\t<\/div>\n\t\t\t\t\t<\/div>\n\t\t<\/div>\n\t\t\t\t\t<\/div>\n\t\t<\/section>\n\t\t\t\t<section class=\"elementor-section elementor-top-section elementor-element elementor-element-7657141 elementor-section-boxed elementor-section-height-default elementor-section-height-default\" data-id=\"7657141\" data-element_type=\"section\">\n\t\t\t\t\t\t<div class=\"elementor-container elementor-column-gap-default\">\n\t\t\t\t\t<div class=\"elementor-column elementor-col-100 elementor-top-column elementor-element elementor-element-688fdef\" data-id=\"688fdef\" data-element_type=\"column\">\n\t\t\t<div class=\"elementor-widget-wrap elementor-element-populated\">\n\t\t\t\t\t\t<div class=\"elementor-element elementor-element-dcd5d38 elementor-widget elementor-widget-heading\" data-id=\"dcd5d38\" data-element_type=\"widget\" data-widget_type=\"heading.default\">\n\t\t\t\t<div class=\"elementor-widget-container\">\n\t\t\t\t\t<p class=\"elementor-heading-title elementor-size-default\">TALLER de gesti\u00f3n del fracaso en la construcci\u00f3n de un proyecto musical independiente\u200b<\/p>\t\t\t\t<\/div>\n\t\t\t\t<\/div>\n\t\t\t\t\t<\/div>\n\t\t<\/div>\n\t\t\t\t\t<\/div>\n\t\t<\/section>\n\t\t\t\t<section class=\"elementor-section elementor-top-section elementor-element elementor-element-f6a78e1 elementor-section-boxed elementor-section-height-default elementor-section-height-default\" data-id=\"f6a78e1\" data-element_type=\"section\">\n\t\t\t\t\t\t<div class=\"elementor-container elementor-column-gap-default\">\n\t\t\t\t\t<div class=\"elementor-column elementor-col-100 elementor-top-column elementor-element elementor-element-60b9096\" data-id=\"60b9096\" data-element_type=\"column\">\n\t\t\t<div class=\"elementor-widget-wrap elementor-element-populated\">\n\t\t\t\t\t\t<div class=\"elementor-element elementor-element-32fab94 elementor-widget elementor-widget-heading\" data-id=\"32fab94\" data-element_type=\"widget\" data-widget_type=\"heading.default\">\n\t\t\t\t<div class=\"elementor-widget-container\">\n\t\t\t\t\t<h3 class=\"elementor-heading-title elementor-size-large\">MI\u00c9RCOLES 25 - 18:00<\/h3>\t\t\t\t<\/div>\n\t\t\t\t<\/div>\n\t\t\t\t<div class=\"elementor-element elementor-element-5e48981 elementor-widget elementor-widget-heading\" data-id=\"5e48981\" data-element_type=\"widget\" data-widget_type=\"heading.default\">\n\t\t\t\t<div class=\"elementor-widget-container\">\n\t\t\t\t\t<h3 class=\"elementor-heading-title elementor-size-large\">LA MADRAZA<\/h3>\t\t\t\t<\/div>\n\t\t\t\t<\/div>\n\t\t\t\t\t<\/div>\n\t\t<\/div>\n\t\t\t\t\t<\/div>\n\t\t<\/section>\n\t\t\t\t<section class=\"elementor-section elementor-top-section elementor-element elementor-element-812d7c9 elementor-section-boxed elementor-section-height-default elementor-section-height-default\" data-id=\"812d7c9\" data-element_type=\"section\">\n\t\t\t\t\t\t<div class=\"elementor-container elementor-column-gap-default\">\n\t\t\t\t\t<div class=\"elementor-column elementor-col-50 elementor-top-column elementor-element elementor-element-e80b9ff\" data-id=\"e80b9ff\" data-element_type=\"column\">\n\t\t\t<div class=\"elementor-widget-wrap elementor-element-populated\">\n\t\t\t\t\t\t<div class=\"elementor-element elementor-element-e3fe3d1 mini-slider elementor--h-position-center elementor--v-position-middle elementor-widget elementor-widget-slides\" data-id=\"e3fe3d1\" data-element_type=\"widget\" data-settings=\"{&quot;navigation&quot;:&quot;none&quot;,&quot;autoplay&quot;:&quot;yes&quot;,&quot;autoplay_speed&quot;:5000,&quot;infinite&quot;:&quot;yes&quot;,&quot;transition&quot;:&quot;slide&quot;,&quot;transition_speed&quot;:500}\" data-widget_type=\"slides.default\">\n\t\t\t\t<div class=\"elementor-widget-container\">\n\t\t\t\t\t\t\t\t\t<div class=\"elementor-swiper\">\n\t\t\t\t\t<div class=\"elementor-slides-wrapper elementor-main-swiper swiper\" role=\"region\" aria-roledescription=\"carousel\" aria-label=\"Diapositivas\" dir=\"ltr\" data-animation=\"fadeInUp\">\n\t\t\t\t<div class=\"swiper-wrapper elementor-slides\">\n\t\t\t\t\t\t\t\t\t\t<div class=\"elementor-repeater-item-3d86ba0 swiper-slide\" role=\"group\" aria-roledescription=\"slide\"><div class=\"swiper-slide-bg\" role=\"img\" aria-label=\"ESTEBAN RUIZ\"><\/div><div class=\"swiper-slide-inner\" ><div class=\"swiper-slide-contents\"><\/div><\/div><\/div>\t\t\t\t<\/div>\n\t\t\t\t\t\t\t<\/div>\n\t\t\t\t<\/div>\n\t\t\t\t\t\t\t\t<\/div>\n\t\t\t\t<\/div>\n\t\t\t\t\t<\/div>\n\t\t<\/div>\n\t\t\t\t<div class=\"elementor-column elementor-col-50 elementor-top-column elementor-element elementor-element-8be31f0\" data-id=\"8be31f0\" data-element_type=\"column\">\n\t\t\t<div class=\"elementor-widget-wrap elementor-element-populated\">\n\t\t\t\t\t\t<div class=\"elementor-element elementor-element-c74de95 elementor-widget elementor-widget-heading\" data-id=\"c74de95\" data-element_type=\"widget\" data-widget_type=\"heading.default\">\n\t\t\t\t<div class=\"elementor-widget-container\">\n\t\t\t\t\t<h2 class=\"elementor-heading-title elementor-size-medium\">kill your idols<\/h2>\t\t\t\t<\/div>\n\t\t\t\t<\/div>\n\t\t\t\t<div class=\"elementor-element elementor-element-6660245 elementor-widget elementor-widget-heading\" data-id=\"6660245\" data-element_type=\"widget\" data-widget_type=\"heading.default\">\n\t\t\t\t<div class=\"elementor-widget-container\">\n\t\t\t\t\t<div class=\"elementor-heading-title elementor-size-default\">por esteban ruiz<\/div>\t\t\t\t<\/div>\n\t\t\t\t<\/div>\n\t\t\t\t<div class=\"elementor-element elementor-element-2e68f31 elementor-widget elementor-widget-heading\" data-id=\"2e68f31\" data-element_type=\"widget\" data-widget_type=\"heading.default\">\n\t\t\t\t<div class=\"elementor-widget-container\">\n\t\t\t\t\t<p class=\"elementor-heading-title elementor-size-default\">En estos tiempos resulta clave la formaci\u00f3n en gesti\u00f3n del fracaso por parte de aquellos m\u00fasicos que se encuentran con una imagen distorsionada sobre lo que podr\u00eda ser su carrera profesional, unas expectativas normalmente mal encauzadas por el falso \u00e9xito de la industria musical.<\/p>\t\t\t\t<\/div>\n\t\t\t\t<\/div>\n\t\t\t\t<div class=\"elementor-element elementor-element-3eaa66e elementor-widget elementor-widget-heading\" data-id=\"3eaa66e\" data-element_type=\"widget\" data-widget_type=\"heading.default\">\n\t\t\t\t<div class=\"elementor-widget-container\">\n\t\t\t\t\t<p class=\"elementor-heading-title elementor-size-default\">Tomando como inspiraci\u00f3n el t\u00edtulo de una canci\u00f3n de la m\u00edtica banda de rock independiente Sonic Youth, el taller propone desmitificar la expectativa del \u00e9xito r\u00e1pido y exponencial a trav\u00e9s de la adquisici\u00f3n de una serie soft skills que van m\u00e1s all\u00e1 del talento compositivo, competencias basadas en la resiliencia y en el trabajo escalable con vistas a la construcci\u00f3n de un proyecto musical independiente.<\/p>\t\t\t\t<\/div>\n\t\t\t\t<\/div>\n\t\t\t\t<div class=\"elementor-element elementor-element-8c5fcd3 elementor-widget elementor-widget-heading\" data-id=\"8c5fcd3\" data-element_type=\"widget\" data-widget_type=\"heading.default\">\n\t\t\t\t<div class=\"elementor-widget-container\">\n\t\t\t\t\t<h2 class=\"elementor-heading-title elementor-size-medium\">ESTEBAN RUIZ<\/h2>\t\t\t\t<\/div>\n\t\t\t\t<\/div>\n\t\t\t\t<div class=\"elementor-element elementor-element-13596d4 elementor-widget elementor-widget-heading\" data-id=\"13596d4\" data-element_type=\"widget\" data-widget_type=\"heading.default\">\n\t\t\t\t<div class=\"elementor-widget-container\">\n\t\t\t\t\t<p class=\"elementor-heading-title elementor-size-default\">Lleva m\u00e1s de veinte a\u00f1os trabajando en la industria musical y cuenta con una dilatada trayectoria autogestionando su carrera musical. Es el l\u00edder de la banda de folk electr\u00f3nico I Am Dive, d\u00fao con un largo recorrido internacional. Esteban tambi\u00e9n trabaja como jefe de proyectos en Rocknrolla Producciones, promotora de conciertos responsable de la Sala X de Sevilla y de numerosos festivales y eventos musicales<\/p>\t\t\t\t<\/div>\n\t\t\t\t<\/div>\n\t\t\t\t<div class=\"elementor-element elementor-element-b8f9b24 elementor-widget elementor-widget-heading\" data-id=\"b8f9b24\" data-element_type=\"widget\" data-widget_type=\"heading.default\">\n\t\t\t\t<div class=\"elementor-widget-container\">\n\t\t\t\t\t<p class=\"elementor-heading-title elementor-size-default\"><b>Con la colaboraci\u00f3n de Fundaci\u00f3n SGAE<\/b><\/p>\t\t\t\t<\/div>\n\t\t\t\t<\/div>\n\t\t\t\t\t<\/div>\n\t\t<\/div>\n\t\t\t\t\t<\/div>\n\t\t<\/section>\n\t\t\t\t<section class=\"elementor-section elementor-top-section elementor-element elementor-element-9615be5 elementor-section-boxed elementor-section-height-default elementor-section-height-default\" data-id=\"9615be5\" data-element_type=\"section\">\n\t\t\t\t\t\t<div class=\"elementor-container elementor-column-gap-default\">\n\t\t\t\t\t<div class=\"elementor-column elementor-col-100 elementor-top-column elementor-element elementor-element-b7409a3\" data-id=\"b7409a3\" data-element_type=\"column\">\n\t\t\t<div class=\"elementor-widget-wrap elementor-element-populated\">\n\t\t\t\t\t\t<div class=\"elementor-element elementor-element-71a9aad elementor-widget elementor-widget-heading\" data-id=\"71a9aad\" data-element_type=\"widget\" data-widget_type=\"heading.default\">\n\t\t\t\t<div class=\"elementor-widget-container\">\n\t\t\t\t\t<div class=\"elementor-heading-title elementor-size-default\"><b>Entrada libre hasta completar aforo<\/b><\/div>\t\t\t\t<\/div>\n\t\t\t\t<\/div>\n\t\t\t\t\t<\/div>\n\t\t<\/div>\n\t\t\t\t\t<\/div>\n\t\t<\/section>\n\t\t\t\t<section class=\"elementor-section elementor-top-section elementor-element elementor-element-20d53a1 elementor-section-boxed elementor-section-height-default elementor-section-height-default\" data-id=\"20d53a1\" data-element_type=\"section\">\n\t\t\t\t\t\t<div class=\"elementor-container elementor-column-gap-default\">\n\t\t\t\t\t<div class=\"elementor-column elementor-col-100 elementor-top-column elementor-element elementor-element-4e786bf\" data-id=\"4e786bf\" data-element_type=\"column\" data-settings=\"{&quot;background_background&quot;:&quot;gradient&quot;}\">\n\t\t\t<div class=\"elementor-widget-wrap elementor-element-populated\">\n\t\t\t\t\t\t<div class=\"elementor-element elementor-element-4703d45 elementor-widget elementor-widget-heading\" data-id=\"4703d45\" data-element_type=\"widget\" data-widget_type=\"heading.default\">\n\t\t\t\t<div class=\"elementor-widget-container\">\n\t\t\t\t\t<h2 class=\"elementor-heading-title elementor-size-default\">LA IMPORTANCIA DE LLAMARSE ERNESTO Y LA GILIPOLLEZ DE LLAMARSE ERIC<\/h2>\t\t\t\t<\/div>\n\t\t\t\t<\/div>\n\t\t\t\t\t<\/div>\n\t\t<\/div>\n\t\t\t\t\t<\/div>\n\t\t<\/section>\n\t\t\t\t<section class=\"elementor-section elementor-top-section elementor-element elementor-element-34c48af elementor-section-boxed elementor-section-height-default elementor-section-height-default\" data-id=\"34c48af\" data-element_type=\"section\">\n\t\t\t\t\t\t<div class=\"elementor-container elementor-column-gap-default\">\n\t\t\t\t\t<div class=\"elementor-column elementor-col-100 elementor-top-column elementor-element elementor-element-101f225\" data-id=\"101f225\" data-element_type=\"column\">\n\t\t\t<div class=\"elementor-widget-wrap elementor-element-populated\">\n\t\t\t\t\t\t<div class=\"elementor-element elementor-element-6a3a609 elementor-widget elementor-widget-heading\" data-id=\"6a3a609\" data-element_type=\"widget\" data-widget_type=\"heading.default\">\n\t\t\t\t<div class=\"elementor-widget-container\">\n\t\t\t\t\t<h3 class=\"elementor-heading-title elementor-size-large\">MI\u00c9RCOLES 25 - 20:30H<\/h3>\t\t\t\t<\/div>\n\t\t\t\t<\/div>\n\t\t\t\t<div class=\"elementor-element elementor-element-51a5145 elementor-widget elementor-widget-heading\" data-id=\"51a5145\" data-element_type=\"widget\" data-widget_type=\"heading.default\">\n\t\t\t\t<div class=\"elementor-widget-container\">\n\t\t\t\t\t<h3 class=\"elementor-heading-title elementor-size-large\">TEATRO ISABEL LA CAT\u00d3LICA<\/h3>\t\t\t\t<\/div>\n\t\t\t\t<\/div>\n\t\t\t\t\t<\/div>\n\t\t<\/div>\n\t\t\t\t\t<\/div>\n\t\t<\/section>\n\t\t\t\t<section class=\"elementor-section elementor-top-section elementor-element elementor-element-d13ee9d elementor-section-boxed elementor-section-height-default elementor-section-height-default\" data-id=\"d13ee9d\" data-element_type=\"section\">\n\t\t\t\t\t\t<div class=\"elementor-container elementor-column-gap-default\">\n\t\t\t\t\t<div class=\"elementor-column elementor-col-50 elementor-top-column elementor-element elementor-element-060f6a0\" data-id=\"060f6a0\" data-element_type=\"column\">\n\t\t\t<div class=\"elementor-widget-wrap elementor-element-populated\">\n\t\t\t\t\t\t<div class=\"elementor-element elementor-element-8121f8a elementor-widget elementor-widget-image\" data-id=\"8121f8a\" data-element_type=\"widget\" data-widget_type=\"image.default\">\n\t\t\t\t<div class=\"elementor-widget-container\">\n\t\t\t\t\t\t\t\t\t\t\t\t\t\t\t<img loading=\"lazy\" decoding=\"async\" width=\"1540\" height=\"864\" src=\"https:\/\/www.filmfest-granada.com\/2023\/wp-content\/uploads\/sites\/13\/2023\/10\/eric.jpeg\" class=\"attachment-full size-full wp-image-3551\" alt=\"LA IMPORTANCIA DE LLAMARSE ERNESTO Y LA GILIPOLLEZ DE LLAMARSE ERIC\u200b\" srcset=\"https:\/\/www.filmfest-granada.com\/2023\/wp-content\/uploads\/sites\/13\/2023\/10\/eric.jpeg 1540w, https:\/\/www.filmfest-granada.com\/2023\/wp-content\/uploads\/sites\/13\/2023\/10\/eric-300x168.jpeg 300w, https:\/\/www.filmfest-granada.com\/2023\/wp-content\/uploads\/sites\/13\/2023\/10\/eric-1024x575.jpeg 1024w, https:\/\/www.filmfest-granada.com\/2023\/wp-content\/uploads\/sites\/13\/2023\/10\/eric-768x431.jpeg 768w, https:\/\/www.filmfest-granada.com\/2023\/wp-content\/uploads\/sites\/13\/2023\/10\/eric-1536x862.jpeg 1536w\" sizes=\"(max-width: 1540px) 100vw, 1540px\" \/>\t\t\t\t\t\t\t\t\t\t\t\t\t\t\t<\/div>\n\t\t\t\t<\/div>\n\t\t\t\t\t<\/div>\n\t\t<\/div>\n\t\t\t\t<div class=\"elementor-column elementor-col-50 elementor-top-column elementor-element elementor-element-e2eefec\" data-id=\"e2eefec\" data-element_type=\"column\">\n\t\t\t<div class=\"elementor-widget-wrap elementor-element-populated\">\n\t\t\t\t\t\t<div class=\"elementor-element elementor-element-de5e397 elementor-widget elementor-widget-heading\" data-id=\"de5e397\" data-element_type=\"widget\" data-widget_type=\"heading.default\">\n\t\t\t\t<div class=\"elementor-widget-container\">\n\t\t\t\t\t<div class=\"elementor-heading-title elementor-size-default\">PREESTRENO DE<\/div>\t\t\t\t<\/div>\n\t\t\t\t<\/div>\n\t\t\t\t<div class=\"elementor-element elementor-element-27d2883 elementor-widget elementor-widget-heading\" data-id=\"27d2883\" data-element_type=\"widget\" data-widget_type=\"heading.default\">\n\t\t\t\t<div class=\"elementor-widget-container\">\n\t\t\t\t\t<h2 class=\"elementor-heading-title elementor-size-medium\">LA IMPORTANCIA DE LLAMARSE ERNESTO Y LA GILIPOLLEZ DE LLAMARSE ERIC<\/h2>\t\t\t\t<\/div>\n\t\t\t\t<\/div>\n\t\t\t\t<div class=\"elementor-element elementor-element-605ea33 elementor-widget elementor-widget-heading\" data-id=\"605ea33\" data-element_type=\"widget\" data-widget_type=\"heading.default\">\n\t\t\t\t<div class=\"elementor-widget-container\">\n\t\t\t\t\t<div class=\"elementor-heading-title elementor-size-default\">C\u00c9SAR MART\u00cdNEZ HERRADA | ESPA\u00d1A | 2023 | 95\u2019 <\/div>\t\t\t\t<\/div>\n\t\t\t\t<\/div>\n\t\t\t\t<div class=\"elementor-element elementor-element-db5e153 elementor-widget elementor-widget-heading\" data-id=\"db5e153\" data-element_type=\"widget\" data-widget_type=\"heading.default\">\n\t\t\t\t<div class=\"elementor-widget-container\">\n\t\t\t\t\t<p class=\"elementor-heading-title elementor-size-default\">Preestreno del documental dedicado a la figura de <b>Eric<\/b> <b>Jim\u00e9nez<\/b>, bater\u00eda de los Planetas y Lagartija Nick. El humor y la historia musical de nuestra ciudad no faltar\u00e1n en el teatro, que tras la proyecci\u00f3n acoger\u00e1 un coloquio con Eric y el director.<\/p>\t\t\t\t<\/div>\n\t\t\t\t<\/div>\n\t\t\t\t<div class=\"elementor-element elementor-element-0b1fb56 elementor-widget elementor-widget-heading\" data-id=\"0b1fb56\" data-element_type=\"widget\" data-widget_type=\"heading.default\">\n\t\t\t\t<div class=\"elementor-widget-container\">\n\t\t\t\t\t<h2 class=\"elementor-heading-title elementor-size-medium\">SINOPSIS<\/h2>\t\t\t\t<\/div>\n\t\t\t\t<\/div>\n\t\t\t\t<div class=\"elementor-element elementor-element-5391a30 elementor-widget elementor-widget-heading\" data-id=\"5391a30\" data-element_type=\"widget\" data-widget_type=\"heading.default\">\n\t\t\t\t<div class=\"elementor-widget-container\">\n\t\t\t\t\t<p class=\"elementor-heading-title elementor-size-default\">Naci\u00f3 en Granada, la \u00fanica ciudad del mundo con nombre de explosivo. Con diez a\u00f1os ingres\u00f3 en la Falange porque quer\u00eda tocar el tambor. Sus mayores influencias musicales han sido la Semana Santa y su primera hostia, la que le dieron al nacer. Se cas\u00f3 con 16 a\u00f1os. Poco m\u00e1s tarde empez\u00f3 a consumir drogas. Deber\u00eda haber muerto antes de los treinta.<\/p>\t\t\t\t<\/div>\n\t\t\t\t<\/div>\n\t\t\t\t\t<\/div>\n\t\t<\/div>\n\t\t\t\t\t<\/div>\n\t\t<\/section>\n\t\t\t\t<section class=\"elementor-section elementor-top-section elementor-element elementor-element-b17253f elementor-section-boxed elementor-section-height-default elementor-section-height-default\" data-id=\"b17253f\" data-element_type=\"section\">\n\t\t\t\t\t\t<div class=\"elementor-container elementor-column-gap-no\">\n\t\t\t\t\t<div class=\"elementor-column elementor-col-100 elementor-top-column elementor-element elementor-element-54cd2b1\" data-id=\"54cd2b1\" data-element_type=\"column\">\n\t\t\t<div class=\"elementor-widget-wrap elementor-element-populated\">\n\t\t\t\t\t\t<div class=\"elementor-element elementor-element-e7e1a60 elementor-align-right elementor-widget elementor-widget-button\" data-id=\"e7e1a60\" data-element_type=\"widget\" data-widget_type=\"button.default\">\n\t\t\t\t<div class=\"elementor-widget-container\">\n\t\t\t\t\t\t\t\t\t<div class=\"elementor-button-wrapper\">\n\t\t\t\t\t<a class=\"elementor-button elementor-button-link elementor-size-sm\" href=\"https:\/\/www.redentradas.com\/?entradas=la-importancia-de-llamarse-ernesto&#038;provincia=granada&#038;cpro=18&#038;eid=2615\" target=\"_blank\">\n\t\t\t\t\t\t<span class=\"elementor-button-content-wrapper\">\n\t\t\t\t\t\t\t\t\t<span class=\"elementor-button-text\">ENTRADAS<\/span>\n\t\t\t\t\t<\/span>\n\t\t\t\t\t<\/a>\n\t\t\t\t<\/div>\n\t\t\t\t\t\t\t\t<\/div>\n\t\t\t\t<\/div>\n\t\t\t\t\t<\/div>\n\t\t<\/div>\n\t\t\t\t\t<\/div>\n\t\t<\/section>\n\t\t\t\t<\/div>\n\t\t","protected":false},"excerpt":{"rendered":"<p>MI\u00c9RCOLES 25 DE OCTUBRE MASTERCLASS de guion con Fernando Navarro y Rafael Cobos\u200b MI\u00c9RCOLES 25 &#8211; 12:30 FACULTAD DE COMUNICACI\u00d3N Y DOCUMENTACI\u00d3N FERNANDO NAVARRO Como guionista ha colaborado con cineastas como \u00c1lex de la Iglesia, Rodrigo Cort\u00e9s, Paco Plaza o Jaume Balaguer\u00f3. Ha sido dos veces nominado a los Premios Goya, en las categor\u00edas de &#8230; <a title=\"Mi\u00e9rcoles 25\" class=\"read-more\" href=\"https:\/\/www.filmfest-granada.com\/2023\/miercoles-25-10-2023\/\" aria-label=\"Leer m\u00e1s sobre Mi\u00e9rcoles 25\">Leer m\u00e1s<\/a><\/p>\n","protected":false},"author":1167,"featured_media":0,"parent":0,"menu_order":0,"comment_status":"closed","ping_status":"closed","template":"elementor_header_footer","meta":{"_monsterinsights_skip_tracking":false,"_monsterinsights_sitenote_active":false,"_monsterinsights_sitenote_note":"","_monsterinsights_sitenote_category":0,"footnotes":""},"class_list":["post-2848","page","type-page","status-publish"],"aioseo_notices":[],"_links":{"self":[{"href":"https:\/\/www.filmfest-granada.com\/2023\/wp-json\/wp\/v2\/pages\/2848","targetHints":{"allow":["GET"]}}],"collection":[{"href":"https:\/\/www.filmfest-granada.com\/2023\/wp-json\/wp\/v2\/pages"}],"about":[{"href":"https:\/\/www.filmfest-granada.com\/2023\/wp-json\/wp\/v2\/types\/page"}],"author":[{"embeddable":true,"href":"https:\/\/www.filmfest-granada.com\/2023\/wp-json\/wp\/v2\/users\/1167"}],"replies":[{"embeddable":true,"href":"https:\/\/www.filmfest-granada.com\/2023\/wp-json\/wp\/v2\/comments?post=2848"}],"version-history":[{"count":36,"href":"https:\/\/www.filmfest-granada.com\/2023\/wp-json\/wp\/v2\/pages\/2848\/revisions"}],"predecessor-version":[{"id":4471,"href":"https:\/\/www.filmfest-granada.com\/2023\/wp-json\/wp\/v2\/pages\/2848\/revisions\/4471"}],"wp:attachment":[{"href":"https:\/\/www.filmfest-granada.com\/2023\/wp-json\/wp\/v2\/media?parent=2848"}],"curies":[{"name":"wp","href":"https:\/\/api.w.org\/{rel}","templated":true}]}}