{"id":4248,"date":"2023-10-14T19:16:00","date_gmt":"2023-10-14T17:16:00","guid":{"rendered":"https:\/\/www.filmfest-granada.com\/2023\/?page_id=4248"},"modified":"2023-10-14T19:42:22","modified_gmt":"2023-10-14T17:42:22","slug":"martes-24","status":"publish","type":"page","link":"https:\/\/www.filmfest-granada.com\/2023\/martes-24\/","title":{"rendered":"Martes 24"},"content":{"rendered":"\t\t<div data-elementor-type=\"wp-page\" data-elementor-id=\"4248\" class=\"elementor elementor-4248\" data-elementor-post-type=\"page\">\n\t\t\t\t\t\t<section class=\"elementor-section elementor-top-section elementor-element elementor-element-715cf27 elementor-section-boxed elementor-section-height-default elementor-section-height-default\" data-id=\"715cf27\" data-element_type=\"section\">\n\t\t\t\t\t\t<div class=\"elementor-container elementor-column-gap-default\">\n\t\t\t\t\t<div class=\"elementor-column elementor-col-100 elementor-top-column elementor-element elementor-element-9a2c3f0\" data-id=\"9a2c3f0\" data-element_type=\"column\">\n\t\t\t<div class=\"elementor-widget-wrap elementor-element-populated\">\n\t\t\t\t\t\t<div class=\"elementor-element elementor-element-0b27afc elementor-widget elementor-widget-heading\" data-id=\"0b27afc\" data-element_type=\"widget\" data-widget_type=\"heading.default\">\n\t\t\t\t<div class=\"elementor-widget-container\">\n\t\t\t\t\t<h1 class=\"elementor-heading-title elementor-size-xl\">MARTES 24 DE OCTUBRE<\/h1>\t\t\t\t<\/div>\n\t\t\t\t<\/div>\n\t\t\t\t\t<\/div>\n\t\t<\/div>\n\t\t\t\t\t<\/div>\n\t\t<\/section>\n\t\t\t\t<section class=\"elementor-section elementor-top-section elementor-element elementor-element-5c128f5 elementor-section-boxed elementor-section-height-default elementor-section-height-default\" data-id=\"5c128f5\" data-element_type=\"section\">\n\t\t\t\t\t\t<div class=\"elementor-container elementor-column-gap-default\">\n\t\t\t\t\t<div class=\"elementor-column elementor-col-100 elementor-top-column elementor-element elementor-element-cc67090\" data-id=\"cc67090\" data-element_type=\"column\">\n\t\t\t<div class=\"elementor-widget-wrap elementor-element-populated\">\n\t\t\t\t\t\t<div class=\"elementor-element elementor-element-f49f12c elementor-widget elementor-widget-heading\" data-id=\"f49f12c\" data-element_type=\"widget\" data-widget_type=\"heading.default\">\n\t\t\t\t<div class=\"elementor-widget-container\">\n\t\t\t\t\t<h2 class=\"elementor-heading-title elementor-size-default\">COMPETICI\u00d3N INTERNACIONAL 2<\/h2>\t\t\t\t<\/div>\n\t\t\t\t<\/div>\n\t\t\t\t\t<\/div>\n\t\t<\/div>\n\t\t\t\t\t<\/div>\n\t\t<\/section>\n\t\t\t\t<section class=\"elementor-section elementor-top-section elementor-element elementor-element-c5c161f elementor-section-boxed elementor-section-height-default elementor-section-height-default\" data-id=\"c5c161f\" data-element_type=\"section\">\n\t\t\t\t\t\t<div class=\"elementor-container elementor-column-gap-default\">\n\t\t\t\t\t<div class=\"elementor-column elementor-col-100 elementor-top-column elementor-element elementor-element-aa28374\" data-id=\"aa28374\" data-element_type=\"column\">\n\t\t\t<div class=\"elementor-widget-wrap elementor-element-populated\">\n\t\t\t\t\t\t<div class=\"elementor-element elementor-element-5489027 elementor-widget elementor-widget-heading\" data-id=\"5489027\" data-element_type=\"widget\" data-widget_type=\"heading.default\">\n\t\t\t\t<div class=\"elementor-widget-container\">\n\t\t\t\t\t<h3 class=\"elementor-heading-title elementor-size-large\">MARTES 24 - 18:00<\/h3>\t\t\t\t<\/div>\n\t\t\t\t<\/div>\n\t\t\t\t<div class=\"elementor-element elementor-element-3940118 elementor-widget elementor-widget-heading\" data-id=\"3940118\" data-element_type=\"widget\" data-widget_type=\"heading.default\">\n\t\t\t\t<div class=\"elementor-widget-container\">\n\t\t\t\t\t<h3 class=\"elementor-heading-title elementor-size-large\">PALACIO CONDES DE GABIA<\/h3>\t\t\t\t<\/div>\n\t\t\t\t<\/div>\n\t\t\t\t\t<\/div>\n\t\t<\/div>\n\t\t\t\t\t<\/div>\n\t\t<\/section>\n\t\t\t\t<section class=\"elementor-section elementor-top-section elementor-element elementor-element-e105365 elementor-section-boxed elementor-section-height-default elementor-section-height-default\" data-id=\"e105365\" data-element_type=\"section\">\n\t\t\t\t\t\t<div class=\"elementor-container elementor-column-gap-default\">\n\t\t\t\t\t<div class=\"elementor-column elementor-col-50 elementor-top-column elementor-element elementor-element-d5eb158\" data-id=\"d5eb158\" data-element_type=\"column\">\n\t\t\t<div class=\"elementor-widget-wrap elementor-element-populated\">\n\t\t\t\t\t\t<div class=\"elementor-element elementor-element-d1a815c elementor-widget elementor-widget-image\" data-id=\"d1a815c\" data-element_type=\"widget\" data-widget_type=\"image.default\">\n\t\t\t\t<div class=\"elementor-widget-container\">\n\t\t\t\t\t\t\t\t\t\t\t\t\t\t\t<img fetchpriority=\"high\" decoding=\"async\" width=\"800\" height=\"600\" src=\"https:\/\/www.filmfest-granada.com\/2023\/wp-content\/uploads\/sites\/13\/2023\/10\/COLOR-FINAL_02.00_02_27_02.Imagen-fija005-copia.png\" class=\"attachment-full size-full wp-image-3738\" alt=\"L\u00daA, TECHNO Y LO QUE QUEDA DE \u00c9L\" srcset=\"https:\/\/www.filmfest-granada.com\/2023\/wp-content\/uploads\/sites\/13\/2023\/10\/COLOR-FINAL_02.00_02_27_02.Imagen-fija005-copia.png 800w, https:\/\/www.filmfest-granada.com\/2023\/wp-content\/uploads\/sites\/13\/2023\/10\/COLOR-FINAL_02.00_02_27_02.Imagen-fija005-copia-300x225.png 300w, https:\/\/www.filmfest-granada.com\/2023\/wp-content\/uploads\/sites\/13\/2023\/10\/COLOR-FINAL_02.00_02_27_02.Imagen-fija005-copia-768x576.png 768w\" sizes=\"(max-width: 800px) 100vw, 800px\" \/>\t\t\t\t\t\t\t\t\t\t\t\t\t\t\t<\/div>\n\t\t\t\t<\/div>\n\t\t\t\t\t<\/div>\n\t\t<\/div>\n\t\t\t\t<div class=\"elementor-column elementor-col-50 elementor-top-column elementor-element elementor-element-a001894\" data-id=\"a001894\" data-element_type=\"column\">\n\t\t\t<div class=\"elementor-widget-wrap elementor-element-populated\">\n\t\t\t\t\t\t<div class=\"elementor-element elementor-element-a0caeda elementor-widget elementor-widget-heading\" data-id=\"a0caeda\" data-element_type=\"widget\" data-widget_type=\"heading.default\">\n\t\t\t\t<div class=\"elementor-widget-container\">\n\t\t\t\t\t<h3 class=\"elementor-heading-title elementor-size-medium\">L\u00daA, TECHNO Y LO QUE QUEDA DE \u00c9L<\/h3>\t\t\t\t<\/div>\n\t\t\t\t<\/div>\n\t\t\t\t<div class=\"elementor-element elementor-element-165f522 elementor-widget elementor-widget-heading\" data-id=\"165f522\" data-element_type=\"widget\" data-widget_type=\"heading.default\">\n\t\t\t\t<div class=\"elementor-widget-container\">\n\t\t\t\t\t<div class=\"elementor-heading-title elementor-size-default\">CARLOS BAIXAULI | ESPA\u00d1A | 2023 | 11\u2019<\/div>\t\t\t\t<\/div>\n\t\t\t\t<\/div>\n\t\t\t\t<div class=\"elementor-element elementor-element-4e10c1f elementor-widget elementor-widget-heading\" data-id=\"4e10c1f\" data-element_type=\"widget\" data-widget_type=\"heading.default\">\n\t\t\t\t<div class=\"elementor-widget-container\">\n\t\t\t\t\t<p class=\"elementor-heading-title elementor-size-default\">\u201cHola. S\u00e9 que hace tiempo que no hablamos, \u00bfte puedo llamar?\u201d As\u00ed comienza una pel\u00edcula como un conjuro. Que entre canciones techno invoca el recuerdo, nunca la nostalgia, de alguien que regresa como un fantasma a la vida de su joven protagonista.<\/p>\t\t\t\t<\/div>\n\t\t\t\t<\/div>\n\t\t\t\t\t<\/div>\n\t\t<\/div>\n\t\t\t\t\t<\/div>\n\t\t<\/section>\n\t\t\t\t<section class=\"elementor-section elementor-top-section elementor-element elementor-element-4ccbc4c elementor-section-boxed elementor-section-height-default elementor-section-height-default\" data-id=\"4ccbc4c\" data-element_type=\"section\">\n\t\t\t\t\t\t<div class=\"elementor-container elementor-column-gap-default\">\n\t\t\t\t\t<div class=\"elementor-column elementor-col-50 elementor-top-column elementor-element elementor-element-3188843\" data-id=\"3188843\" data-element_type=\"column\">\n\t\t\t<div class=\"elementor-widget-wrap elementor-element-populated\">\n\t\t\t\t\t\t<div class=\"elementor-element elementor-element-1d597ec elementor-widget elementor-widget-image\" data-id=\"1d597ec\" data-element_type=\"widget\" data-widget_type=\"image.default\">\n\t\t\t\t<div class=\"elementor-widget-container\">\n\t\t\t\t\t\t\t\t\t\t\t\t\t\t\t<img decoding=\"async\" width=\"1620\" height=\"1080\" src=\"https:\/\/www.filmfest-granada.com\/2023\/wp-content\/uploads\/sites\/13\/2023\/10\/RBCCT-1-copia.jpg\" class=\"attachment-full size-full wp-image-3739\" alt=\"REMEMBER, BROKEN CRAYONS COLOUR TOO\" srcset=\"https:\/\/www.filmfest-granada.com\/2023\/wp-content\/uploads\/sites\/13\/2023\/10\/RBCCT-1-copia.jpg 1620w, https:\/\/www.filmfest-granada.com\/2023\/wp-content\/uploads\/sites\/13\/2023\/10\/RBCCT-1-copia-300x200.jpg 300w, https:\/\/www.filmfest-granada.com\/2023\/wp-content\/uploads\/sites\/13\/2023\/10\/RBCCT-1-copia-1024x683.jpg 1024w, https:\/\/www.filmfest-granada.com\/2023\/wp-content\/uploads\/sites\/13\/2023\/10\/RBCCT-1-copia-768x512.jpg 768w, https:\/\/www.filmfest-granada.com\/2023\/wp-content\/uploads\/sites\/13\/2023\/10\/RBCCT-1-copia-1536x1024.jpg 1536w\" sizes=\"(max-width: 1620px) 100vw, 1620px\" \/>\t\t\t\t\t\t\t\t\t\t\t\t\t\t\t<\/div>\n\t\t\t\t<\/div>\n\t\t\t\t\t<\/div>\n\t\t<\/div>\n\t\t\t\t<div class=\"elementor-column elementor-col-50 elementor-top-column elementor-element elementor-element-1dda3e6\" data-id=\"1dda3e6\" data-element_type=\"column\">\n\t\t\t<div class=\"elementor-widget-wrap elementor-element-populated\">\n\t\t\t\t\t\t<div class=\"elementor-element elementor-element-39776c7 elementor-widget elementor-widget-heading\" data-id=\"39776c7\" data-element_type=\"widget\" data-widget_type=\"heading.default\">\n\t\t\t\t<div class=\"elementor-widget-container\">\n\t\t\t\t\t<h3 class=\"elementor-heading-title elementor-size-medium\">REMEMBER, BROKEN CRAYONS COLOUR TOO<\/h3>\t\t\t\t<\/div>\n\t\t\t\t<\/div>\n\t\t\t\t<div class=\"elementor-element elementor-element-d6b401e elementor-widget elementor-widget-heading\" data-id=\"d6b401e\" data-element_type=\"widget\" data-widget_type=\"heading.default\">\n\t\t\t\t<div class=\"elementor-widget-container\">\n\t\t\t\t\t<div class=\"elementor-heading-title elementor-size-default\">URSA KASTELIC, SHANNET CLEMMINGS | SUIZA | 2023 | 12\u2019\n<\/div>\t\t\t\t<\/div>\n\t\t\t\t<\/div>\n\t\t\t\t<div class=\"elementor-element elementor-element-3234e7b elementor-widget elementor-widget-heading\" data-id=\"3234e7b\" data-element_type=\"widget\" data-widget_type=\"heading.default\">\n\t\t\t\t<div class=\"elementor-widget-container\">\n\t\t\t\t\t<p class=\"elementor-heading-title elementor-size-default\">La voz de Shannet resuena en la oscuridad. Se abre al paisaje nocturno de una ciudad moderna. Mientras recorre las calles vac\u00edas le asaltan los recuerdos de su adolescencia, que comparte para curar las heridas causadas por los prejuicios y la discriminaci\u00f3n.<\/p>\t\t\t\t<\/div>\n\t\t\t\t<\/div>\n\t\t\t\t<div class=\"elementor-element elementor-element-df68b07 elementor-widget elementor-widget-heading\" data-id=\"df68b07\" data-element_type=\"widget\" data-widget_type=\"heading.default\">\n\t\t\t\t<div class=\"elementor-widget-container\">\n\t\t\t\t\t<p class=\"elementor-heading-title elementor-size-default\"><b>Estreno en Espa\u00f1a<\/b><\/p>\t\t\t\t<\/div>\n\t\t\t\t<\/div>\n\t\t\t\t\t<\/div>\n\t\t<\/div>\n\t\t\t\t\t<\/div>\n\t\t<\/section>\n\t\t\t\t<section class=\"elementor-section elementor-top-section elementor-element elementor-element-a1c4ca9 elementor-section-boxed elementor-section-height-default elementor-section-height-default\" data-id=\"a1c4ca9\" data-element_type=\"section\">\n\t\t\t\t\t\t<div class=\"elementor-container elementor-column-gap-default\">\n\t\t\t\t\t<div class=\"elementor-column elementor-col-50 elementor-top-column elementor-element elementor-element-5cc5759\" data-id=\"5cc5759\" data-element_type=\"column\">\n\t\t\t<div class=\"elementor-widget-wrap elementor-element-populated\">\n\t\t\t\t\t\t<div class=\"elementor-element elementor-element-327a719 elementor-widget elementor-widget-image\" data-id=\"327a719\" data-element_type=\"widget\" data-widget_type=\"image.default\">\n\t\t\t\t<div class=\"elementor-widget-container\">\n\t\t\t\t\t\t\t\t\t\t\t\t\t\t\t<img decoding=\"async\" width=\"2560\" height=\"1915\" src=\"https:\/\/www.filmfest-granada.com\/2023\/wp-content\/uploads\/sites\/13\/2023\/10\/3-scaled.jpg\" class=\"attachment-full size-full wp-image-3740\" alt=\"ESCAPE\" srcset=\"https:\/\/www.filmfest-granada.com\/2023\/wp-content\/uploads\/sites\/13\/2023\/10\/3-scaled.jpg 2560w, https:\/\/www.filmfest-granada.com\/2023\/wp-content\/uploads\/sites\/13\/2023\/10\/3-300x224.jpg 300w, https:\/\/www.filmfest-granada.com\/2023\/wp-content\/uploads\/sites\/13\/2023\/10\/3-1024x766.jpg 1024w, https:\/\/www.filmfest-granada.com\/2023\/wp-content\/uploads\/sites\/13\/2023\/10\/3-768x574.jpg 768w, https:\/\/www.filmfest-granada.com\/2023\/wp-content\/uploads\/sites\/13\/2023\/10\/3-1536x1149.jpg 1536w, https:\/\/www.filmfest-granada.com\/2023\/wp-content\/uploads\/sites\/13\/2023\/10\/3-2048x1532.jpg 2048w\" sizes=\"(max-width: 2560px) 100vw, 2560px\" \/>\t\t\t\t\t\t\t\t\t\t\t\t\t\t\t<\/div>\n\t\t\t\t<\/div>\n\t\t\t\t\t<\/div>\n\t\t<\/div>\n\t\t\t\t<div class=\"elementor-column elementor-col-50 elementor-top-column elementor-element elementor-element-1e09d4e\" data-id=\"1e09d4e\" data-element_type=\"column\">\n\t\t\t<div class=\"elementor-widget-wrap elementor-element-populated\">\n\t\t\t\t\t\t<div class=\"elementor-element elementor-element-26c98e1 elementor-widget elementor-widget-heading\" data-id=\"26c98e1\" data-element_type=\"widget\" data-widget_type=\"heading.default\">\n\t\t\t\t<div class=\"elementor-widget-container\">\n\t\t\t\t\t<h3 class=\"elementor-heading-title elementor-size-medium\">ENTRE DOS ISLAS<\/h3>\t\t\t\t<\/div>\n\t\t\t\t<\/div>\n\t\t\t\t<div class=\"elementor-element elementor-element-57474ad elementor-widget elementor-widget-heading\" data-id=\"57474ad\" data-element_type=\"widget\" data-widget_type=\"heading.default\">\n\t\t\t\t<div class=\"elementor-widget-container\">\n\t\t\t\t\t<div class=\"elementor-heading-title elementor-size-default\">HIDEKI NAKAZAKI | CUBA | 2022 | 12\u2019<\/div>\t\t\t\t<\/div>\n\t\t\t\t<\/div>\n\t\t\t\t<div class=\"elementor-element elementor-element-41baa26 elementor-widget elementor-widget-heading\" data-id=\"41baa26\" data-element_type=\"widget\" data-widget_type=\"heading.default\">\n\t\t\t\t<div class=\"elementor-widget-container\">\n\t\t\t\t\t<p class=\"elementor-heading-title elementor-size-default\">Sayu se debate entre dos realidades que dan forma a su identidad. Ella no quiere ser m\u00e1s que otra adolescente de La Habana que practica skate y adora cantar, pero su familia decide llevarla de vuelta a Jap\u00f3n para darle un futuro mejor.\n<\/p>\t\t\t\t<\/div>\n\t\t\t\t<\/div>\n\t\t\t\t\t<\/div>\n\t\t<\/div>\n\t\t\t\t\t<\/div>\n\t\t<\/section>\n\t\t\t\t<section class=\"elementor-section elementor-top-section elementor-element elementor-element-92d70a5 elementor-section-boxed elementor-section-height-default elementor-section-height-default\" data-id=\"92d70a5\" data-element_type=\"section\">\n\t\t\t\t\t\t<div class=\"elementor-container elementor-column-gap-default\">\n\t\t\t\t\t<div class=\"elementor-column elementor-col-50 elementor-top-column elementor-element elementor-element-c3e5ed5\" data-id=\"c3e5ed5\" data-element_type=\"column\">\n\t\t\t<div class=\"elementor-widget-wrap elementor-element-populated\">\n\t\t\t\t\t\t<div class=\"elementor-element elementor-element-bb923fd elementor-widget elementor-widget-image\" data-id=\"bb923fd\" data-element_type=\"widget\" data-widget_type=\"image.default\">\n\t\t\t\t<div class=\"elementor-widget-container\">\n\t\t\t\t\t\t\t\t\t\t\t\t\t\t\t<img loading=\"lazy\" decoding=\"async\" width=\"1200\" height=\"600\" src=\"https:\/\/www.filmfest-granada.com\/2023\/wp-content\/uploads\/sites\/13\/2023\/10\/Lata-de-sardinas.jpg\" class=\"attachment-full size-full wp-image-3751\" alt=\"LATA DE SARDINAS\" srcset=\"https:\/\/www.filmfest-granada.com\/2023\/wp-content\/uploads\/sites\/13\/2023\/10\/Lata-de-sardinas.jpg 1200w, https:\/\/www.filmfest-granada.com\/2023\/wp-content\/uploads\/sites\/13\/2023\/10\/Lata-de-sardinas-300x150.jpg 300w, https:\/\/www.filmfest-granada.com\/2023\/wp-content\/uploads\/sites\/13\/2023\/10\/Lata-de-sardinas-1024x512.jpg 1024w, https:\/\/www.filmfest-granada.com\/2023\/wp-content\/uploads\/sites\/13\/2023\/10\/Lata-de-sardinas-768x384.jpg 768w\" sizes=\"(max-width: 1200px) 100vw, 1200px\" \/>\t\t\t\t\t\t\t\t\t\t\t\t\t\t\t<\/div>\n\t\t\t\t<\/div>\n\t\t\t\t\t<\/div>\n\t\t<\/div>\n\t\t\t\t<div class=\"elementor-column elementor-col-50 elementor-top-column elementor-element elementor-element-7dcf7e0\" data-id=\"7dcf7e0\" data-element_type=\"column\">\n\t\t\t<div class=\"elementor-widget-wrap elementor-element-populated\">\n\t\t\t\t\t\t<div class=\"elementor-element elementor-element-c85d458 elementor-widget elementor-widget-heading\" data-id=\"c85d458\" data-element_type=\"widget\" data-widget_type=\"heading.default\">\n\t\t\t\t<div class=\"elementor-widget-container\">\n\t\t\t\t\t<h3 class=\"elementor-heading-title elementor-size-medium\">LATA DE SARDINAS<\/h3>\t\t\t\t<\/div>\n\t\t\t\t<\/div>\n\t\t\t\t<div class=\"elementor-element elementor-element-66dc921 elementor-widget elementor-widget-heading\" data-id=\"66dc921\" data-element_type=\"widget\" data-widget_type=\"heading.default\">\n\t\t\t\t<div class=\"elementor-widget-container\">\n\t\t\t\t\t<div class=\"elementor-heading-title elementor-size-default\">ANTONIO LLANEZA | ESPA\u00d1A | 2022 | 17\u2019<\/div>\t\t\t\t<\/div>\n\t\t\t\t<\/div>\n\t\t\t\t<div class=\"elementor-element elementor-element-d0a83ef elementor-widget elementor-widget-heading\" data-id=\"d0a83ef\" data-element_type=\"widget\" data-widget_type=\"heading.default\">\n\t\t\t\t<div class=\"elementor-widget-container\">\n\t\t\t\t\t<p class=\"elementor-heading-title elementor-size-default\">Cuando su padre fallece, Joel se ve obligado a regresar a casa para asistir al entierro. La vuelta a la ciudad que le vio crecer y el reencuentro con las amistades de su infancia abrir\u00e1 heridas que cre\u00eda ya cerradas. Tendr\u00e1 que enfrentarse a aquello de lo que lleva tanto tiempo huyendo.<\/p>\t\t\t\t<\/div>\n\t\t\t\t<\/div>\n\t\t\t\t\t<\/div>\n\t\t<\/div>\n\t\t\t\t\t<\/div>\n\t\t<\/section>\n\t\t\t\t<section class=\"elementor-section elementor-top-section elementor-element elementor-element-dc4d972 elementor-section-boxed elementor-section-height-default elementor-section-height-default\" data-id=\"dc4d972\" data-element_type=\"section\">\n\t\t\t\t\t\t<div class=\"elementor-container elementor-column-gap-default\">\n\t\t\t\t\t<div class=\"elementor-column elementor-col-50 elementor-top-column elementor-element elementor-element-7d31d47\" data-id=\"7d31d47\" data-element_type=\"column\">\n\t\t\t<div class=\"elementor-widget-wrap elementor-element-populated\">\n\t\t\t\t\t\t<div class=\"elementor-element elementor-element-26913b0 elementor-widget elementor-widget-image\" data-id=\"26913b0\" data-element_type=\"widget\" data-widget_type=\"image.default\">\n\t\t\t\t<div class=\"elementor-widget-container\">\n\t\t\t\t\t\t\t\t\t\t\t\t\t\t\t<img loading=\"lazy\" decoding=\"async\" width=\"800\" height=\"483\" src=\"https:\/\/www.filmfest-granada.com\/2023\/wp-content\/uploads\/sites\/13\/2023\/10\/fp_716208_28632.jpg\" class=\"attachment-full size-full wp-image-3752\" alt=\"ESCAPE\" srcset=\"https:\/\/www.filmfest-granada.com\/2023\/wp-content\/uploads\/sites\/13\/2023\/10\/fp_716208_28632.jpg 800w, https:\/\/www.filmfest-granada.com\/2023\/wp-content\/uploads\/sites\/13\/2023\/10\/fp_716208_28632-300x181.jpg 300w, https:\/\/www.filmfest-granada.com\/2023\/wp-content\/uploads\/sites\/13\/2023\/10\/fp_716208_28632-768x464.jpg 768w\" sizes=\"(max-width: 800px) 100vw, 800px\" \/>\t\t\t\t\t\t\t\t\t\t\t\t\t\t\t<\/div>\n\t\t\t\t<\/div>\n\t\t\t\t\t<\/div>\n\t\t<\/div>\n\t\t\t\t<div class=\"elementor-column elementor-col-50 elementor-top-column elementor-element elementor-element-d400051\" data-id=\"d400051\" data-element_type=\"column\">\n\t\t\t<div class=\"elementor-widget-wrap elementor-element-populated\">\n\t\t\t\t\t\t<div class=\"elementor-element elementor-element-107573c elementor-widget elementor-widget-heading\" data-id=\"107573c\" data-element_type=\"widget\" data-widget_type=\"heading.default\">\n\t\t\t\t<div class=\"elementor-widget-container\">\n\t\t\t\t\t<h3 class=\"elementor-heading-title elementor-size-medium\">ESCAPE<\/h3>\t\t\t\t<\/div>\n\t\t\t\t<\/div>\n\t\t\t\t<div class=\"elementor-element elementor-element-85d0f08 elementor-widget elementor-widget-heading\" data-id=\"85d0f08\" data-element_type=\"widget\" data-widget_type=\"heading.default\">\n\t\t\t\t<div class=\"elementor-widget-container\">\n\t\t\t\t\t<div class=\"elementor-heading-title elementor-size-default\">MIHARU MORI | JAP\u00d3N | 2023 | 14\u2019<\/div>\t\t\t\t<\/div>\n\t\t\t\t<\/div>\n\t\t\t\t<div class=\"elementor-element elementor-element-82a2aa2 elementor-widget elementor-widget-heading\" data-id=\"82a2aa2\" data-element_type=\"widget\" data-widget_type=\"heading.default\">\n\t\t\t\t<div class=\"elementor-widget-container\">\n\t\t\t\t\t<p class=\"elementor-heading-title elementor-size-default\">Mitsuru, Go y Azuma juegan con un coche teledirigido en un parque. De repente, unos trabajadores de la construcci\u00f3n comienzan a perseguirlos y deciden huir por la ciudad. Los tres chicos se separan y terminan en lugares extra\u00f1os, sin escapatoria.<\/p>\t\t\t\t<\/div>\n\t\t\t\t<\/div>\n\t\t\t\t\t<\/div>\n\t\t<\/div>\n\t\t\t\t\t<\/div>\n\t\t<\/section>\n\t\t\t\t<section class=\"elementor-section elementor-top-section elementor-element elementor-element-b53586d elementor-section-boxed elementor-section-height-default elementor-section-height-default\" data-id=\"b53586d\" data-element_type=\"section\">\n\t\t\t\t\t\t<div class=\"elementor-container elementor-column-gap-default\">\n\t\t\t\t\t<div class=\"elementor-column elementor-col-100 elementor-top-column elementor-element elementor-element-7d31152\" data-id=\"7d31152\" data-element_type=\"column\">\n\t\t\t<div class=\"elementor-widget-wrap elementor-element-populated\">\n\t\t\t\t\t\t<div class=\"elementor-element elementor-element-578ac93 elementor-widget elementor-widget-heading\" data-id=\"578ac93\" data-element_type=\"widget\" data-widget_type=\"heading.default\">\n\t\t\t\t<div class=\"elementor-widget-container\">\n\t\t\t\t\t<div class=\"elementor-heading-title elementor-size-default\"><b>Entrada libre hasta completar aforo<\/b><\/div>\t\t\t\t<\/div>\n\t\t\t\t<\/div>\n\t\t\t\t\t<\/div>\n\t\t<\/div>\n\t\t\t\t\t<\/div>\n\t\t<\/section>\n\t\t\t\t<section class=\"elementor-section elementor-top-section elementor-element elementor-element-742939c elementor-section-boxed elementor-section-height-default elementor-section-height-default\" data-id=\"742939c\" data-element_type=\"section\">\n\t\t\t\t\t\t<div class=\"elementor-container elementor-column-gap-default\">\n\t\t\t\t\t<div class=\"elementor-column elementor-col-100 elementor-top-column elementor-element elementor-element-9eef161\" data-id=\"9eef161\" data-element_type=\"column\">\n\t\t\t<div class=\"elementor-widget-wrap elementor-element-populated\">\n\t\t\t\t\t\t<div class=\"elementor-element elementor-element-bd2270a elementor-widget elementor-widget-heading\" data-id=\"bd2270a\" data-element_type=\"widget\" data-widget_type=\"heading.default\">\n\t\t\t\t<div class=\"elementor-widget-container\">\n\t\t\t\t\t<h2 class=\"elementor-heading-title elementor-size-default\">UN D\u00cdA LOBO L\u00d3PEZ<\/h2>\t\t\t\t<\/div>\n\t\t\t\t<\/div>\n\t\t\t\t\t<\/div>\n\t\t<\/div>\n\t\t\t\t\t<\/div>\n\t\t<\/section>\n\t\t\t\t<section class=\"elementor-section elementor-top-section elementor-element elementor-element-6f174e6 elementor-section-boxed elementor-section-height-default elementor-section-height-default\" data-id=\"6f174e6\" data-element_type=\"section\">\n\t\t\t\t\t\t<div class=\"elementor-container elementor-column-gap-default\">\n\t\t\t\t\t<div class=\"elementor-column elementor-col-100 elementor-top-column elementor-element elementor-element-269ed15\" data-id=\"269ed15\" data-element_type=\"column\">\n\t\t\t<div class=\"elementor-widget-wrap elementor-element-populated\">\n\t\t\t\t\t\t<div class=\"elementor-element elementor-element-86c0179 elementor-widget elementor-widget-heading\" data-id=\"86c0179\" data-element_type=\"widget\" data-widget_type=\"heading.default\">\n\t\t\t\t<div class=\"elementor-widget-container\">\n\t\t\t\t\t<h3 class=\"elementor-heading-title elementor-size-large\">MARTES 24 - 20:00<\/h3>\t\t\t\t<\/div>\n\t\t\t\t<\/div>\n\t\t\t\t<div class=\"elementor-element elementor-element-756221a elementor-widget elementor-widget-heading\" data-id=\"756221a\" data-element_type=\"widget\" data-widget_type=\"heading.default\">\n\t\t\t\t<div class=\"elementor-widget-container\">\n\t\t\t\t\t<h3 class=\"elementor-heading-title elementor-size-large\">PALACIO CONDES DE GABIA<\/h3>\t\t\t\t<\/div>\n\t\t\t\t<\/div>\n\t\t\t\t\t<\/div>\n\t\t<\/div>\n\t\t\t\t\t<\/div>\n\t\t<\/section>\n\t\t\t\t<section class=\"elementor-section elementor-top-section elementor-element elementor-element-00289fe elementor-section-boxed elementor-section-height-default elementor-section-height-default\" data-id=\"00289fe\" data-element_type=\"section\">\n\t\t\t\t\t\t<div class=\"elementor-container elementor-column-gap-default\">\n\t\t\t\t\t<div class=\"elementor-column elementor-col-50 elementor-top-column elementor-element elementor-element-3aa1717\" data-id=\"3aa1717\" data-element_type=\"column\">\n\t\t\t<div class=\"elementor-widget-wrap elementor-element-populated\">\n\t\t\t\t\t\t<div class=\"elementor-element elementor-element-543882d mini-slider elementor--h-position-center elementor--v-position-middle elementor-widget elementor-widget-slides\" data-id=\"543882d\" data-element_type=\"widget\" data-settings=\"{&quot;navigation&quot;:&quot;none&quot;,&quot;autoplay&quot;:&quot;yes&quot;,&quot;autoplay_speed&quot;:5000,&quot;infinite&quot;:&quot;yes&quot;,&quot;transition&quot;:&quot;slide&quot;,&quot;transition_speed&quot;:500}\" data-widget_type=\"slides.default\">\n\t\t\t\t<div class=\"elementor-widget-container\">\n\t\t\t\t\t\t\t\t\t<div class=\"elementor-swiper\">\n\t\t\t\t\t<div class=\"elementor-slides-wrapper elementor-main-swiper swiper\" role=\"region\" aria-roledescription=\"carousel\" aria-label=\"Diapositivas\" dir=\"ltr\" data-animation=\"fadeInUp\">\n\t\t\t\t<div class=\"swiper-wrapper elementor-slides\">\n\t\t\t\t\t\t\t\t\t\t<div class=\"elementor-repeater-item-3d86ba0 swiper-slide\" role=\"group\" aria-roledescription=\"slide\"><div class=\"swiper-slide-bg\" role=\"img\" aria-label=\"UN D\u00cdA LOBO L\u00d3PEZ\"><\/div><div class=\"swiper-slide-inner\" ><div class=\"swiper-slide-contents\"><\/div><\/div><\/div>\t\t\t\t<\/div>\n\t\t\t\t\t\t\t<\/div>\n\t\t\t\t<\/div>\n\t\t\t\t\t\t\t\t<\/div>\n\t\t\t\t<\/div>\n\t\t\t\t\t<\/div>\n\t\t<\/div>\n\t\t\t\t<div class=\"elementor-column elementor-col-50 elementor-top-column elementor-element elementor-element-ba3459a\" data-id=\"ba3459a\" data-element_type=\"column\">\n\t\t\t<div class=\"elementor-widget-wrap elementor-element-populated\">\n\t\t\t\t\t\t<div class=\"elementor-element elementor-element-ea7b5c0 elementor-widget elementor-widget-heading\" data-id=\"ea7b5c0\" data-element_type=\"widget\" data-widget_type=\"heading.default\">\n\t\t\t\t<div class=\"elementor-widget-container\">\n\t\t\t\t\t<h3 class=\"elementor-heading-title elementor-size-medium\">UN D\u00cdA LOBO L\u00d3PEZ<\/h3>\t\t\t\t<\/div>\n\t\t\t\t<\/div>\n\t\t\t\t<div class=\"elementor-element elementor-element-5b96841 elementor-widget elementor-widget-heading\" data-id=\"5b96841\" data-element_type=\"widget\" data-widget_type=\"heading.default\">\n\t\t\t\t<div class=\"elementor-widget-container\">\n\t\t\t\t\t<div class=\"elementor-heading-title elementor-size-default\">ALEJANDRO G. SALGADO | Espa\u00f1a | 2022 | 87\u2019<\/div>\t\t\t\t<\/div>\n\t\t\t\t<\/div>\n\t\t\t\t<div class=\"elementor-element elementor-element-9f86f65 elementor-widget elementor-widget-heading\" data-id=\"9f86f65\" data-element_type=\"widget\" data-widget_type=\"heading.default\">\n\t\t\t\t<div class=\"elementor-widget-container\">\n\t\t\t\t\t<h3 class=\"elementor-heading-title elementor-size-medium\">SINOPSIS<\/h3>\t\t\t\t<\/div>\n\t\t\t\t<\/div>\n\t\t\t\t<div class=\"elementor-element elementor-element-864d488 elementor-widget elementor-widget-heading\" data-id=\"864d488\" data-element_type=\"widget\" data-widget_type=\"heading.default\">\n\t\t\t\t<div class=\"elementor-widget-container\">\n\t\t\t\t\t<p class=\"elementor-heading-title elementor-size-default\">Cuando se cumplen 30 a\u00f1os de la publicaci\u00f3n de <i> \u00c9chate un cantecito<\/i>, el sexto disco de estudio de <b>Kiko Veneno<\/b>, producido por Joe Dworniak con la colaboraci\u00f3n de Santiago Auser\u00f3n, este celebrado documental se adentra en las circunstancias vitales y el contexto art\u00edstico e hist\u00f3rico que hicieron posible la creaci\u00f3n de un \u00e1lbum que marc\u00f3 camino en el pop espa\u00f1ol. Y que cambi\u00f3 la suerte de su autor.<\/p>\t\t\t\t<\/div>\n\t\t\t\t<\/div>\n\t\t\t\t<div class=\"elementor-element elementor-element-054fdf7 elementor-widget elementor-widget-heading\" data-id=\"054fdf7\" data-element_type=\"widget\" data-widget_type=\"heading.default\">\n\t\t\t\t<div class=\"elementor-widget-container\">\n\t\t\t\t\t<p class=\"elementor-heading-title elementor-size-default\"><b>En colaboraci\u00f3n con el Festival de M\u00e1laga<\/b><\/p>\t\t\t\t<\/div>\n\t\t\t\t<\/div>\n\t\t\t\t\t<\/div>\n\t\t<\/div>\n\t\t\t\t\t<\/div>\n\t\t<\/section>\n\t\t\t\t<section class=\"elementor-section elementor-top-section elementor-element elementor-element-76f5f50 elementor-section-boxed elementor-section-height-default elementor-section-height-default\" data-id=\"76f5f50\" data-element_type=\"section\">\n\t\t\t\t\t\t<div class=\"elementor-container elementor-column-gap-default\">\n\t\t\t\t\t<div class=\"elementor-column elementor-col-100 elementor-top-column elementor-element elementor-element-5768cc1\" data-id=\"5768cc1\" data-element_type=\"column\">\n\t\t\t<div class=\"elementor-widget-wrap elementor-element-populated\">\n\t\t\t\t\t\t<div class=\"elementor-element elementor-element-00cc5a4 elementor-widget elementor-widget-heading\" data-id=\"00cc5a4\" data-element_type=\"widget\" data-widget_type=\"heading.default\">\n\t\t\t\t<div class=\"elementor-widget-container\">\n\t\t\t\t\t<p class=\"elementor-heading-title elementor-size-default\"><b>Entrada libre hasta completar aforo<\/b><\/p>\t\t\t\t<\/div>\n\t\t\t\t<\/div>\n\t\t\t\t\t<\/div>\n\t\t<\/div>\n\t\t\t\t\t<\/div>\n\t\t<\/section>\n\t\t\t\t<\/div>\n\t\t","protected":false},"excerpt":{"rendered":"<p>\/*! elementor &#8211; v3.16.0 &#8211; 20-09-2023 *\/ .elementor-heading-title{padding:0;margin:0;line-height:1}.elementor-widget-heading .elementor-heading-title[class*=elementor-size-]&gt;a{color:inherit;font-size:inherit;line-height:inherit}.elementor-widget-heading .elementor-heading-title.elementor-size-small{font-size:15px}.elementor-widget-heading .elementor-heading-title.elementor-size-medium{font-size:19px}.elementor-widget-heading .elementor-heading-title.elementor-size-large{font-size:29px}.elementor-widget-heading .elementor-heading-title.elementor-size-xl{font-size:39px}.elementor-widget-heading .elementor-heading-title.elementor-size-xxl{font-size:59px} MARTES 24 DE OCTUBRE COMPETICI\u00d3N INTERNACIONAL 2 MARTES 24 &#8211; 18:00 PALACIO CONDES DE GABIA \/*! elementor &#8211; v3.16.0 &#8211; 20-09-2023 *\/ .elementor-widget-image{text-align:center}.elementor-widget-image a{display:inline-block}.elementor-widget-image a img[src$=\u00bb.svg\u00bb]{width:48px}.elementor-widget-image img{vertical-align:middle;display:inline-block} L\u00daA, TECHNO Y LO QUE QUEDA DE \u00c9L CARLOS BAIXAULI | ESPA\u00d1A | 2023 &#8230; <a title=\"Martes 24\" class=\"read-more\" href=\"https:\/\/www.filmfest-granada.com\/2023\/martes-24\/\" aria-label=\"Leer m\u00e1s sobre Martes 24\">Leer m\u00e1s<\/a><\/p>\n","protected":false},"author":1170,"featured_media":0,"parent":0,"menu_order":0,"comment_status":"closed","ping_status":"closed","template":"elementor_header_footer","meta":{"_monsterinsights_skip_tracking":false,"_monsterinsights_sitenote_active":false,"_monsterinsights_sitenote_note":"","_monsterinsights_sitenote_category":0,"footnotes":""},"class_list":["post-4248","page","type-page","status-publish"],"aioseo_notices":[],"_links":{"self":[{"href":"https:\/\/www.filmfest-granada.com\/2023\/wp-json\/wp\/v2\/pages\/4248","targetHints":{"allow":["GET"]}}],"collection":[{"href":"https:\/\/www.filmfest-granada.com\/2023\/wp-json\/wp\/v2\/pages"}],"about":[{"href":"https:\/\/www.filmfest-granada.com\/2023\/wp-json\/wp\/v2\/types\/page"}],"author":[{"embeddable":true,"href":"https:\/\/www.filmfest-granada.com\/2023\/wp-json\/wp\/v2\/users\/1170"}],"replies":[{"embeddable":true,"href":"https:\/\/www.filmfest-granada.com\/2023\/wp-json\/wp\/v2\/comments?post=4248"}],"version-history":[{"count":10,"href":"https:\/\/www.filmfest-granada.com\/2023\/wp-json\/wp\/v2\/pages\/4248\/revisions"}],"predecessor-version":[{"id":4278,"href":"https:\/\/www.filmfest-granada.com\/2023\/wp-json\/wp\/v2\/pages\/4248\/revisions\/4278"}],"wp:attachment":[{"href":"https:\/\/www.filmfest-granada.com\/2023\/wp-json\/wp\/v2\/media?parent=4248"}],"curies":[{"name":"wp","href":"https:\/\/api.w.org\/{rel}","templated":true}]}}