{"id":91,"date":"2021-09-30T20:30:49","date_gmt":"2021-09-30T18:30:49","guid":{"rendered":"https:\/\/www.filmfest-granada.com\/2023\/?page_id=91"},"modified":"2023-11-05T21:01:22","modified_gmt":"2023-11-05T20:01:22","slug":"competicion-internacional","status":"publish","type":"page","link":"https:\/\/www.filmfest-granada.com\/2023\/competicion-internacional\/","title":{"rendered":"Competici\u00f3n Internacional"},"content":{"rendered":"\t\t<div data-elementor-type=\"wp-page\" data-elementor-id=\"91\" class=\"elementor elementor-91\" data-elementor-post-type=\"page\">\n\t\t\t\t\t\t<section class=\"elementor-section elementor-top-section elementor-element elementor-element-b87cec1 elementor-section-boxed elementor-section-height-default elementor-section-height-default\" data-id=\"b87cec1\" data-element_type=\"section\">\n\t\t\t\t\t\t<div class=\"elementor-container elementor-column-gap-default\">\n\t\t\t\t\t<div class=\"elementor-column elementor-col-100 elementor-top-column elementor-element elementor-element-57e5955\" data-id=\"57e5955\" data-element_type=\"column\">\n\t\t\t<div class=\"elementor-widget-wrap elementor-element-populated\">\n\t\t\t\t\t\t<div class=\"elementor-element elementor-element-4f13eb4 elementor-widget elementor-widget-heading\" data-id=\"4f13eb4\" data-element_type=\"widget\" data-widget_type=\"heading.default\">\n\t\t\t\t<div class=\"elementor-widget-container\">\n\t\t\t\t\t<h1 class=\"elementor-heading-title elementor-size-xl\">COMPETICI\u00d3N INTERNACIONAL<\/h1>\t\t\t\t<\/div>\n\t\t\t\t<\/div>\n\t\t\t\t\t<\/div>\n\t\t<\/div>\n\t\t\t\t\t<\/div>\n\t\t<\/section>\n\t\t\t\t<section class=\"elementor-section elementor-top-section elementor-element elementor-element-0ca8aa0 elementor-section-boxed elementor-section-height-default elementor-section-height-default\" data-id=\"0ca8aa0\" data-element_type=\"section\">\n\t\t\t\t\t\t<div class=\"elementor-container elementor-column-gap-default\">\n\t\t\t\t\t<div class=\"elementor-column elementor-col-100 elementor-top-column elementor-element elementor-element-6944565\" data-id=\"6944565\" data-element_type=\"column\">\n\t\t\t<div class=\"elementor-widget-wrap elementor-element-populated\">\n\t\t\t\t\t\t<div class=\"elementor-element elementor-element-aee0a42 subtitle-p elementor-widget elementor-widget-heading\" data-id=\"aee0a42\" data-element_type=\"widget\" data-widget_type=\"heading.default\">\n\t\t\t\t<div class=\"elementor-widget-container\">\n\t\t\t\t\t<p class=\"elementor-heading-title elementor-size-default\">La <strong>Competici\u00f3n Internacional<\/strong> apuesta por el descubrimiento de talentos emergentes. Una celebraci\u00f3n de la diversidad del cine contempor\u00e1neo con un especial inter\u00e9s por \u00f3peras primas y primeras obras que exploran nuevas formas audiovisuales, sin importar su duraci\u00f3n, g\u00e9nero o formato. <\/p>\t\t\t\t<\/div>\n\t\t\t\t<\/div>\n\t\t\t\t<div class=\"elementor-element elementor-element-0291d52 subtitle-p elementor-widget elementor-widget-heading\" data-id=\"0291d52\" data-element_type=\"widget\" data-widget_type=\"heading.default\">\n\t\t\t\t<div class=\"elementor-widget-container\">\n\t\t\t\t\t<p class=\"elementor-heading-title elementor-size-default\">La selecci\u00f3n cuenta con la participaci\u00f3n a concurso de quince cortometrajes y dos largometrajes de diez pa\u00edses distintos, entre los que se encuentran dos estrenos en Espa\u00f1a, que aspiran al <b>Premio Val del Omar<\/b> a la mejor pel\u00edcula, el <b>Premio de la Juventud<\/b> y el <b>Premio Hammam Al \u00c1ndalus del P\u00fablico<\/b>.<\/p>\t\t\t\t<\/div>\n\t\t\t\t<\/div>\n\t\t\t\t\t<\/div>\n\t\t<\/div>\n\t\t\t\t\t<\/div>\n\t\t<\/section>\n\t\t\t\t<section class=\"elementor-section elementor-top-section elementor-element elementor-element-8c3d29d elementor-section-boxed elementor-section-height-default elementor-section-height-default\" data-id=\"8c3d29d\" data-element_type=\"section\">\n\t\t\t\t\t\t<div class=\"elementor-container elementor-column-gap-default\">\n\t\t\t\t\t<div class=\"elementor-column elementor-col-100 elementor-top-column elementor-element elementor-element-6a00710\" data-id=\"6a00710\" data-element_type=\"column\">\n\t\t\t<div class=\"elementor-widget-wrap elementor-element-populated\">\n\t\t\t\t\t\t<div class=\"elementor-element elementor-element-d22618a elementor-widget elementor-widget-heading\" data-id=\"d22618a\" data-element_type=\"widget\" data-widget_type=\"heading.default\">\n\t\t\t\t<div class=\"elementor-widget-container\">\n\t\t\t\t\t<h2 class=\"elementor-heading-title elementor-size-default\">COMPETICI\u00d3N INTERNACIONAL 1<\/h2>\t\t\t\t<\/div>\n\t\t\t\t<\/div>\n\t\t\t\t\t<\/div>\n\t\t<\/div>\n\t\t\t\t\t<\/div>\n\t\t<\/section>\n\t\t\t\t<section class=\"elementor-section elementor-top-section elementor-element elementor-element-d045192 elementor-section-boxed elementor-section-height-default elementor-section-height-default\" data-id=\"d045192\" data-element_type=\"section\">\n\t\t\t\t\t\t<div class=\"elementor-container elementor-column-gap-default\">\n\t\t\t\t\t<div class=\"elementor-column elementor-col-100 elementor-top-column elementor-element elementor-element-2059e9b\" data-id=\"2059e9b\" data-element_type=\"column\">\n\t\t\t<div class=\"elementor-widget-wrap elementor-element-populated\">\n\t\t\t\t\t\t<div class=\"elementor-element elementor-element-ec279d3 elementor-widget elementor-widget-heading\" data-id=\"ec279d3\" data-element_type=\"widget\" data-widget_type=\"heading.default\">\n\t\t\t\t<div class=\"elementor-widget-container\">\n\t\t\t\t\t<h3 class=\"elementor-heading-title elementor-size-large\">LUNES 23 - 18:00<\/h3>\t\t\t\t<\/div>\n\t\t\t\t<\/div>\n\t\t\t\t<div class=\"elementor-element elementor-element-62ee0ab elementor-widget elementor-widget-heading\" data-id=\"62ee0ab\" data-element_type=\"widget\" data-widget_type=\"heading.default\">\n\t\t\t\t<div class=\"elementor-widget-container\">\n\t\t\t\t\t<h3 class=\"elementor-heading-title elementor-size-large\">PALACIO CONDES DE GABIA<\/h3>\t\t\t\t<\/div>\n\t\t\t\t<\/div>\n\t\t\t\t\t<\/div>\n\t\t<\/div>\n\t\t\t\t\t<\/div>\n\t\t<\/section>\n\t\t\t\t<section class=\"elementor-section elementor-top-section elementor-element elementor-element-0a31114 elementor-section-boxed elementor-section-height-default elementor-section-height-default\" data-id=\"0a31114\" data-element_type=\"section\">\n\t\t\t\t\t\t<div class=\"elementor-container elementor-column-gap-default\">\n\t\t\t\t\t<div class=\"elementor-column elementor-col-50 elementor-top-column elementor-element elementor-element-2c3ca1b\" data-id=\"2c3ca1b\" data-element_type=\"column\">\n\t\t\t<div class=\"elementor-widget-wrap elementor-element-populated\">\n\t\t\t\t\t\t<div class=\"elementor-element elementor-element-5c845a1 elementor-widget elementor-widget-image\" data-id=\"5c845a1\" data-element_type=\"widget\" data-widget_type=\"image.default\">\n\t\t\t\t<div class=\"elementor-widget-container\">\n\t\t\t\t\t\t\t\t\t\t\t\t\t\t\t<img decoding=\"async\" src=\"https:\/\/www.filmfest-granada.com\/2023\/wp-content\/uploads\/sites\/13\/elementor\/thumbs\/Getty-still-1-copia-qdk0svn7qlyggp7moepflv3qcdsrmg4a8k5ramt9i6.jpg\" title=\"A HISTORY OF THE WORLD ACCORDING TO GETTY IMAGES\" alt=\"A HISTORY OF THE WORLD ACCORDING TO GETTY IMAGES\" loading=\"lazy\" \/>\t\t\t\t\t\t\t\t\t\t\t\t\t\t\t<\/div>\n\t\t\t\t<\/div>\n\t\t\t\t\t<\/div>\n\t\t<\/div>\n\t\t\t\t<div class=\"elementor-column elementor-col-50 elementor-top-column elementor-element elementor-element-bd83bc3\" data-id=\"bd83bc3\" data-element_type=\"column\">\n\t\t\t<div class=\"elementor-widget-wrap elementor-element-populated\">\n\t\t\t\t\t\t<div class=\"elementor-element elementor-element-f942fa6 elementor-widget elementor-widget-heading\" data-id=\"f942fa6\" data-element_type=\"widget\" data-widget_type=\"heading.default\">\n\t\t\t\t<div class=\"elementor-widget-container\">\n\t\t\t\t\t<h3 class=\"elementor-heading-title elementor-size-medium\">A HISTORY OF THE WORLD ACCORDING TO GETTY IMAGES<\/h3>\t\t\t\t<\/div>\n\t\t\t\t<\/div>\n\t\t\t\t<div class=\"elementor-element elementor-element-7749b67 elementor-widget elementor-widget-heading\" data-id=\"7749b67\" data-element_type=\"widget\" data-widget_type=\"heading.default\">\n\t\t\t\t<div class=\"elementor-widget-container\">\n\t\t\t\t\t<div class=\"elementor-heading-title elementor-size-default\">RICHARD MISEK | REINO UNIDO, NORUEGA | 2022 | 18\u2019 <\/div>\t\t\t\t<\/div>\n\t\t\t\t<\/div>\n\t\t\t\t<div class=\"elementor-element elementor-element-45305d8 elementor-widget elementor-widget-heading\" data-id=\"45305d8\" data-element_type=\"widget\" data-widget_type=\"heading.default\">\n\t\t\t\t<div class=\"elementor-widget-container\">\n\t\t\t\t\t<p class=\"elementor-heading-title elementor-size-default\">Viaja a trav\u00e9s de algunos de los momentos m\u00e1s significativos del siglo XX captados por una c\u00e1mara. Un fascinante estudio sobre la propiedad intelectual y el poder de las im\u00e1genes elaborado a partir del archivo Getty.<\/p>\t\t\t\t<\/div>\n\t\t\t\t<\/div>\n\t\t\t\t\t<\/div>\n\t\t<\/div>\n\t\t\t\t\t<\/div>\n\t\t<\/section>\n\t\t\t\t<section class=\"elementor-section elementor-top-section elementor-element elementor-element-da79656 elementor-section-boxed elementor-section-height-default elementor-section-height-default\" data-id=\"da79656\" data-element_type=\"section\">\n\t\t\t\t\t\t<div class=\"elementor-container elementor-column-gap-default\">\n\t\t\t\t\t<div class=\"elementor-column elementor-col-50 elementor-top-column elementor-element elementor-element-f8ace01\" data-id=\"f8ace01\" data-element_type=\"column\">\n\t\t\t<div class=\"elementor-widget-wrap elementor-element-populated\">\n\t\t\t\t\t\t<div class=\"elementor-element elementor-element-59b024e elementor-widget elementor-widget-image\" data-id=\"59b024e\" data-element_type=\"widget\" data-widget_type=\"image.default\">\n\t\t\t\t<div class=\"elementor-widget-container\">\n\t\t\t\t\t\t\t\t\t\t\t\t\t\t\t<img fetchpriority=\"high\" decoding=\"async\" width=\"1000\" height=\"750\" src=\"https:\/\/www.filmfest-granada.com\/2023\/wp-content\/uploads\/sites\/13\/2023\/10\/STILL-HORS-SAISON-copia.png\" class=\"attachment-full size-full wp-image-3733\" alt=\"HORS-SAISON\" srcset=\"https:\/\/www.filmfest-granada.com\/2023\/wp-content\/uploads\/sites\/13\/2023\/10\/STILL-HORS-SAISON-copia.png 1000w, https:\/\/www.filmfest-granada.com\/2023\/wp-content\/uploads\/sites\/13\/2023\/10\/STILL-HORS-SAISON-copia-300x225.png 300w, https:\/\/www.filmfest-granada.com\/2023\/wp-content\/uploads\/sites\/13\/2023\/10\/STILL-HORS-SAISON-copia-768x576.png 768w\" sizes=\"(max-width: 1000px) 100vw, 1000px\" \/>\t\t\t\t\t\t\t\t\t\t\t\t\t\t\t<\/div>\n\t\t\t\t<\/div>\n\t\t\t\t\t<\/div>\n\t\t<\/div>\n\t\t\t\t<div class=\"elementor-column elementor-col-50 elementor-top-column elementor-element elementor-element-7303fb2\" data-id=\"7303fb2\" data-element_type=\"column\">\n\t\t\t<div class=\"elementor-widget-wrap elementor-element-populated\">\n\t\t\t\t\t\t<div class=\"elementor-element elementor-element-a015302 elementor-widget elementor-widget-heading\" data-id=\"a015302\" data-element_type=\"widget\" data-widget_type=\"heading.default\">\n\t\t\t\t<div class=\"elementor-widget-container\">\n\t\t\t\t\t<h3 class=\"elementor-heading-title elementor-size-medium\">HORS-SAISON<\/h3>\t\t\t\t<\/div>\n\t\t\t\t<\/div>\n\t\t\t\t<div class=\"elementor-element elementor-element-9f9381a elementor-widget elementor-widget-heading\" data-id=\"9f9381a\" data-element_type=\"widget\" data-widget_type=\"heading.default\">\n\t\t\t\t<div class=\"elementor-widget-container\">\n\t\t\t\t\t<div class=\"elementor-heading-title elementor-size-default\">Francescu Artily | FRANCIA | 2023 | 14\u2019 <\/div>\t\t\t\t<\/div>\n\t\t\t\t<\/div>\n\t\t\t\t<div class=\"elementor-element elementor-element-e72c098 elementor-widget elementor-widget-heading\" data-id=\"e72c098\" data-element_type=\"widget\" data-widget_type=\"heading.default\">\n\t\t\t\t<div class=\"elementor-widget-container\">\n\t\t\t\t\t<p class=\"elementor-heading-title elementor-size-default\">Un c\u00e1mara de v\u00eddeo graba localizaciones para una productora de televisi\u00f3n. Perdido en el vac\u00edo de la rutina diaria, sin motivaci\u00f3n, deambula por el paisaje en busca de una imagen que de sentido a su b\u00fasqueda existencial.<\/p>\t\t\t\t<\/div>\n\t\t\t\t<\/div>\n\t\t\t\t<div class=\"elementor-element elementor-element-d8ac51f elementor-widget elementor-widget-heading\" data-id=\"d8ac51f\" data-element_type=\"widget\" data-widget_type=\"heading.default\">\n\t\t\t\t<div class=\"elementor-widget-container\">\n\t\t\t\t\t<p class=\"elementor-heading-title elementor-size-default\"><b>Estreno en Espa\u00f1a<\/b><\/p>\t\t\t\t<\/div>\n\t\t\t\t<\/div>\n\t\t\t\t\t<\/div>\n\t\t<\/div>\n\t\t\t\t\t<\/div>\n\t\t<\/section>\n\t\t\t\t<section class=\"elementor-section elementor-top-section elementor-element elementor-element-73f3343 elementor-section-boxed elementor-section-height-default elementor-section-height-default\" data-id=\"73f3343\" data-element_type=\"section\">\n\t\t\t\t\t\t<div class=\"elementor-container elementor-column-gap-default\">\n\t\t\t\t\t<div class=\"elementor-column elementor-col-50 elementor-top-column elementor-element elementor-element-47e0616\" data-id=\"47e0616\" data-element_type=\"column\">\n\t\t\t<div class=\"elementor-widget-wrap elementor-element-populated\">\n\t\t\t\t\t\t<div class=\"elementor-element elementor-element-b7adc24 elementor-widget elementor-widget-image\" data-id=\"b7adc24\" data-element_type=\"widget\" data-widget_type=\"image.default\">\n\t\t\t\t<div class=\"elementor-widget-container\">\n\t\t\t\t\t\t\t\t\t\t\t\t\t\t\t<img decoding=\"async\" width=\"1747\" height=\"1080\" src=\"https:\/\/www.filmfest-granada.com\/2023\/wp-content\/uploads\/sites\/13\/2023\/10\/NonTeVexo_03-1.jpg\" class=\"attachment-full size-full wp-image-3735\" alt=\"NON TE VEXO\" srcset=\"https:\/\/www.filmfest-granada.com\/2023\/wp-content\/uploads\/sites\/13\/2023\/10\/NonTeVexo_03-1.jpg 1747w, https:\/\/www.filmfest-granada.com\/2023\/wp-content\/uploads\/sites\/13\/2023\/10\/NonTeVexo_03-1-300x185.jpg 300w, https:\/\/www.filmfest-granada.com\/2023\/wp-content\/uploads\/sites\/13\/2023\/10\/NonTeVexo_03-1-1024x633.jpg 1024w, https:\/\/www.filmfest-granada.com\/2023\/wp-content\/uploads\/sites\/13\/2023\/10\/NonTeVexo_03-1-768x475.jpg 768w, https:\/\/www.filmfest-granada.com\/2023\/wp-content\/uploads\/sites\/13\/2023\/10\/NonTeVexo_03-1-1536x950.jpg 1536w\" sizes=\"(max-width: 1747px) 100vw, 1747px\" \/>\t\t\t\t\t\t\t\t\t\t\t\t\t\t\t<\/div>\n\t\t\t\t<\/div>\n\t\t\t\t\t<\/div>\n\t\t<\/div>\n\t\t\t\t<div class=\"elementor-column elementor-col-50 elementor-top-column elementor-element elementor-element-280e681\" data-id=\"280e681\" data-element_type=\"column\">\n\t\t\t<div class=\"elementor-widget-wrap elementor-element-populated\">\n\t\t\t\t\t\t<div class=\"elementor-element elementor-element-ca1c560 elementor-widget elementor-widget-heading\" data-id=\"ca1c560\" data-element_type=\"widget\" data-widget_type=\"heading.default\">\n\t\t\t\t<div class=\"elementor-widget-container\">\n\t\t\t\t\t<h3 class=\"elementor-heading-title elementor-size-medium\">NON TE VEXO<\/h3>\t\t\t\t<\/div>\n\t\t\t\t<\/div>\n\t\t\t\t<div class=\"elementor-element elementor-element-9fe56dd elementor-widget elementor-widget-heading\" data-id=\"9fe56dd\" data-element_type=\"widget\" data-widget_type=\"heading.default\">\n\t\t\t\t<div class=\"elementor-widget-container\">\n\t\t\t\t\t<div class=\"elementor-heading-title elementor-size-default\">XACIO BA\u00d1O | ESPA\u00d1A | 2023 | 14\u2019<\/div>\t\t\t\t<\/div>\n\t\t\t\t<\/div>\n\t\t\t\t<div class=\"elementor-element elementor-element-cf09098 elementor-widget elementor-widget-heading\" data-id=\"cf09098\" data-element_type=\"widget\" data-widget_type=\"heading.default\">\n\t\t\t\t<div class=\"elementor-widget-container\">\n\t\t\t\t\t<p class=\"elementor-heading-title elementor-size-default\">Un cineasta obsesionado con la formaci\u00f3n de las im\u00e1genes. Un archivo fotogr\u00e1fico que cobra vida y dialoga con el presente. Un espectador que de pronto recuerda que la fotograf\u00eda trasciende al instante. En la era de las muchas im\u00e1genes tres segundos son una eternidad.<\/p>\t\t\t\t<\/div>\n\t\t\t\t<\/div>\n\t\t\t\t\t<\/div>\n\t\t<\/div>\n\t\t\t\t\t<\/div>\n\t\t<\/section>\n\t\t\t\t<section class=\"elementor-section elementor-top-section elementor-element elementor-element-103b9f8 elementor-section-boxed elementor-section-height-default elementor-section-height-default\" data-id=\"103b9f8\" data-element_type=\"section\">\n\t\t\t\t\t\t<div class=\"elementor-container elementor-column-gap-default\">\n\t\t\t\t\t<div class=\"elementor-column elementor-col-50 elementor-top-column elementor-element elementor-element-9064c6e\" data-id=\"9064c6e\" data-element_type=\"column\">\n\t\t\t<div class=\"elementor-widget-wrap elementor-element-populated\">\n\t\t\t\t\t\t<div class=\"elementor-element elementor-element-3c48748 elementor-widget elementor-widget-image\" data-id=\"3c48748\" data-element_type=\"widget\" data-widget_type=\"image.default\">\n\t\t\t\t<div class=\"elementor-widget-container\">\n\t\t\t\t\t\t\t\t\t\t\t\t\t\t\t<img decoding=\"async\" width=\"1000\" height=\"554\" src=\"https:\/\/www.filmfest-granada.com\/2023\/wp-content\/uploads\/sites\/13\/2023\/10\/StrangeBeasts_3-copia.jpg\" class=\"attachment-full size-full wp-image-3736\" alt=\"STRANGE BEASTS\" srcset=\"https:\/\/www.filmfest-granada.com\/2023\/wp-content\/uploads\/sites\/13\/2023\/10\/StrangeBeasts_3-copia.jpg 1000w, https:\/\/www.filmfest-granada.com\/2023\/wp-content\/uploads\/sites\/13\/2023\/10\/StrangeBeasts_3-copia-300x166.jpg 300w, https:\/\/www.filmfest-granada.com\/2023\/wp-content\/uploads\/sites\/13\/2023\/10\/StrangeBeasts_3-copia-768x425.jpg 768w\" sizes=\"(max-width: 1000px) 100vw, 1000px\" \/>\t\t\t\t\t\t\t\t\t\t\t\t\t\t\t<\/div>\n\t\t\t\t<\/div>\n\t\t\t\t\t<\/div>\n\t\t<\/div>\n\t\t\t\t<div class=\"elementor-column elementor-col-50 elementor-top-column elementor-element elementor-element-bc81922\" data-id=\"bc81922\" data-element_type=\"column\">\n\t\t\t<div class=\"elementor-widget-wrap elementor-element-populated\">\n\t\t\t\t\t\t<div class=\"elementor-element elementor-element-c30bc89 elementor-widget elementor-widget-heading\" data-id=\"c30bc89\" data-element_type=\"widget\" data-widget_type=\"heading.default\">\n\t\t\t\t<div class=\"elementor-widget-container\">\n\t\t\t\t\t<h3 class=\"elementor-heading-title elementor-size-medium\">STRANGE BEASTS<\/h3>\t\t\t\t<\/div>\n\t\t\t\t<\/div>\n\t\t\t\t<div class=\"elementor-element elementor-element-7660618 elementor-widget elementor-widget-heading\" data-id=\"7660618\" data-element_type=\"widget\" data-widget_type=\"heading.default\">\n\t\t\t\t<div class=\"elementor-widget-container\">\n\t\t\t\t\t<div class=\"elementor-heading-title elementor-size-default\">DARCY PRENDERGAST | AUSTRALIA | 2022 | 10\u2019 <\/div>\t\t\t\t<\/div>\n\t\t\t\t<\/div>\n\t\t\t\t<div class=\"elementor-element elementor-element-06004b7 elementor-widget elementor-widget-heading\" data-id=\"06004b7\" data-element_type=\"widget\" data-widget_type=\"heading.default\">\n\t\t\t\t<div class=\"elementor-widget-container\">\n\t\t\t\t\t<p class=\"elementor-heading-title elementor-size-default\">Bienvenidos al salvaje Bacchus Marsh Safari de Victoria a trav\u00e9s de la lis\u00e9rgica mirada de Ron 'Prenda' Prendergast, cuidador de grandes felinos desde los 18 a\u00f1os. Tras su cierre el parque hab\u00eda permanecido envuelto en misterio y leyendas. Hasta ahora.<\/p>\t\t\t\t<\/div>\n\t\t\t\t<\/div>\n\t\t\t\t\t<\/div>\n\t\t<\/div>\n\t\t\t\t\t<\/div>\n\t\t<\/section>\n\t\t\t\t<section class=\"elementor-section elementor-top-section elementor-element elementor-element-2a35459 elementor-section-boxed elementor-section-height-default elementor-section-height-default\" data-id=\"2a35459\" data-element_type=\"section\">\n\t\t\t\t\t\t<div class=\"elementor-container elementor-column-gap-default\">\n\t\t\t\t\t<div class=\"elementor-column elementor-col-50 elementor-top-column elementor-element elementor-element-4552501\" data-id=\"4552501\" data-element_type=\"column\">\n\t\t\t<div class=\"elementor-widget-wrap elementor-element-populated\">\n\t\t\t\t\t\t<div class=\"elementor-element elementor-element-5e09e66 elementor-widget elementor-widget-image\" data-id=\"5e09e66\" data-element_type=\"widget\" data-widget_type=\"image.default\">\n\t\t\t\t<div class=\"elementor-widget-container\">\n\t\t\t\t\t\t\t\t\t\t\t\t\t\t\t<img loading=\"lazy\" decoding=\"async\" width=\"1440\" height=\"1080\" src=\"https:\/\/www.filmfest-granada.com\/2023\/wp-content\/uploads\/sites\/13\/2023\/10\/Aqueronte4.jpg\" class=\"attachment-full size-full wp-image-3737\" alt=\"AQUERONTE\" srcset=\"https:\/\/www.filmfest-granada.com\/2023\/wp-content\/uploads\/sites\/13\/2023\/10\/Aqueronte4.jpg 1440w, https:\/\/www.filmfest-granada.com\/2023\/wp-content\/uploads\/sites\/13\/2023\/10\/Aqueronte4-300x225.jpg 300w, https:\/\/www.filmfest-granada.com\/2023\/wp-content\/uploads\/sites\/13\/2023\/10\/Aqueronte4-1024x768.jpg 1024w, https:\/\/www.filmfest-granada.com\/2023\/wp-content\/uploads\/sites\/13\/2023\/10\/Aqueronte4-768x576.jpg 768w\" sizes=\"(max-width: 1440px) 100vw, 1440px\" \/>\t\t\t\t\t\t\t\t\t\t\t\t\t\t\t<\/div>\n\t\t\t\t<\/div>\n\t\t\t\t\t<\/div>\n\t\t<\/div>\n\t\t\t\t<div class=\"elementor-column elementor-col-50 elementor-top-column elementor-element elementor-element-89fce52\" data-id=\"89fce52\" data-element_type=\"column\">\n\t\t\t<div class=\"elementor-widget-wrap elementor-element-populated\">\n\t\t\t\t\t\t<div class=\"elementor-element elementor-element-7359c94 elementor-widget elementor-widget-heading\" data-id=\"7359c94\" data-element_type=\"widget\" data-widget_type=\"heading.default\">\n\t\t\t\t<div class=\"elementor-widget-container\">\n\t\t\t\t\t<h3 class=\"elementor-heading-title elementor-size-medium\">AQUERONTE<\/h3>\t\t\t\t<\/div>\n\t\t\t\t<\/div>\n\t\t\t\t<div class=\"elementor-element elementor-element-2fe31fa elementor-widget elementor-widget-heading\" data-id=\"2fe31fa\" data-element_type=\"widget\" data-widget_type=\"heading.default\">\n\t\t\t\t<div class=\"elementor-widget-container\">\n\t\t\t\t\t<div class=\"elementor-heading-title elementor-size-default\">MANUEL MU\u00d1OZ RIVAS | ESPA\u00d1A | 2023 | 26\u2019<\/div>\t\t\t\t<\/div>\n\t\t\t\t<\/div>\n\t\t\t\t<div class=\"elementor-element elementor-element-f9e0994 elementor-widget elementor-widget-heading\" data-id=\"f9e0994\" data-element_type=\"widget\" data-widget_type=\"heading.default\">\n\t\t\t\t<div class=\"elementor-widget-container\">\n\t\t\t\t\t<p class=\"elementor-heading-title elementor-size-default\">En la mitolog\u00eda griega el r\u00edo Aqueronte separaba el mundo de los vivos y el de los muertos. En la actualidad diversos viajeros esperan en el embarcadero al ferry que debe pasarles al otro lado del Guadalquivir. El trayecto sobre las aguas parece prolongarse, la orilla de destino se aplaza inesperadamente, la magnitud del espacio se difumina.<\/p>\t\t\t\t<\/div>\n\t\t\t\t<\/div>\n\t\t\t\t\t<\/div>\n\t\t<\/div>\n\t\t\t\t\t<\/div>\n\t\t<\/section>\n\t\t\t\t<section class=\"elementor-section elementor-top-section elementor-element elementor-element-8221dcf elementor-section-boxed elementor-section-height-default elementor-section-height-default\" data-id=\"8221dcf\" data-element_type=\"section\">\n\t\t\t\t\t\t<div class=\"elementor-container elementor-column-gap-default\">\n\t\t\t\t\t<div class=\"elementor-column elementor-col-100 elementor-top-column elementor-element elementor-element-e3be09a\" data-id=\"e3be09a\" data-element_type=\"column\">\n\t\t\t<div class=\"elementor-widget-wrap elementor-element-populated\">\n\t\t\t\t\t\t<div class=\"elementor-element elementor-element-e1842c2 elementor-widget elementor-widget-heading\" data-id=\"e1842c2\" data-element_type=\"widget\" data-widget_type=\"heading.default\">\n\t\t\t\t<div class=\"elementor-widget-container\">\n\t\t\t\t\t<div class=\"elementor-heading-title elementor-size-default\"><b>Entrada libre hasta completar aforo<\/b><\/div>\t\t\t\t<\/div>\n\t\t\t\t<\/div>\n\t\t\t\t\t<\/div>\n\t\t<\/div>\n\t\t\t\t\t<\/div>\n\t\t<\/section>\n\t\t\t\t<section class=\"elementor-section elementor-top-section elementor-element elementor-element-7c0b480 elementor-section-boxed elementor-section-height-default elementor-section-height-default\" data-id=\"7c0b480\" data-element_type=\"section\">\n\t\t\t\t\t\t<div class=\"elementor-container elementor-column-gap-default\">\n\t\t\t\t\t<div class=\"elementor-column elementor-col-100 elementor-top-column elementor-element elementor-element-4be8925\" data-id=\"4be8925\" data-element_type=\"column\">\n\t\t\t<div class=\"elementor-widget-wrap elementor-element-populated\">\n\t\t\t\t\t\t<div class=\"elementor-element elementor-element-4c256af elementor-widget elementor-widget-heading\" data-id=\"4c256af\" data-element_type=\"widget\" data-widget_type=\"heading.default\">\n\t\t\t\t<div class=\"elementor-widget-container\">\n\t\t\t\t\t<h2 class=\"elementor-heading-title elementor-size-default\">COMPETICI\u00d3N INTERNACIONAL 2<\/h2>\t\t\t\t<\/div>\n\t\t\t\t<\/div>\n\t\t\t\t\t<\/div>\n\t\t<\/div>\n\t\t\t\t\t<\/div>\n\t\t<\/section>\n\t\t\t\t<section class=\"elementor-section elementor-top-section elementor-element elementor-element-2faa893 elementor-section-boxed elementor-section-height-default elementor-section-height-default\" data-id=\"2faa893\" data-element_type=\"section\">\n\t\t\t\t\t\t<div class=\"elementor-container elementor-column-gap-default\">\n\t\t\t\t\t<div class=\"elementor-column elementor-col-100 elementor-top-column elementor-element elementor-element-894bdda\" data-id=\"894bdda\" data-element_type=\"column\">\n\t\t\t<div class=\"elementor-widget-wrap elementor-element-populated\">\n\t\t\t\t\t\t<div class=\"elementor-element elementor-element-e8fce96 elementor-widget elementor-widget-heading\" data-id=\"e8fce96\" data-element_type=\"widget\" data-widget_type=\"heading.default\">\n\t\t\t\t<div class=\"elementor-widget-container\">\n\t\t\t\t\t<h3 class=\"elementor-heading-title elementor-size-large\">MARTES 24 - 18:00<\/h3>\t\t\t\t<\/div>\n\t\t\t\t<\/div>\n\t\t\t\t<div class=\"elementor-element elementor-element-6f90098 elementor-widget elementor-widget-heading\" data-id=\"6f90098\" data-element_type=\"widget\" data-widget_type=\"heading.default\">\n\t\t\t\t<div class=\"elementor-widget-container\">\n\t\t\t\t\t<h3 class=\"elementor-heading-title elementor-size-large\">PALACIO CONDES DE GABIA<\/h3>\t\t\t\t<\/div>\n\t\t\t\t<\/div>\n\t\t\t\t\t<\/div>\n\t\t<\/div>\n\t\t\t\t\t<\/div>\n\t\t<\/section>\n\t\t\t\t<section class=\"elementor-section elementor-top-section elementor-element elementor-element-7b94a7b elementor-section-boxed elementor-section-height-default elementor-section-height-default\" data-id=\"7b94a7b\" data-element_type=\"section\">\n\t\t\t\t\t\t<div class=\"elementor-container elementor-column-gap-default\">\n\t\t\t\t\t<div class=\"elementor-column elementor-col-50 elementor-top-column elementor-element elementor-element-a4b6d31\" data-id=\"a4b6d31\" data-element_type=\"column\">\n\t\t\t<div class=\"elementor-widget-wrap elementor-element-populated\">\n\t\t\t\t\t\t<div class=\"elementor-element elementor-element-1d405d8 elementor-widget elementor-widget-image\" data-id=\"1d405d8\" data-element_type=\"widget\" data-widget_type=\"image.default\">\n\t\t\t\t<div class=\"elementor-widget-container\">\n\t\t\t\t\t\t\t\t\t\t\t\t\t\t\t<img loading=\"lazy\" decoding=\"async\" width=\"800\" height=\"600\" src=\"https:\/\/www.filmfest-granada.com\/2023\/wp-content\/uploads\/sites\/13\/2023\/10\/COLOR-FINAL_02.00_02_27_02.Imagen-fija005-copia.png\" class=\"attachment-full size-full wp-image-3738\" alt=\"L\u00daA, TECHNO Y LO QUE QUEDA DE \u00c9L\" srcset=\"https:\/\/www.filmfest-granada.com\/2023\/wp-content\/uploads\/sites\/13\/2023\/10\/COLOR-FINAL_02.00_02_27_02.Imagen-fija005-copia.png 800w, https:\/\/www.filmfest-granada.com\/2023\/wp-content\/uploads\/sites\/13\/2023\/10\/COLOR-FINAL_02.00_02_27_02.Imagen-fija005-copia-300x225.png 300w, https:\/\/www.filmfest-granada.com\/2023\/wp-content\/uploads\/sites\/13\/2023\/10\/COLOR-FINAL_02.00_02_27_02.Imagen-fija005-copia-768x576.png 768w\" sizes=\"(max-width: 800px) 100vw, 800px\" \/>\t\t\t\t\t\t\t\t\t\t\t\t\t\t\t<\/div>\n\t\t\t\t<\/div>\n\t\t\t\t\t<\/div>\n\t\t<\/div>\n\t\t\t\t<div class=\"elementor-column elementor-col-50 elementor-top-column elementor-element elementor-element-19c56f4\" data-id=\"19c56f4\" data-element_type=\"column\">\n\t\t\t<div class=\"elementor-widget-wrap elementor-element-populated\">\n\t\t\t\t\t\t<div class=\"elementor-element elementor-element-615246c elementor-widget elementor-widget-heading\" data-id=\"615246c\" data-element_type=\"widget\" data-widget_type=\"heading.default\">\n\t\t\t\t<div class=\"elementor-widget-container\">\n\t\t\t\t\t<h3 class=\"elementor-heading-title elementor-size-medium\">L\u00daA, TECHNO Y LO QUE QUEDA DE \u00c9L<\/h3>\t\t\t\t<\/div>\n\t\t\t\t<\/div>\n\t\t\t\t<div class=\"elementor-element elementor-element-4f32a06 elementor-widget elementor-widget-heading\" data-id=\"4f32a06\" data-element_type=\"widget\" data-widget_type=\"heading.default\">\n\t\t\t\t<div class=\"elementor-widget-container\">\n\t\t\t\t\t<div class=\"elementor-heading-title elementor-size-default\">CARLOS BAIXAULI | ESPA\u00d1A | 2023 | 11\u2019<\/div>\t\t\t\t<\/div>\n\t\t\t\t<\/div>\n\t\t\t\t<div class=\"elementor-element elementor-element-ff5d47a elementor-widget elementor-widget-heading\" data-id=\"ff5d47a\" data-element_type=\"widget\" data-widget_type=\"heading.default\">\n\t\t\t\t<div class=\"elementor-widget-container\">\n\t\t\t\t\t<p class=\"elementor-heading-title elementor-size-default\">\u201cHola. S\u00e9 que hace tiempo que no hablamos, \u00bfte puedo llamar?\u201d As\u00ed comienza una pel\u00edcula como un conjuro. Que entre canciones techno invoca el recuerdo, nunca la nostalgia, de alguien que regresa como un fantasma a la vida de su joven protagonista.<\/p>\t\t\t\t<\/div>\n\t\t\t\t<\/div>\n\t\t\t\t\t<\/div>\n\t\t<\/div>\n\t\t\t\t\t<\/div>\n\t\t<\/section>\n\t\t\t\t<section class=\"elementor-section elementor-top-section elementor-element elementor-element-a85f6fb elementor-section-boxed elementor-section-height-default elementor-section-height-default\" data-id=\"a85f6fb\" data-element_type=\"section\">\n\t\t\t\t\t\t<div class=\"elementor-container elementor-column-gap-default\">\n\t\t\t\t\t<div class=\"elementor-column elementor-col-50 elementor-top-column elementor-element elementor-element-7cefc9c\" data-id=\"7cefc9c\" data-element_type=\"column\">\n\t\t\t<div class=\"elementor-widget-wrap elementor-element-populated\">\n\t\t\t\t\t\t<div class=\"elementor-element elementor-element-9259228 elementor-widget elementor-widget-image\" data-id=\"9259228\" data-element_type=\"widget\" data-widget_type=\"image.default\">\n\t\t\t\t<div class=\"elementor-widget-container\">\n\t\t\t\t\t\t\t\t\t\t\t\t\t\t\t<img loading=\"lazy\" decoding=\"async\" width=\"1620\" height=\"1080\" src=\"https:\/\/www.filmfest-granada.com\/2023\/wp-content\/uploads\/sites\/13\/2023\/10\/RBCCT-1-copia.jpg\" class=\"attachment-full size-full wp-image-3739\" alt=\"REMEMBER, BROKEN CRAYONS COLOUR TOO\" srcset=\"https:\/\/www.filmfest-granada.com\/2023\/wp-content\/uploads\/sites\/13\/2023\/10\/RBCCT-1-copia.jpg 1620w, https:\/\/www.filmfest-granada.com\/2023\/wp-content\/uploads\/sites\/13\/2023\/10\/RBCCT-1-copia-300x200.jpg 300w, https:\/\/www.filmfest-granada.com\/2023\/wp-content\/uploads\/sites\/13\/2023\/10\/RBCCT-1-copia-1024x683.jpg 1024w, https:\/\/www.filmfest-granada.com\/2023\/wp-content\/uploads\/sites\/13\/2023\/10\/RBCCT-1-copia-768x512.jpg 768w, https:\/\/www.filmfest-granada.com\/2023\/wp-content\/uploads\/sites\/13\/2023\/10\/RBCCT-1-copia-1536x1024.jpg 1536w\" sizes=\"(max-width: 1620px) 100vw, 1620px\" \/>\t\t\t\t\t\t\t\t\t\t\t\t\t\t\t<\/div>\n\t\t\t\t<\/div>\n\t\t\t\t\t<\/div>\n\t\t<\/div>\n\t\t\t\t<div class=\"elementor-column elementor-col-50 elementor-top-column elementor-element elementor-element-58b57f6\" data-id=\"58b57f6\" data-element_type=\"column\">\n\t\t\t<div class=\"elementor-widget-wrap elementor-element-populated\">\n\t\t\t\t\t\t<div class=\"elementor-element elementor-element-b1e73af elementor-widget elementor-widget-heading\" data-id=\"b1e73af\" data-element_type=\"widget\" data-widget_type=\"heading.default\">\n\t\t\t\t<div class=\"elementor-widget-container\">\n\t\t\t\t\t<h3 class=\"elementor-heading-title elementor-size-medium\">REMEMBER, BROKEN CRAYONS COLOUR TOO<\/h3>\t\t\t\t<\/div>\n\t\t\t\t<\/div>\n\t\t\t\t<div class=\"elementor-element elementor-element-b2aaf0b elementor-widget elementor-widget-heading\" data-id=\"b2aaf0b\" data-element_type=\"widget\" data-widget_type=\"heading.default\">\n\t\t\t\t<div class=\"elementor-widget-container\">\n\t\t\t\t\t<div class=\"elementor-heading-title elementor-size-default\">URSA KASTELIC, SHANNET CLEMMINGS | SUIZA | 2023 | 12\u2019\n<\/div>\t\t\t\t<\/div>\n\t\t\t\t<\/div>\n\t\t\t\t<div class=\"elementor-element elementor-element-774464e elementor-widget elementor-widget-heading\" data-id=\"774464e\" data-element_type=\"widget\" data-widget_type=\"heading.default\">\n\t\t\t\t<div class=\"elementor-widget-container\">\n\t\t\t\t\t<p class=\"elementor-heading-title elementor-size-default\">La voz de Shannet resuena en la oscuridad. Se abre al paisaje nocturno de una ciudad moderna. Mientras recorre las calles vac\u00edas le asaltan los recuerdos de su adolescencia, que comparte para curar las heridas causadas por los prejuicios y la discriminaci\u00f3n.<\/p>\t\t\t\t<\/div>\n\t\t\t\t<\/div>\n\t\t\t\t<div class=\"elementor-element elementor-element-e37b54b elementor-widget elementor-widget-heading\" data-id=\"e37b54b\" data-element_type=\"widget\" data-widget_type=\"heading.default\">\n\t\t\t\t<div class=\"elementor-widget-container\">\n\t\t\t\t\t<p class=\"elementor-heading-title elementor-size-default\"><b>Estreno en Espa\u00f1a<\/b><\/p>\t\t\t\t<\/div>\n\t\t\t\t<\/div>\n\t\t\t\t\t<\/div>\n\t\t<\/div>\n\t\t\t\t\t<\/div>\n\t\t<\/section>\n\t\t\t\t<section class=\"elementor-section elementor-top-section elementor-element elementor-element-0f9294a elementor-section-boxed elementor-section-height-default elementor-section-height-default\" data-id=\"0f9294a\" data-element_type=\"section\">\n\t\t\t\t\t\t<div class=\"elementor-container elementor-column-gap-default\">\n\t\t\t\t\t<div class=\"elementor-column elementor-col-50 elementor-top-column elementor-element elementor-element-d7022f1\" data-id=\"d7022f1\" data-element_type=\"column\">\n\t\t\t<div class=\"elementor-widget-wrap elementor-element-populated\">\n\t\t\t\t\t\t<div class=\"elementor-element elementor-element-8420bd7 elementor-widget elementor-widget-image\" data-id=\"8420bd7\" data-element_type=\"widget\" data-widget_type=\"image.default\">\n\t\t\t\t<div class=\"elementor-widget-container\">\n\t\t\t\t\t\t\t\t\t\t\t\t\t\t\t<img loading=\"lazy\" decoding=\"async\" width=\"2560\" height=\"1915\" src=\"https:\/\/www.filmfest-granada.com\/2023\/wp-content\/uploads\/sites\/13\/2023\/10\/3-scaled.jpg\" class=\"attachment-full size-full wp-image-3740\" alt=\"ESCAPE\" srcset=\"https:\/\/www.filmfest-granada.com\/2023\/wp-content\/uploads\/sites\/13\/2023\/10\/3-scaled.jpg 2560w, https:\/\/www.filmfest-granada.com\/2023\/wp-content\/uploads\/sites\/13\/2023\/10\/3-300x224.jpg 300w, https:\/\/www.filmfest-granada.com\/2023\/wp-content\/uploads\/sites\/13\/2023\/10\/3-1024x766.jpg 1024w, https:\/\/www.filmfest-granada.com\/2023\/wp-content\/uploads\/sites\/13\/2023\/10\/3-768x574.jpg 768w, https:\/\/www.filmfest-granada.com\/2023\/wp-content\/uploads\/sites\/13\/2023\/10\/3-1536x1149.jpg 1536w, https:\/\/www.filmfest-granada.com\/2023\/wp-content\/uploads\/sites\/13\/2023\/10\/3-2048x1532.jpg 2048w\" sizes=\"(max-width: 2560px) 100vw, 2560px\" \/>\t\t\t\t\t\t\t\t\t\t\t\t\t\t\t<\/div>\n\t\t\t\t<\/div>\n\t\t\t\t\t<\/div>\n\t\t<\/div>\n\t\t\t\t<div class=\"elementor-column elementor-col-50 elementor-top-column elementor-element elementor-element-1b83f76\" data-id=\"1b83f76\" data-element_type=\"column\">\n\t\t\t<div class=\"elementor-widget-wrap elementor-element-populated\">\n\t\t\t\t\t\t<div class=\"elementor-element elementor-element-d8332fb elementor-widget elementor-widget-heading\" data-id=\"d8332fb\" data-element_type=\"widget\" data-widget_type=\"heading.default\">\n\t\t\t\t<div class=\"elementor-widget-container\">\n\t\t\t\t\t<h3 class=\"elementor-heading-title elementor-size-medium\">ENTRE DOS ISLAS<\/h3>\t\t\t\t<\/div>\n\t\t\t\t<\/div>\n\t\t\t\t<div class=\"elementor-element elementor-element-776b479 elementor-widget elementor-widget-heading\" data-id=\"776b479\" data-element_type=\"widget\" data-widget_type=\"heading.default\">\n\t\t\t\t<div class=\"elementor-widget-container\">\n\t\t\t\t\t<div class=\"elementor-heading-title elementor-size-default\">HIDEKI NAKAZAKI | CUBA | 2022 | 12\u2019<\/div>\t\t\t\t<\/div>\n\t\t\t\t<\/div>\n\t\t\t\t<div class=\"elementor-element elementor-element-b665a1a elementor-widget elementor-widget-heading\" data-id=\"b665a1a\" data-element_type=\"widget\" data-widget_type=\"heading.default\">\n\t\t\t\t<div class=\"elementor-widget-container\">\n\t\t\t\t\t<p class=\"elementor-heading-title elementor-size-default\">Sayu se debate entre dos realidades que dan forma a su identidad. Ella no quiere ser m\u00e1s que otra adolescente de La Habana que practica skate y adora cantar, pero su familia decide llevarla de vuelta a Jap\u00f3n para darle un futuro mejor.\n<\/p>\t\t\t\t<\/div>\n\t\t\t\t<\/div>\n\t\t\t\t\t<\/div>\n\t\t<\/div>\n\t\t\t\t\t<\/div>\n\t\t<\/section>\n\t\t\t\t<section class=\"elementor-section elementor-top-section elementor-element elementor-element-88efb57 elementor-section-boxed elementor-section-height-default elementor-section-height-default\" data-id=\"88efb57\" data-element_type=\"section\">\n\t\t\t\t\t\t<div class=\"elementor-container elementor-column-gap-default\">\n\t\t\t\t\t<div class=\"elementor-column elementor-col-50 elementor-top-column elementor-element elementor-element-2ffe1ab\" data-id=\"2ffe1ab\" data-element_type=\"column\">\n\t\t\t<div class=\"elementor-widget-wrap elementor-element-populated\">\n\t\t\t\t\t\t<div class=\"elementor-element elementor-element-2a303b1 elementor-widget elementor-widget-image\" data-id=\"2a303b1\" data-element_type=\"widget\" data-widget_type=\"image.default\">\n\t\t\t\t<div class=\"elementor-widget-container\">\n\t\t\t\t\t\t\t\t\t\t\t\t\t\t\t<img loading=\"lazy\" decoding=\"async\" width=\"1200\" height=\"600\" src=\"https:\/\/www.filmfest-granada.com\/2023\/wp-content\/uploads\/sites\/13\/2023\/10\/Lata-de-sardinas.jpg\" class=\"attachment-full size-full wp-image-3751\" alt=\"LATA DE SARDINAS\" srcset=\"https:\/\/www.filmfest-granada.com\/2023\/wp-content\/uploads\/sites\/13\/2023\/10\/Lata-de-sardinas.jpg 1200w, https:\/\/www.filmfest-granada.com\/2023\/wp-content\/uploads\/sites\/13\/2023\/10\/Lata-de-sardinas-300x150.jpg 300w, https:\/\/www.filmfest-granada.com\/2023\/wp-content\/uploads\/sites\/13\/2023\/10\/Lata-de-sardinas-1024x512.jpg 1024w, https:\/\/www.filmfest-granada.com\/2023\/wp-content\/uploads\/sites\/13\/2023\/10\/Lata-de-sardinas-768x384.jpg 768w\" sizes=\"(max-width: 1200px) 100vw, 1200px\" \/>\t\t\t\t\t\t\t\t\t\t\t\t\t\t\t<\/div>\n\t\t\t\t<\/div>\n\t\t\t\t\t<\/div>\n\t\t<\/div>\n\t\t\t\t<div class=\"elementor-column elementor-col-50 elementor-top-column elementor-element elementor-element-0611f80\" data-id=\"0611f80\" data-element_type=\"column\">\n\t\t\t<div class=\"elementor-widget-wrap elementor-element-populated\">\n\t\t\t\t\t\t<div class=\"elementor-element elementor-element-b4a4f53 elementor-widget elementor-widget-heading\" data-id=\"b4a4f53\" data-element_type=\"widget\" data-widget_type=\"heading.default\">\n\t\t\t\t<div class=\"elementor-widget-container\">\n\t\t\t\t\t<h3 class=\"elementor-heading-title elementor-size-medium\">LATA DE SARDINAS<\/h3>\t\t\t\t<\/div>\n\t\t\t\t<\/div>\n\t\t\t\t<div class=\"elementor-element elementor-element-5c0021d elementor-widget elementor-widget-heading\" data-id=\"5c0021d\" data-element_type=\"widget\" data-widget_type=\"heading.default\">\n\t\t\t\t<div class=\"elementor-widget-container\">\n\t\t\t\t\t<div class=\"elementor-heading-title elementor-size-default\">ANTONIO LLANEZA | ESPA\u00d1A | 2022 | 17\u2019<\/div>\t\t\t\t<\/div>\n\t\t\t\t<\/div>\n\t\t\t\t<div class=\"elementor-element elementor-element-5716db7 elementor-widget elementor-widget-heading\" data-id=\"5716db7\" data-element_type=\"widget\" data-widget_type=\"heading.default\">\n\t\t\t\t<div class=\"elementor-widget-container\">\n\t\t\t\t\t<p class=\"elementor-heading-title elementor-size-default\">Cuando su padre fallece, Joel se ve obligado a regresar a casa para asistir al entierro. La vuelta a la ciudad que le vio crecer y el reencuentro con las amistades de su infancia abrir\u00e1 heridas que cre\u00eda ya cerradas. Tendr\u00e1 que enfrentarse a aquello de lo que lleva tanto tiempo huyendo.<\/p>\t\t\t\t<\/div>\n\t\t\t\t<\/div>\n\t\t\t\t\t<\/div>\n\t\t<\/div>\n\t\t\t\t\t<\/div>\n\t\t<\/section>\n\t\t\t\t<section class=\"elementor-section elementor-top-section elementor-element elementor-element-c117a60 elementor-section-boxed elementor-section-height-default elementor-section-height-default\" data-id=\"c117a60\" data-element_type=\"section\">\n\t\t\t\t\t\t<div class=\"elementor-container elementor-column-gap-default\">\n\t\t\t\t\t<div class=\"elementor-column elementor-col-50 elementor-top-column elementor-element elementor-element-b6b2f9c\" data-id=\"b6b2f9c\" data-element_type=\"column\">\n\t\t\t<div class=\"elementor-widget-wrap elementor-element-populated\">\n\t\t\t\t\t\t<div class=\"elementor-element elementor-element-acf4ddb elementor-widget elementor-widget-image\" data-id=\"acf4ddb\" data-element_type=\"widget\" data-widget_type=\"image.default\">\n\t\t\t\t<div class=\"elementor-widget-container\">\n\t\t\t\t\t\t\t\t\t\t\t\t\t\t\t<img loading=\"lazy\" decoding=\"async\" width=\"800\" height=\"483\" src=\"https:\/\/www.filmfest-granada.com\/2023\/wp-content\/uploads\/sites\/13\/2023\/10\/fp_716208_28632.jpg\" class=\"attachment-full size-full wp-image-3752\" alt=\"ESCAPE\" srcset=\"https:\/\/www.filmfest-granada.com\/2023\/wp-content\/uploads\/sites\/13\/2023\/10\/fp_716208_28632.jpg 800w, https:\/\/www.filmfest-granada.com\/2023\/wp-content\/uploads\/sites\/13\/2023\/10\/fp_716208_28632-300x181.jpg 300w, https:\/\/www.filmfest-granada.com\/2023\/wp-content\/uploads\/sites\/13\/2023\/10\/fp_716208_28632-768x464.jpg 768w\" sizes=\"(max-width: 800px) 100vw, 800px\" \/>\t\t\t\t\t\t\t\t\t\t\t\t\t\t\t<\/div>\n\t\t\t\t<\/div>\n\t\t\t\t\t<\/div>\n\t\t<\/div>\n\t\t\t\t<div class=\"elementor-column elementor-col-50 elementor-top-column elementor-element elementor-element-a3c7057\" data-id=\"a3c7057\" data-element_type=\"column\">\n\t\t\t<div class=\"elementor-widget-wrap elementor-element-populated\">\n\t\t\t\t\t\t<div class=\"elementor-element elementor-element-b095f77 elementor-widget elementor-widget-heading\" data-id=\"b095f77\" data-element_type=\"widget\" data-widget_type=\"heading.default\">\n\t\t\t\t<div class=\"elementor-widget-container\">\n\t\t\t\t\t<h3 class=\"elementor-heading-title elementor-size-medium\">ESCAPE<\/h3>\t\t\t\t<\/div>\n\t\t\t\t<\/div>\n\t\t\t\t<div class=\"elementor-element elementor-element-875be32 elementor-widget elementor-widget-heading\" data-id=\"875be32\" data-element_type=\"widget\" data-widget_type=\"heading.default\">\n\t\t\t\t<div class=\"elementor-widget-container\">\n\t\t\t\t\t<div class=\"elementor-heading-title elementor-size-default\">MIHARU MORI | JAP\u00d3N | 2023 | 14\u2019<\/div>\t\t\t\t<\/div>\n\t\t\t\t<\/div>\n\t\t\t\t<div class=\"elementor-element elementor-element-a919673 elementor-widget elementor-widget-heading\" data-id=\"a919673\" data-element_type=\"widget\" data-widget_type=\"heading.default\">\n\t\t\t\t<div class=\"elementor-widget-container\">\n\t\t\t\t\t<p class=\"elementor-heading-title elementor-size-default\">Mitsuru, Go y Azuma juegan con un coche teledirigido en un parque. De repente, unos trabajadores de la construcci\u00f3n comienzan a perseguirlos y deciden huir por la ciudad. Los tres chicos se separan y terminan en lugares extra\u00f1os, sin escapatoria.<\/p>\t\t\t\t<\/div>\n\t\t\t\t<\/div>\n\t\t\t\t\t<\/div>\n\t\t<\/div>\n\t\t\t\t\t<\/div>\n\t\t<\/section>\n\t\t\t\t<section class=\"elementor-section elementor-top-section elementor-element elementor-element-a25975f elementor-section-boxed elementor-section-height-default elementor-section-height-default\" data-id=\"a25975f\" data-element_type=\"section\">\n\t\t\t\t\t\t<div class=\"elementor-container elementor-column-gap-default\">\n\t\t\t\t\t<div class=\"elementor-column elementor-col-100 elementor-top-column elementor-element elementor-element-3b15666\" data-id=\"3b15666\" data-element_type=\"column\">\n\t\t\t<div class=\"elementor-widget-wrap elementor-element-populated\">\n\t\t\t\t\t\t<div class=\"elementor-element elementor-element-a044013 elementor-widget elementor-widget-heading\" data-id=\"a044013\" data-element_type=\"widget\" data-widget_type=\"heading.default\">\n\t\t\t\t<div class=\"elementor-widget-container\">\n\t\t\t\t\t<div class=\"elementor-heading-title elementor-size-default\"><b>Entrada libre hasta completar aforo<\/b><\/div>\t\t\t\t<\/div>\n\t\t\t\t<\/div>\n\t\t\t\t\t<\/div>\n\t\t<\/div>\n\t\t\t\t\t<\/div>\n\t\t<\/section>\n\t\t\t\t<section class=\"elementor-section elementor-top-section elementor-element elementor-element-ed8dd5e elementor-section-boxed elementor-section-height-default elementor-section-height-default\" data-id=\"ed8dd5e\" data-element_type=\"section\">\n\t\t\t\t\t\t<div class=\"elementor-container elementor-column-gap-default\">\n\t\t\t\t\t<div class=\"elementor-column elementor-col-100 elementor-top-column elementor-element elementor-element-6834a5a\" data-id=\"6834a5a\" data-element_type=\"column\">\n\t\t\t<div class=\"elementor-widget-wrap elementor-element-populated\">\n\t\t\t\t\t\t<div class=\"elementor-element elementor-element-994fda3 elementor-widget elementor-widget-heading\" data-id=\"994fda3\" data-element_type=\"widget\" data-widget_type=\"heading.default\">\n\t\t\t\t<div class=\"elementor-widget-container\">\n\t\t\t\t\t<h2 class=\"elementor-heading-title elementor-size-default\">COMPETICI\u00d3N INTERNACIONAL 3<\/h2>\t\t\t\t<\/div>\n\t\t\t\t<\/div>\n\t\t\t\t\t<\/div>\n\t\t<\/div>\n\t\t\t\t\t<\/div>\n\t\t<\/section>\n\t\t\t\t<section class=\"elementor-section elementor-top-section elementor-element elementor-element-013fa52 elementor-section-boxed elementor-section-height-default elementor-section-height-default\" data-id=\"013fa52\" data-element_type=\"section\">\n\t\t\t\t\t\t<div class=\"elementor-container elementor-column-gap-default\">\n\t\t\t\t\t<div class=\"elementor-column elementor-col-100 elementor-top-column elementor-element elementor-element-e223722\" data-id=\"e223722\" data-element_type=\"column\">\n\t\t\t<div class=\"elementor-widget-wrap elementor-element-populated\">\n\t\t\t\t\t\t<div class=\"elementor-element elementor-element-7619e0a elementor-widget elementor-widget-heading\" data-id=\"7619e0a\" data-element_type=\"widget\" data-widget_type=\"heading.default\">\n\t\t\t\t<div class=\"elementor-widget-container\">\n\t\t\t\t\t<h3 class=\"elementor-heading-title elementor-size-large\">MI\u00c9RCOLES 25 - 18:00<\/h3>\t\t\t\t<\/div>\n\t\t\t\t<\/div>\n\t\t\t\t<div class=\"elementor-element elementor-element-6a969ff elementor-widget elementor-widget-heading\" data-id=\"6a969ff\" data-element_type=\"widget\" data-widget_type=\"heading.default\">\n\t\t\t\t<div class=\"elementor-widget-container\">\n\t\t\t\t\t<h3 class=\"elementor-heading-title elementor-size-large\">PALACIO CONDES DE GABIA<\/h3>\t\t\t\t<\/div>\n\t\t\t\t<\/div>\n\t\t\t\t\t<\/div>\n\t\t<\/div>\n\t\t\t\t\t<\/div>\n\t\t<\/section>\n\t\t\t\t<section class=\"elementor-section elementor-top-section elementor-element elementor-element-e8f5078 elementor-section-boxed elementor-section-height-default elementor-section-height-default\" data-id=\"e8f5078\" data-element_type=\"section\">\n\t\t\t\t\t\t<div class=\"elementor-container elementor-column-gap-default\">\n\t\t\t\t\t<div class=\"elementor-column elementor-col-50 elementor-top-column elementor-element elementor-element-47afb5f\" data-id=\"47afb5f\" data-element_type=\"column\">\n\t\t\t<div class=\"elementor-widget-wrap elementor-element-populated\">\n\t\t\t\t\t\t<div class=\"elementor-element elementor-element-1c9e251 elementor-widget elementor-widget-image\" data-id=\"1c9e251\" data-element_type=\"widget\" data-widget_type=\"image.default\">\n\t\t\t\t<div class=\"elementor-widget-container\">\n\t\t\t\t\t\t\t\t\t\t\t\t\t\t\t<img loading=\"lazy\" decoding=\"async\" width=\"1000\" height=\"563\" src=\"https:\/\/www.filmfest-granada.com\/2023\/wp-content\/uploads\/sites\/13\/2023\/10\/a_goats_spell_04-copia.jpg\" class=\"attachment-large size-large wp-image-3750\" alt=\"A GOAT\u2019S SPELL\" srcset=\"https:\/\/www.filmfest-granada.com\/2023\/wp-content\/uploads\/sites\/13\/2023\/10\/a_goats_spell_04-copia.jpg 1000w, https:\/\/www.filmfest-granada.com\/2023\/wp-content\/uploads\/sites\/13\/2023\/10\/a_goats_spell_04-copia-300x169.jpg 300w, https:\/\/www.filmfest-granada.com\/2023\/wp-content\/uploads\/sites\/13\/2023\/10\/a_goats_spell_04-copia-768x432.jpg 768w\" sizes=\"(max-width: 1000px) 100vw, 1000px\" \/>\t\t\t\t\t\t\t\t\t\t\t\t\t\t\t<\/div>\n\t\t\t\t<\/div>\n\t\t\t\t\t<\/div>\n\t\t<\/div>\n\t\t\t\t<div class=\"elementor-column elementor-col-50 elementor-top-column elementor-element elementor-element-9bae679\" data-id=\"9bae679\" data-element_type=\"column\">\n\t\t\t<div class=\"elementor-widget-wrap elementor-element-populated\">\n\t\t\t\t\t\t<div class=\"elementor-element elementor-element-59cce3a elementor-widget elementor-widget-heading\" data-id=\"59cce3a\" data-element_type=\"widget\" data-widget_type=\"heading.default\">\n\t\t\t\t<div class=\"elementor-widget-container\">\n\t\t\t\t\t<h3 class=\"elementor-heading-title elementor-size-medium\">A GOAT\u2019S SPELL<\/h3>\t\t\t\t<\/div>\n\t\t\t\t<\/div>\n\t\t\t\t<div class=\"elementor-element elementor-element-371d07e elementor-widget elementor-widget-heading\" data-id=\"371d07e\" data-element_type=\"widget\" data-widget_type=\"heading.default\">\n\t\t\t\t<div class=\"elementor-widget-container\">\n\t\t\t\t\t<div class=\"elementor-heading-title elementor-size-default\">GERHARD FUNK | ALEMANIA | 2022 | 9\u2019<\/div>\t\t\t\t<\/div>\n\t\t\t\t<\/div>\n\t\t\t\t<div class=\"elementor-element elementor-element-c63e235 elementor-widget elementor-widget-heading\" data-id=\"c63e235\" data-element_type=\"widget\" data-widget_type=\"heading.default\">\n\t\t\t\t<div class=\"elementor-widget-container\">\n\t\t\t\t\t<p class=\"elementor-heading-title elementor-size-default\">Realizada con animaci\u00f3n 3D y tecnolog\u00eda VR, nos transporta al particular amanecer de un ni\u00f1o y una cabra desde el desayuno hasta que su mundo se desmorona. La cabra parece ser la responsable. Si es que algo de esto tiene sentido.<\/p>\t\t\t\t<\/div>\n\t\t\t\t<\/div>\n\t\t\t\t\t<\/div>\n\t\t<\/div>\n\t\t\t\t\t<\/div>\n\t\t<\/section>\n\t\t\t\t<section class=\"elementor-section elementor-top-section elementor-element elementor-element-9b7b4c5 elementor-section-boxed elementor-section-height-default elementor-section-height-default\" data-id=\"9b7b4c5\" data-element_type=\"section\">\n\t\t\t\t\t\t<div class=\"elementor-container elementor-column-gap-default\">\n\t\t\t\t\t<div class=\"elementor-column elementor-col-50 elementor-top-column elementor-element elementor-element-01eef47\" data-id=\"01eef47\" data-element_type=\"column\">\n\t\t\t<div class=\"elementor-widget-wrap elementor-element-populated\">\n\t\t\t\t\t\t<div class=\"elementor-element elementor-element-25be2c9 elementor-widget elementor-widget-image\" data-id=\"25be2c9\" data-element_type=\"widget\" data-widget_type=\"image.default\">\n\t\t\t\t<div class=\"elementor-widget-container\">\n\t\t\t\t\t\t\t\t\t\t\t\t\t\t\t<img loading=\"lazy\" decoding=\"async\" width=\"1024\" height=\"576\" src=\"https:\/\/www.filmfest-granada.com\/2023\/wp-content\/uploads\/sites\/13\/2023\/10\/bf_still_ng_01-1024x576.jpg\" class=\"attachment-large size-large wp-image-3741\" alt=\"BACKFLIP\" srcset=\"https:\/\/www.filmfest-granada.com\/2023\/wp-content\/uploads\/sites\/13\/2023\/10\/bf_still_ng_01-1024x576.jpg 1024w, https:\/\/www.filmfest-granada.com\/2023\/wp-content\/uploads\/sites\/13\/2023\/10\/bf_still_ng_01-300x169.jpg 300w, https:\/\/www.filmfest-granada.com\/2023\/wp-content\/uploads\/sites\/13\/2023\/10\/bf_still_ng_01-768x432.jpg 768w, https:\/\/www.filmfest-granada.com\/2023\/wp-content\/uploads\/sites\/13\/2023\/10\/bf_still_ng_01-1536x864.jpg 1536w, https:\/\/www.filmfest-granada.com\/2023\/wp-content\/uploads\/sites\/13\/2023\/10\/bf_still_ng_01.jpg 1920w\" sizes=\"(max-width: 1024px) 100vw, 1024px\" \/>\t\t\t\t\t\t\t\t\t\t\t\t\t\t\t<\/div>\n\t\t\t\t<\/div>\n\t\t\t\t\t<\/div>\n\t\t<\/div>\n\t\t\t\t<div class=\"elementor-column elementor-col-50 elementor-top-column elementor-element elementor-element-ee2b66a\" data-id=\"ee2b66a\" data-element_type=\"column\">\n\t\t\t<div class=\"elementor-widget-wrap elementor-element-populated\">\n\t\t\t\t\t\t<div class=\"elementor-element elementor-element-28623ef elementor-widget elementor-widget-heading\" data-id=\"28623ef\" data-element_type=\"widget\" data-widget_type=\"heading.default\">\n\t\t\t\t<div class=\"elementor-widget-container\">\n\t\t\t\t\t<h3 class=\"elementor-heading-title elementor-size-medium\">BACKFLIP<\/h3>\t\t\t\t<\/div>\n\t\t\t\t<\/div>\n\t\t\t\t<div class=\"elementor-element elementor-element-9c3ddeb elementor-widget elementor-widget-heading\" data-id=\"9c3ddeb\" data-element_type=\"widget\" data-widget_type=\"heading.default\">\n\t\t\t\t<div class=\"elementor-widget-container\">\n\t\t\t\t\t<div class=\"elementor-heading-title elementor-size-default\">NIKITA DIAKUR | ALEMANIA, FRANCIA | 2022 | 12\u2019 <\/div>\t\t\t\t<\/div>\n\t\t\t\t<\/div>\n\t\t\t\t<div class=\"elementor-element elementor-element-12df634 elementor-widget elementor-widget-heading\" data-id=\"12df634\" data-element_type=\"widget\" data-widget_type=\"heading.default\">\n\t\t\t\t<div class=\"elementor-widget-container\">\n\t\t\t\t\t<p class=\"elementor-heading-title elementor-size-default\">Intentar una voltereta hacia atr\u00e1s no es seguro. Te puedes romper el cuello, aterrizar de cabeza o caer de mala manera. As\u00ed que mi avatar lo hace por m\u00ed. Esta pel\u00edcula es el resultado de una investigaci\u00f3n con c\u00e1maras de realidad virtual y la ayuda del Machine Learning. \u00bfAprender\u00e1 la IA a dar una voltereta?\n<\/p>\t\t\t\t<\/div>\n\t\t\t\t<\/div>\n\t\t\t\t\t<\/div>\n\t\t<\/div>\n\t\t\t\t\t<\/div>\n\t\t<\/section>\n\t\t\t\t<section class=\"elementor-section elementor-top-section elementor-element elementor-element-a0ee092 elementor-section-boxed elementor-section-height-default elementor-section-height-default\" data-id=\"a0ee092\" data-element_type=\"section\">\n\t\t\t\t\t\t<div class=\"elementor-container elementor-column-gap-default\">\n\t\t\t\t\t<div class=\"elementor-column elementor-col-50 elementor-top-column elementor-element elementor-element-8c6e974\" data-id=\"8c6e974\" data-element_type=\"column\">\n\t\t\t<div class=\"elementor-widget-wrap elementor-element-populated\">\n\t\t\t\t\t\t<div class=\"elementor-element elementor-element-7ae594a elementor-widget elementor-widget-image\" data-id=\"7ae594a\" data-element_type=\"widget\" data-widget_type=\"image.default\">\n\t\t\t\t<div class=\"elementor-widget-container\">\n\t\t\t\t\t\t\t\t\t\t\t\t\t\t\t<img loading=\"lazy\" decoding=\"async\" width=\"1000\" height=\"563\" src=\"https:\/\/www.filmfest-granada.com\/2023\/wp-content\/uploads\/sites\/13\/2023\/10\/Still-1_lo.jpg\" class=\"attachment-full size-full wp-image-3742\" alt=\"\u00c9L CORRI\u00d3 JUNTO A SU CAMARADA\" srcset=\"https:\/\/www.filmfest-granada.com\/2023\/wp-content\/uploads\/sites\/13\/2023\/10\/Still-1_lo.jpg 1000w, https:\/\/www.filmfest-granada.com\/2023\/wp-content\/uploads\/sites\/13\/2023\/10\/Still-1_lo-300x169.jpg 300w, https:\/\/www.filmfest-granada.com\/2023\/wp-content\/uploads\/sites\/13\/2023\/10\/Still-1_lo-768x432.jpg 768w\" sizes=\"(max-width: 1000px) 100vw, 1000px\" \/>\t\t\t\t\t\t\t\t\t\t\t\t\t\t\t<\/div>\n\t\t\t\t<\/div>\n\t\t\t\t\t<\/div>\n\t\t<\/div>\n\t\t\t\t<div class=\"elementor-column elementor-col-50 elementor-top-column elementor-element elementor-element-bad5709\" data-id=\"bad5709\" data-element_type=\"column\">\n\t\t\t<div class=\"elementor-widget-wrap elementor-element-populated\">\n\t\t\t\t\t\t<div class=\"elementor-element elementor-element-d9767e3 elementor-widget elementor-widget-heading\" data-id=\"d9767e3\" data-element_type=\"widget\" data-widget_type=\"heading.default\">\n\t\t\t\t<div class=\"elementor-widget-container\">\n\t\t\t\t\t<h3 class=\"elementor-heading-title elementor-size-medium\">\u00c9L CORRI\u00d3 JUNTO A SU CAMARADA<\/h3>\t\t\t\t<\/div>\n\t\t\t\t<\/div>\n\t\t\t\t<div class=\"elementor-element elementor-element-913a91e elementor-widget elementor-widget-heading\" data-id=\"913a91e\" data-element_type=\"widget\" data-widget_type=\"heading.default\">\n\t\t\t\t<div class=\"elementor-widget-container\">\n\t\t\t\t\t<div class=\"elementor-heading-title elementor-size-default\">GEN\u00cdS RIGOL | ESPA\u00d1A | 2022 | 14\u2019\n<\/div>\t\t\t\t<\/div>\n\t\t\t\t<\/div>\n\t\t\t\t<div class=\"elementor-element elementor-element-420ff81 elementor-widget elementor-widget-heading\" data-id=\"420ff81\" data-element_type=\"widget\" data-widget_type=\"heading.default\">\n\t\t\t\t<div class=\"elementor-widget-container\">\n\t\t\t\t\t<p class=\"elementor-heading-title elementor-size-default\">La historia de un gran empresario en busca de popularidad que entiende la solidaridad de una manera algo particular, dedic\u00e1ndose a generar problemas a la gente con el objetivo de ayudarles. Feroz f\u00e1bula cargada de cr\u00edtica social y envuelta en una lib\u00e9rrima est\u00e9tica cartoon.<\/p>\t\t\t\t<\/div>\n\t\t\t\t<\/div>\n\t\t\t\t\t<\/div>\n\t\t<\/div>\n\t\t\t\t\t<\/div>\n\t\t<\/section>\n\t\t\t\t<section class=\"elementor-section elementor-top-section elementor-element elementor-element-570fd1e elementor-section-boxed elementor-section-height-default elementor-section-height-default\" data-id=\"570fd1e\" data-element_type=\"section\">\n\t\t\t\t\t\t<div class=\"elementor-container elementor-column-gap-default\">\n\t\t\t\t\t<div class=\"elementor-column elementor-col-50 elementor-top-column elementor-element elementor-element-59f0bca\" data-id=\"59f0bca\" data-element_type=\"column\">\n\t\t\t<div class=\"elementor-widget-wrap elementor-element-populated\">\n\t\t\t\t\t\t<div class=\"elementor-element elementor-element-614e58d elementor-widget elementor-widget-image\" data-id=\"614e58d\" data-element_type=\"widget\" data-widget_type=\"image.default\">\n\t\t\t\t<div class=\"elementor-widget-container\">\n\t\t\t\t\t\t\t\t\t\t\t\t\t\t\t<img loading=\"lazy\" decoding=\"async\" width=\"2560\" height=\"1440\" src=\"https:\/\/www.filmfest-granada.com\/2023\/wp-content\/uploads\/sites\/13\/2023\/10\/SandwichCat-FRAME-2-scaled.jpg\" class=\"attachment-full size-full wp-image-3743\" alt=\"SANDWICH CAT\" srcset=\"https:\/\/www.filmfest-granada.com\/2023\/wp-content\/uploads\/sites\/13\/2023\/10\/SandwichCat-FRAME-2-scaled.jpg 2560w, https:\/\/www.filmfest-granada.com\/2023\/wp-content\/uploads\/sites\/13\/2023\/10\/SandwichCat-FRAME-2-300x169.jpg 300w, https:\/\/www.filmfest-granada.com\/2023\/wp-content\/uploads\/sites\/13\/2023\/10\/SandwichCat-FRAME-2-1024x576.jpg 1024w, https:\/\/www.filmfest-granada.com\/2023\/wp-content\/uploads\/sites\/13\/2023\/10\/SandwichCat-FRAME-2-768x432.jpg 768w, https:\/\/www.filmfest-granada.com\/2023\/wp-content\/uploads\/sites\/13\/2023\/10\/SandwichCat-FRAME-2-1536x864.jpg 1536w, https:\/\/www.filmfest-granada.com\/2023\/wp-content\/uploads\/sites\/13\/2023\/10\/SandwichCat-FRAME-2-2048x1152.jpg 2048w\" sizes=\"(max-width: 2560px) 100vw, 2560px\" \/>\t\t\t\t\t\t\t\t\t\t\t\t\t\t\t<\/div>\n\t\t\t\t<\/div>\n\t\t\t\t\t<\/div>\n\t\t<\/div>\n\t\t\t\t<div class=\"elementor-column elementor-col-50 elementor-top-column elementor-element elementor-element-7611be9\" data-id=\"7611be9\" data-element_type=\"column\">\n\t\t\t<div class=\"elementor-widget-wrap elementor-element-populated\">\n\t\t\t\t\t\t<div class=\"elementor-element elementor-element-2015d26 elementor-widget elementor-widget-heading\" data-id=\"2015d26\" data-element_type=\"widget\" data-widget_type=\"heading.default\">\n\t\t\t\t<div class=\"elementor-widget-container\">\n\t\t\t\t\t<h3 class=\"elementor-heading-title elementor-size-medium\">SANDWICH CAT<\/h3>\t\t\t\t<\/div>\n\t\t\t\t<\/div>\n\t\t\t\t<div class=\"elementor-element elementor-element-29bcbaf elementor-widget elementor-widget-heading\" data-id=\"29bcbaf\" data-element_type=\"widget\" data-widget_type=\"heading.default\">\n\t\t\t\t<div class=\"elementor-widget-container\">\n\t\t\t\t\t<div class=\"elementor-heading-title elementor-size-default\">DAVID FIDALGO | ESPA\u00d1A | 2023 | 10\u2019 <\/div>\t\t\t\t<\/div>\n\t\t\t\t<\/div>\n\t\t\t\t<div class=\"elementor-element elementor-element-2a726a4 elementor-widget elementor-widget-heading\" data-id=\"2a726a4\" data-element_type=\"widget\" data-widget_type=\"heading.default\">\n\t\t\t\t<div class=\"elementor-widget-container\">\n\t\t\t\t\t<p class=\"elementor-heading-title elementor-size-default\">David vive solo con su gato, Sandwich Cat. Parec\u00eda un d\u00eda cualquiera sin m\u00e1s, pero una visita inesperada le conducir\u00e1 a una reflexi\u00f3n crucial para la humanidad. Comedia repleta de humor absurdo, tan delirante como su estilo de animaci\u00f3n, que explota y deforma las posibilidades del digital.<\/p>\t\t\t\t<\/div>\n\t\t\t\t<\/div>\n\t\t\t\t\t<\/div>\n\t\t<\/div>\n\t\t\t\t\t<\/div>\n\t\t<\/section>\n\t\t\t\t<section class=\"elementor-section elementor-top-section elementor-element elementor-element-390b23a elementor-section-boxed elementor-section-height-default elementor-section-height-default\" data-id=\"390b23a\" data-element_type=\"section\">\n\t\t\t\t\t\t<div class=\"elementor-container elementor-column-gap-default\">\n\t\t\t\t\t<div class=\"elementor-column elementor-col-50 elementor-top-column elementor-element elementor-element-989fc3c\" data-id=\"989fc3c\" data-element_type=\"column\">\n\t\t\t<div class=\"elementor-widget-wrap elementor-element-populated\">\n\t\t\t\t\t\t<div class=\"elementor-element elementor-element-1d25a97 elementor-widget elementor-widget-image\" data-id=\"1d25a97\" data-element_type=\"widget\" data-widget_type=\"image.default\">\n\t\t\t\t<div class=\"elementor-widget-container\">\n\t\t\t\t\t\t\t\t\t\t\t\t\t\t\t<img loading=\"lazy\" decoding=\"async\" width=\"2000\" height=\"1126\" src=\"https:\/\/www.filmfest-granada.com\/2023\/wp-content\/uploads\/sites\/13\/2023\/10\/img-El_After_del_Mundo-300dpi-3.jpg\" class=\"attachment-full size-full wp-image-3744\" alt=\"EL AFTER DEL MUNDO\" srcset=\"https:\/\/www.filmfest-granada.com\/2023\/wp-content\/uploads\/sites\/13\/2023\/10\/img-El_After_del_Mundo-300dpi-3.jpg 2000w, https:\/\/www.filmfest-granada.com\/2023\/wp-content\/uploads\/sites\/13\/2023\/10\/img-El_After_del_Mundo-300dpi-3-300x169.jpg 300w, https:\/\/www.filmfest-granada.com\/2023\/wp-content\/uploads\/sites\/13\/2023\/10\/img-El_After_del_Mundo-300dpi-3-1024x577.jpg 1024w, https:\/\/www.filmfest-granada.com\/2023\/wp-content\/uploads\/sites\/13\/2023\/10\/img-El_After_del_Mundo-300dpi-3-768x432.jpg 768w, https:\/\/www.filmfest-granada.com\/2023\/wp-content\/uploads\/sites\/13\/2023\/10\/img-El_After_del_Mundo-300dpi-3-1536x865.jpg 1536w\" sizes=\"(max-width: 2000px) 100vw, 2000px\" \/>\t\t\t\t\t\t\t\t\t\t\t\t\t\t\t<\/div>\n\t\t\t\t<\/div>\n\t\t\t\t\t<\/div>\n\t\t<\/div>\n\t\t\t\t<div class=\"elementor-column elementor-col-50 elementor-top-column elementor-element elementor-element-9a51623\" data-id=\"9a51623\" data-element_type=\"column\">\n\t\t\t<div class=\"elementor-widget-wrap elementor-element-populated\">\n\t\t\t\t\t\t<div class=\"elementor-element elementor-element-525181a elementor-widget elementor-widget-heading\" data-id=\"525181a\" data-element_type=\"widget\" data-widget_type=\"heading.default\">\n\t\t\t\t<div class=\"elementor-widget-container\">\n\t\t\t\t\t<h3 class=\"elementor-heading-title elementor-size-medium\">EL AFTER DEL MUNDO<\/h3>\t\t\t\t<\/div>\n\t\t\t\t<\/div>\n\t\t\t\t<div class=\"elementor-element elementor-element-ae3754c elementor-widget elementor-widget-heading\" data-id=\"ae3754c\" data-element_type=\"widget\" data-widget_type=\"heading.default\">\n\t\t\t\t<div class=\"elementor-widget-container\">\n\t\t\t\t\t<div class=\"elementor-heading-title elementor-size-default\">FLORENTINA GONZ\u00c1LEZ | FRANCIA | 2022 | 11\u2019 <\/div>\t\t\t\t<\/div>\n\t\t\t\t<\/div>\n\t\t\t\t<div class=\"elementor-element elementor-element-cee0446 elementor-widget elementor-widget-heading\" data-id=\"cee0446\" data-element_type=\"widget\" data-widget_type=\"heading.default\">\n\t\t\t\t<div class=\"elementor-widget-container\">\n\t\t\t\t\t<p class=\"elementor-heading-title elementor-size-default\">La humanidad ha dejado de existir, solo quedan Fluor y Carlix, dos fantasmas en ropa deportiva que vagabundean entre los restos de la civilizaci\u00f3n. Uno busca conexi\u00f3n wifi, el otro la cabeza de un cet\u00e1ceo gigante. Una historia de encuentros y amistad, de rabiosa est\u00e9tica contempor\u00e1nea, al ritmo de la \u00faltima lista de canciones: la del fin del mundo.\n<\/p>\t\t\t\t<\/div>\n\t\t\t\t<\/div>\n\t\t\t\t\t<\/div>\n\t\t<\/div>\n\t\t\t\t\t<\/div>\n\t\t<\/section>\n\t\t\t\t<section class=\"elementor-section elementor-top-section elementor-element elementor-element-354f29e elementor-section-boxed elementor-section-height-default elementor-section-height-default\" data-id=\"354f29e\" data-element_type=\"section\">\n\t\t\t\t\t\t<div class=\"elementor-container elementor-column-gap-default\">\n\t\t\t\t\t<div class=\"elementor-column elementor-col-100 elementor-top-column elementor-element elementor-element-6e8e0e2\" data-id=\"6e8e0e2\" data-element_type=\"column\">\n\t\t\t<div class=\"elementor-widget-wrap elementor-element-populated\">\n\t\t\t\t\t\t<div class=\"elementor-element elementor-element-2a5e425 elementor-widget elementor-widget-heading\" data-id=\"2a5e425\" data-element_type=\"widget\" data-widget_type=\"heading.default\">\n\t\t\t\t<div class=\"elementor-widget-container\">\n\t\t\t\t\t<div class=\"elementor-heading-title elementor-size-default\"><b>Entrada libre hasta completar aforo<\/b><\/div>\t\t\t\t<\/div>\n\t\t\t\t<\/div>\n\t\t\t\t\t<\/div>\n\t\t<\/div>\n\t\t\t\t\t<\/div>\n\t\t<\/section>\n\t\t\t\t<section class=\"elementor-section elementor-top-section elementor-element elementor-element-3d7dee1 elementor-section-boxed elementor-section-height-default elementor-section-height-default\" data-id=\"3d7dee1\" data-element_type=\"section\">\n\t\t\t\t\t\t<div class=\"elementor-container elementor-column-gap-default\">\n\t\t\t\t\t<div class=\"elementor-column elementor-col-100 elementor-top-column elementor-element elementor-element-3cae9d5\" data-id=\"3cae9d5\" data-element_type=\"column\">\n\t\t\t<div class=\"elementor-widget-wrap elementor-element-populated\">\n\t\t\t\t\t\t<div class=\"elementor-element elementor-element-02469e0 elementor-widget elementor-widget-heading\" data-id=\"02469e0\" data-element_type=\"widget\" data-widget_type=\"heading.default\">\n\t\t\t\t<div class=\"elementor-widget-container\">\n\t\t\t\t\t<h2 class=\"elementor-heading-title elementor-size-default\">COMPETICI\u00d3N INTERNACIONAL 4<\/h2>\t\t\t\t<\/div>\n\t\t\t\t<\/div>\n\t\t\t\t\t<\/div>\n\t\t<\/div>\n\t\t\t\t\t<\/div>\n\t\t<\/section>\n\t\t\t\t<section class=\"elementor-section elementor-top-section elementor-element elementor-element-47fb43e elementor-section-boxed elementor-section-height-default elementor-section-height-default\" data-id=\"47fb43e\" data-element_type=\"section\">\n\t\t\t\t\t\t<div class=\"elementor-container elementor-column-gap-default\">\n\t\t\t\t\t<div class=\"elementor-column elementor-col-100 elementor-top-column elementor-element elementor-element-e30a23e\" data-id=\"e30a23e\" data-element_type=\"column\">\n\t\t\t<div class=\"elementor-widget-wrap elementor-element-populated\">\n\t\t\t\t\t\t<div class=\"elementor-element elementor-element-5c6ca33 elementor-widget elementor-widget-heading\" data-id=\"5c6ca33\" data-element_type=\"widget\" data-widget_type=\"heading.default\">\n\t\t\t\t<div class=\"elementor-widget-container\">\n\t\t\t\t\t<h3 class=\"elementor-heading-title elementor-size-large\">JUEVES 26 - 18:00<\/h3>\t\t\t\t<\/div>\n\t\t\t\t<\/div>\n\t\t\t\t<div class=\"elementor-element elementor-element-42382c6 elementor-widget elementor-widget-heading\" data-id=\"42382c6\" data-element_type=\"widget\" data-widget_type=\"heading.default\">\n\t\t\t\t<div class=\"elementor-widget-container\">\n\t\t\t\t\t<h3 class=\"elementor-heading-title elementor-size-large\">TEATRO ISABEL LA CAT\u00d3LICA<\/h3>\t\t\t\t<\/div>\n\t\t\t\t<\/div>\n\t\t\t\t\t<\/div>\n\t\t<\/div>\n\t\t\t\t\t<\/div>\n\t\t<\/section>\n\t\t\t\t<section class=\"elementor-section elementor-top-section elementor-element elementor-element-2a155e0 elementor-section-boxed elementor-section-height-default elementor-section-height-default\" data-id=\"2a155e0\" data-element_type=\"section\">\n\t\t\t\t\t\t<div class=\"elementor-container elementor-column-gap-default\">\n\t\t\t\t\t<div class=\"elementor-column elementor-col-50 elementor-top-column elementor-element elementor-element-fee69e2\" data-id=\"fee69e2\" data-element_type=\"column\">\n\t\t\t<div class=\"elementor-widget-wrap elementor-element-populated\">\n\t\t\t\t\t\t<div class=\"elementor-element elementor-element-e052da6 elementor-widget elementor-widget-image\" data-id=\"e052da6\" data-element_type=\"widget\" data-widget_type=\"image.default\">\n\t\t\t\t<div class=\"elementor-widget-container\">\n\t\t\t\t\t\t\t\t\t\t\t\t\t\t\t<img loading=\"lazy\" decoding=\"async\" width=\"800\" height=\"450\" src=\"https:\/\/www.filmfest-granada.com\/2023\/wp-content\/uploads\/sites\/13\/2023\/10\/fp_711530_28865.jpg\" class=\"attachment-full size-full wp-image-3745\" alt=\"HERE\" srcset=\"https:\/\/www.filmfest-granada.com\/2023\/wp-content\/uploads\/sites\/13\/2023\/10\/fp_711530_28865.jpg 800w, https:\/\/www.filmfest-granada.com\/2023\/wp-content\/uploads\/sites\/13\/2023\/10\/fp_711530_28865-300x169.jpg 300w, https:\/\/www.filmfest-granada.com\/2023\/wp-content\/uploads\/sites\/13\/2023\/10\/fp_711530_28865-768x432.jpg 768w\" sizes=\"(max-width: 800px) 100vw, 800px\" \/>\t\t\t\t\t\t\t\t\t\t\t\t\t\t\t<\/div>\n\t\t\t\t<\/div>\n\t\t\t\t\t<\/div>\n\t\t<\/div>\n\t\t\t\t<div class=\"elementor-column elementor-col-50 elementor-top-column elementor-element elementor-element-c684d5b\" data-id=\"c684d5b\" data-element_type=\"column\">\n\t\t\t<div class=\"elementor-widget-wrap elementor-element-populated\">\n\t\t\t\t\t\t<div class=\"elementor-element elementor-element-0259084 elementor-widget elementor-widget-heading\" data-id=\"0259084\" data-element_type=\"widget\" data-widget_type=\"heading.default\">\n\t\t\t\t<div class=\"elementor-widget-container\">\n\t\t\t\t\t<h3 class=\"elementor-heading-title elementor-size-medium\">HERE<\/h3>\t\t\t\t<\/div>\n\t\t\t\t<\/div>\n\t\t\t\t<div class=\"elementor-element elementor-element-4750310 elementor-widget elementor-widget-heading\" data-id=\"4750310\" data-element_type=\"widget\" data-widget_type=\"heading.default\">\n\t\t\t\t<div class=\"elementor-widget-container\">\n\t\t\t\t\t<div class=\"elementor-heading-title elementor-size-default\">BAS DEVOS | B\u00c9LGICA | 2023 | 82\u2019 <\/div>\t\t\t\t<\/div>\n\t\t\t\t<\/div>\n\t\t\t\t<div class=\"elementor-element elementor-element-fe13f17 elementor-widget elementor-widget-heading\" data-id=\"fe13f17\" data-element_type=\"widget\" data-widget_type=\"heading.default\">\n\t\t\t\t<div class=\"elementor-widget-container\">\n\t\t\t\t\t<p class=\"elementor-heading-title elementor-size-default\">Stefan, un obrero rumano de la construcci\u00f3n que vive en Bruselas, est\u00e1 a punto de regresar a su pa\u00eds. Cocina una gran olla de sopa con sobras que tiene en su nevera para repartirla como regalo de despedida entre amigos y familiares. Justo cuando est\u00e1 listo para irse, conoce a una joven de origen chino que est\u00e1 preparando un doctorado sobre musgos. Su atenci\u00f3n hacia lo casi invisible les detiene en seco.\n<\/p>\t\t\t\t<\/div>\n\t\t\t\t<\/div>\n\t\t\t\t\t<\/div>\n\t\t<\/div>\n\t\t\t\t\t<\/div>\n\t\t<\/section>\n\t\t\t\t<section class=\"elementor-section elementor-top-section elementor-element elementor-element-a15d663 elementor-section-boxed elementor-section-height-default elementor-section-height-default\" data-id=\"a15d663\" data-element_type=\"section\">\n\t\t\t\t\t\t<div class=\"elementor-container elementor-column-gap-default\">\n\t\t\t\t\t<div class=\"elementor-column elementor-col-100 elementor-top-column elementor-element elementor-element-9a87bf0\" data-id=\"9a87bf0\" data-element_type=\"column\">\n\t\t\t<div class=\"elementor-widget-wrap elementor-element-populated\">\n\t\t\t\t\t\t<div class=\"elementor-element elementor-element-be90bd0 elementor-widget elementor-widget-heading\" data-id=\"be90bd0\" data-element_type=\"widget\" data-widget_type=\"heading.default\">\n\t\t\t\t<div class=\"elementor-widget-container\">\n\t\t\t\t\t<h2 class=\"elementor-heading-title elementor-size-default\">COMPETICI\u00d3N INTERNACIONAL 5<\/h2>\t\t\t\t<\/div>\n\t\t\t\t<\/div>\n\t\t\t\t\t<\/div>\n\t\t<\/div>\n\t\t\t\t\t<\/div>\n\t\t<\/section>\n\t\t\t\t<section class=\"elementor-section elementor-top-section elementor-element elementor-element-82708cb elementor-section-boxed elementor-section-height-default elementor-section-height-default\" data-id=\"82708cb\" data-element_type=\"section\">\n\t\t\t\t\t\t<div class=\"elementor-container elementor-column-gap-default\">\n\t\t\t\t\t<div class=\"elementor-column elementor-col-100 elementor-top-column elementor-element elementor-element-97e304e\" data-id=\"97e304e\" data-element_type=\"column\">\n\t\t\t<div class=\"elementor-widget-wrap elementor-element-populated\">\n\t\t\t\t\t\t<div class=\"elementor-element elementor-element-0fae6a3 elementor-widget elementor-widget-heading\" data-id=\"0fae6a3\" data-element_type=\"widget\" data-widget_type=\"heading.default\">\n\t\t\t\t<div class=\"elementor-widget-container\">\n\t\t\t\t\t<h3 class=\"elementor-heading-title elementor-size-large\">VIERNES 27 - 18:00<\/h3>\t\t\t\t<\/div>\n\t\t\t\t<\/div>\n\t\t\t\t<div class=\"elementor-element elementor-element-a686b87 elementor-widget elementor-widget-heading\" data-id=\"a686b87\" data-element_type=\"widget\" data-widget_type=\"heading.default\">\n\t\t\t\t<div class=\"elementor-widget-container\">\n\t\t\t\t\t<h3 class=\"elementor-heading-title elementor-size-large\">TEATRO ISABEL LA CAT\u00d3LICA<\/h3>\t\t\t\t<\/div>\n\t\t\t\t<\/div>\n\t\t\t\t\t<\/div>\n\t\t<\/div>\n\t\t\t\t\t<\/div>\n\t\t<\/section>\n\t\t\t\t<section class=\"elementor-section elementor-top-section elementor-element elementor-element-cf6d017 elementor-section-boxed elementor-section-height-default elementor-section-height-default\" data-id=\"cf6d017\" data-element_type=\"section\">\n\t\t\t\t\t\t<div class=\"elementor-container elementor-column-gap-default\">\n\t\t\t\t\t<div class=\"elementor-column elementor-col-50 elementor-top-column elementor-element elementor-element-162bd61\" data-id=\"162bd61\" data-element_type=\"column\">\n\t\t\t<div class=\"elementor-widget-wrap elementor-element-populated\">\n\t\t\t\t\t\t<div class=\"elementor-element elementor-element-e3836a7 elementor-widget elementor-widget-image\" data-id=\"e3836a7\" data-element_type=\"widget\" data-widget_type=\"image.default\">\n\t\t\t\t<div class=\"elementor-widget-container\">\n\t\t\t\t\t\t\t\t\t\t\t\t\t\t\t<img loading=\"lazy\" decoding=\"async\" width=\"900\" height=\"506\" src=\"https:\/\/www.filmfest-granada.com\/2023\/wp-content\/uploads\/sites\/13\/2023\/10\/ORLANDO-copia.jpeg\" class=\"attachment-full size-full wp-image-3749\" alt=\"ORLANDO, MI BIOGRAF\u00cdA POL\u00cdTICA\" srcset=\"https:\/\/www.filmfest-granada.com\/2023\/wp-content\/uploads\/sites\/13\/2023\/10\/ORLANDO-copia.jpeg 900w, https:\/\/www.filmfest-granada.com\/2023\/wp-content\/uploads\/sites\/13\/2023\/10\/ORLANDO-copia-300x169.jpeg 300w, https:\/\/www.filmfest-granada.com\/2023\/wp-content\/uploads\/sites\/13\/2023\/10\/ORLANDO-copia-768x432.jpeg 768w\" sizes=\"(max-width: 900px) 100vw, 900px\" \/>\t\t\t\t\t\t\t\t\t\t\t\t\t\t\t<\/div>\n\t\t\t\t<\/div>\n\t\t\t\t\t<\/div>\n\t\t<\/div>\n\t\t\t\t<div class=\"elementor-column elementor-col-50 elementor-top-column elementor-element elementor-element-b5ab1e8\" data-id=\"b5ab1e8\" data-element_type=\"column\">\n\t\t\t<div class=\"elementor-widget-wrap elementor-element-populated\">\n\t\t\t\t\t\t<div class=\"elementor-element elementor-element-1ab4c69 elementor-widget elementor-widget-heading\" data-id=\"1ab4c69\" data-element_type=\"widget\" data-widget_type=\"heading.default\">\n\t\t\t\t<div class=\"elementor-widget-container\">\n\t\t\t\t\t<h3 class=\"elementor-heading-title elementor-size-medium\">ORLANDO, MI BIOGRAF\u00cdA POL\u00cdTICA<\/h3>\t\t\t\t<\/div>\n\t\t\t\t<\/div>\n\t\t\t\t<div class=\"elementor-element elementor-element-ac0c720 elementor-widget elementor-widget-heading\" data-id=\"ac0c720\" data-element_type=\"widget\" data-widget_type=\"heading.default\">\n\t\t\t\t<div class=\"elementor-widget-container\">\n\t\t\t\t\t<div class=\"elementor-heading-title elementor-size-default\">PAUL B. PRECIADO | FRANCIA | 2023 | 98\u2019 <\/div>\t\t\t\t<\/div>\n\t\t\t\t<\/div>\n\t\t\t\t<div class=\"elementor-element elementor-element-0e6a7f7 elementor-widget elementor-widget-heading\" data-id=\"0e6a7f7\" data-element_type=\"widget\" data-widget_type=\"heading.default\">\n\t\t\t\t<div class=\"elementor-widget-container\">\n\t\t\t\t\t<p class=\"elementor-heading-title elementor-size-default\">En 1928 Virginia Woolf publica Orlando, la primera novela en la que el personaje principal cambia de sexo en medio de la historia. Un siglo m\u00e1s tarde, el fil\u00f3sofo Paul B. Preciado decide escribirle una carta a Virginia Woolf: su Orlando ha salido de la ficci\u00f3n y lleva una vida que jam\u00e1s habr\u00eda imaginado.<\/p>\t\t\t\t<\/div>\n\t\t\t\t<\/div>\n\t\t\t\t\t<\/div>\n\t\t<\/div>\n\t\t\t\t\t<\/div>\n\t\t<\/section>\n\t\t\t\t<section class=\"elementor-section elementor-top-section elementor-element elementor-element-e29cf8b elementor-section-boxed elementor-section-height-default elementor-section-height-default\" data-id=\"e29cf8b\" data-element_type=\"section\">\n\t\t\t\t\t\t<div class=\"elementor-container elementor-column-gap-default\">\n\t\t\t\t\t<div class=\"elementor-column elementor-col-100 elementor-top-column elementor-element elementor-element-1189ac5\" data-id=\"1189ac5\" data-element_type=\"column\">\n\t\t\t<div class=\"elementor-widget-wrap elementor-element-populated\">\n\t\t\t\t\t\t<div class=\"elementor-element elementor-element-d923d39 elementor-widget elementor-widget-video\" data-id=\"d923d39\" data-element_type=\"widget\" data-settings=\"{&quot;youtube_url&quot;:&quot;https:\\\/\\\/www.youtube.com\\\/watch?v=rQVG_Xdq618&amp;ab_channel=FestivalJ%C3%B3venesRealizadores&quot;,&quot;video_type&quot;:&quot;youtube&quot;,&quot;controls&quot;:&quot;yes&quot;}\" data-widget_type=\"video.default\">\n\t\t\t\t<div class=\"elementor-widget-container\">\n\t\t\t\t\t\t\t<div class=\"elementor-wrapper elementor-open-inline\">\n\t\t\t<div class=\"elementor-video\"><\/div>\t\t<\/div>\n\t\t\t\t\t\t<\/div>\n\t\t\t\t<\/div>\n\t\t\t\t\t<\/div>\n\t\t<\/div>\n\t\t\t\t\t<\/div>\n\t\t<\/section>\n\t\t\t\t<\/div>\n\t\t","protected":false},"excerpt":{"rendered":"<p>\/*! elementor &#8211; v3.16.0 &#8211; 20-09-2023 *\/ .elementor-heading-title{padding:0;margin:0;line-height:1}.elementor-widget-heading .elementor-heading-title[class*=elementor-size-]&gt;a{color:inherit;font-size:inherit;line-height:inherit}.elementor-widget-heading .elementor-heading-title.elementor-size-small{font-size:15px}.elementor-widget-heading .elementor-heading-title.elementor-size-medium{font-size:19px}.elementor-widget-heading .elementor-heading-title.elementor-size-large{font-size:29px}.elementor-widget-heading .elementor-heading-title.elementor-size-xl{font-size:39px}.elementor-widget-heading .elementor-heading-title.elementor-size-xxl{font-size:59px} COMPETICI\u00d3N INTERNACIONAL La Competici\u00f3n Internacional apuesta por el descubrimiento de talentos emergentes. Una celebraci\u00f3n de la diversidad del cine contempor\u00e1neo con un especial inter\u00e9s por \u00f3peras primas y primeras obras que exploran nuevas formas audiovisuales, sin importar su duraci\u00f3n, g\u00e9nero o &#8230; <a title=\"Competici\u00f3n Internacional\" class=\"read-more\" href=\"https:\/\/www.filmfest-granada.com\/2023\/competicion-internacional\/\" aria-label=\"Leer m\u00e1s sobre Competici\u00f3n Internacional\">Leer m\u00e1s<\/a><\/p>\n","protected":false},"author":1167,"featured_media":0,"parent":0,"menu_order":0,"comment_status":"closed","ping_status":"closed","template":"elementor_header_footer","meta":{"_monsterinsights_skip_tracking":false,"_monsterinsights_sitenote_active":false,"_monsterinsights_sitenote_note":"","_monsterinsights_sitenote_category":0,"footnotes":""},"class_list":["post-91","page","type-page","status-publish"],"aioseo_notices":[],"_links":{"self":[{"href":"https:\/\/www.filmfest-granada.com\/2023\/wp-json\/wp\/v2\/pages\/91","targetHints":{"allow":["GET"]}}],"collection":[{"href":"https:\/\/www.filmfest-granada.com\/2023\/wp-json\/wp\/v2\/pages"}],"about":[{"href":"https:\/\/www.filmfest-granada.com\/2023\/wp-json\/wp\/v2\/types\/page"}],"author":[{"embeddable":true,"href":"https:\/\/www.filmfest-granada.com\/2023\/wp-json\/wp\/v2\/users\/1167"}],"replies":[{"embeddable":true,"href":"https:\/\/www.filmfest-granada.com\/2023\/wp-json\/wp\/v2\/comments?post=91"}],"version-history":[{"count":268,"href":"https:\/\/www.filmfest-granada.com\/2023\/wp-json\/wp\/v2\/pages\/91\/revisions"}],"predecessor-version":[{"id":4550,"href":"https:\/\/www.filmfest-granada.com\/2023\/wp-json\/wp\/v2\/pages\/91\/revisions\/4550"}],"wp:attachment":[{"href":"https:\/\/www.filmfest-granada.com\/2023\/wp-json\/wp\/v2\/media?parent=91"}],"curies":[{"name":"wp","href":"https:\/\/api.w.org\/{rel}","templated":true}]}}