{"id":2656,"date":"2024-10-10T12:37:12","date_gmt":"2024-10-10T10:37:12","guid":{"rendered":"https:\/\/www.filmfest-granada.com\/2024\/?page_id=2656"},"modified":"2024-10-11T20:36:47","modified_gmt":"2024-10-11T18:36:47","slug":"domingo-20","status":"publish","type":"page","link":"https:\/\/www.filmfest-granada.com\/2024\/domingo-20\/","title":{"rendered":"Domingo 20"},"content":{"rendered":"\t\t<div data-elementor-type=\"wp-page\" data-elementor-id=\"2656\" class=\"elementor elementor-2656\" data-elementor-post-type=\"page\">\n\t\t\t\t<div class=\"elementor-element elementor-element-9d40140 e-con-full e-flex e-con e-parent\" data-id=\"9d40140\" data-element_type=\"container\" data-settings=\"{&quot;background_background&quot;:&quot;classic&quot;}\">\n\t\t<div class=\"elementor-element elementor-element-a0f5649 e-con-full fondo e-flex e-con e-child\" data-id=\"a0f5649\" data-element_type=\"container\" data-settings=\"{&quot;background_background&quot;:&quot;classic&quot;}\">\n\t\t\t\t<div class=\"elementor-element elementor-element-0508187 texto elementor-widget elementor-widget-heading\" data-id=\"0508187\" data-element_type=\"widget\" data-widget_type=\"heading.default\">\n\t\t\t\t<div class=\"elementor-widget-container\">\n\t\t\t\t\t<h1 class=\"elementor-heading-title elementor-size-default\"><span>DOMINGO<\/span>&nbsp;<span>20<\/span><\/h1>\t\t\t\t<\/div>\n\t\t\t\t<\/div>\n\t\t\t\t<\/div>\n\t\t\t\t<\/div>\n\t\t<div class=\"elementor-element elementor-element-915b0fd e-con-full e-flex e-con e-parent\" data-id=\"915b0fd\" data-element_type=\"container\">\n\t\t\t\t<div class=\"elementor-element elementor-element-c448480 elementor-widget elementor-widget-heading\" data-id=\"c448480\" data-element_type=\"widget\" data-widget_type=\"heading.default\">\n\t\t\t\t<div class=\"elementor-widget-container\">\n\t\t\t\t\t<h2 class=\"elementor-heading-title elementor-size-default\">Sesiones Especiales<\/h2>\t\t\t\t<\/div>\n\t\t\t\t<\/div>\n\t\t<div class=\"elementor-element elementor-element-af1b672 e-con-full e-flex e-con e-child\" data-id=\"af1b672\" data-element_type=\"container\" data-settings=\"{&quot;background_background&quot;:&quot;classic&quot;}\">\n\t\t\t\t<div class=\"elementor-element elementor-element-35f861b elementor-widget elementor-widget-heading\" data-id=\"35f861b\" data-element_type=\"widget\" data-widget_type=\"heading.default\">\n\t\t\t\t<div class=\"elementor-widget-container\">\n\t\t\t\t\t<span class=\"elementor-heading-title elementor-size-default\">Domingo 20<\/span>\t\t\t\t<\/div>\n\t\t\t\t<\/div>\n\t\t\t\t<div class=\"elementor-element elementor-element-c74538b elementor-widget elementor-widget-heading\" data-id=\"c74538b\" data-element_type=\"widget\" data-widget_type=\"heading.default\">\n\t\t\t\t<div class=\"elementor-widget-container\">\n\t\t\t\t\t<span class=\"elementor-heading-title elementor-size-default\">20:00<\/span>\t\t\t\t<\/div>\n\t\t\t\t<\/div>\n\t\t\t\t<div class=\"elementor-element elementor-element-19ebf9d elementor-widget elementor-widget-heading\" data-id=\"19ebf9d\" data-element_type=\"widget\" data-widget_type=\"heading.default\">\n\t\t\t\t<div class=\"elementor-widget-container\">\n\t\t\t\t\t<span class=\"elementor-heading-title elementor-size-default\">Teatro Isabel La Cat\u00f3lica<\/span>\t\t\t\t<\/div>\n\t\t\t\t<\/div>\n\t\t\t\t<\/div>\n\t\t\t\t<\/div>\n\t\t<div class=\"elementor-element elementor-element-a602a86 e-con-full e-grid e-con e-parent\" data-id=\"a602a86\" data-element_type=\"container\" data-settings=\"{&quot;background_background&quot;:&quot;classic&quot;}\">\n\t\t<div class=\"elementor-element elementor-element-b7337df e-con-full e-flex e-con e-child\" data-id=\"b7337df\" data-element_type=\"container\">\n\t\t\t\t<div class=\"elementor-element elementor-element-7751d6c elementor-widget elementor-widget-image\" data-id=\"7751d6c\" data-element_type=\"widget\" data-widget_type=\"image.default\">\n\t\t\t\t<div class=\"elementor-widget-container\">\n\t\t\t\t\t\t\t\t\t\t\t\t\t\t\t<img fetchpriority=\"high\" decoding=\"async\" width=\"1024\" height=\"1280\" src=\"https:\/\/www.filmfest-granada.com\/2024\/wp-content\/uploads\/sites\/14\/2024\/10\/natalia_v3_post.jpg\" class=\"attachment-full size-full wp-image-2828\" alt=\"\" srcset=\"https:\/\/www.filmfest-granada.com\/2024\/wp-content\/uploads\/sites\/14\/2024\/10\/natalia_v3_post.jpg 1024w, https:\/\/www.filmfest-granada.com\/2024\/wp-content\/uploads\/sites\/14\/2024\/10\/natalia_v3_post-240x300.jpg 240w, https:\/\/www.filmfest-granada.com\/2024\/wp-content\/uploads\/sites\/14\/2024\/10\/natalia_v3_post-819x1024.jpg 819w, https:\/\/www.filmfest-granada.com\/2024\/wp-content\/uploads\/sites\/14\/2024\/10\/natalia_v3_post-768x960.jpg 768w\" sizes=\"(max-width: 1024px) 100vw, 1024px\" \/>\t\t\t\t\t\t\t\t\t\t\t\t\t\t\t<\/div>\n\t\t\t\t<\/div>\n\t\t\t\t<\/div>\n\t\t<div class=\"elementor-element elementor-element-276b5bc e-con-full event e-flex e-con e-child\" data-id=\"276b5bc\" data-element_type=\"container\">\n\t\t<div class=\"elementor-element elementor-element-304790c e-con-full e-flex e-con e-child\" data-id=\"304790c\" data-element_type=\"container\">\n\t\t\t\t<div class=\"elementor-element elementor-element-465132a elementor-widget elementor-widget-image\" data-id=\"465132a\" data-element_type=\"widget\" data-widget_type=\"image.default\">\n\t\t\t\t<div class=\"elementor-widget-container\">\n\t\t\t\t\t\t\t\t\t\t\t\t\t\t\t<img decoding=\"async\" width=\"50\" height=\"50\" src=\"https:\/\/www.filmfest-granada.com\/2024\/wp-content\/uploads\/sites\/14\/2024\/10\/icon-sesion-especial.svg\" class=\"attachment-large size-large wp-image-1240\" alt=\"\" \/>\t\t\t\t\t\t\t\t\t\t\t\t\t\t\t<\/div>\n\t\t\t\t<\/div>\n\t\t<div class=\"elementor-element elementor-element-0b1b66f e-con-full e-flex e-con e-child\" data-id=\"0b1b66f\" data-element_type=\"container\">\n\t\t\t\t<div class=\"elementor-element elementor-element-176ba6f elementor-widget elementor-widget-heading\" data-id=\"176ba6f\" data-element_type=\"widget\" data-widget_type=\"heading.default\">\n\t\t\t\t<div class=\"elementor-widget-container\">\n\t\t\t\t\t<h3 class=\"elementor-heading-title elementor-size-default\">Inauguraci\u00f3n:  Competici\u00f3n Vibraciones 1<\/h3>\t\t\t\t<\/div>\n\t\t\t\t<\/div>\n\t\t\t\t<\/div>\n\t\t\t\t<\/div>\n\t\t<div class=\"elementor-element elementor-element-9141593 e-con-full card-info e-flex e-con e-child\" data-id=\"9141593\" data-element_type=\"container\">\n\t\t\t\t<div class=\"elementor-element elementor-element-e975ca7 card-info elementor-widget elementor-widget-heading\" data-id=\"e975ca7\" data-element_type=\"widget\" data-widget_type=\"heading.default\">\n\t\t\t\t<div class=\"elementor-widget-container\">\n\t\t\t\t\t<span class=\"elementor-heading-title elementor-size-default\">PREMIO ESPECIAL 30 ANIVERSARIO: NATALIA DE MOLINA<\/span>\t\t\t\t<\/div>\n\t\t\t\t<\/div>\n\t\t\t\t<\/div>\n\t\t\t\t<div class=\"elementor-element elementor-element-3a23e68 bloque-text elementor-widget elementor-widget-text-editor\" data-id=\"3a23e68\" data-element_type=\"widget\" data-widget_type=\"text-editor.default\">\n\t\t\t\t<div class=\"elementor-widget-container\">\n\t\t\t\t\t\t\t\t\t<p>La inauguraci\u00f3n del <b>30 aniversario<\/b> del <b>Festival J\u00f3venes Realizadores<\/b> estar\u00e1 presentada por Mafo y Cristalino, dos de los protagonistas de <i>Segundo Premio<\/i>, la pel\u00edcula seleccionada por Espa\u00f1a a los Oscar. Un acto inaugural en el que se har\u00e1 entrega del <b>Premio Especial 30 Aniversario<\/b> a la actriz <b>Natalia de Molina<\/b>, ganadora de dos Premios Goya por <i>Techo y comida<\/i> y <i>Vivir es f\u00e1cil con los ojos cerrados<\/i>, fuertemente vinculada a Granada. Un premio con el que el festival mira al futuro del cine espa\u00f1ol con uno de sus rostros m\u00e1s populares y talentosos.<\/p><p>En la inauguraci\u00f3n se proyectar\u00e1 la primera sesi\u00f3n de la <b>Competici\u00f3n Vibraciones<\/b>, dedicada al cortometraje andaluz m\u00e1s original e innovador, con los siguientes cortometrajes:<\/p><p><b>Relax<\/b> (JL Maldonado, 2024) 14\u2019<br \/><b>Viaje alrededor de mi ordenador <\/b>(Daniel Natoli, 2023) 13\u2019<br \/><b>Geranio<\/b> (Daniel Parra, 2024) 15\u2019<br \/><b>La fuerza<\/b> (Cristina y Maria Jos\u00e9 Mart\u00edn Barcelona, 2024) 12\u2019<br \/><b>Las pardas<\/b> (Simone Sojo, 2024) 15\u2019<\/p>\t\t\t\t\t\t\t\t<\/div>\n\t\t\t\t<\/div>\n\t\t\t\t<div class=\"elementor-element elementor-element-5f7bc11 elementor-widget elementor-widget-heading\" data-id=\"5f7bc11\" data-element_type=\"widget\" data-widget_type=\"heading.default\">\n\t\t\t\t<div class=\"elementor-widget-container\">\n\t\t\t\t\t<span class=\"elementor-heading-title elementor-size-default\"><a href=\"https:\/\/www.redentradas.com\/?entradas=inauguracion-30-festival-jovenes-realizadores&#038;provincia=granada&#038;cpro=18&#038;eid=3004\" target=\"_blank\">ENTRADAS<\/a><\/span>\t\t\t\t<\/div>\n\t\t\t\t<\/div>\n\t\t\t\t<\/div>\n\t\t\t\t<\/div>\n\t\t\t\t<\/div>\n\t\t","protected":false},"excerpt":{"rendered":"<p>DOMINGO&nbsp;20 Sesiones Especiales Domingo 20 20:00 Teatro Isabel La Cat\u00f3lica Inauguraci\u00f3n: Competici\u00f3n Vibraciones 1 PREMIO ESPECIAL 30 ANIVERSARIO: NATALIA DE MOLINA La inauguraci\u00f3n del 30 aniversario del Festival J\u00f3venes Realizadores estar\u00e1 presentada por Mafo y Cristalino, dos de los protagonistas de Segundo Premio, la pel\u00edcula seleccionada por Espa\u00f1a a los Oscar. Un acto inaugural en &#8230; <a title=\"Domingo 20\" class=\"read-more\" href=\"https:\/\/www.filmfest-granada.com\/2024\/domingo-20\/\" aria-label=\"Leer m\u00e1s sobre Domingo 20\">Leer m\u00e1s<\/a><\/p>\n","protected":false},"author":1167,"featured_media":0,"parent":0,"menu_order":0,"comment_status":"closed","ping_status":"closed","template":"elementor_header_footer","meta":{"footnotes":""},"class_list":["post-2656","page","type-page","status-publish"],"_links":{"self":[{"href":"https:\/\/www.filmfest-granada.com\/2024\/wp-json\/wp\/v2\/pages\/2656","targetHints":{"allow":["GET"]}}],"collection":[{"href":"https:\/\/www.filmfest-granada.com\/2024\/wp-json\/wp\/v2\/pages"}],"about":[{"href":"https:\/\/www.filmfest-granada.com\/2024\/wp-json\/wp\/v2\/types\/page"}],"author":[{"embeddable":true,"href":"https:\/\/www.filmfest-granada.com\/2024\/wp-json\/wp\/v2\/users\/1167"}],"replies":[{"embeddable":true,"href":"https:\/\/www.filmfest-granada.com\/2024\/wp-json\/wp\/v2\/comments?post=2656"}],"version-history":[{"count":18,"href":"https:\/\/www.filmfest-granada.com\/2024\/wp-json\/wp\/v2\/pages\/2656\/revisions"}],"predecessor-version":[{"id":2834,"href":"https:\/\/www.filmfest-granada.com\/2024\/wp-json\/wp\/v2\/pages\/2656\/revisions\/2834"}],"wp:attachment":[{"href":"https:\/\/www.filmfest-granada.com\/2024\/wp-json\/wp\/v2\/media?parent=2656"}],"curies":[{"name":"wp","href":"https:\/\/api.w.org\/{rel}","templated":true}]}}