{"id":1496,"date":"2025-10-08T17:05:38","date_gmt":"2025-10-08T15:05:38","guid":{"rendered":"https:\/\/www.filmfest-granada.com\/2025\/?page_id=1496"},"modified":"2025-10-15T17:31:44","modified_gmt":"2025-10-15T15:31:44","slug":"masterclass-belen-funes","status":"publish","type":"page","link":"https:\/\/www.filmfest-granada.com\/2025\/masterclass-belen-funes\/","title":{"rendered":"Masterclass Bel\u00e9n Funes"},"content":{"rendered":"\t\t<div data-elementor-type=\"wp-page\" data-elementor-id=\"1496\" class=\"elementor elementor-1496\" data-elementor-post-type=\"page\">\n\t\t\t\t<div class=\"elementor-element elementor-element-352e084 e-flex e-con-boxed e-con e-parent\" data-id=\"352e084\" data-element_type=\"container\" data-settings=\"{&quot;background_background&quot;:&quot;classic&quot;}\">\n\t\t\t\t\t<div class=\"e-con-inner\">\n\t\t<div class=\"elementor-element elementor-element-07659df e-con-full e-flex e-con e-child\" data-id=\"07659df\" data-element_type=\"container\">\n\t\t\t\t<div class=\"elementor-element elementor-element-538c80c new-texto elementor-widget elementor-widget-heading\" data-id=\"538c80c\" data-element_type=\"widget\" data-widget_type=\"heading.default\">\n\t\t\t\t<div class=\"elementor-widget-container\">\n\t\t\t\t\t<h1 class=\"elementor-heading-title elementor-size-default\"><span>MASTERCLASS<\/span> <span>BEL\u00c9N<\/span> <span>FUNES<\/span><\/h1>\t\t\t\t<\/div>\n\t\t\t\t<\/div>\n\t\t\t\t<\/div>\n\t\t<div class=\"elementor-element elementor-element-c1607b2 e-con-full e-flex e-con e-child\" data-id=\"c1607b2\" data-element_type=\"container\">\n\t\t\t\t<div class=\"elementor-element elementor-element-b53f964 bloque-text elementor-widget elementor-widget-text-editor\" data-id=\"b53f964\" data-element_type=\"widget\" data-widget_type=\"text-editor.default\">\n\t\t\t\t<div class=\"elementor-widget-container\">\n\t\t\t\t\t\t\t\t\t<p class=\"p1\"><strong>Bel\u00e9n Funes<\/strong> es una de las directoras espa\u00f1olas m\u00e1s destacadas del panorama. Visitar\u00e1 la <strong>Facultad de Comunicaci\u00f3n<\/strong> de la Universidad de Granada para impartir una clase magistral donde compartir\u00e1 su visi\u00f3n del cine, abierta al encuentro con la realidad.<\/p>\t\t\t\t\t\t\t\t<\/div>\n\t\t\t\t<\/div>\n\t\t\t\t<\/div>\n\t\t\t\t\t<\/div>\n\t\t\t\t<\/div>\n\t\t<div class=\"elementor-element elementor-element-cea524a e-con-full e-flex e-con e-parent\" data-id=\"cea524a\" data-element_type=\"container\" data-settings=\"{&quot;background_background&quot;:&quot;classic&quot;}\">\n\t\t\t\t<\/div>\n\t\t<div class=\"elementor-element elementor-element-175d30f e-flex e-con-boxed e-con e-parent\" data-id=\"175d30f\" data-element_type=\"container\" data-settings=\"{&quot;background_background&quot;:&quot;classic&quot;}\">\n\t\t\t\t\t<div class=\"e-con-inner\">\n\t\t<div class=\"elementor-element elementor-element-c8b680f e-con-full e-flex e-con e-child\" data-id=\"c8b680f\" data-element_type=\"container\">\n\t\t\t\t<div class=\"elementor-element elementor-element-0b8475a elementor-widget elementor-widget-heading\" data-id=\"0b8475a\" data-element_type=\"widget\" data-widget_type=\"heading.default\">\n\t\t\t\t<div class=\"elementor-widget-container\">\n\t\t\t\t\t<h2 class=\"elementor-heading-title elementor-size-default\">Masterclass de Bel\u00e9n Funes<\/h2>\t\t\t\t<\/div>\n\t\t\t\t<\/div>\n\t\t<div class=\"elementor-element elementor-element-cf257e1 e-con-full e-flex e-con e-child\" data-id=\"cf257e1\" data-element_type=\"container\">\n\t\t<div class=\"elementor-element elementor-element-e0e8324 e-con-full e-flex e-con e-child\" data-id=\"e0e8324\" data-element_type=\"container\">\n\t\t\t\t<div class=\"elementor-element elementor-element-a8bd4f0 elementor-widget elementor-widget-heading\" data-id=\"a8bd4f0\" data-element_type=\"widget\" data-widget_type=\"heading.default\">\n\t\t\t\t<div class=\"elementor-widget-container\">\n\t\t\t\t\t<span class=\"elementor-heading-title elementor-size-default\">Mi\u00e9rcoles 22<\/span>\t\t\t\t<\/div>\n\t\t\t\t<\/div>\n\t\t\t\t<div class=\"elementor-element elementor-element-4804ae0 elementor-widget elementor-widget-heading\" data-id=\"4804ae0\" data-element_type=\"widget\" data-widget_type=\"heading.default\">\n\t\t\t\t<div class=\"elementor-widget-container\">\n\t\t\t\t\t<span class=\"elementor-heading-title elementor-size-default\">12:00<\/span>\t\t\t\t<\/div>\n\t\t\t\t<\/div>\n\t\t\t\t<div class=\"elementor-element elementor-element-4134435 elementor-widget elementor-widget-heading\" data-id=\"4134435\" data-element_type=\"widget\" data-widget_type=\"heading.default\">\n\t\t\t\t<div class=\"elementor-widget-container\">\n\t\t\t\t\t<span class=\"elementor-heading-title elementor-size-default\">Facultad de Comunicaci\u00f3n - Sal\u00f3n de actos<\/span>\t\t\t\t<\/div>\n\t\t\t\t<\/div>\n\t\t\t\t<\/div>\n\t\t\t\t<div class=\"elementor-element elementor-element-2fd1656 card-info elementor-widget elementor-widget-heading\" data-id=\"2fd1656\" data-element_type=\"widget\" data-widget_type=\"heading.default\">\n\t\t\t\t<div class=\"elementor-widget-container\">\n\t\t\t\t\t<span class=\"elementor-heading-title elementor-size-default\">ENTRADA LIBRE<\/span>\t\t\t\t<\/div>\n\t\t\t\t<\/div>\n\t\t<div class=\"elementor-element elementor-element-add8c8b e-con-full e-flex e-con e-child\" data-id=\"add8c8b\" data-element_type=\"container\">\n\t\t\t\t<div class=\"elementor-element elementor-element-e96874d elementor-widget elementor-widget-text-editor\" data-id=\"e96874d\" data-element_type=\"widget\" data-widget_type=\"text-editor.default\">\n\t\t\t\t<div class=\"elementor-widget-container\">\n\t\t\t\t\t\t\t\t\t<p>Con su \u00f3pera prima, <em>La hija de un ladr\u00f3n<\/em> (2019), Bel\u00e9n Funes particip\u00f3 en la Secci\u00f3n Oficial del Festival de San Sebasti\u00e1n y logr\u00f3 el premio Goya a la Mejor Direcci\u00f3n Novel. <em>Los Tortuga <\/em>(2024), su segunda pel\u00edcula, se estren\u00f3 en el Festival de Toronto y fue premiada con la Biznaga de Plata al mejor guion y a la mejor direcci\u00f3n en el pasado del Festival de M\u00e1laga. Actualmente, se encuentra en pleno desarrollo de su tercer largometraje y compagina su trabajo c\u00f3mo cineasta con el de docente.\u00a0<\/p>\t\t\t\t\t\t\t\t<\/div>\n\t\t\t\t<\/div>\n\t\t\t\t<\/div>\n\t\t\t\t<\/div>\n\t\t\t\t<\/div>\n\t\t<div class=\"elementor-element elementor-element-b46843e e-con-full e-grid e-con e-child\" data-id=\"b46843e\" data-element_type=\"container\">\n\t\t<div class=\"elementor-element elementor-element-035c72b e-con-full e-flex e-con e-child\" data-id=\"035c72b\" data-element_type=\"container\">\n\t\t\t\t<div class=\"elementor-element elementor-element-60b4e3a elementor-widget elementor-widget-image\" data-id=\"60b4e3a\" data-element_type=\"widget\" data-widget_type=\"image.default\">\n\t\t\t\t<div class=\"elementor-widget-container\">\n\t\t\t\t\t\t\t\t\t\t\t\t\t\t\t<img fetchpriority=\"high\" decoding=\"async\" width=\"2000\" height=\"1333\" src=\"https:\/\/www.filmfest-granada.com\/2025\/wp-content\/uploads\/sites\/23\/2025\/10\/BELENFUNES_FOTO.jpg\" class=\"attachment-full size-full wp-image-1634\" alt=\"\" srcset=\"https:\/\/www.filmfest-granada.com\/2025\/wp-content\/uploads\/sites\/23\/2025\/10\/BELENFUNES_FOTO.jpg 2000w, https:\/\/www.filmfest-granada.com\/2025\/wp-content\/uploads\/sites\/23\/2025\/10\/BELENFUNES_FOTO-300x200.jpg 300w, https:\/\/www.filmfest-granada.com\/2025\/wp-content\/uploads\/sites\/23\/2025\/10\/BELENFUNES_FOTO-1024x682.jpg 1024w, https:\/\/www.filmfest-granada.com\/2025\/wp-content\/uploads\/sites\/23\/2025\/10\/BELENFUNES_FOTO-768x512.jpg 768w, https:\/\/www.filmfest-granada.com\/2025\/wp-content\/uploads\/sites\/23\/2025\/10\/BELENFUNES_FOTO-1536x1024.jpg 1536w\" sizes=\"(max-width: 2000px) 100vw, 2000px\" \/>\t\t\t\t\t\t\t\t\t\t\t\t\t\t\t<\/div>\n\t\t\t\t<\/div>\n\t\t\t\t<\/div>\n\t\t<div class=\"elementor-element elementor-element-f971e13 e-con-full event e-flex e-con e-child\" data-id=\"f971e13\" data-element_type=\"container\">\n\t\t<div class=\"elementor-element elementor-element-21e56b7 e-con-full e-flex e-con e-child\" data-id=\"21e56b7\" data-element_type=\"container\">\n\t\t\t\t<div class=\"elementor-element elementor-element-fd01ee4 elementor-widget elementor-widget-image\" data-id=\"fd01ee4\" data-element_type=\"widget\" data-widget_type=\"image.default\">\n\t\t\t\t<div class=\"elementor-widget-container\">\n\t\t\t\t\t\t\t\t\t\t\t\t\t\t\t<img decoding=\"async\" width=\"512\" height=\"512\" src=\"https:\/\/www.filmfest-granada.com\/2025\/wp-content\/uploads\/sites\/23\/2025\/07\/cropped-FIJR31_WEB_favicon.png\" class=\"attachment-large size-large wp-image-497\" alt=\"\" srcset=\"https:\/\/www.filmfest-granada.com\/2025\/wp-content\/uploads\/sites\/23\/2025\/07\/cropped-FIJR31_WEB_favicon.png 512w, https:\/\/www.filmfest-granada.com\/2025\/wp-content\/uploads\/sites\/23\/2025\/07\/cropped-FIJR31_WEB_favicon-300x300.png 300w, https:\/\/www.filmfest-granada.com\/2025\/wp-content\/uploads\/sites\/23\/2025\/07\/cropped-FIJR31_WEB_favicon-150x150.png 150w, https:\/\/www.filmfest-granada.com\/2025\/wp-content\/uploads\/sites\/23\/2025\/07\/cropped-FIJR31_WEB_favicon-270x270.png 270w, https:\/\/www.filmfest-granada.com\/2025\/wp-content\/uploads\/sites\/23\/2025\/07\/cropped-FIJR31_WEB_favicon-192x192.png 192w, https:\/\/www.filmfest-granada.com\/2025\/wp-content\/uploads\/sites\/23\/2025\/07\/cropped-FIJR31_WEB_favicon-180x180.png 180w, https:\/\/www.filmfest-granada.com\/2025\/wp-content\/uploads\/sites\/23\/2025\/07\/cropped-FIJR31_WEB_favicon-32x32.png 32w\" sizes=\"(max-width: 512px) 100vw, 512px\" \/>\t\t\t\t\t\t\t\t\t\t\t\t\t\t\t<\/div>\n\t\t\t\t<\/div>\n\t\t<div class=\"elementor-element elementor-element-f5e7e65 e-con-full e-flex e-con e-child\" data-id=\"f5e7e65\" data-element_type=\"container\">\n\t\t\t\t<div class=\"elementor-element elementor-element-1811202 elementor-widget elementor-widget-heading\" data-id=\"1811202\" data-element_type=\"widget\" data-widget_type=\"heading.default\">\n\t\t\t\t<div class=\"elementor-widget-container\">\n\t\t\t\t\t<h2 class=\"elementor-heading-title elementor-size-default\">MASTERCLASS BEL\u00c9N FUNES<\/h2>\t\t\t\t<\/div>\n\t\t\t\t<\/div>\n\t\t\t\t<div class=\"elementor-element elementor-element-d749d67 elementor-widget elementor-widget-heading\" data-id=\"d749d67\" data-element_type=\"widget\" data-widget_type=\"heading.default\">\n\t\t\t\t<div class=\"elementor-widget-container\">\n\t\t\t\t\t<h3 class=\"elementor-heading-title elementor-size-default\">Salir al encuentro<\/h3>\t\t\t\t<\/div>\n\t\t\t\t<\/div>\n\t\t\t\t<\/div>\n\t\t\t\t<\/div>\n\t\t\t\t<div class=\"elementor-element elementor-element-a97112c elementor-widget-divider--view-line elementor-widget elementor-widget-divider\" data-id=\"a97112c\" data-element_type=\"widget\" data-widget_type=\"divider.default\">\n\t\t\t\t<div class=\"elementor-widget-container\">\n\t\t\t\t\t\t\t<div class=\"elementor-divider\">\n\t\t\t<span class=\"elementor-divider-separator\">\n\t\t\t\t\t\t<\/span>\n\t\t<\/div>\n\t\t\t\t\t\t<\/div>\n\t\t\t\t<\/div>\n\t\t\t\t<div class=\"elementor-element elementor-element-42ea472 bloque-text elementor-widget elementor-widget-text-editor\" data-id=\"42ea472\" data-element_type=\"widget\" data-widget_type=\"text-editor.default\">\n\t\t\t\t<div class=\"elementor-widget-container\">\n\t\t\t\t\t\t\t\t\t<p class=\"p1\">M\u00e1s all\u00e1 de las estructuras y las t\u00e9cnicas de guion, <strong>\u00bfen qu\u00e9 consiste realmente la escritura de una pel\u00edcula?<\/strong><\/p><p class=\"p1\">En esta charla breve y de andar por casa, hablaremos de c\u00f3mo llevar a cabo la b\u00fasqueda de las ideas, de salir al encuentro de nuestra propia pel\u00edcula, pensarla, reflexionarla y traerla a la vida antes de abrir el programa de guion.<\/p><p class=\"p1\">Previo a cualquier estructura, m\u00e1s all\u00e1 de las f\u00f3rmulas y andamiajes que sostienen un guion\u2026 existe el primer temblor: una imagen, una pregunta, una emoci\u00f3n que no sabes explicar todav\u00eda. No siempre es inmediato, pero hay se\u00f1ales: una inquietud que no se disipa, una escena que se repite, una voz que insiste y te dice <span class=\"s1\">\u201c<\/span>esto puede ser tuyo\u201d.<\/p>\t\t\t\t\t\t\t\t<\/div>\n\t\t\t\t<\/div>\n\t\t\t\t<\/div>\n\t\t\t\t<\/div>\n\t\t\t\t<div class=\"elementor-element elementor-element-b6285e1 card-info elementor-widget elementor-widget-heading\" data-id=\"b6285e1\" data-element_type=\"widget\" data-widget_type=\"heading.default\">\n\t\t\t\t<div class=\"elementor-widget-container\">\n\t\t\t\t\t<span class=\"elementor-heading-title elementor-size-default\">ENTRADA LIBRE<\/span>\t\t\t\t<\/div>\n\t\t\t\t<\/div>\n\t\t\t\t\t<\/div>\n\t\t\t\t<\/div>\n\t\t\t\t<\/div>\n\t\t","protected":false},"excerpt":{"rendered":"<p>MASTERCLASS BEL\u00c9N FUNES Bel\u00e9n Funes es una de las directoras espa\u00f1olas m\u00e1s destacadas del panorama. Visitar\u00e1 la Facultad de Comunicaci\u00f3n de la Universidad de Granada para impartir una clase magistral donde compartir\u00e1 su visi\u00f3n del cine, abierta al encuentro con la realidad. Masterclass de Bel\u00e9n Funes Mi\u00e9rcoles 22 12:00 Facultad de Comunicaci\u00f3n &#8211; Sal\u00f3n de &#8230; <a title=\"Masterclass Bel\u00e9n Funes\" class=\"read-more\" href=\"https:\/\/www.filmfest-granada.com\/2025\/masterclass-belen-funes\/\" aria-label=\"Leer m\u00e1s sobre Masterclass Bel\u00e9n Funes\">Leer m\u00e1s<\/a><\/p>\n","protected":false},"author":1167,"featured_media":0,"parent":0,"menu_order":0,"comment_status":"closed","ping_status":"closed","template":"elementor_header_footer","meta":{"footnotes":""},"class_list":["post-1496","page","type-page","status-publish"],"_links":{"self":[{"href":"https:\/\/www.filmfest-granada.com\/2025\/wp-json\/wp\/v2\/pages\/1496","targetHints":{"allow":["GET"]}}],"collection":[{"href":"https:\/\/www.filmfest-granada.com\/2025\/wp-json\/wp\/v2\/pages"}],"about":[{"href":"https:\/\/www.filmfest-granada.com\/2025\/wp-json\/wp\/v2\/types\/page"}],"author":[{"embeddable":true,"href":"https:\/\/www.filmfest-granada.com\/2025\/wp-json\/wp\/v2\/users\/1167"}],"replies":[{"embeddable":true,"href":"https:\/\/www.filmfest-granada.com\/2025\/wp-json\/wp\/v2\/comments?post=1496"}],"version-history":[{"count":10,"href":"https:\/\/www.filmfest-granada.com\/2025\/wp-json\/wp\/v2\/pages\/1496\/revisions"}],"predecessor-version":[{"id":1856,"href":"https:\/\/www.filmfest-granada.com\/2025\/wp-json\/wp\/v2\/pages\/1496\/revisions\/1856"}],"wp:attachment":[{"href":"https:\/\/www.filmfest-granada.com\/2025\/wp-json\/wp\/v2\/media?parent=1496"}],"curies":[{"name":"wp","href":"https:\/\/api.w.org\/{rel}","templated":true}]}}