{"id":1831,"date":"2025-10-15T17:02:31","date_gmt":"2025-10-15T15:02:31","guid":{"rendered":"https:\/\/www.filmfest-granada.com\/2025\/?page_id=1831"},"modified":"2025-10-24T10:26:25","modified_gmt":"2025-10-24T08:26:25","slug":"sabado-25","status":"publish","type":"page","link":"https:\/\/www.filmfest-granada.com\/2025\/sabado-25\/","title":{"rendered":"S\u00e1bado 25"},"content":{"rendered":"\t\t<div data-elementor-type=\"wp-page\" data-elementor-id=\"1831\" class=\"elementor elementor-1831\" data-elementor-post-type=\"page\">\n\t\t\t\t<div class=\"elementor-element elementor-element-7d9ffdf e-flex e-con-boxed e-con e-parent\" data-id=\"7d9ffdf\" data-element_type=\"container\" data-settings=\"{&quot;background_background&quot;:&quot;classic&quot;}\">\n\t\t\t\t\t<div class=\"e-con-inner\">\n\t\t<div class=\"elementor-element elementor-element-08dbe3c e-con-full e-flex e-con e-child\" data-id=\"08dbe3c\" data-element_type=\"container\">\n\t\t\t\t<div class=\"elementor-element elementor-element-6654ae2 new-texto elementor-widget elementor-widget-heading\" data-id=\"6654ae2\" data-element_type=\"widget\" data-widget_type=\"heading.default\">\n\t\t\t\t<div class=\"elementor-widget-container\">\n\t\t\t\t\t<h1 class=\"elementor-heading-title elementor-size-default\"><span>S\u00c1BADO<\/span> <span>25<\/span><\/h1>\t\t\t\t<\/div>\n\t\t\t\t<\/div>\n\t\t\t\t<\/div>\n\t\t\t\t\t<\/div>\n\t\t\t\t<\/div>\n\t\t<div class=\"elementor-element elementor-element-b565e1c e-con-full e-flex e-con e-parent\" data-id=\"b565e1c\" data-element_type=\"container\" data-settings=\"{&quot;background_background&quot;:&quot;classic&quot;}\">\n\t\t\t\t<\/div>\n\t\t<div class=\"elementor-element elementor-element-ae75767 e-flex e-con-boxed e-con e-parent\" data-id=\"ae75767\" data-element_type=\"container\" data-settings=\"{&quot;background_background&quot;:&quot;classic&quot;}\">\n\t\t\t\t\t<div class=\"e-con-inner\">\n\t\t<div class=\"elementor-element elementor-element-8d0e9c0 e-con-full e-flex e-con e-child\" data-id=\"8d0e9c0\" data-element_type=\"container\">\n\t\t\t\t<div class=\"elementor-element elementor-element-ece1239 elementor-widget elementor-widget-heading\" data-id=\"ece1239\" data-element_type=\"widget\" data-widget_type=\"heading.default\">\n\t\t\t\t<div class=\"elementor-widget-container\">\n\t\t\t\t\t<h2 class=\"elementor-heading-title elementor-size-default\">Encuentro con realizadores<\/h2>\t\t\t\t<\/div>\n\t\t\t\t<\/div>\n\t\t<div class=\"elementor-element elementor-element-794f483 e-con-full e-flex e-con e-child\" data-id=\"794f483\" data-element_type=\"container\">\n\t\t<div class=\"elementor-element elementor-element-c8610eb e-con-full e-flex e-con e-child\" data-id=\"c8610eb\" data-element_type=\"container\">\n\t\t\t\t<div class=\"elementor-element elementor-element-e9325cb elementor-widget elementor-widget-heading\" data-id=\"e9325cb\" data-element_type=\"widget\" data-widget_type=\"heading.default\">\n\t\t\t\t<div class=\"elementor-widget-container\">\n\t\t\t\t\t<span class=\"elementor-heading-title elementor-size-default\">S\u00e1bado 25<\/span>\t\t\t\t<\/div>\n\t\t\t\t<\/div>\n\t\t\t\t<div class=\"elementor-element elementor-element-0eb9c25 elementor-widget elementor-widget-heading\" data-id=\"0eb9c25\" data-element_type=\"widget\" data-widget_type=\"heading.default\">\n\t\t\t\t<div class=\"elementor-widget-container\">\n\t\t\t\t\t<span class=\"elementor-heading-title elementor-size-default\">12:00<\/span>\t\t\t\t<\/div>\n\t\t\t\t<\/div>\n\t\t\t\t<div class=\"elementor-element elementor-element-4c371d5 elementor-widget elementor-widget-heading\" data-id=\"4c371d5\" data-element_type=\"widget\" data-widget_type=\"heading.default\">\n\t\t\t\t<div class=\"elementor-widget-container\">\n\t\t\t\t\t<span class=\"elementor-heading-title elementor-size-default\">Palacio Condes de Gabia<\/span>\t\t\t\t<\/div>\n\t\t\t\t<\/div>\n\t\t\t\t<\/div>\n\t\t\t\t<div class=\"elementor-element elementor-element-7efe3a7 card-info elementor-widget elementor-widget-heading\" data-id=\"7efe3a7\" data-element_type=\"widget\" data-widget_type=\"heading.default\">\n\t\t\t\t<div class=\"elementor-widget-container\">\n\t\t\t\t\t<span class=\"elementor-heading-title elementor-size-default\">ENTRADA LIBRE<\/span>\t\t\t\t<\/div>\n\t\t\t\t<\/div>\n\t\t\t\t<\/div>\n\t\t\t\t<\/div>\n\t\t<div class=\"elementor-element elementor-element-057b586 e-con-full e-grid e-con e-child\" data-id=\"057b586\" data-element_type=\"container\">\n\t\t<div class=\"elementor-element elementor-element-9637e3d e-con-full e-flex e-con e-child\" data-id=\"9637e3d\" data-element_type=\"container\">\n\t\t\t\t<div class=\"elementor-element elementor-element-51cc598 elementor-widget elementor-widget-image\" data-id=\"51cc598\" data-element_type=\"widget\" data-widget_type=\"image.default\">\n\t\t\t\t<div class=\"elementor-widget-container\">\n\t\t\t\t\t\t\t\t\t\t\t\t\t\t\t<img fetchpriority=\"high\" decoding=\"async\" width=\"1500\" height=\"835\" src=\"https:\/\/www.filmfest-granada.com\/2025\/wp-content\/uploads\/sites\/23\/2025\/10\/isaki_lacuesta_direccion_y_pelicula_entre_dos_aguas_jorgefuembuena_243.jpg\" class=\"attachment-full size-full wp-image-1343\" alt=\"\" srcset=\"https:\/\/www.filmfest-granada.com\/2025\/wp-content\/uploads\/sites\/23\/2025\/10\/isaki_lacuesta_direccion_y_pelicula_entre_dos_aguas_jorgefuembuena_243.jpg 1500w, https:\/\/www.filmfest-granada.com\/2025\/wp-content\/uploads\/sites\/23\/2025\/10\/isaki_lacuesta_direccion_y_pelicula_entre_dos_aguas_jorgefuembuena_243-300x167.jpg 300w, https:\/\/www.filmfest-granada.com\/2025\/wp-content\/uploads\/sites\/23\/2025\/10\/isaki_lacuesta_direccion_y_pelicula_entre_dos_aguas_jorgefuembuena_243-1024x570.jpg 1024w, https:\/\/www.filmfest-granada.com\/2025\/wp-content\/uploads\/sites\/23\/2025\/10\/isaki_lacuesta_direccion_y_pelicula_entre_dos_aguas_jorgefuembuena_243-768x428.jpg 768w\" sizes=\"(max-width: 1500px) 100vw, 1500px\" \/>\t\t\t\t\t\t\t\t\t\t\t\t\t\t\t<\/div>\n\t\t\t\t<\/div>\n\t\t\t\t<\/div>\n\t\t<div class=\"elementor-element elementor-element-a5d8e8c e-con-full event e-flex e-con e-child\" data-id=\"a5d8e8c\" data-element_type=\"container\">\n\t\t<div class=\"elementor-element elementor-element-e349d42 e-con-full e-flex e-con e-child\" data-id=\"e349d42\" data-element_type=\"container\">\n\t\t\t\t<div class=\"elementor-element elementor-element-82bf6d8 elementor-widget elementor-widget-image\" data-id=\"82bf6d8\" data-element_type=\"widget\" data-widget_type=\"image.default\">\n\t\t\t\t<div class=\"elementor-widget-container\">\n\t\t\t\t\t\t\t\t\t\t\t\t\t\t\t<img decoding=\"async\" width=\"512\" height=\"512\" src=\"https:\/\/www.filmfest-granada.com\/2025\/wp-content\/uploads\/sites\/23\/2025\/07\/cropped-FIJR31_WEB_favicon.png\" class=\"attachment-large size-large wp-image-497\" alt=\"\" srcset=\"https:\/\/www.filmfest-granada.com\/2025\/wp-content\/uploads\/sites\/23\/2025\/07\/cropped-FIJR31_WEB_favicon.png 512w, https:\/\/www.filmfest-granada.com\/2025\/wp-content\/uploads\/sites\/23\/2025\/07\/cropped-FIJR31_WEB_favicon-300x300.png 300w, https:\/\/www.filmfest-granada.com\/2025\/wp-content\/uploads\/sites\/23\/2025\/07\/cropped-FIJR31_WEB_favicon-150x150.png 150w, https:\/\/www.filmfest-granada.com\/2025\/wp-content\/uploads\/sites\/23\/2025\/07\/cropped-FIJR31_WEB_favicon-270x270.png 270w, https:\/\/www.filmfest-granada.com\/2025\/wp-content\/uploads\/sites\/23\/2025\/07\/cropped-FIJR31_WEB_favicon-192x192.png 192w, https:\/\/www.filmfest-granada.com\/2025\/wp-content\/uploads\/sites\/23\/2025\/07\/cropped-FIJR31_WEB_favicon-180x180.png 180w, https:\/\/www.filmfest-granada.com\/2025\/wp-content\/uploads\/sites\/23\/2025\/07\/cropped-FIJR31_WEB_favicon-32x32.png 32w\" sizes=\"(max-width: 512px) 100vw, 512px\" \/>\t\t\t\t\t\t\t\t\t\t\t\t\t\t\t<\/div>\n\t\t\t\t<\/div>\n\t\t<div class=\"elementor-element elementor-element-094b96d e-con-full e-flex e-con e-child\" data-id=\"094b96d\" data-element_type=\"container\">\n\t\t\t\t<div class=\"elementor-element elementor-element-32893e3 elementor-widget elementor-widget-heading\" data-id=\"32893e3\" data-element_type=\"widget\" data-widget_type=\"heading.default\">\n\t\t\t\t<div class=\"elementor-widget-container\">\n\t\t\t\t\t<h2 class=\"elementor-heading-title elementor-size-default\">ISAKI LACUESTA PREMIO SIN FIN<\/h2>\t\t\t\t<\/div>\n\t\t\t\t<\/div>\n\t\t\t\t<div class=\"elementor-element elementor-element-ed7c246 elementor-widget elementor-widget-heading\" data-id=\"ed7c246\" data-element_type=\"widget\" data-widget_type=\"heading.default\">\n\t\t\t\t<div class=\"elementor-widget-container\">\n\t\t\t\t\t<h3 class=\"elementor-heading-title elementor-size-default\">Encuentro con realizadores<\/h3>\t\t\t\t<\/div>\n\t\t\t\t<\/div>\n\t\t\t\t<\/div>\n\t\t\t\t<\/div>\n\t\t\t\t<div class=\"elementor-element elementor-element-0df2cba elementor-widget-divider--view-line elementor-widget elementor-widget-divider\" data-id=\"0df2cba\" data-element_type=\"widget\" data-widget_type=\"divider.default\">\n\t\t\t\t<div class=\"elementor-widget-container\">\n\t\t\t\t\t\t\t<div class=\"elementor-divider\">\n\t\t\t<span class=\"elementor-divider-separator\">\n\t\t\t\t\t\t<\/span>\n\t\t<\/div>\n\t\t\t\t\t\t<\/div>\n\t\t\t\t<\/div>\n\t\t\t\t<div class=\"elementor-element elementor-element-8746eec bloque-text elementor-widget elementor-widget-text-editor\" data-id=\"8746eec\" data-element_type=\"widget\" data-widget_type=\"text-editor.default\">\n\t\t\t\t<div class=\"elementor-widget-container\">\n\t\t\t\t\t\t\t\t\t<p><span style=\"font-weight: 400\">Con la presencia de <strong>Isaki Lacuesta<\/strong>, que conversar\u00e1 con el periodista y cineasta <strong>Javier Tolentino<\/strong>. Una masterclass en formato entrevista para profundizar en una de las filmograf\u00edas m\u00e1s originales y sorprendentes del cine espa\u00f1ol contempor\u00e1neo.<\/span><\/p><p data-start=\"0\" data-end=\"372\"><strong data-start=\"0\" data-end=\"18\">Isaki Lacuesta<\/strong> (Girona, 1975) es un director de cine, guionista, m\u00fasico y artista visual espa\u00f1ol, reconocido por su capacidad para moverse entre la ficci\u00f3n, el documental y las formas h\u00edbridas. Doblemente ganador de la Concha de Oro del Festival de San Sebasti\u00e1n por\u00a0<em data-start=\"598\" data-end=\"616\">Los pasos dobles<\/em> y <em data-start=\"672\" data-end=\"689\">Entre dos aguas<\/em>, este a\u00f1o obtuvo el Premio Goya a la Mejor Direcci\u00f3n por <em data-start=\"672\" data-end=\"689\">Segundo premio.<\/em><\/p>\t\t\t\t\t\t\t\t<\/div>\n\t\t\t\t<\/div>\n\t\t\t\t<\/div>\n\t\t\t\t<\/div>\n\t\t\t\t\t<\/div>\n\t\t\t\t<\/div>\n\t\t<div class=\"elementor-element elementor-element-c9ab77c e-flex e-con-boxed e-con e-parent\" data-id=\"c9ab77c\" data-element_type=\"container\">\n\t\t\t\t\t<div class=\"e-con-inner\">\n\t\t\t\t<div class=\"elementor-element elementor-element-6c446aa elementor-widget-divider--view-line elementor-widget elementor-widget-divider\" data-id=\"6c446aa\" data-element_type=\"widget\" data-widget_type=\"divider.default\">\n\t\t\t\t<div class=\"elementor-widget-container\">\n\t\t\t\t\t\t\t<div class=\"elementor-divider\">\n\t\t\t<span class=\"elementor-divider-separator\">\n\t\t\t\t\t\t<\/span>\n\t\t<\/div>\n\t\t\t\t\t\t<\/div>\n\t\t\t\t<\/div>\n\t\t\t\t\t<\/div>\n\t\t\t\t<\/div>\n\t\t<div class=\"elementor-element elementor-element-5d331a2 e-flex e-con-boxed e-con e-parent\" data-id=\"5d331a2\" data-element_type=\"container\" data-settings=\"{&quot;background_background&quot;:&quot;classic&quot;}\">\n\t\t\t\t\t<div class=\"e-con-inner\">\n\t\t<div class=\"elementor-element elementor-element-97f169d e-con-full e-flex e-con e-child\" data-id=\"97f169d\" data-element_type=\"container\">\n\t\t\t\t<div class=\"elementor-element elementor-element-909c0cb elementor-widget elementor-widget-heading\" data-id=\"909c0cb\" data-element_type=\"widget\" data-widget_type=\"heading.default\">\n\t\t\t\t<div class=\"elementor-widget-container\">\n\t\t\t\t\t<h2 class=\"elementor-heading-title elementor-size-default\"><span>Sesiones<\/span> <span class=\"no-break-word\">Especiales<\/span><\/h2>\t\t\t\t<\/div>\n\t\t\t\t<\/div>\n\t\t<div class=\"elementor-element elementor-element-facf3bf e-con-full e-flex e-con e-child\" data-id=\"facf3bf\" data-element_type=\"container\">\n\t\t<div class=\"elementor-element elementor-element-931a21f e-con-full e-flex e-con e-child\" data-id=\"931a21f\" data-element_type=\"container\">\n\t\t\t\t<div class=\"elementor-element elementor-element-8a88090 elementor-widget elementor-widget-heading\" data-id=\"8a88090\" data-element_type=\"widget\" data-widget_type=\"heading.default\">\n\t\t\t\t<div class=\"elementor-widget-container\">\n\t\t\t\t\t<span class=\"elementor-heading-title elementor-size-default\">S\u00e1bado 25<\/span>\t\t\t\t<\/div>\n\t\t\t\t<\/div>\n\t\t\t\t<div class=\"elementor-element elementor-element-1b3b1c0 elementor-widget elementor-widget-heading\" data-id=\"1b3b1c0\" data-element_type=\"widget\" data-widget_type=\"heading.default\">\n\t\t\t\t<div class=\"elementor-widget-container\">\n\t\t\t\t\t<span class=\"elementor-heading-title elementor-size-default\">19:00<\/span>\t\t\t\t<\/div>\n\t\t\t\t<\/div>\n\t\t\t\t<div class=\"elementor-element elementor-element-31c3b14 elementor-widget elementor-widget-heading\" data-id=\"31c3b14\" data-element_type=\"widget\" data-widget_type=\"heading.default\">\n\t\t\t\t<div class=\"elementor-widget-container\">\n\t\t\t\t\t<span class=\"elementor-heading-title elementor-size-default\">Teatro Isabel La Cat\u00f3lica<\/span>\t\t\t\t<\/div>\n\t\t\t\t<\/div>\n\t\t\t\t<div class=\"elementor-element elementor-element-d692d7f elementor-widget elementor-widget-heading\" data-id=\"d692d7f\" data-element_type=\"widget\" data-widget_type=\"heading.default\">\n\t\t\t\t<div class=\"elementor-widget-container\">\n\t\t\t\t\t<span class=\"elementor-heading-title elementor-size-default\">98'<\/span>\t\t\t\t<\/div>\n\t\t\t\t<\/div>\n\t\t\t\t<\/div>\n\t\t\t\t<\/div>\n\t\t\t\t<\/div>\n\t\t<div class=\"elementor-element elementor-element-a559fed e-con-full e-grid e-con e-child\" data-id=\"a559fed\" data-element_type=\"container\">\n\t\t<div class=\"elementor-element elementor-element-8712270 e-con-full e-flex e-con e-child\" data-id=\"8712270\" data-element_type=\"container\">\n\t\t\t\t<div class=\"elementor-element elementor-element-f2115fa elementor-widget elementor-widget-image\" data-id=\"f2115fa\" data-element_type=\"widget\" data-widget_type=\"image.default\">\n\t\t\t\t<div class=\"elementor-widget-container\">\n\t\t\t\t\t\t\t\t\t\t\t\t\t\t\t<img decoding=\"async\" width=\"1500\" height=\"1875\" src=\"https:\/\/www.filmfest-granada.com\/2025\/wp-content\/uploads\/sites\/23\/2025\/10\/FIJR31_POST_CLAUSURA_00001.jpg\" class=\"attachment-full size-full wp-image-1194\" alt=\"\" srcset=\"https:\/\/www.filmfest-granada.com\/2025\/wp-content\/uploads\/sites\/23\/2025\/10\/FIJR31_POST_CLAUSURA_00001.jpg 1500w, https:\/\/www.filmfest-granada.com\/2025\/wp-content\/uploads\/sites\/23\/2025\/10\/FIJR31_POST_CLAUSURA_00001-240x300.jpg 240w, https:\/\/www.filmfest-granada.com\/2025\/wp-content\/uploads\/sites\/23\/2025\/10\/FIJR31_POST_CLAUSURA_00001-819x1024.jpg 819w, https:\/\/www.filmfest-granada.com\/2025\/wp-content\/uploads\/sites\/23\/2025\/10\/FIJR31_POST_CLAUSURA_00001-768x960.jpg 768w, https:\/\/www.filmfest-granada.com\/2025\/wp-content\/uploads\/sites\/23\/2025\/10\/FIJR31_POST_CLAUSURA_00001-1229x1536.jpg 1229w\" sizes=\"(max-width: 1500px) 100vw, 1500px\" \/>\t\t\t\t\t\t\t\t\t\t\t\t\t\t\t<\/div>\n\t\t\t\t<\/div>\n\t\t\t\t<\/div>\n\t\t<div class=\"elementor-element elementor-element-6975260 e-con-full event e-flex e-con e-child\" data-id=\"6975260\" data-element_type=\"container\">\n\t\t<div class=\"elementor-element elementor-element-f6afbf2 e-con-full e-flex e-con e-child\" data-id=\"f6afbf2\" data-element_type=\"container\">\n\t\t\t\t<div class=\"elementor-element elementor-element-f9822cc elementor-widget elementor-widget-image\" data-id=\"f9822cc\" data-element_type=\"widget\" data-widget_type=\"image.default\">\n\t\t\t\t<div class=\"elementor-widget-container\">\n\t\t\t\t\t\t\t\t\t\t\t\t\t\t\t<img decoding=\"async\" width=\"512\" height=\"512\" src=\"https:\/\/www.filmfest-granada.com\/2025\/wp-content\/uploads\/sites\/23\/2025\/07\/cropped-FIJR31_WEB_favicon.png\" class=\"attachment-large size-large wp-image-497\" alt=\"\" srcset=\"https:\/\/www.filmfest-granada.com\/2025\/wp-content\/uploads\/sites\/23\/2025\/07\/cropped-FIJR31_WEB_favicon.png 512w, https:\/\/www.filmfest-granada.com\/2025\/wp-content\/uploads\/sites\/23\/2025\/07\/cropped-FIJR31_WEB_favicon-300x300.png 300w, https:\/\/www.filmfest-granada.com\/2025\/wp-content\/uploads\/sites\/23\/2025\/07\/cropped-FIJR31_WEB_favicon-150x150.png 150w, https:\/\/www.filmfest-granada.com\/2025\/wp-content\/uploads\/sites\/23\/2025\/07\/cropped-FIJR31_WEB_favicon-270x270.png 270w, https:\/\/www.filmfest-granada.com\/2025\/wp-content\/uploads\/sites\/23\/2025\/07\/cropped-FIJR31_WEB_favicon-192x192.png 192w, https:\/\/www.filmfest-granada.com\/2025\/wp-content\/uploads\/sites\/23\/2025\/07\/cropped-FIJR31_WEB_favicon-180x180.png 180w, https:\/\/www.filmfest-granada.com\/2025\/wp-content\/uploads\/sites\/23\/2025\/07\/cropped-FIJR31_WEB_favicon-32x32.png 32w\" sizes=\"(max-width: 512px) 100vw, 512px\" \/>\t\t\t\t\t\t\t\t\t\t\t\t\t\t\t<\/div>\n\t\t\t\t<\/div>\n\t\t<div class=\"elementor-element elementor-element-c614119 e-con-full e-flex e-con e-child\" data-id=\"c614119\" data-element_type=\"container\">\n\t\t\t\t<div class=\"elementor-element elementor-element-0d28766 elementor-widget elementor-widget-heading\" data-id=\"0d28766\" data-element_type=\"widget\" data-widget_type=\"heading.default\">\n\t\t\t\t<div class=\"elementor-widget-container\">\n\t\t\t\t\t<h2 class=\"elementor-heading-title elementor-size-default\">SESIONES ESPECIALES<\/h2>\t\t\t\t<\/div>\n\t\t\t\t<\/div>\n\t\t\t\t<div class=\"elementor-element elementor-element-5862872 elementor-widget elementor-widget-heading\" data-id=\"5862872\" data-element_type=\"widget\" data-widget_type=\"heading.default\">\n\t\t\t\t<div class=\"elementor-widget-container\">\n\t\t\t\t\t<h3 class=\"elementor-heading-title elementor-size-default\">Clausura: Flores para Antonio<\/h3>\t\t\t\t<\/div>\n\t\t\t\t<\/div>\n\t\t\t\t<\/div>\n\t\t\t\t<\/div>\n\t\t\t\t<div class=\"elementor-element elementor-element-a144803 elementor-widget-divider--view-line elementor-widget elementor-widget-divider\" data-id=\"a144803\" data-element_type=\"widget\" data-widget_type=\"divider.default\">\n\t\t\t\t<div class=\"elementor-widget-container\">\n\t\t\t\t\t\t\t<div class=\"elementor-divider\">\n\t\t\t<span class=\"elementor-divider-separator\">\n\t\t\t\t\t\t<\/span>\n\t\t<\/div>\n\t\t\t\t\t\t<\/div>\n\t\t\t\t<\/div>\n\t\t<div class=\"elementor-element elementor-element-c1c3a95 e-con-full card-info e-flex e-con e-child\" data-id=\"c1c3a95\" data-element_type=\"container\">\n\t\t\t\t<div class=\"elementor-element elementor-element-dd27257 card-info elementor-widget elementor-widget-heading\" data-id=\"dd27257\" data-element_type=\"widget\" data-widget_type=\"heading.default\">\n\t\t\t\t<div class=\"elementor-widget-container\">\n\t\t\t\t\t<span class=\"elementor-heading-title elementor-size-default\">ELENA MOLINA, ISAKI LACUESTA<\/span>\t\t\t\t<\/div>\n\t\t\t\t<\/div>\n\t\t\t\t<div class=\"elementor-element elementor-element-223a8a7 card-info elementor-widget elementor-widget-heading\" data-id=\"223a8a7\" data-element_type=\"widget\" data-widget_type=\"heading.default\">\n\t\t\t\t<div class=\"elementor-widget-container\">\n\t\t\t\t\t<span class=\"elementor-heading-title elementor-size-default\"><strong>\u00b7<\/strong><\/span>\t\t\t\t<\/div>\n\t\t\t\t<\/div>\n\t\t\t\t<div class=\"elementor-element elementor-element-32d4559 card-info elementor-widget elementor-widget-heading\" data-id=\"32d4559\" data-element_type=\"widget\" data-widget_type=\"heading.default\">\n\t\t\t\t<div class=\"elementor-widget-container\">\n\t\t\t\t\t<span class=\"elementor-heading-title elementor-size-default\">ESPA\u00d1A<\/span>\t\t\t\t<\/div>\n\t\t\t\t<\/div>\n\t\t\t\t<div class=\"elementor-element elementor-element-baf5775 card-info elementor-widget elementor-widget-heading\" data-id=\"baf5775\" data-element_type=\"widget\" data-widget_type=\"heading.default\">\n\t\t\t\t<div class=\"elementor-widget-container\">\n\t\t\t\t\t<span class=\"elementor-heading-title elementor-size-default\"><strong>\u00b7<\/strong><\/span>\t\t\t\t<\/div>\n\t\t\t\t<\/div>\n\t\t\t\t<div class=\"elementor-element elementor-element-599d51a card-info elementor-widget elementor-widget-heading\" data-id=\"599d51a\" data-element_type=\"widget\" data-widget_type=\"heading.default\">\n\t\t\t\t<div class=\"elementor-widget-container\">\n\t\t\t\t\t<span class=\"elementor-heading-title elementor-size-default\">2025<\/span>\t\t\t\t<\/div>\n\t\t\t\t<\/div>\n\t\t\t\t<div class=\"elementor-element elementor-element-3e2e7fb card-info elementor-widget elementor-widget-heading\" data-id=\"3e2e7fb\" data-element_type=\"widget\" data-widget_type=\"heading.default\">\n\t\t\t\t<div class=\"elementor-widget-container\">\n\t\t\t\t\t<span class=\"elementor-heading-title elementor-size-default\"><strong>\u00b7<\/strong><\/span>\t\t\t\t<\/div>\n\t\t\t\t<\/div>\n\t\t\t\t<div class=\"elementor-element elementor-element-5b657e7 card-info elementor-widget elementor-widget-heading\" data-id=\"5b657e7\" data-element_type=\"widget\" data-widget_type=\"heading.default\">\n\t\t\t\t<div class=\"elementor-widget-container\">\n\t\t\t\t\t<span class=\"elementor-heading-title elementor-size-default\">98'<\/span>\t\t\t\t<\/div>\n\t\t\t\t<\/div>\n\t\t\t\t<\/div>\n\t\t\t\t<div class=\"elementor-element elementor-element-9a06cbf bloque-text elementor-widget elementor-widget-text-editor\" data-id=\"9a06cbf\" data-element_type=\"widget\" data-widget_type=\"text-editor.default\">\n\t\t\t\t<div class=\"elementor-widget-container\">\n\t\t\t\t\t\t\t\t\t<p><span style=\"font-weight: 400\">Acto de clausura y entrega de premios<\/span><span style=\"font-weight: 400\">, que contar\u00e1 con la actuaci\u00f3n en directo del guitarrista flamenco <\/span><b>Carlos de Jacoba<\/b><span style=\"font-weight: 400\"> y el estreno en Andaluc\u00eda de <em>Flores para Antonio<\/em>, emocionante documental dirigido por Elena Molina e Isaki Lacuesta, que recibir\u00e1 el Premio Sin Fin honor\u00edfico por su trayectoria.<\/span><\/p>\t\t\t\t\t\t\t\t<\/div>\n\t\t\t\t<\/div>\n\t\t\t\t<div class=\"elementor-element elementor-element-6176d34 bloque-text elementor-widget elementor-widget-text-editor\" data-id=\"6176d34\" data-element_type=\"widget\" data-widget_type=\"text-editor.default\">\n\t\t\t\t<div class=\"elementor-widget-container\">\n\t\t\t\t\t\t\t\t\t<p><span style=\"font-weight: 400\"><strong>Sinopsis:<\/strong> Una hija se dispone a buscar la verdad sobre qui\u00e9n fue su padre, un m\u00fasico legendario, fallecido cuando ella ten\u00eda 8 a\u00f1os. \u00c9l es Antonio Flores, ella la tambi\u00e9n c\u00e9lebre actriz Alba Flores. Alba dej\u00f3 de cantar al perder a Antonio y ahora se dispone a recuperar su voz y su historia, preguntando por primera vez a sus familiares y amigos.<\/span><\/p>\t\t\t\t\t\t\t\t<\/div>\n\t\t\t\t<\/div>\n\t\t\t\t<div class=\"elementor-element elementor-element-f483861 elementor-align-right elementor-widget elementor-widget-button\" data-id=\"f483861\" data-element_type=\"widget\" data-widget_type=\"button.default\">\n\t\t\t\t<div class=\"elementor-widget-container\">\n\t\t\t\t\t\t\t\t\t<div class=\"elementor-button-wrapper\">\n\t\t\t\t\t<a class=\"elementor-button elementor-button-link elementor-size-sm\" href=\"https:\/\/www.redentradas.com\/?entradas=flores-para-antonio-clausura-y-entrega-de-premios&#038;provincia=granada&#038;cpro=18&#038;eid=3451\" target=\"_blank\">\n\t\t\t\t\t\t<span class=\"elementor-button-content-wrapper\">\n\t\t\t\t\t\t\t\t\t<span class=\"elementor-button-text\">ENTRADAS AGOTADAS<\/span>\n\t\t\t\t\t<\/span>\n\t\t\t\t\t<\/a>\n\t\t\t\t<\/div>\n\t\t\t\t\t\t\t\t<\/div>\n\t\t\t\t<\/div>\n\t\t\t\t<\/div>\n\t\t\t\t<\/div>\n\t\t\t\t\t<\/div>\n\t\t\t\t<\/div>\n\t\t\t\t<\/div>\n\t\t","protected":false},"excerpt":{"rendered":"<p>S\u00c1BADO 25 Encuentro con realizadores S\u00e1bado 25 12:00 Palacio Condes de Gabia ENTRADA LIBRE ISAKI LACUESTA PREMIO SIN FIN Encuentro con realizadores Con la presencia de Isaki Lacuesta, que conversar\u00e1 con el periodista y cineasta Javier Tolentino. Una masterclass en formato entrevista para profundizar en una de las filmograf\u00edas m\u00e1s originales y sorprendentes del cine &#8230; <a title=\"S\u00e1bado 25\" class=\"read-more\" href=\"https:\/\/www.filmfest-granada.com\/2025\/sabado-25\/\" aria-label=\"Leer m\u00e1s sobre S\u00e1bado 25\">Leer m\u00e1s<\/a><\/p>\n","protected":false},"author":1167,"featured_media":0,"parent":0,"menu_order":0,"comment_status":"closed","ping_status":"closed","template":"elementor_header_footer","meta":{"footnotes":""},"class_list":["post-1831","page","type-page","status-publish"],"_links":{"self":[{"href":"https:\/\/www.filmfest-granada.com\/2025\/wp-json\/wp\/v2\/pages\/1831","targetHints":{"allow":["GET"]}}],"collection":[{"href":"https:\/\/www.filmfest-granada.com\/2025\/wp-json\/wp\/v2\/pages"}],"about":[{"href":"https:\/\/www.filmfest-granada.com\/2025\/wp-json\/wp\/v2\/types\/page"}],"author":[{"embeddable":true,"href":"https:\/\/www.filmfest-granada.com\/2025\/wp-json\/wp\/v2\/users\/1167"}],"replies":[{"embeddable":true,"href":"https:\/\/www.filmfest-granada.com\/2025\/wp-json\/wp\/v2\/comments?post=1831"}],"version-history":[{"count":7,"href":"https:\/\/www.filmfest-granada.com\/2025\/wp-json\/wp\/v2\/pages\/1831\/revisions"}],"predecessor-version":[{"id":2057,"href":"https:\/\/www.filmfest-granada.com\/2025\/wp-json\/wp\/v2\/pages\/1831\/revisions\/2057"}],"wp:attachment":[{"href":"https:\/\/www.filmfest-granada.com\/2025\/wp-json\/wp\/v2\/media?parent=1831"}],"curies":[{"name":"wp","href":"https:\/\/api.w.org\/{rel}","templated":true}]}}