{"id":277,"date":"2025-06-26T11:58:45","date_gmt":"2025-06-26T09:58:45","guid":{"rendered":"https:\/\/www.filmfest-granada.com\/2025\/actividades-paralelas\/"},"modified":"2025-10-17T00:29:46","modified_gmt":"2025-10-16T22:29:46","slug":"actividades-paralelas","status":"publish","type":"page","link":"https:\/\/www.filmfest-granada.com\/2025\/actividades-paralelas\/","title":{"rendered":"Actividades paralelas"},"content":{"rendered":"\t\t<div data-elementor-type=\"wp-page\" data-elementor-id=\"277\" class=\"elementor elementor-277\" data-elementor-post-type=\"page\">\n\t\t\t\t<div class=\"elementor-element elementor-element-2f9c75f e-flex e-con-boxed e-con e-parent\" data-id=\"2f9c75f\" data-element_type=\"container\" data-settings=\"{&quot;background_background&quot;:&quot;classic&quot;}\">\n\t\t\t\t\t<div class=\"e-con-inner\">\n\t\t<div class=\"elementor-element elementor-element-2ad169b e-con-full e-flex e-con e-child\" data-id=\"2ad169b\" data-element_type=\"container\">\n\t\t\t\t<div class=\"elementor-element elementor-element-3fe4e27 new-texto elementor-widget elementor-widget-heading\" data-id=\"3fe4e27\" data-element_type=\"widget\" data-widget_type=\"heading.default\">\n\t\t\t\t<div class=\"elementor-widget-container\">\n\t\t\t\t\t<h1 class=\"elementor-heading-title elementor-size-default\"><span>ACTIVIDADES<\/span> <span>PARALELAS<\/span><\/h1>\t\t\t\t<\/div>\n\t\t\t\t<\/div>\n\t\t\t\t<\/div>\n\t\t<div class=\"elementor-element elementor-element-e3f9e3e e-con-full e-flex e-con e-child\" data-id=\"e3f9e3e\" data-element_type=\"container\">\n\t\t\t\t<div class=\"elementor-element elementor-element-f55c665 bloque-text elementor-widget elementor-widget-text-editor\" data-id=\"f55c665\" data-element_type=\"widget\" data-widget_type=\"text-editor.default\">\n\t\t\t\t<div class=\"elementor-widget-container\">\n\t\t\t\t\t\t\t\t\t<p>Durante las semanas previas y posteriores a su celebraci\u00f3n, el festival <strong>se expande por Granada y la provincia<\/strong> para acercar el cine a todos los rincones y en todas sus formas: Talleres, presentaciones de libros, conferencias y proyecciones de entrada gratuita.<\/p>\t\t\t\t\t\t\t\t<\/div>\n\t\t\t\t<\/div>\n\t\t\t\t<\/div>\n\t\t\t\t\t<\/div>\n\t\t\t\t<\/div>\n\t\t<div class=\"elementor-element elementor-element-7d157b0 e-con-full e-flex e-con e-parent\" data-id=\"7d157b0\" data-element_type=\"container\" data-settings=\"{&quot;background_background&quot;:&quot;classic&quot;}\">\n\t\t\t\t<\/div>\n\t\t<div class=\"elementor-element elementor-element-89e9dc7 e-flex e-con-boxed e-con e-parent\" data-id=\"89e9dc7\" data-element_type=\"container\" data-settings=\"{&quot;background_background&quot;:&quot;classic&quot;}\">\n\t\t\t\t\t<div class=\"e-con-inner\">\n\t\t<div class=\"elementor-element elementor-element-b87e5df e-con-full e-flex e-con e-child\" data-id=\"b87e5df\" data-element_type=\"container\">\n\t\t\t\t<div class=\"elementor-element elementor-element-f039558 elementor-widget elementor-widget-heading\" data-id=\"f039558\" data-element_type=\"widget\" data-widget_type=\"heading.default\">\n\t\t\t\t<div class=\"elementor-widget-container\">\n\t\t\t\t\t<h2 class=\"elementor-heading-title elementor-size-default\">Gala Fundaci\u00f3n Caja Rural<\/h2>\t\t\t\t<\/div>\n\t\t\t\t<\/div>\n\t\t<div class=\"elementor-element elementor-element-9df641a e-con-full e-flex e-con e-child\" data-id=\"9df641a\" data-element_type=\"container\">\n\t\t<div class=\"elementor-element elementor-element-8d1e71c e-con-full e-flex e-con e-child\" data-id=\"8d1e71c\" data-element_type=\"container\">\n\t\t\t\t<div class=\"elementor-element elementor-element-d7aec78 elementor-widget elementor-widget-heading\" data-id=\"d7aec78\" data-element_type=\"widget\" data-widget_type=\"heading.default\">\n\t\t\t\t<div class=\"elementor-widget-container\">\n\t\t\t\t\t<span class=\"elementor-heading-title elementor-size-default\">Martes 30 Septiembre<\/span>\t\t\t\t<\/div>\n\t\t\t\t<\/div>\n\t\t\t\t<div class=\"elementor-element elementor-element-af0067e elementor-widget elementor-widget-heading\" data-id=\"af0067e\" data-element_type=\"widget\" data-widget_type=\"heading.default\">\n\t\t\t\t<div class=\"elementor-widget-container\">\n\t\t\t\t\t<span class=\"elementor-heading-title elementor-size-default\">18:00<\/span>\t\t\t\t<\/div>\n\t\t\t\t<\/div>\n\t\t\t\t<div class=\"elementor-element elementor-element-9b9495c elementor-widget elementor-widget-heading\" data-id=\"9b9495c\" data-element_type=\"widget\" data-widget_type=\"heading.default\">\n\t\t\t\t<div class=\"elementor-widget-container\">\n\t\t\t\t\t<span class=\"elementor-heading-title elementor-size-default\">Auditorio Caja Rural<\/span>\t\t\t\t<\/div>\n\t\t\t\t<\/div>\n\t\t\t\t<\/div>\n\t\t\t\t<div class=\"elementor-element elementor-element-4d49be4 card-info elementor-widget elementor-widget-heading\" data-id=\"4d49be4\" data-element_type=\"widget\" data-widget_type=\"heading.default\">\n\t\t\t\t<div class=\"elementor-widget-container\">\n\t\t\t\t\t<span class=\"elementor-heading-title elementor-size-default\">ENTRADA LIBRE<\/span>\t\t\t\t<\/div>\n\t\t\t\t<\/div>\n\t\t<div class=\"elementor-element elementor-element-adde582 e-con-full e-flex e-con e-child\" data-id=\"adde582\" data-element_type=\"container\">\n\t\t\t\t<div class=\"elementor-element elementor-element-275b824 elementor-widget elementor-widget-text-editor\" data-id=\"275b824\" data-element_type=\"widget\" data-widget_type=\"text-editor.default\">\n\t\t\t\t<div class=\"elementor-widget-container\">\n\t\t\t\t\t\t\t\t\t<p>Como antesala del festival se presentan dos proyectos nacidos en el Distrito Norte de Granada, donde el cine se convierte en altavoz de realidades diversas. Desde la soledad no deseada en la vejez hasta la energ\u00eda creadora de las miradas m\u00e1s j\u00f3venes. Una iniciativa con vocaci\u00f3n social que cuenta con la colaboraci\u00f3n de la <strong>Asociaci\u00f3n Almanj\u00e1yar en Familia (ALFA)<\/strong> y <strong>Fundaci\u00f3n Caja Rural de Granada<\/strong>, reforzando el compromiso del festival con la inclusi\u00f3n y la participaci\u00f3n comunitaria a trav\u00e9s del cine.<\/p>\t\t\t\t\t\t\t\t<\/div>\n\t\t\t\t<\/div>\n\t\t\t\t<\/div>\n\t\t\t\t<\/div>\n\t\t\t\t<\/div>\n\t\t<div class=\"elementor-element elementor-element-b4014c7 e-con-full e-grid e-con e-child\" data-id=\"b4014c7\" data-element_type=\"container\">\n\t\t<div class=\"elementor-element elementor-element-d88fa69 e-con-full e-flex e-con e-child\" data-id=\"d88fa69\" data-element_type=\"container\">\n\t\t\t\t<div class=\"elementor-element elementor-element-7b770e2 elementor-widget elementor-widget-image\" data-id=\"7b770e2\" data-element_type=\"widget\" data-widget_type=\"image.default\">\n\t\t\t\t<div class=\"elementor-widget-container\">\n\t\t\t\t\t\t\t\t\t\t\t\t\t\t\t<img fetchpriority=\"high\" decoding=\"async\" width=\"1169\" height=\"875\" src=\"https:\/\/www.filmfest-granada.com\/2025\/wp-content\/uploads\/sites\/23\/2025\/10\/FOTOGRAMA_2.png\" class=\"attachment-full size-full wp-image-1546\" alt=\"\" srcset=\"https:\/\/www.filmfest-granada.com\/2025\/wp-content\/uploads\/sites\/23\/2025\/10\/FOTOGRAMA_2.png 1169w, https:\/\/www.filmfest-granada.com\/2025\/wp-content\/uploads\/sites\/23\/2025\/10\/FOTOGRAMA_2-300x225.png 300w, https:\/\/www.filmfest-granada.com\/2025\/wp-content\/uploads\/sites\/23\/2025\/10\/FOTOGRAMA_2-1024x766.png 1024w, https:\/\/www.filmfest-granada.com\/2025\/wp-content\/uploads\/sites\/23\/2025\/10\/FOTOGRAMA_2-768x575.png 768w\" sizes=\"(max-width: 1169px) 100vw, 1169px\" \/>\t\t\t\t\t\t\t\t\t\t\t\t\t\t\t<\/div>\n\t\t\t\t<\/div>\n\t\t\t\t<\/div>\n\t\t<div class=\"elementor-element elementor-element-79bdfdb e-con-full event e-flex e-con e-child\" data-id=\"79bdfdb\" data-element_type=\"container\">\n\t\t<div class=\"elementor-element elementor-element-8aea631 e-con-full e-flex e-con e-child\" data-id=\"8aea631\" data-element_type=\"container\">\n\t\t\t\t<div class=\"elementor-element elementor-element-6bf8753 elementor-widget elementor-widget-image\" data-id=\"6bf8753\" data-element_type=\"widget\" data-widget_type=\"image.default\">\n\t\t\t\t<div class=\"elementor-widget-container\">\n\t\t\t\t\t\t\t\t\t\t\t\t\t\t\t<img decoding=\"async\" width=\"512\" height=\"512\" src=\"https:\/\/www.filmfest-granada.com\/2025\/wp-content\/uploads\/sites\/23\/2025\/07\/cropped-FIJR31_WEB_favicon.png\" class=\"attachment-large size-large wp-image-497\" alt=\"\" srcset=\"https:\/\/www.filmfest-granada.com\/2025\/wp-content\/uploads\/sites\/23\/2025\/07\/cropped-FIJR31_WEB_favicon.png 512w, https:\/\/www.filmfest-granada.com\/2025\/wp-content\/uploads\/sites\/23\/2025\/07\/cropped-FIJR31_WEB_favicon-300x300.png 300w, https:\/\/www.filmfest-granada.com\/2025\/wp-content\/uploads\/sites\/23\/2025\/07\/cropped-FIJR31_WEB_favicon-150x150.png 150w, https:\/\/www.filmfest-granada.com\/2025\/wp-content\/uploads\/sites\/23\/2025\/07\/cropped-FIJR31_WEB_favicon-270x270.png 270w, https:\/\/www.filmfest-granada.com\/2025\/wp-content\/uploads\/sites\/23\/2025\/07\/cropped-FIJR31_WEB_favicon-192x192.png 192w, https:\/\/www.filmfest-granada.com\/2025\/wp-content\/uploads\/sites\/23\/2025\/07\/cropped-FIJR31_WEB_favicon-180x180.png 180w, https:\/\/www.filmfest-granada.com\/2025\/wp-content\/uploads\/sites\/23\/2025\/07\/cropped-FIJR31_WEB_favicon-32x32.png 32w\" sizes=\"(max-width: 512px) 100vw, 512px\" \/>\t\t\t\t\t\t\t\t\t\t\t\t\t\t\t<\/div>\n\t\t\t\t<\/div>\n\t\t<div class=\"elementor-element elementor-element-477f874 e-con-full e-flex e-con e-child\" data-id=\"477f874\" data-element_type=\"container\">\n\t\t\t\t<div class=\"elementor-element elementor-element-4bd62cc elementor-widget elementor-widget-heading\" data-id=\"4bd62cc\" data-element_type=\"widget\" data-widget_type=\"heading.default\">\n\t\t\t\t<div class=\"elementor-widget-container\">\n\t\t\t\t\t<h2 class=\"elementor-heading-title elementor-size-default\">GALA FUNDACI\u00d3N CAJA RURAL<\/h2>\t\t\t\t<\/div>\n\t\t\t\t<\/div>\n\t\t\t\t<div class=\"elementor-element elementor-element-2688705 elementor-widget elementor-widget-heading\" data-id=\"2688705\" data-element_type=\"widget\" data-widget_type=\"heading.default\">\n\t\t\t\t<div class=\"elementor-widget-container\">\n\t\t\t\t\t<h3 class=\"elementor-heading-title elementor-size-default\">Calle arriba: Tres historias del Distrito Norte<\/h3>\t\t\t\t<\/div>\n\t\t\t\t<\/div>\n\t\t\t\t<\/div>\n\t\t\t\t<\/div>\n\t\t\t\t<div class=\"elementor-element elementor-element-404dfe5 elementor-widget-divider--view-line elementor-widget elementor-widget-divider\" data-id=\"404dfe5\" data-element_type=\"widget\" data-widget_type=\"divider.default\">\n\t\t\t\t<div class=\"elementor-widget-container\">\n\t\t\t\t\t\t\t<div class=\"elementor-divider\">\n\t\t\t<span class=\"elementor-divider-separator\">\n\t\t\t\t\t\t<\/span>\n\t\t<\/div>\n\t\t\t\t\t\t<\/div>\n\t\t\t\t<\/div>\n\t\t\t\t<div class=\"elementor-element elementor-element-a54c4b4 bloque-text elementor-widget elementor-widget-text-editor\" data-id=\"a54c4b4\" data-element_type=\"widget\" data-widget_type=\"text-editor.default\">\n\t\t\t\t<div class=\"elementor-widget-container\">\n\t\t\t\t\t\t\t\t\t<p><span style=\"font-weight: 400\">Un documental que nace del di\u00e1logo, la escucha y el cuidado. A trav\u00e9s de las voces de <\/span><b>tres mujeres mayores del Distrito Norte<\/b><span style=\"font-weight: 400\">, nos sumerge en historias marcadas por el amor, la soledad, la memoria y la resiliencia.<\/span><\/p><p><span style=\"font-weight: 400\">Sin caer en el victimismo ni en la condescendencia, el <strong>documental<\/strong> ofrece una mirada \u00edntima sobre lo que significa envejecer en uno de los barrios m\u00e1s desatendidos de Granada.\u00a0<\/span><span style=\"font-weight: 400\">Historias de vida que reflejan el arraigo, el olvido institucional, la soledad no deseada\u2026 pero tambi\u00e9n el humor, la fuerza femenina y la dignidad de quienes resisten y cuidan en silencio.<\/span><\/p>\t\t\t\t\t\t\t\t<\/div>\n\t\t\t\t<\/div>\n\t\t\t\t<\/div>\n\t\t\t\t<\/div>\n\t\t<div class=\"elementor-element elementor-element-323ab0d e-con-full e-grid e-con e-child\" data-id=\"323ab0d\" data-element_type=\"container\">\n\t\t<div class=\"elementor-element elementor-element-95fdd14 e-con-full e-flex e-con e-child\" data-id=\"95fdd14\" data-element_type=\"container\">\n\t\t\t\t<div class=\"elementor-element elementor-element-6a26a99 elementor-widget elementor-widget-image\" data-id=\"6a26a99\" data-element_type=\"widget\" data-widget_type=\"image.default\">\n\t\t\t\t<div class=\"elementor-widget-container\">\n\t\t\t\t\t\t\t\t\t\t\t\t\t\t\t<img decoding=\"async\" width=\"2560\" height=\"2032\" src=\"https:\/\/www.filmfest-granada.com\/2025\/wp-content\/uploads\/sites\/23\/2025\/10\/foto11-scaled.jpg\" class=\"attachment-full size-full wp-image-1554\" alt=\"\" srcset=\"https:\/\/www.filmfest-granada.com\/2025\/wp-content\/uploads\/sites\/23\/2025\/10\/foto11-scaled.jpg 2560w, https:\/\/www.filmfest-granada.com\/2025\/wp-content\/uploads\/sites\/23\/2025\/10\/foto11-300x238.jpg 300w, https:\/\/www.filmfest-granada.com\/2025\/wp-content\/uploads\/sites\/23\/2025\/10\/foto11-1024x813.jpg 1024w, https:\/\/www.filmfest-granada.com\/2025\/wp-content\/uploads\/sites\/23\/2025\/10\/foto11-768x610.jpg 768w, https:\/\/www.filmfest-granada.com\/2025\/wp-content\/uploads\/sites\/23\/2025\/10\/foto11-1536x1219.jpg 1536w, https:\/\/www.filmfest-granada.com\/2025\/wp-content\/uploads\/sites\/23\/2025\/10\/foto11-2048x1625.jpg 2048w\" sizes=\"(max-width: 2560px) 100vw, 2560px\" \/>\t\t\t\t\t\t\t\t\t\t\t\t\t\t\t<\/div>\n\t\t\t\t<\/div>\n\t\t\t\t<\/div>\n\t\t<div class=\"elementor-element elementor-element-aa032ea e-con-full event e-flex e-con e-child\" data-id=\"aa032ea\" data-element_type=\"container\">\n\t\t<div class=\"elementor-element elementor-element-8d9df29 e-con-full e-flex e-con e-child\" data-id=\"8d9df29\" data-element_type=\"container\">\n\t\t\t\t<div class=\"elementor-element elementor-element-73f63aa elementor-widget elementor-widget-image\" data-id=\"73f63aa\" data-element_type=\"widget\" data-widget_type=\"image.default\">\n\t\t\t\t<div class=\"elementor-widget-container\">\n\t\t\t\t\t\t\t\t\t\t\t\t\t\t\t<img decoding=\"async\" width=\"512\" height=\"512\" src=\"https:\/\/www.filmfest-granada.com\/2025\/wp-content\/uploads\/sites\/23\/2025\/07\/cropped-FIJR31_WEB_favicon.png\" class=\"attachment-large size-large wp-image-497\" alt=\"\" srcset=\"https:\/\/www.filmfest-granada.com\/2025\/wp-content\/uploads\/sites\/23\/2025\/07\/cropped-FIJR31_WEB_favicon.png 512w, https:\/\/www.filmfest-granada.com\/2025\/wp-content\/uploads\/sites\/23\/2025\/07\/cropped-FIJR31_WEB_favicon-300x300.png 300w, https:\/\/www.filmfest-granada.com\/2025\/wp-content\/uploads\/sites\/23\/2025\/07\/cropped-FIJR31_WEB_favicon-150x150.png 150w, https:\/\/www.filmfest-granada.com\/2025\/wp-content\/uploads\/sites\/23\/2025\/07\/cropped-FIJR31_WEB_favicon-270x270.png 270w, https:\/\/www.filmfest-granada.com\/2025\/wp-content\/uploads\/sites\/23\/2025\/07\/cropped-FIJR31_WEB_favicon-192x192.png 192w, https:\/\/www.filmfest-granada.com\/2025\/wp-content\/uploads\/sites\/23\/2025\/07\/cropped-FIJR31_WEB_favicon-180x180.png 180w, https:\/\/www.filmfest-granada.com\/2025\/wp-content\/uploads\/sites\/23\/2025\/07\/cropped-FIJR31_WEB_favicon-32x32.png 32w\" sizes=\"(max-width: 512px) 100vw, 512px\" \/>\t\t\t\t\t\t\t\t\t\t\t\t\t\t\t<\/div>\n\t\t\t\t<\/div>\n\t\t<div class=\"elementor-element elementor-element-af22eec e-con-full e-flex e-con e-child\" data-id=\"af22eec\" data-element_type=\"container\">\n\t\t\t\t<div class=\"elementor-element elementor-element-c8e3449 elementor-widget elementor-widget-heading\" data-id=\"c8e3449\" data-element_type=\"widget\" data-widget_type=\"heading.default\">\n\t\t\t\t<div class=\"elementor-widget-container\">\n\t\t\t\t\t<h2 class=\"elementor-heading-title elementor-size-default\">GALA FUNDACI\u00d3N CAJA RURAL<\/h2>\t\t\t\t<\/div>\n\t\t\t\t<\/div>\n\t\t\t\t<div class=\"elementor-element elementor-element-29c6e49 elementor-widget elementor-widget-heading\" data-id=\"29c6e49\" data-element_type=\"widget\" data-widget_type=\"heading.default\">\n\t\t\t\t<div class=\"elementor-widget-container\">\n\t\t\t\t\t<h3 class=\"elementor-heading-title elementor-size-default\">Muestra de Taller Audiovisual<\/h3>\t\t\t\t<\/div>\n\t\t\t\t<\/div>\n\t\t\t\t<\/div>\n\t\t\t\t<\/div>\n\t\t\t\t<div class=\"elementor-element elementor-element-ac71d49 elementor-widget-divider--view-line elementor-widget elementor-widget-divider\" data-id=\"ac71d49\" data-element_type=\"widget\" data-widget_type=\"divider.default\">\n\t\t\t\t<div class=\"elementor-widget-container\">\n\t\t\t\t\t\t\t<div class=\"elementor-divider\">\n\t\t\t<span class=\"elementor-divider-separator\">\n\t\t\t\t\t\t<\/span>\n\t\t<\/div>\n\t\t\t\t\t\t<\/div>\n\t\t\t\t<\/div>\n\t\t\t\t<div class=\"elementor-element elementor-element-a89752f bloque-text elementor-widget elementor-widget-text-editor\" data-id=\"a89752f\" data-element_type=\"widget\" data-widget_type=\"text-editor.default\">\n\t\t\t\t<div class=\"elementor-widget-container\">\n\t\t\t\t\t\t\t\t\t<p><b>Muestra de cortos realizados por j\u00f3venes del Distrito Norte<\/b><b><br \/><\/b><\/p><p><span style=\"font-weight: 400\">Durante el mes de agosto, <\/span><b>30 ni\u00f1os, ni\u00f1as y adolescentes<\/b><span style=\"font-weight: 400\"> participaron en un taller audiovisual coordinado por un equipo de profesionales. Aprendieron nociones b\u00e1sicas de lenguaje cinematogr\u00e1fico, direcci\u00f3n, interpretaci\u00f3n, c\u00e1mara, sonido y edici\u00f3n.<\/span><\/p><p><span style=\"font-weight: 400\"><br \/><\/span><span style=\"font-weight: 400\">El resultado: una serie de <\/span><b>cortometrajes <\/b><span style=\"font-weight: 400\">que hablan con frescura, creatividad y orgullo de su barrio, sus sue\u00f1os, su identidad y su mirada sobre el mundo.<\/span><\/p>\t\t\t\t\t\t\t\t<\/div>\n\t\t\t\t<\/div>\n\t\t\t\t<\/div>\n\t\t\t\t<\/div>\n\t\t\t\t<div class=\"elementor-element elementor-element-9be2576 card-info elementor-widget elementor-widget-heading\" data-id=\"9be2576\" data-element_type=\"widget\" data-widget_type=\"heading.default\">\n\t\t\t\t<div class=\"elementor-widget-container\">\n\t\t\t\t\t<span class=\"elementor-heading-title elementor-size-default\">ENTRADA LIBRE<\/span>\t\t\t\t<\/div>\n\t\t\t\t<\/div>\n\t\t\t\t\t<\/div>\n\t\t\t\t<\/div>\n\t\t<div class=\"elementor-element elementor-element-a6a4dc8 e-flex e-con-boxed e-con e-parent\" data-id=\"a6a4dc8\" data-element_type=\"container\" data-settings=\"{&quot;background_background&quot;:&quot;classic&quot;}\">\n\t\t\t\t\t<div class=\"e-con-inner\">\n\t\t<div class=\"elementor-element elementor-element-8e2dc3f e-con-full e-flex e-con e-child\" data-id=\"8e2dc3f\" data-element_type=\"container\">\n\t\t\t\t<div class=\"elementor-element elementor-element-701a70b elementor-widget elementor-widget-heading\" data-id=\"701a70b\" data-element_type=\"widget\" data-widget_type=\"heading.default\">\n\t\t\t\t<div class=\"elementor-widget-container\">\n\t\t\t\t\t<h2 class=\"elementor-heading-title elementor-size-default\">Entre dos aguas<\/h2>\t\t\t\t<\/div>\n\t\t\t\t<\/div>\n\t\t<div class=\"elementor-element elementor-element-ede30a2 e-con-full e-flex e-con e-child\" data-id=\"ede30a2\" data-element_type=\"container\">\n\t\t<div class=\"elementor-element elementor-element-d98cfc8 e-con-full e-flex e-con e-child\" data-id=\"d98cfc8\" data-element_type=\"container\">\n\t\t\t\t<div class=\"elementor-element elementor-element-2d85163 elementor-widget elementor-widget-heading\" data-id=\"2d85163\" data-element_type=\"widget\" data-widget_type=\"heading.default\">\n\t\t\t\t<div class=\"elementor-widget-container\">\n\t\t\t\t\t<span class=\"elementor-heading-title elementor-size-default\">Viernes 10<\/span>\t\t\t\t<\/div>\n\t\t\t\t<\/div>\n\t\t\t\t<div class=\"elementor-element elementor-element-7dd26d1 elementor-widget elementor-widget-heading\" data-id=\"7dd26d1\" data-element_type=\"widget\" data-widget_type=\"heading.default\">\n\t\t\t\t<div class=\"elementor-widget-container\">\n\t\t\t\t\t<span class=\"elementor-heading-title elementor-size-default\">19:00<\/span>\t\t\t\t<\/div>\n\t\t\t\t<\/div>\n\t\t\t\t<div class=\"elementor-element elementor-element-01c15ca elementor-widget elementor-widget-heading\" data-id=\"01c15ca\" data-element_type=\"widget\" data-widget_type=\"heading.default\">\n\t\t\t\t<div class=\"elementor-widget-container\">\n\t\t\t\t\t<span class=\"elementor-heading-title elementor-size-default\">Palacio del Almirante - Sala Roja<\/span>\t\t\t\t<\/div>\n\t\t\t\t<\/div>\n\t\t\t\t<\/div>\n\t\t\t\t<div class=\"elementor-element elementor-element-6709c4f card-info elementor-widget elementor-widget-heading\" data-id=\"6709c4f\" data-element_type=\"widget\" data-widget_type=\"heading.default\">\n\t\t\t\t<div class=\"elementor-widget-container\">\n\t\t\t\t\t<span class=\"elementor-heading-title elementor-size-default\">ENTRADA LIBRE<\/span>\t\t\t\t<\/div>\n\t\t\t\t<\/div>\n\t\t<div class=\"elementor-element elementor-element-b447a4f e-con-full e-flex e-con e-child\" data-id=\"b447a4f\" data-element_type=\"container\">\n\t\t\t\t<div class=\"elementor-element elementor-element-dce9f61 elementor-widget elementor-widget-text-editor\" data-id=\"dce9f61\" data-element_type=\"widget\" data-widget_type=\"text-editor.default\">\n\t\t\t\t<div class=\"elementor-widget-container\">\n\t\t\t\t\t\t\t\t\t<p><span style=\"font-weight: 400\">El ciclo <strong>Entre dos aguas<\/strong> nace como una cita para reflexionar alrededor del cine andaluz situado entre la ficci\u00f3n y la no-ficci\u00f3n, dando voz a sus creadores.\u00a0<\/span>Organizado en colaboraci\u00f3n con la Facultad de Comunicaci\u00f3n, el Proyecto Fic-Trans y La Madraza de la Universidad de Granada, consta de la proyecci\u00f3n del largometraje <strong><em>Los restos del pasar<\/em><\/strong> y un coloquio con su co-director Luis Soto, moderado por el investigador <strong>Juanjo Feria<\/strong>.<span style=\"font-weight: 400\"><br \/><\/span><\/p>\t\t\t\t\t\t\t\t<\/div>\n\t\t\t\t<\/div>\n\t\t\t\t<\/div>\n\t\t\t\t<\/div>\n\t\t\t\t<\/div>\n\t\t<div class=\"elementor-element elementor-element-1727a8f e-con-full e-grid e-con e-child\" data-id=\"1727a8f\" data-element_type=\"container\">\n\t\t<div class=\"elementor-element elementor-element-62953f5 e-con-full e-flex e-con e-child\" data-id=\"62953f5\" data-element_type=\"container\">\n\t\t\t\t<div class=\"elementor-element elementor-element-aa079bb elementor-widget elementor-widget-image\" data-id=\"aa079bb\" data-element_type=\"widget\" data-widget_type=\"image.default\">\n\t\t\t\t<div class=\"elementor-widget-container\">\n\t\t\t\t\t\t\t\t\t\t\t\t\t\t\t<img loading=\"lazy\" decoding=\"async\" width=\"1200\" height=\"675\" src=\"https:\/\/www.filmfest-granada.com\/2025\/wp-content\/uploads\/sites\/23\/2025\/10\/Los-restos-del-pasar-still.jpg\" class=\"attachment-full size-full wp-image-1562\" alt=\"\" srcset=\"https:\/\/www.filmfest-granada.com\/2025\/wp-content\/uploads\/sites\/23\/2025\/10\/Los-restos-del-pasar-still.jpg 1200w, https:\/\/www.filmfest-granada.com\/2025\/wp-content\/uploads\/sites\/23\/2025\/10\/Los-restos-del-pasar-still-300x169.jpg 300w, https:\/\/www.filmfest-granada.com\/2025\/wp-content\/uploads\/sites\/23\/2025\/10\/Los-restos-del-pasar-still-1024x576.jpg 1024w, https:\/\/www.filmfest-granada.com\/2025\/wp-content\/uploads\/sites\/23\/2025\/10\/Los-restos-del-pasar-still-768x432.jpg 768w\" sizes=\"(max-width: 1200px) 100vw, 1200px\" \/>\t\t\t\t\t\t\t\t\t\t\t\t\t\t\t<\/div>\n\t\t\t\t<\/div>\n\t\t\t\t<\/div>\n\t\t<div class=\"elementor-element elementor-element-b24322f e-con-full event e-flex e-con e-child\" data-id=\"b24322f\" data-element_type=\"container\">\n\t\t<div class=\"elementor-element elementor-element-413614b e-con-full e-flex e-con e-child\" data-id=\"413614b\" data-element_type=\"container\">\n\t\t\t\t<div class=\"elementor-element elementor-element-3dafb59 elementor-widget elementor-widget-image\" data-id=\"3dafb59\" data-element_type=\"widget\" data-widget_type=\"image.default\">\n\t\t\t\t<div class=\"elementor-widget-container\">\n\t\t\t\t\t\t\t\t\t\t\t\t\t\t\t<img decoding=\"async\" width=\"512\" height=\"512\" src=\"https:\/\/www.filmfest-granada.com\/2025\/wp-content\/uploads\/sites\/23\/2025\/07\/cropped-FIJR31_WEB_favicon.png\" class=\"attachment-large size-large wp-image-497\" alt=\"\" srcset=\"https:\/\/www.filmfest-granada.com\/2025\/wp-content\/uploads\/sites\/23\/2025\/07\/cropped-FIJR31_WEB_favicon.png 512w, https:\/\/www.filmfest-granada.com\/2025\/wp-content\/uploads\/sites\/23\/2025\/07\/cropped-FIJR31_WEB_favicon-300x300.png 300w, https:\/\/www.filmfest-granada.com\/2025\/wp-content\/uploads\/sites\/23\/2025\/07\/cropped-FIJR31_WEB_favicon-150x150.png 150w, https:\/\/www.filmfest-granada.com\/2025\/wp-content\/uploads\/sites\/23\/2025\/07\/cropped-FIJR31_WEB_favicon-270x270.png 270w, https:\/\/www.filmfest-granada.com\/2025\/wp-content\/uploads\/sites\/23\/2025\/07\/cropped-FIJR31_WEB_favicon-192x192.png 192w, https:\/\/www.filmfest-granada.com\/2025\/wp-content\/uploads\/sites\/23\/2025\/07\/cropped-FIJR31_WEB_favicon-180x180.png 180w, https:\/\/www.filmfest-granada.com\/2025\/wp-content\/uploads\/sites\/23\/2025\/07\/cropped-FIJR31_WEB_favicon-32x32.png 32w\" sizes=\"(max-width: 512px) 100vw, 512px\" \/>\t\t\t\t\t\t\t\t\t\t\t\t\t\t\t<\/div>\n\t\t\t\t<\/div>\n\t\t<div class=\"elementor-element elementor-element-cedae96 e-con-full e-flex e-con e-child\" data-id=\"cedae96\" data-element_type=\"container\">\n\t\t\t\t<div class=\"elementor-element elementor-element-e3e0282 elementor-widget elementor-widget-heading\" data-id=\"e3e0282\" data-element_type=\"widget\" data-widget_type=\"heading.default\">\n\t\t\t\t<div class=\"elementor-widget-container\">\n\t\t\t\t\t<h2 class=\"elementor-heading-title elementor-size-default\">ENTRE DOS AGUAS<\/h2>\t\t\t\t<\/div>\n\t\t\t\t<\/div>\n\t\t\t\t<div class=\"elementor-element elementor-element-f471d1b elementor-widget elementor-widget-heading\" data-id=\"f471d1b\" data-element_type=\"widget\" data-widget_type=\"heading.default\">\n\t\t\t\t<div class=\"elementor-widget-container\">\n\t\t\t\t\t<h3 class=\"elementor-heading-title elementor-size-default\">Los restos del pasar<\/h3>\t\t\t\t<\/div>\n\t\t\t\t<\/div>\n\t\t\t\t<\/div>\n\t\t\t\t<\/div>\n\t\t\t\t<div class=\"elementor-element elementor-element-75741ac elementor-widget-divider--view-line elementor-widget elementor-widget-divider\" data-id=\"75741ac\" data-element_type=\"widget\" data-widget_type=\"divider.default\">\n\t\t\t\t<div class=\"elementor-widget-container\">\n\t\t\t\t\t\t\t<div class=\"elementor-divider\">\n\t\t\t<span class=\"elementor-divider-separator\">\n\t\t\t\t\t\t<\/span>\n\t\t<\/div>\n\t\t\t\t\t\t<\/div>\n\t\t\t\t<\/div>\n\t\t<div class=\"elementor-element elementor-element-837ecec e-con-full card-info e-flex e-con e-child\" data-id=\"837ecec\" data-element_type=\"container\">\n\t\t\t\t<div class=\"elementor-element elementor-element-4ed160a card-info elementor-widget elementor-widget-heading\" data-id=\"4ed160a\" data-element_type=\"widget\" data-widget_type=\"heading.default\">\n\t\t\t\t<div class=\"elementor-widget-container\">\n\t\t\t\t\t<span class=\"elementor-heading-title elementor-size-default\">Luis (Soto) Mu\u00f1oz, Alfredo Picazo<\/span>\t\t\t\t<\/div>\n\t\t\t\t<\/div>\n\t\t\t\t<div class=\"elementor-element elementor-element-0b44478 card-info elementor-widget elementor-widget-heading\" data-id=\"0b44478\" data-element_type=\"widget\" data-widget_type=\"heading.default\">\n\t\t\t\t<div class=\"elementor-widget-container\">\n\t\t\t\t\t<span class=\"elementor-heading-title elementor-size-default\"><strong>\u00b7<\/strong><\/span>\t\t\t\t<\/div>\n\t\t\t\t<\/div>\n\t\t\t\t<div class=\"elementor-element elementor-element-f5bc1f6 card-info elementor-widget elementor-widget-heading\" data-id=\"f5bc1f6\" data-element_type=\"widget\" data-widget_type=\"heading.default\">\n\t\t\t\t<div class=\"elementor-widget-container\">\n\t\t\t\t\t<span class=\"elementor-heading-title elementor-size-default\">Espa\u00f1a<\/span>\t\t\t\t<\/div>\n\t\t\t\t<\/div>\n\t\t\t\t<div class=\"elementor-element elementor-element-95485ad card-info elementor-widget elementor-widget-heading\" data-id=\"95485ad\" data-element_type=\"widget\" data-widget_type=\"heading.default\">\n\t\t\t\t<div class=\"elementor-widget-container\">\n\t\t\t\t\t<span class=\"elementor-heading-title elementor-size-default\"><strong>\u00b7<\/strong><\/span>\t\t\t\t<\/div>\n\t\t\t\t<\/div>\n\t\t\t\t<div class=\"elementor-element elementor-element-cad7a35 card-info elementor-widget elementor-widget-heading\" data-id=\"cad7a35\" data-element_type=\"widget\" data-widget_type=\"heading.default\">\n\t\t\t\t<div class=\"elementor-widget-container\">\n\t\t\t\t\t<span class=\"elementor-heading-title elementor-size-default\">2023<\/span>\t\t\t\t<\/div>\n\t\t\t\t<\/div>\n\t\t\t\t<div class=\"elementor-element elementor-element-7915164 card-info elementor-widget elementor-widget-heading\" data-id=\"7915164\" data-element_type=\"widget\" data-widget_type=\"heading.default\">\n\t\t\t\t<div class=\"elementor-widget-container\">\n\t\t\t\t\t<span class=\"elementor-heading-title elementor-size-default\"><strong>\u00b7<\/strong><\/span>\t\t\t\t<\/div>\n\t\t\t\t<\/div>\n\t\t\t\t<div class=\"elementor-element elementor-element-2fb8a13 card-info elementor-widget elementor-widget-heading\" data-id=\"2fb8a13\" data-element_type=\"widget\" data-widget_type=\"heading.default\">\n\t\t\t\t<div class=\"elementor-widget-container\">\n\t\t\t\t\t<span class=\"elementor-heading-title elementor-size-default\">83\u2019<\/span>\t\t\t\t<\/div>\n\t\t\t\t<\/div>\n\t\t\t\t<\/div>\n\t\t\t\t<div class=\"elementor-element elementor-element-b9039c7 bloque-text elementor-widget elementor-widget-text-editor\" data-id=\"b9039c7\" data-element_type=\"widget\" data-widget_type=\"text-editor.default\">\n\t\t\t\t<div class=\"elementor-widget-container\">\n\t\t\t\t\t\t\t\t\t<p><span style=\"font-weight: 400\">En lo que parecen ser sus \u00faltimos momentos, Antonio evoca una Semana Santa de su infancia en el pueblo cordob\u00e9s de Baena. A trav\u00e9s de ese recuerdo nost\u00e1lgico del pasado, entiende el hombre que es y rescata al ni\u00f1o que encierra en su memoria.<\/span><\/p>\t\t\t\t\t\t\t\t<\/div>\n\t\t\t\t<\/div>\n\t\t\t\t<\/div>\n\t\t\t\t<\/div>\n\t\t\t\t<div class=\"elementor-element elementor-element-4b122b3 card-info elementor-widget elementor-widget-heading\" data-id=\"4b122b3\" data-element_type=\"widget\" data-widget_type=\"heading.default\">\n\t\t\t\t<div class=\"elementor-widget-container\">\n\t\t\t\t\t<span class=\"elementor-heading-title elementor-size-default\">ENTRADA LIBRE<\/span>\t\t\t\t<\/div>\n\t\t\t\t<\/div>\n\t\t\t\t\t<\/div>\n\t\t\t\t<\/div>\n\t\t<div class=\"elementor-element elementor-element-0f963a6 e-flex e-con-boxed e-con e-parent\" data-id=\"0f963a6\" data-element_type=\"container\" data-settings=\"{&quot;background_background&quot;:&quot;classic&quot;}\">\n\t\t\t\t\t<div class=\"e-con-inner\">\n\t\t<div class=\"elementor-element elementor-element-68af751 e-con-full e-flex e-con e-child\" data-id=\"68af751\" data-element_type=\"container\">\n\t\t\t\t<div class=\"elementor-element elementor-element-71f0102 elementor-widget elementor-widget-heading\" data-id=\"71f0102\" data-element_type=\"widget\" data-widget_type=\"heading.default\">\n\t\t\t\t<div class=\"elementor-widget-container\">\n\t\t\t\t\t<h2 class=\"elementor-heading-title elementor-size-default\">En breve - Cortometrajes FCAT<\/h2>\t\t\t\t<\/div>\n\t\t\t\t<\/div>\n\t\t<div class=\"elementor-element elementor-element-1410d01 e-con-full e-flex e-con e-child\" data-id=\"1410d01\" data-element_type=\"container\">\n\t\t<div class=\"elementor-element elementor-element-ecf28d1 e-con-full e-flex e-con e-child\" data-id=\"ecf28d1\" data-element_type=\"container\">\n\t\t\t\t<div class=\"elementor-element elementor-element-ff09e60 elementor-widget elementor-widget-heading\" data-id=\"ff09e60\" data-element_type=\"widget\" data-widget_type=\"heading.default\">\n\t\t\t\t<div class=\"elementor-widget-container\">\n\t\t\t\t\t<span class=\"elementor-heading-title elementor-size-default\">S\u00e1bado 18<\/span>\t\t\t\t<\/div>\n\t\t\t\t<\/div>\n\t\t\t\t<div class=\"elementor-element elementor-element-a240d16 elementor-widget elementor-widget-heading\" data-id=\"a240d16\" data-element_type=\"widget\" data-widget_type=\"heading.default\">\n\t\t\t\t<div class=\"elementor-widget-container\">\n\t\t\t\t\t<span class=\"elementor-heading-title elementor-size-default\">18:00<\/span>\t\t\t\t<\/div>\n\t\t\t\t<\/div>\n\t\t\t\t<div class=\"elementor-element elementor-element-d47e4f1 elementor-widget elementor-widget-heading\" data-id=\"d47e4f1\" data-element_type=\"widget\" data-widget_type=\"heading.default\">\n\t\t\t\t<div class=\"elementor-widget-container\">\n\t\t\t\t\t<span class=\"elementor-heading-title elementor-size-default\">Patio del Centro de Lenguas Modernas<\/span>\t\t\t\t<\/div>\n\t\t\t\t<\/div>\n\t\t\t\t<\/div>\n\t\t\t\t<div class=\"elementor-element elementor-element-e73e5f2 card-info elementor-widget elementor-widget-heading\" data-id=\"e73e5f2\" data-element_type=\"widget\" data-widget_type=\"heading.default\">\n\t\t\t\t<div class=\"elementor-widget-container\">\n\t\t\t\t\t<span class=\"elementor-heading-title elementor-size-default\">ENTRADA LIBRE<\/span>\t\t\t\t<\/div>\n\t\t\t\t<\/div>\n\t\t<div class=\"elementor-element elementor-element-64f284a e-con-full e-flex e-con e-child\" data-id=\"64f284a\" data-element_type=\"container\">\n\t\t\t\t<div class=\"elementor-element elementor-element-0d54a11 elementor-widget elementor-widget-text-editor\" data-id=\"0d54a11\" data-element_type=\"widget\" data-widget_type=\"text-editor.default\">\n\t\t\t\t<div class=\"elementor-widget-container\">\n\t\t\t\t\t\t\t\t\t<p>Invitamos al <strong>Festival de Cine Africano de Tarifa-T\u00e1nger<\/strong> para compartir una muestra de su programaci\u00f3n. Una cuidada selecci\u00f3n que incluye los dos cortometrajes premiados este a\u00f1o en el palmar\u00e9s junto a otras obras de mirada documental en las que confluyen la ficci\u00f3n y la animaci\u00f3n m\u00e1s singular.<\/p>\t\t\t\t\t\t\t\t<\/div>\n\t\t\t\t<\/div>\n\t\t\t\t<\/div>\n\t\t\t\t<\/div>\n\t\t\t\t<\/div>\n\t\t<div class=\"elementor-element elementor-element-bc9deba e-con-full e-grid e-con e-child\" data-id=\"bc9deba\" data-element_type=\"container\">\n\t\t<div class=\"elementor-element elementor-element-7b8f719 e-con-full e-flex e-con e-child\" data-id=\"7b8f719\" data-element_type=\"container\">\n\t\t\t\t<div class=\"elementor-element elementor-element-b66264e elementor-widget elementor-widget-image\" data-id=\"b66264e\" data-element_type=\"widget\" data-widget_type=\"image.default\">\n\t\t\t\t<div class=\"elementor-widget-container\">\n\t\t\t\t\t\t\t\t\t\t\t\t\t\t\t<img loading=\"lazy\" decoding=\"async\" width=\"1024\" height=\"538\" src=\"https:\/\/www.filmfest-granada.com\/2025\/wp-content\/uploads\/sites\/23\/2025\/10\/MV5BYmQ5NWM3MDktNzg4OC00ODMyLTljM2MtNTJlNTQyYTNiMDgwXkEyXkFqcGc@._V1_.jpg\" class=\"attachment-full size-full wp-image-1568\" alt=\"\" srcset=\"https:\/\/www.filmfest-granada.com\/2025\/wp-content\/uploads\/sites\/23\/2025\/10\/MV5BYmQ5NWM3MDktNzg4OC00ODMyLTljM2MtNTJlNTQyYTNiMDgwXkEyXkFqcGc@._V1_.jpg 1024w, https:\/\/www.filmfest-granada.com\/2025\/wp-content\/uploads\/sites\/23\/2025\/10\/MV5BYmQ5NWM3MDktNzg4OC00ODMyLTljM2MtNTJlNTQyYTNiMDgwXkEyXkFqcGc@._V1_-300x158.jpg 300w, https:\/\/www.filmfest-granada.com\/2025\/wp-content\/uploads\/sites\/23\/2025\/10\/MV5BYmQ5NWM3MDktNzg4OC00ODMyLTljM2MtNTJlNTQyYTNiMDgwXkEyXkFqcGc@._V1_-768x404.jpg 768w\" sizes=\"(max-width: 1024px) 100vw, 1024px\" \/>\t\t\t\t\t\t\t\t\t\t\t\t\t\t\t<\/div>\n\t\t\t\t<\/div>\n\t\t\t\t<\/div>\n\t\t<div class=\"elementor-element elementor-element-ad036ac e-con-full event e-flex e-con e-child\" data-id=\"ad036ac\" data-element_type=\"container\">\n\t\t<div class=\"elementor-element elementor-element-238dd42 e-con-full e-flex e-con e-child\" data-id=\"238dd42\" data-element_type=\"container\">\n\t\t\t\t<div class=\"elementor-element elementor-element-973af84 elementor-widget elementor-widget-image\" data-id=\"973af84\" data-element_type=\"widget\" data-widget_type=\"image.default\">\n\t\t\t\t<div class=\"elementor-widget-container\">\n\t\t\t\t\t\t\t\t\t\t\t\t\t\t\t<img decoding=\"async\" width=\"512\" height=\"512\" src=\"https:\/\/www.filmfest-granada.com\/2025\/wp-content\/uploads\/sites\/23\/2025\/07\/cropped-FIJR31_WEB_favicon.png\" class=\"attachment-large size-large wp-image-497\" alt=\"\" srcset=\"https:\/\/www.filmfest-granada.com\/2025\/wp-content\/uploads\/sites\/23\/2025\/07\/cropped-FIJR31_WEB_favicon.png 512w, https:\/\/www.filmfest-granada.com\/2025\/wp-content\/uploads\/sites\/23\/2025\/07\/cropped-FIJR31_WEB_favicon-300x300.png 300w, https:\/\/www.filmfest-granada.com\/2025\/wp-content\/uploads\/sites\/23\/2025\/07\/cropped-FIJR31_WEB_favicon-150x150.png 150w, https:\/\/www.filmfest-granada.com\/2025\/wp-content\/uploads\/sites\/23\/2025\/07\/cropped-FIJR31_WEB_favicon-270x270.png 270w, https:\/\/www.filmfest-granada.com\/2025\/wp-content\/uploads\/sites\/23\/2025\/07\/cropped-FIJR31_WEB_favicon-192x192.png 192w, https:\/\/www.filmfest-granada.com\/2025\/wp-content\/uploads\/sites\/23\/2025\/07\/cropped-FIJR31_WEB_favicon-180x180.png 180w, https:\/\/www.filmfest-granada.com\/2025\/wp-content\/uploads\/sites\/23\/2025\/07\/cropped-FIJR31_WEB_favicon-32x32.png 32w\" sizes=\"(max-width: 512px) 100vw, 512px\" \/>\t\t\t\t\t\t\t\t\t\t\t\t\t\t\t<\/div>\n\t\t\t\t<\/div>\n\t\t<div class=\"elementor-element elementor-element-375b050 e-con-full e-flex e-con e-child\" data-id=\"375b050\" data-element_type=\"container\">\n\t\t\t\t<div class=\"elementor-element elementor-element-91337a6 elementor-widget elementor-widget-heading\" data-id=\"91337a6\" data-element_type=\"widget\" data-widget_type=\"heading.default\">\n\t\t\t\t<div class=\"elementor-widget-container\">\n\t\t\t\t\t<h2 class=\"elementor-heading-title elementor-size-default\">CORTOMETRAJES FCAT<\/h2>\t\t\t\t<\/div>\n\t\t\t\t<\/div>\n\t\t\t\t<div class=\"elementor-element elementor-element-9f527a7 elementor-widget elementor-widget-heading\" data-id=\"9f527a7\" data-element_type=\"widget\" data-widget_type=\"heading.default\">\n\t\t\t\t<div class=\"elementor-widget-container\">\n\t\t\t\t\t<h3 class=\"elementor-heading-title elementor-size-default\">The Father, Probably<\/h3>\t\t\t\t<\/div>\n\t\t\t\t<\/div>\n\t\t\t\t<\/div>\n\t\t\t\t<\/div>\n\t\t\t\t<div class=\"elementor-element elementor-element-50fdc8b elementor-widget-divider--view-line elementor-widget elementor-widget-divider\" data-id=\"50fdc8b\" data-element_type=\"widget\" data-widget_type=\"divider.default\">\n\t\t\t\t<div class=\"elementor-widget-container\">\n\t\t\t\t\t\t\t<div class=\"elementor-divider\">\n\t\t\t<span class=\"elementor-divider-separator\">\n\t\t\t\t\t\t<\/span>\n\t\t<\/div>\n\t\t\t\t\t\t<\/div>\n\t\t\t\t<\/div>\n\t\t<div class=\"elementor-element elementor-element-8fdeb68 e-con-full card-info e-flex e-con e-child\" data-id=\"8fdeb68\" data-element_type=\"container\">\n\t\t\t\t<div class=\"elementor-element elementor-element-9f1b888 card-info elementor-widget elementor-widget-heading\" data-id=\"9f1b888\" data-element_type=\"widget\" data-widget_type=\"heading.default\">\n\t\t\t\t<div class=\"elementor-widget-container\">\n\t\t\t\t\t<span class=\"elementor-heading-title elementor-size-default\">Sidi Mohamed Tolba, Tayib Tolba<\/span>\t\t\t\t<\/div>\n\t\t\t\t<\/div>\n\t\t\t\t<div class=\"elementor-element elementor-element-42342ca card-info elementor-widget elementor-widget-heading\" data-id=\"42342ca\" data-element_type=\"widget\" data-widget_type=\"heading.default\">\n\t\t\t\t<div class=\"elementor-widget-container\">\n\t\t\t\t\t<span class=\"elementor-heading-title elementor-size-default\"><strong>\u00b7<\/strong><\/span>\t\t\t\t<\/div>\n\t\t\t\t<\/div>\n\t\t\t\t<div class=\"elementor-element elementor-element-ee9b646 card-info elementor-widget elementor-widget-heading\" data-id=\"ee9b646\" data-element_type=\"widget\" data-widget_type=\"heading.default\">\n\t\t\t\t<div class=\"elementor-widget-container\">\n\t\t\t\t\t<span class=\"elementor-heading-title elementor-size-default\">Mauritania<\/span>\t\t\t\t<\/div>\n\t\t\t\t<\/div>\n\t\t\t\t<div class=\"elementor-element elementor-element-7b0b2da card-info elementor-widget elementor-widget-heading\" data-id=\"7b0b2da\" data-element_type=\"widget\" data-widget_type=\"heading.default\">\n\t\t\t\t<div class=\"elementor-widget-container\">\n\t\t\t\t\t<span class=\"elementor-heading-title elementor-size-default\"><strong>\u00b7<\/strong><\/span>\t\t\t\t<\/div>\n\t\t\t\t<\/div>\n\t\t\t\t<div class=\"elementor-element elementor-element-fe663cd card-info elementor-widget elementor-widget-heading\" data-id=\"fe663cd\" data-element_type=\"widget\" data-widget_type=\"heading.default\">\n\t\t\t\t<div class=\"elementor-widget-container\">\n\t\t\t\t\t<span class=\"elementor-heading-title elementor-size-default\">2024<\/span>\t\t\t\t<\/div>\n\t\t\t\t<\/div>\n\t\t\t\t<div class=\"elementor-element elementor-element-e62624c card-info elementor-widget elementor-widget-heading\" data-id=\"e62624c\" data-element_type=\"widget\" data-widget_type=\"heading.default\">\n\t\t\t\t<div class=\"elementor-widget-container\">\n\t\t\t\t\t<span class=\"elementor-heading-title elementor-size-default\"><strong>\u00b7<\/strong><\/span>\t\t\t\t<\/div>\n\t\t\t\t<\/div>\n\t\t\t\t<div class=\"elementor-element elementor-element-30701a5 card-info elementor-widget elementor-widget-heading\" data-id=\"30701a5\" data-element_type=\"widget\" data-widget_type=\"heading.default\">\n\t\t\t\t<div class=\"elementor-widget-container\">\n\t\t\t\t\t<span class=\"elementor-heading-title elementor-size-default\">28\u2019<\/span>\t\t\t\t<\/div>\n\t\t\t\t<\/div>\n\t\t\t\t<\/div>\n\t\t\t\t<div class=\"elementor-element elementor-element-247803e bloque-text elementor-widget elementor-widget-text-editor\" data-id=\"247803e\" data-element_type=\"widget\" data-widget_type=\"text-editor.default\">\n\t\t\t\t<div class=\"elementor-widget-container\">\n\t\t\t\t\t\t\t\t\t<p><span style=\"font-weight: 400\">Una chica, de la que ni siquiera conocemos el nombre, est\u00e1 implicada en un accidente sin testigos. Sus padres afrontan la complicada situaci\u00f3n de una forma inesperada para ella.<\/span><\/p>\t\t\t\t\t\t\t\t<\/div>\n\t\t\t\t<\/div>\n\t\t\t\t<div class=\"elementor-element elementor-element-e04173c card-info elementor-widget elementor-widget-heading\" data-id=\"e04173c\" data-element_type=\"widget\" data-widget_type=\"heading.default\">\n\t\t\t\t<div class=\"elementor-widget-container\">\n\t\t\t\t\t<span class=\"elementor-heading-title elementor-size-default\">PREMIO AL MEJOR CORTOMETRAJE<\/span>\t\t\t\t<\/div>\n\t\t\t\t<\/div>\n\t\t\t\t<\/div>\n\t\t\t\t<\/div>\n\t\t<div class=\"elementor-element elementor-element-007b6a8 e-con-full e-grid e-con e-child\" data-id=\"007b6a8\" data-element_type=\"container\">\n\t\t<div class=\"elementor-element elementor-element-35009a1 e-con-full e-flex e-con e-child\" data-id=\"35009a1\" data-element_type=\"container\">\n\t\t\t\t<div class=\"elementor-element elementor-element-1a4b0a5 elementor-widget elementor-widget-image\" data-id=\"1a4b0a5\" data-element_type=\"widget\" data-widget_type=\"image.default\">\n\t\t\t\t<div class=\"elementor-widget-container\">\n\t\t\t\t\t\t\t\t\t\t\t\t\t\t\t<img loading=\"lazy\" decoding=\"async\" width=\"1000\" height=\"562\" src=\"https:\/\/www.filmfest-granada.com\/2025\/wp-content\/uploads\/sites\/23\/2025\/10\/Pie-dan-lo-still.jpg\" class=\"attachment-full size-full wp-image-1569\" alt=\"\" srcset=\"https:\/\/www.filmfest-granada.com\/2025\/wp-content\/uploads\/sites\/23\/2025\/10\/Pie-dan-lo-still.jpg 1000w, https:\/\/www.filmfest-granada.com\/2025\/wp-content\/uploads\/sites\/23\/2025\/10\/Pie-dan-lo-still-300x169.jpg 300w, https:\/\/www.filmfest-granada.com\/2025\/wp-content\/uploads\/sites\/23\/2025\/10\/Pie-dan-lo-still-768x432.jpg 768w\" sizes=\"(max-width: 1000px) 100vw, 1000px\" \/>\t\t\t\t\t\t\t\t\t\t\t\t\t\t\t<\/div>\n\t\t\t\t<\/div>\n\t\t\t\t<\/div>\n\t\t<div class=\"elementor-element elementor-element-1eb3966 e-con-full event e-flex e-con e-child\" data-id=\"1eb3966\" data-element_type=\"container\">\n\t\t<div class=\"elementor-element elementor-element-76768ce e-con-full e-flex e-con e-child\" data-id=\"76768ce\" data-element_type=\"container\">\n\t\t\t\t<div class=\"elementor-element elementor-element-27c1ea3 elementor-widget elementor-widget-image\" data-id=\"27c1ea3\" data-element_type=\"widget\" data-widget_type=\"image.default\">\n\t\t\t\t<div class=\"elementor-widget-container\">\n\t\t\t\t\t\t\t\t\t\t\t\t\t\t\t<img decoding=\"async\" width=\"512\" height=\"512\" src=\"https:\/\/www.filmfest-granada.com\/2025\/wp-content\/uploads\/sites\/23\/2025\/07\/cropped-FIJR31_WEB_favicon.png\" class=\"attachment-large size-large wp-image-497\" alt=\"\" srcset=\"https:\/\/www.filmfest-granada.com\/2025\/wp-content\/uploads\/sites\/23\/2025\/07\/cropped-FIJR31_WEB_favicon.png 512w, https:\/\/www.filmfest-granada.com\/2025\/wp-content\/uploads\/sites\/23\/2025\/07\/cropped-FIJR31_WEB_favicon-300x300.png 300w, https:\/\/www.filmfest-granada.com\/2025\/wp-content\/uploads\/sites\/23\/2025\/07\/cropped-FIJR31_WEB_favicon-150x150.png 150w, https:\/\/www.filmfest-granada.com\/2025\/wp-content\/uploads\/sites\/23\/2025\/07\/cropped-FIJR31_WEB_favicon-270x270.png 270w, https:\/\/www.filmfest-granada.com\/2025\/wp-content\/uploads\/sites\/23\/2025\/07\/cropped-FIJR31_WEB_favicon-192x192.png 192w, https:\/\/www.filmfest-granada.com\/2025\/wp-content\/uploads\/sites\/23\/2025\/07\/cropped-FIJR31_WEB_favicon-180x180.png 180w, https:\/\/www.filmfest-granada.com\/2025\/wp-content\/uploads\/sites\/23\/2025\/07\/cropped-FIJR31_WEB_favicon-32x32.png 32w\" sizes=\"(max-width: 512px) 100vw, 512px\" \/>\t\t\t\t\t\t\t\t\t\t\t\t\t\t\t<\/div>\n\t\t\t\t<\/div>\n\t\t<div class=\"elementor-element elementor-element-92aac5a e-con-full e-flex e-con e-child\" data-id=\"92aac5a\" data-element_type=\"container\">\n\t\t\t\t<div class=\"elementor-element elementor-element-73aeb98 elementor-widget elementor-widget-heading\" data-id=\"73aeb98\" data-element_type=\"widget\" data-widget_type=\"heading.default\">\n\t\t\t\t<div class=\"elementor-widget-container\">\n\t\t\t\t\t<h2 class=\"elementor-heading-title elementor-size-default\">CORTOMETRAJES FCAT<\/h2>\t\t\t\t<\/div>\n\t\t\t\t<\/div>\n\t\t\t\t<div class=\"elementor-element elementor-element-380e5bb elementor-widget elementor-widget-heading\" data-id=\"380e5bb\" data-element_type=\"widget\" data-widget_type=\"heading.default\">\n\t\t\t\t<div class=\"elementor-widget-container\">\n\t\t\t\t\t<h3 class=\"elementor-heading-title elementor-size-default\">Pie dan lo<\/h3>\t\t\t\t<\/div>\n\t\t\t\t<\/div>\n\t\t\t\t<\/div>\n\t\t\t\t<\/div>\n\t\t\t\t<div class=\"elementor-element elementor-element-f9e8af6 elementor-widget-divider--view-line elementor-widget elementor-widget-divider\" data-id=\"f9e8af6\" data-element_type=\"widget\" data-widget_type=\"divider.default\">\n\t\t\t\t<div class=\"elementor-widget-container\">\n\t\t\t\t\t\t\t<div class=\"elementor-divider\">\n\t\t\t<span class=\"elementor-divider-separator\">\n\t\t\t\t\t\t<\/span>\n\t\t<\/div>\n\t\t\t\t\t\t<\/div>\n\t\t\t\t<\/div>\n\t\t<div class=\"elementor-element elementor-element-8947b89 e-con-full card-info e-flex e-con e-child\" data-id=\"8947b89\" data-element_type=\"container\">\n\t\t\t\t<div class=\"elementor-element elementor-element-3ce97c9 card-info elementor-widget elementor-widget-heading\" data-id=\"3ce97c9\" data-element_type=\"widget\" data-widget_type=\"heading.default\">\n\t\t\t\t<div class=\"elementor-widget-container\">\n\t\t\t\t\t<span class=\"elementor-heading-title elementor-size-default\">Kim Yip Tong<\/span>\t\t\t\t<\/div>\n\t\t\t\t<\/div>\n\t\t\t\t<div class=\"elementor-element elementor-element-eab5bab card-info elementor-widget elementor-widget-heading\" data-id=\"eab5bab\" data-element_type=\"widget\" data-widget_type=\"heading.default\">\n\t\t\t\t<div class=\"elementor-widget-container\">\n\t\t\t\t\t<span class=\"elementor-heading-title elementor-size-default\"><strong>\u00b7<\/strong><\/span>\t\t\t\t<\/div>\n\t\t\t\t<\/div>\n\t\t\t\t<div class=\"elementor-element elementor-element-1736a18 card-info elementor-widget elementor-widget-heading\" data-id=\"1736a18\" data-element_type=\"widget\" data-widget_type=\"heading.default\">\n\t\t\t\t<div class=\"elementor-widget-container\">\n\t\t\t\t\t<span class=\"elementor-heading-title elementor-size-default\">Francia, Reuni\u00f3n, Mauricio<\/span>\t\t\t\t<\/div>\n\t\t\t\t<\/div>\n\t\t\t\t<div class=\"elementor-element elementor-element-65cc673 card-info elementor-widget elementor-widget-heading\" data-id=\"65cc673\" data-element_type=\"widget\" data-widget_type=\"heading.default\">\n\t\t\t\t<div class=\"elementor-widget-container\">\n\t\t\t\t\t<span class=\"elementor-heading-title elementor-size-default\"><strong>\u00b7<\/strong><\/span>\t\t\t\t<\/div>\n\t\t\t\t<\/div>\n\t\t\t\t<div class=\"elementor-element elementor-element-1e4688d card-info elementor-widget elementor-widget-heading\" data-id=\"1e4688d\" data-element_type=\"widget\" data-widget_type=\"heading.default\">\n\t\t\t\t<div class=\"elementor-widget-container\">\n\t\t\t\t\t<span class=\"elementor-heading-title elementor-size-default\">2024<\/span>\t\t\t\t<\/div>\n\t\t\t\t<\/div>\n\t\t\t\t<div class=\"elementor-element elementor-element-63c77c3 card-info elementor-widget elementor-widget-heading\" data-id=\"63c77c3\" data-element_type=\"widget\" data-widget_type=\"heading.default\">\n\t\t\t\t<div class=\"elementor-widget-container\">\n\t\t\t\t\t<span class=\"elementor-heading-title elementor-size-default\"><strong>\u00b7<\/strong><\/span>\t\t\t\t<\/div>\n\t\t\t\t<\/div>\n\t\t\t\t<div class=\"elementor-element elementor-element-12c0f0d card-info elementor-widget elementor-widget-heading\" data-id=\"12c0f0d\" data-element_type=\"widget\" data-widget_type=\"heading.default\">\n\t\t\t\t<div class=\"elementor-widget-container\">\n\t\t\t\t\t<span class=\"elementor-heading-title elementor-size-default\">14\u2019<\/span>\t\t\t\t<\/div>\n\t\t\t\t<\/div>\n\t\t\t\t<\/div>\n\t\t\t\t<div class=\"elementor-element elementor-element-1c4a24d bloque-text elementor-widget elementor-widget-text-editor\" data-id=\"1c4a24d\" data-element_type=\"widget\" data-widget_type=\"text-editor.default\">\n\t\t\t\t<div class=\"elementor-widget-container\">\n\t\t\t\t\t\t\t\t\t<p><span style=\"font-weight: 400\">El 25 de julio de 2020, el carguero MV Wakashio qued\u00f3 atrapado en el arrecife de la costa orienta de Mauricio. Su petr\u00f3leo se derram\u00f3 doce d\u00edas despu\u00e9s, causando el desastre ecol\u00f3gico m\u00e1s da\u00f1ino de la historia de la regi\u00f3n.<\/span><\/p>\t\t\t\t\t\t\t\t<\/div>\n\t\t\t\t<\/div>\n\t\t\t\t<\/div>\n\t\t\t\t<\/div>\n\t\t<div class=\"elementor-element elementor-element-8985dfe e-con-full e-grid e-con e-child\" data-id=\"8985dfe\" data-element_type=\"container\">\n\t\t<div class=\"elementor-element elementor-element-aecf4ab e-con-full e-flex e-con e-child\" data-id=\"aecf4ab\" data-element_type=\"container\">\n\t\t\t\t<div class=\"elementor-element elementor-element-c1e0dbc elementor-widget elementor-widget-image\" data-id=\"c1e0dbc\" data-element_type=\"widget\" data-widget_type=\"image.default\">\n\t\t\t\t<div class=\"elementor-widget-container\">\n\t\t\t\t\t\t\t\t\t\t\t\t\t\t\t<img loading=\"lazy\" decoding=\"async\" width=\"1654\" height=\"1036\" src=\"https:\/\/www.filmfest-granada.com\/2025\/wp-content\/uploads\/sites\/23\/2025\/10\/Apres-le-soleil-still.jpg\" class=\"attachment-full size-full wp-image-1567\" alt=\"\" srcset=\"https:\/\/www.filmfest-granada.com\/2025\/wp-content\/uploads\/sites\/23\/2025\/10\/Apres-le-soleil-still.jpg 1654w, https:\/\/www.filmfest-granada.com\/2025\/wp-content\/uploads\/sites\/23\/2025\/10\/Apres-le-soleil-still-300x188.jpg 300w, https:\/\/www.filmfest-granada.com\/2025\/wp-content\/uploads\/sites\/23\/2025\/10\/Apres-le-soleil-still-1024x641.jpg 1024w, https:\/\/www.filmfest-granada.com\/2025\/wp-content\/uploads\/sites\/23\/2025\/10\/Apres-le-soleil-still-768x481.jpg 768w, https:\/\/www.filmfest-granada.com\/2025\/wp-content\/uploads\/sites\/23\/2025\/10\/Apres-le-soleil-still-1536x962.jpg 1536w\" sizes=\"(max-width: 1654px) 100vw, 1654px\" \/>\t\t\t\t\t\t\t\t\t\t\t\t\t\t\t<\/div>\n\t\t\t\t<\/div>\n\t\t\t\t<\/div>\n\t\t<div class=\"elementor-element elementor-element-f91abd2 e-con-full event e-flex e-con e-child\" data-id=\"f91abd2\" data-element_type=\"container\">\n\t\t<div class=\"elementor-element elementor-element-8032c37 e-con-full e-flex e-con e-child\" data-id=\"8032c37\" data-element_type=\"container\">\n\t\t\t\t<div class=\"elementor-element elementor-element-16f302d elementor-widget elementor-widget-image\" data-id=\"16f302d\" data-element_type=\"widget\" data-widget_type=\"image.default\">\n\t\t\t\t<div class=\"elementor-widget-container\">\n\t\t\t\t\t\t\t\t\t\t\t\t\t\t\t<img decoding=\"async\" width=\"512\" height=\"512\" src=\"https:\/\/www.filmfest-granada.com\/2025\/wp-content\/uploads\/sites\/23\/2025\/07\/cropped-FIJR31_WEB_favicon.png\" class=\"attachment-large size-large wp-image-497\" alt=\"\" srcset=\"https:\/\/www.filmfest-granada.com\/2025\/wp-content\/uploads\/sites\/23\/2025\/07\/cropped-FIJR31_WEB_favicon.png 512w, https:\/\/www.filmfest-granada.com\/2025\/wp-content\/uploads\/sites\/23\/2025\/07\/cropped-FIJR31_WEB_favicon-300x300.png 300w, https:\/\/www.filmfest-granada.com\/2025\/wp-content\/uploads\/sites\/23\/2025\/07\/cropped-FIJR31_WEB_favicon-150x150.png 150w, https:\/\/www.filmfest-granada.com\/2025\/wp-content\/uploads\/sites\/23\/2025\/07\/cropped-FIJR31_WEB_favicon-270x270.png 270w, https:\/\/www.filmfest-granada.com\/2025\/wp-content\/uploads\/sites\/23\/2025\/07\/cropped-FIJR31_WEB_favicon-192x192.png 192w, https:\/\/www.filmfest-granada.com\/2025\/wp-content\/uploads\/sites\/23\/2025\/07\/cropped-FIJR31_WEB_favicon-180x180.png 180w, https:\/\/www.filmfest-granada.com\/2025\/wp-content\/uploads\/sites\/23\/2025\/07\/cropped-FIJR31_WEB_favicon-32x32.png 32w\" sizes=\"(max-width: 512px) 100vw, 512px\" \/>\t\t\t\t\t\t\t\t\t\t\t\t\t\t\t<\/div>\n\t\t\t\t<\/div>\n\t\t<div class=\"elementor-element elementor-element-478521a e-con-full e-flex e-con e-child\" data-id=\"478521a\" data-element_type=\"container\">\n\t\t\t\t<div class=\"elementor-element elementor-element-f406314 elementor-widget elementor-widget-heading\" data-id=\"f406314\" data-element_type=\"widget\" data-widget_type=\"heading.default\">\n\t\t\t\t<div class=\"elementor-widget-container\">\n\t\t\t\t\t<h2 class=\"elementor-heading-title elementor-size-default\">CORTOMETRAJES FCAT<\/h2>\t\t\t\t<\/div>\n\t\t\t\t<\/div>\n\t\t\t\t<div class=\"elementor-element elementor-element-4eb9dbf elementor-widget elementor-widget-heading\" data-id=\"4eb9dbf\" data-element_type=\"widget\" data-widget_type=\"heading.default\">\n\t\t\t\t<div class=\"elementor-widget-container\">\n\t\t\t\t\t<h3 class=\"elementor-heading-title elementor-size-default\">Apr\u00e8s le soleil<\/h3>\t\t\t\t<\/div>\n\t\t\t\t<\/div>\n\t\t\t\t<\/div>\n\t\t\t\t<\/div>\n\t\t\t\t<div class=\"elementor-element elementor-element-5eb29bc elementor-widget-divider--view-line elementor-widget elementor-widget-divider\" data-id=\"5eb29bc\" data-element_type=\"widget\" data-widget_type=\"divider.default\">\n\t\t\t\t<div class=\"elementor-widget-container\">\n\t\t\t\t\t\t\t<div class=\"elementor-divider\">\n\t\t\t<span class=\"elementor-divider-separator\">\n\t\t\t\t\t\t<\/span>\n\t\t<\/div>\n\t\t\t\t\t\t<\/div>\n\t\t\t\t<\/div>\n\t\t<div class=\"elementor-element elementor-element-dd61ad9 e-con-full card-info e-flex e-con e-child\" data-id=\"dd61ad9\" data-element_type=\"container\">\n\t\t\t\t<div class=\"elementor-element elementor-element-decba8b card-info elementor-widget elementor-widget-heading\" data-id=\"decba8b\" data-element_type=\"widget\" data-widget_type=\"heading.default\">\n\t\t\t\t<div class=\"elementor-widget-container\">\n\t\t\t\t\t<span class=\"elementor-heading-title elementor-size-default\">Rayane Mcirdi<\/span>\t\t\t\t<\/div>\n\t\t\t\t<\/div>\n\t\t\t\t<div class=\"elementor-element elementor-element-e5eb7bc card-info elementor-widget elementor-widget-heading\" data-id=\"e5eb7bc\" data-element_type=\"widget\" data-widget_type=\"heading.default\">\n\t\t\t\t<div class=\"elementor-widget-container\">\n\t\t\t\t\t<span class=\"elementor-heading-title elementor-size-default\"><strong>\u00b7<\/strong><\/span>\t\t\t\t<\/div>\n\t\t\t\t<\/div>\n\t\t\t\t<div class=\"elementor-element elementor-element-0184767 card-info elementor-widget elementor-widget-heading\" data-id=\"0184767\" data-element_type=\"widget\" data-widget_type=\"heading.default\">\n\t\t\t\t<div class=\"elementor-widget-container\">\n\t\t\t\t\t<span class=\"elementor-heading-title elementor-size-default\">Argelia, B\u00e9lgica, Francia<\/span>\t\t\t\t<\/div>\n\t\t\t\t<\/div>\n\t\t\t\t<div class=\"elementor-element elementor-element-5483156 card-info elementor-widget elementor-widget-heading\" data-id=\"5483156\" data-element_type=\"widget\" data-widget_type=\"heading.default\">\n\t\t\t\t<div class=\"elementor-widget-container\">\n\t\t\t\t\t<span class=\"elementor-heading-title elementor-size-default\"><strong>\u00b7<\/strong><\/span>\t\t\t\t<\/div>\n\t\t\t\t<\/div>\n\t\t\t\t<div class=\"elementor-element elementor-element-a23119e card-info elementor-widget elementor-widget-heading\" data-id=\"a23119e\" data-element_type=\"widget\" data-widget_type=\"heading.default\">\n\t\t\t\t<div class=\"elementor-widget-container\">\n\t\t\t\t\t<span class=\"elementor-heading-title elementor-size-default\">2024<\/span>\t\t\t\t<\/div>\n\t\t\t\t<\/div>\n\t\t\t\t<div class=\"elementor-element elementor-element-16f691c card-info elementor-widget elementor-widget-heading\" data-id=\"16f691c\" data-element_type=\"widget\" data-widget_type=\"heading.default\">\n\t\t\t\t<div class=\"elementor-widget-container\">\n\t\t\t\t\t<span class=\"elementor-heading-title elementor-size-default\"><strong>\u00b7<\/strong><\/span>\t\t\t\t<\/div>\n\t\t\t\t<\/div>\n\t\t\t\t<div class=\"elementor-element elementor-element-b3d3a40 card-info elementor-widget elementor-widget-heading\" data-id=\"b3d3a40\" data-element_type=\"widget\" data-widget_type=\"heading.default\">\n\t\t\t\t<div class=\"elementor-widget-container\">\n\t\t\t\t\t<span class=\"elementor-heading-title elementor-size-default\">25\u2019<\/span>\t\t\t\t<\/div>\n\t\t\t\t<\/div>\n\t\t\t\t<\/div>\n\t\t\t\t<div class=\"elementor-element elementor-element-7d735fb bloque-text elementor-widget elementor-widget-text-editor\" data-id=\"7d735fb\" data-element_type=\"widget\" data-widget_type=\"text-editor.default\">\n\t\t\t\t<div class=\"elementor-widget-container\">\n\t\t\t\t\t\t\t\t\t<p><span style=\"font-weight: 400\">A finales de los 80, una familia argelina que vive en los suburbios de Par\u00eds viaja por carretera hacia Marsella. All\u00ed les espera un ferry que los conducir\u00e1 hacia el puerto de Argel y hacia una tierra que los ni\u00f1os nunca han conocido.<\/span><\/p>\t\t\t\t\t\t\t\t<\/div>\n\t\t\t\t<\/div>\n\t\t\t\t<\/div>\n\t\t\t\t<\/div>\n\t\t<div class=\"elementor-element elementor-element-20433c3 e-con-full e-grid e-con e-child\" data-id=\"20433c3\" data-element_type=\"container\">\n\t\t<div class=\"elementor-element elementor-element-9df6222 e-con-full e-flex e-con e-child\" data-id=\"9df6222\" data-element_type=\"container\">\n\t\t\t\t<div class=\"elementor-element elementor-element-07e9d17 elementor-widget elementor-widget-image\" data-id=\"07e9d17\" data-element_type=\"widget\" data-widget_type=\"image.default\">\n\t\t\t\t<div class=\"elementor-widget-container\">\n\t\t\t\t\t\t\t\t\t\t\t\t\t\t\t<img loading=\"lazy\" decoding=\"async\" width=\"2048\" height=\"858\" src=\"https:\/\/www.filmfest-granada.com\/2025\/wp-content\/uploads\/sites\/23\/2025\/10\/Pourquoi-as-tu-laisse-le-cheval-a-sa-solitude-still.jpg\" class=\"attachment-full size-full wp-image-1570\" alt=\"\" srcset=\"https:\/\/www.filmfest-granada.com\/2025\/wp-content\/uploads\/sites\/23\/2025\/10\/Pourquoi-as-tu-laisse-le-cheval-a-sa-solitude-still.jpg 2048w, https:\/\/www.filmfest-granada.com\/2025\/wp-content\/uploads\/sites\/23\/2025\/10\/Pourquoi-as-tu-laisse-le-cheval-a-sa-solitude-still-300x126.jpg 300w, https:\/\/www.filmfest-granada.com\/2025\/wp-content\/uploads\/sites\/23\/2025\/10\/Pourquoi-as-tu-laisse-le-cheval-a-sa-solitude-still-1024x429.jpg 1024w, https:\/\/www.filmfest-granada.com\/2025\/wp-content\/uploads\/sites\/23\/2025\/10\/Pourquoi-as-tu-laisse-le-cheval-a-sa-solitude-still-768x322.jpg 768w, https:\/\/www.filmfest-granada.com\/2025\/wp-content\/uploads\/sites\/23\/2025\/10\/Pourquoi-as-tu-laisse-le-cheval-a-sa-solitude-still-1536x644.jpg 1536w\" sizes=\"(max-width: 2048px) 100vw, 2048px\" \/>\t\t\t\t\t\t\t\t\t\t\t\t\t\t\t<\/div>\n\t\t\t\t<\/div>\n\t\t\t\t<\/div>\n\t\t<div class=\"elementor-element elementor-element-094cef2 e-con-full event e-flex e-con e-child\" data-id=\"094cef2\" data-element_type=\"container\">\n\t\t<div class=\"elementor-element elementor-element-539264b e-con-full e-flex e-con e-child\" data-id=\"539264b\" data-element_type=\"container\">\n\t\t\t\t<div class=\"elementor-element elementor-element-ea2c5f6 elementor-widget elementor-widget-image\" data-id=\"ea2c5f6\" data-element_type=\"widget\" data-widget_type=\"image.default\">\n\t\t\t\t<div class=\"elementor-widget-container\">\n\t\t\t\t\t\t\t\t\t\t\t\t\t\t\t<img decoding=\"async\" width=\"512\" height=\"512\" src=\"https:\/\/www.filmfest-granada.com\/2025\/wp-content\/uploads\/sites\/23\/2025\/07\/cropped-FIJR31_WEB_favicon.png\" class=\"attachment-large size-large wp-image-497\" alt=\"\" srcset=\"https:\/\/www.filmfest-granada.com\/2025\/wp-content\/uploads\/sites\/23\/2025\/07\/cropped-FIJR31_WEB_favicon.png 512w, https:\/\/www.filmfest-granada.com\/2025\/wp-content\/uploads\/sites\/23\/2025\/07\/cropped-FIJR31_WEB_favicon-300x300.png 300w, https:\/\/www.filmfest-granada.com\/2025\/wp-content\/uploads\/sites\/23\/2025\/07\/cropped-FIJR31_WEB_favicon-150x150.png 150w, https:\/\/www.filmfest-granada.com\/2025\/wp-content\/uploads\/sites\/23\/2025\/07\/cropped-FIJR31_WEB_favicon-270x270.png 270w, https:\/\/www.filmfest-granada.com\/2025\/wp-content\/uploads\/sites\/23\/2025\/07\/cropped-FIJR31_WEB_favicon-192x192.png 192w, https:\/\/www.filmfest-granada.com\/2025\/wp-content\/uploads\/sites\/23\/2025\/07\/cropped-FIJR31_WEB_favicon-180x180.png 180w, https:\/\/www.filmfest-granada.com\/2025\/wp-content\/uploads\/sites\/23\/2025\/07\/cropped-FIJR31_WEB_favicon-32x32.png 32w\" sizes=\"(max-width: 512px) 100vw, 512px\" \/>\t\t\t\t\t\t\t\t\t\t\t\t\t\t\t<\/div>\n\t\t\t\t<\/div>\n\t\t<div class=\"elementor-element elementor-element-09d3876 e-con-full e-flex e-con e-child\" data-id=\"09d3876\" data-element_type=\"container\">\n\t\t\t\t<div class=\"elementor-element elementor-element-1441bfe elementor-widget elementor-widget-heading\" data-id=\"1441bfe\" data-element_type=\"widget\" data-widget_type=\"heading.default\">\n\t\t\t\t<div class=\"elementor-widget-container\">\n\t\t\t\t\t<h2 class=\"elementor-heading-title elementor-size-default\">CORTOMETRAJES FCAT<\/h2>\t\t\t\t<\/div>\n\t\t\t\t<\/div>\n\t\t\t\t<div class=\"elementor-element elementor-element-91a2e71 elementor-widget elementor-widget-heading\" data-id=\"91a2e71\" data-element_type=\"widget\" data-widget_type=\"heading.default\">\n\t\t\t\t<div class=\"elementor-widget-container\">\n\t\t\t\t\t<h3 class=\"elementor-heading-title elementor-size-default\">Pourquoi as-tu laiss\u00e9 le cheval \u00e0 sa solitude<\/h3>\t\t\t\t<\/div>\n\t\t\t\t<\/div>\n\t\t\t\t<\/div>\n\t\t\t\t<\/div>\n\t\t\t\t<div class=\"elementor-element elementor-element-1e0a493 elementor-widget-divider--view-line elementor-widget elementor-widget-divider\" data-id=\"1e0a493\" data-element_type=\"widget\" data-widget_type=\"divider.default\">\n\t\t\t\t<div class=\"elementor-widget-container\">\n\t\t\t\t\t\t\t<div class=\"elementor-divider\">\n\t\t\t<span class=\"elementor-divider-separator\">\n\t\t\t\t\t\t<\/span>\n\t\t<\/div>\n\t\t\t\t\t\t<\/div>\n\t\t\t\t<\/div>\n\t\t<div class=\"elementor-element elementor-element-4d299d8 e-con-full card-info e-flex e-con e-child\" data-id=\"4d299d8\" data-element_type=\"container\">\n\t\t\t\t<div class=\"elementor-element elementor-element-a9e125f card-info elementor-widget elementor-widget-heading\" data-id=\"a9e125f\" data-element_type=\"widget\" data-widget_type=\"heading.default\">\n\t\t\t\t<div class=\"elementor-widget-container\">\n\t\t\t\t\t<span class=\"elementor-heading-title elementor-size-default\">Faouzi Bensa\u00efdi <\/span>\t\t\t\t<\/div>\n\t\t\t\t<\/div>\n\t\t\t\t<div class=\"elementor-element elementor-element-29cf0d9 card-info elementor-widget elementor-widget-heading\" data-id=\"29cf0d9\" data-element_type=\"widget\" data-widget_type=\"heading.default\">\n\t\t\t\t<div class=\"elementor-widget-container\">\n\t\t\t\t\t<span class=\"elementor-heading-title elementor-size-default\"><strong>\u00b7<\/strong><\/span>\t\t\t\t<\/div>\n\t\t\t\t<\/div>\n\t\t\t\t<div class=\"elementor-element elementor-element-89ea8a1 card-info elementor-widget elementor-widget-heading\" data-id=\"89ea8a1\" data-element_type=\"widget\" data-widget_type=\"heading.default\">\n\t\t\t\t<div class=\"elementor-widget-container\">\n\t\t\t\t\t<span class=\"elementor-heading-title elementor-size-default\">Francia, Marruecos<\/span>\t\t\t\t<\/div>\n\t\t\t\t<\/div>\n\t\t\t\t<div class=\"elementor-element elementor-element-1d988d7 card-info elementor-widget elementor-widget-heading\" data-id=\"1d988d7\" data-element_type=\"widget\" data-widget_type=\"heading.default\">\n\t\t\t\t<div class=\"elementor-widget-container\">\n\t\t\t\t\t<span class=\"elementor-heading-title elementor-size-default\"><strong>\u00b7<\/strong><\/span>\t\t\t\t<\/div>\n\t\t\t\t<\/div>\n\t\t\t\t<div class=\"elementor-element elementor-element-6f77f1f card-info elementor-widget elementor-widget-heading\" data-id=\"6f77f1f\" data-element_type=\"widget\" data-widget_type=\"heading.default\">\n\t\t\t\t<div class=\"elementor-widget-container\">\n\t\t\t\t\t<span class=\"elementor-heading-title elementor-size-default\">2024<\/span>\t\t\t\t<\/div>\n\t\t\t\t<\/div>\n\t\t\t\t<div class=\"elementor-element elementor-element-8dba25f card-info elementor-widget elementor-widget-heading\" data-id=\"8dba25f\" data-element_type=\"widget\" data-widget_type=\"heading.default\">\n\t\t\t\t<div class=\"elementor-widget-container\">\n\t\t\t\t\t<span class=\"elementor-heading-title elementor-size-default\"><strong>\u00b7<\/strong><\/span>\t\t\t\t<\/div>\n\t\t\t\t<\/div>\n\t\t\t\t<div class=\"elementor-element elementor-element-e7956e0 card-info elementor-widget elementor-widget-heading\" data-id=\"e7956e0\" data-element_type=\"widget\" data-widget_type=\"heading.default\">\n\t\t\t\t<div class=\"elementor-widget-container\">\n\t\t\t\t\t<span class=\"elementor-heading-title elementor-size-default\">8\u2019<\/span>\t\t\t\t<\/div>\n\t\t\t\t<\/div>\n\t\t\t\t<\/div>\n\t\t\t\t<div class=\"elementor-element elementor-element-038cced bloque-text elementor-widget elementor-widget-text-editor\" data-id=\"038cced\" data-element_type=\"widget\" data-widget_type=\"text-editor.default\">\n\t\t\t\t<div class=\"elementor-widget-container\">\n\t\t\t\t\t\t\t\t\t<p><span style=\"font-weight: 400\">Un jinete solitario recorre el desierto a todo galope. Su caballo, viejo y cansado, no parece responder. La secuencia se repite, pero sigue sin convencer. \u00bfQu\u00e9 hacer con \u00e9l?<\/span><\/p>\t\t\t\t\t\t\t\t<\/div>\n\t\t\t\t<\/div>\n\t\t\t\t<div class=\"elementor-element elementor-element-39f33f2 card-info elementor-widget elementor-widget-heading\" data-id=\"39f33f2\" data-element_type=\"widget\" data-widget_type=\"heading.default\">\n\t\t\t\t<div class=\"elementor-widget-container\">\n\t\t\t\t\t<span class=\"elementor-heading-title elementor-size-default\">MENCI\u00d3N ESPECIAL<\/span>\t\t\t\t<\/div>\n\t\t\t\t<\/div>\n\t\t\t\t<\/div>\n\t\t\t\t<\/div>\n\t\t\t\t<div class=\"elementor-element elementor-element-d537258 card-info elementor-widget elementor-widget-heading\" data-id=\"d537258\" data-element_type=\"widget\" data-widget_type=\"heading.default\">\n\t\t\t\t<div class=\"elementor-widget-container\">\n\t\t\t\t\t<span class=\"elementor-heading-title elementor-size-default\">ENTRADA LIBRE<\/span>\t\t\t\t<\/div>\n\t\t\t\t<\/div>\n\t\t\t\t\t<\/div>\n\t\t\t\t<\/div>\n\t\t<div class=\"elementor-element elementor-element-be5c780 e-flex e-con-boxed e-con e-parent\" data-id=\"be5c780\" data-element_type=\"container\" data-settings=\"{&quot;background_background&quot;:&quot;classic&quot;}\">\n\t\t\t\t\t<div class=\"e-con-inner\">\n\t\t<div class=\"elementor-element elementor-element-226fcac e-con-full e-flex e-con e-child\" data-id=\"226fcac\" data-element_type=\"container\">\n\t\t\t\t<div class=\"elementor-element elementor-element-c48512b elementor-widget elementor-widget-heading\" data-id=\"c48512b\" data-element_type=\"widget\" data-widget_type=\"heading.default\">\n\t\t\t\t<div class=\"elementor-widget-container\">\n\t\t\t\t\t<h2 class=\"elementor-heading-title elementor-size-default\">Representando la Vega<\/h2>\t\t\t\t<\/div>\n\t\t\t\t<\/div>\n\t\t<div class=\"elementor-element elementor-element-4fe3075 e-con-full e-flex e-con e-child\" data-id=\"4fe3075\" data-element_type=\"container\">\n\t\t<div class=\"elementor-element elementor-element-aeebe24 e-con-full e-flex e-con e-child\" data-id=\"aeebe24\" data-element_type=\"container\">\n\t\t\t\t<div class=\"elementor-element elementor-element-f2ec9a2 elementor-widget elementor-widget-heading\" data-id=\"f2ec9a2\" data-element_type=\"widget\" data-widget_type=\"heading.default\">\n\t\t\t\t<div class=\"elementor-widget-container\">\n\t\t\t\t\t<span class=\"elementor-heading-title elementor-size-default\">S\u00e1bado 18<\/span>\t\t\t\t<\/div>\n\t\t\t\t<\/div>\n\t\t\t\t<div class=\"elementor-element elementor-element-63366c7 elementor-widget elementor-widget-heading\" data-id=\"63366c7\" data-element_type=\"widget\" data-widget_type=\"heading.default\">\n\t\t\t\t<div class=\"elementor-widget-container\">\n\t\t\t\t\t<span class=\"elementor-heading-title elementor-size-default\">12:00<\/span>\t\t\t\t<\/div>\n\t\t\t\t<\/div>\n\t\t\t\t<div class=\"elementor-element elementor-element-597cad9 elementor-widget elementor-widget-heading\" data-id=\"597cad9\" data-element_type=\"widget\" data-widget_type=\"heading.default\">\n\t\t\t\t<div class=\"elementor-widget-container\">\n\t\t\t\t\t<span class=\"elementor-heading-title elementor-size-default\">Palacio Condes de Gabia<\/span>\t\t\t\t<\/div>\n\t\t\t\t<\/div>\n\t\t\t\t<\/div>\n\t\t\t\t<div class=\"elementor-element elementor-element-86d9977 card-info elementor-widget elementor-widget-heading\" data-id=\"86d9977\" data-element_type=\"widget\" data-widget_type=\"heading.default\">\n\t\t\t\t<div class=\"elementor-widget-container\">\n\t\t\t\t\t<span class=\"elementor-heading-title elementor-size-default\">ENTRADA LIBRE<\/span>\t\t\t\t<\/div>\n\t\t\t\t<\/div>\n\t\t<div class=\"elementor-element elementor-element-0761b9b e-con-full e-flex e-con e-child\" data-id=\"0761b9b\" data-element_type=\"container\">\n\t\t\t\t<div class=\"elementor-element elementor-element-3fe6bb7 elementor-widget elementor-widget-text-editor\" data-id=\"3fe6bb7\" data-element_type=\"widget\" data-widget_type=\"text-editor.default\">\n\t\t\t\t<div class=\"elementor-widget-container\">\n\t\t\t\t\t\t\t\t\t<p>\u00daltima sesi\u00f3n de las <strong>II Jornadas de Etnograf\u00eda Audiovisual de ASANRed<\/strong>, <span class=\"x1lliihq x1plvlek xryxfnj x1n2onr6 xyejjpt x15dsfln x193iq5w xeuugli x1fj9vlw x13faqbe x1vvkbs x1s928wv xhkezso x1gmr53x x1cpjm7i x1fgarty x1943h6x x1i0vuye xvs91rp xo1l8bm x5n08af x10wh9bi xpm28yp x8viiok x1o7cslx\" dir=\"auto\">Asociaci\u00f3n Antropolog\u00eda en Red <\/span>de la Universidad de Granada. Un espacio de di\u00e1logo y proyecci\u00f3n alrededor de las obras audiovisuales que han representado la Vega granadina.<\/p>\t\t\t\t\t\t\t\t<\/div>\n\t\t\t\t<\/div>\n\t\t\t\t<\/div>\n\t\t\t\t<\/div>\n\t\t\t\t<\/div>\n\t\t<div class=\"elementor-element elementor-element-063f107 e-con-full e-grid e-con e-child\" data-id=\"063f107\" data-element_type=\"container\">\n\t\t<div class=\"elementor-element elementor-element-9195755 e-con-full e-flex e-con e-child\" data-id=\"9195755\" data-element_type=\"container\">\n\t\t\t\t<div class=\"elementor-element elementor-element-1f827b1 elementor-widget elementor-widget-image\" data-id=\"1f827b1\" data-element_type=\"widget\" data-widget_type=\"image.default\">\n\t\t\t\t<div class=\"elementor-widget-container\">\n\t\t\t\t\t\t\t\t\t\t\t\t\t\t\t<img loading=\"lazy\" decoding=\"async\" width=\"1200\" height=\"900\" src=\"https:\/\/www.filmfest-granada.com\/2025\/wp-content\/uploads\/sites\/23\/2025\/10\/6f1951bd-19ac-45f0-ac2d-fffccfab5dab_rw_1920.jpg\" class=\"attachment-full size-full wp-image-1600\" alt=\"\" srcset=\"https:\/\/www.filmfest-granada.com\/2025\/wp-content\/uploads\/sites\/23\/2025\/10\/6f1951bd-19ac-45f0-ac2d-fffccfab5dab_rw_1920.jpg 1200w, https:\/\/www.filmfest-granada.com\/2025\/wp-content\/uploads\/sites\/23\/2025\/10\/6f1951bd-19ac-45f0-ac2d-fffccfab5dab_rw_1920-300x225.jpg 300w, https:\/\/www.filmfest-granada.com\/2025\/wp-content\/uploads\/sites\/23\/2025\/10\/6f1951bd-19ac-45f0-ac2d-fffccfab5dab_rw_1920-1024x768.jpg 1024w, https:\/\/www.filmfest-granada.com\/2025\/wp-content\/uploads\/sites\/23\/2025\/10\/6f1951bd-19ac-45f0-ac2d-fffccfab5dab_rw_1920-768x576.jpg 768w\" sizes=\"(max-width: 1200px) 100vw, 1200px\" \/>\t\t\t\t\t\t\t\t\t\t\t\t\t\t\t<\/div>\n\t\t\t\t<\/div>\n\t\t\t\t<\/div>\n\t\t<div class=\"elementor-element elementor-element-b093827 e-con-full event e-flex e-con e-child\" data-id=\"b093827\" data-element_type=\"container\">\n\t\t<div class=\"elementor-element elementor-element-a7e4b21 e-con-full e-flex e-con e-child\" data-id=\"a7e4b21\" data-element_type=\"container\">\n\t\t\t\t<div class=\"elementor-element elementor-element-ed2785f elementor-widget elementor-widget-image\" data-id=\"ed2785f\" data-element_type=\"widget\" data-widget_type=\"image.default\">\n\t\t\t\t<div class=\"elementor-widget-container\">\n\t\t\t\t\t\t\t\t\t\t\t\t\t\t\t<img decoding=\"async\" width=\"512\" height=\"512\" src=\"https:\/\/www.filmfest-granada.com\/2025\/wp-content\/uploads\/sites\/23\/2025\/07\/cropped-FIJR31_WEB_favicon.png\" class=\"attachment-large size-large wp-image-497\" alt=\"\" srcset=\"https:\/\/www.filmfest-granada.com\/2025\/wp-content\/uploads\/sites\/23\/2025\/07\/cropped-FIJR31_WEB_favicon.png 512w, https:\/\/www.filmfest-granada.com\/2025\/wp-content\/uploads\/sites\/23\/2025\/07\/cropped-FIJR31_WEB_favicon-300x300.png 300w, https:\/\/www.filmfest-granada.com\/2025\/wp-content\/uploads\/sites\/23\/2025\/07\/cropped-FIJR31_WEB_favicon-150x150.png 150w, https:\/\/www.filmfest-granada.com\/2025\/wp-content\/uploads\/sites\/23\/2025\/07\/cropped-FIJR31_WEB_favicon-270x270.png 270w, https:\/\/www.filmfest-granada.com\/2025\/wp-content\/uploads\/sites\/23\/2025\/07\/cropped-FIJR31_WEB_favicon-192x192.png 192w, https:\/\/www.filmfest-granada.com\/2025\/wp-content\/uploads\/sites\/23\/2025\/07\/cropped-FIJR31_WEB_favicon-180x180.png 180w, https:\/\/www.filmfest-granada.com\/2025\/wp-content\/uploads\/sites\/23\/2025\/07\/cropped-FIJR31_WEB_favicon-32x32.png 32w\" sizes=\"(max-width: 512px) 100vw, 512px\" \/>\t\t\t\t\t\t\t\t\t\t\t\t\t\t\t<\/div>\n\t\t\t\t<\/div>\n\t\t<div class=\"elementor-element elementor-element-d200ef3 e-con-full e-flex e-con e-child\" data-id=\"d200ef3\" data-element_type=\"container\">\n\t\t\t\t<div class=\"elementor-element elementor-element-fca5b38 elementor-widget elementor-widget-heading\" data-id=\"fca5b38\" data-element_type=\"widget\" data-widget_type=\"heading.default\">\n\t\t\t\t<div class=\"elementor-widget-container\">\n\t\t\t\t\t<h2 class=\"elementor-heading-title elementor-size-default\">II JORNADAS DE ETNOGRAF\u00cdA AUDIOVISUAL<\/h2>\t\t\t\t<\/div>\n\t\t\t\t<\/div>\n\t\t\t\t<div class=\"elementor-element elementor-element-2f06700 elementor-widget elementor-widget-heading\" data-id=\"2f06700\" data-element_type=\"widget\" data-widget_type=\"heading.default\">\n\t\t\t\t<div class=\"elementor-widget-container\">\n\t\t\t\t\t<h3 class=\"elementor-heading-title elementor-size-default\">Representando la Vega<\/h3>\t\t\t\t<\/div>\n\t\t\t\t<\/div>\n\t\t\t\t<\/div>\n\t\t\t\t<\/div>\n\t\t\t\t<div class=\"elementor-element elementor-element-a8fdcef elementor-widget-divider--view-line elementor-widget elementor-widget-divider\" data-id=\"a8fdcef\" data-element_type=\"widget\" data-widget_type=\"divider.default\">\n\t\t\t\t<div class=\"elementor-widget-container\">\n\t\t\t\t\t\t\t<div class=\"elementor-divider\">\n\t\t\t<span class=\"elementor-divider-separator\">\n\t\t\t\t\t\t<\/span>\n\t\t<\/div>\n\t\t\t\t\t\t<\/div>\n\t\t\t\t<\/div>\n\t\t\t\t<div class=\"elementor-element elementor-element-06b7930 bloque-text elementor-widget elementor-widget-text-editor\" data-id=\"06b7930\" data-element_type=\"widget\" data-widget_type=\"text-editor.default\">\n\t\t\t\t<div class=\"elementor-widget-container\">\n\t\t\t\t\t\t\t\t\t<p>Con la presencia y la participaci\u00f3n de la directora de <em>Secaderos<\/em>, <strong>Roc\u00edo Mesa<\/strong>. A su vez, <strong>Marisa Mancilla<\/strong> y <strong>Domingo Campillo<\/strong> presentar\u00e1n el Cat\u00e1logo del proyecto VEGA \u00abAgro. Paisaje cultural y saberes del campo\u00bb de La Madraza, a partir del cual <strong>Pablo Tr\u00e9nor<\/strong> y <strong>Javier Morales <\/strong>compartir\u00e1n\u00a0sus trabajos fotogr\u00e1ficos y audiovisuales sobre el territorio.<\/p><p>Ante la importancia que estas jornadas le dan a las mujeres del territorio y a las narrativas y voces locales, ser\u00e1 fundamental la participaci\u00f3n de <strong>Ada Mar<\/strong>, <strong>Jennifer Ib\u00e1\u00f1ez<\/strong> y <strong>Cristina Eugenia Segura<\/strong> para conocer su opini\u00f3n como actrices y vecinas de la Vega. Tras la proyecci\u00f3n de los trabajos, se realizar\u00e1 el coloquio con todas las participantes: vecinas, directoras y profesionales de la antropolog\u00eda del cine.<\/p>\t\t\t\t\t\t\t\t<\/div>\n\t\t\t\t<\/div>\n\t\t\t\t<\/div>\n\t\t\t\t<\/div>\n\t\t\t\t<div class=\"elementor-element elementor-element-a392c61 card-info elementor-widget elementor-widget-heading\" data-id=\"a392c61\" data-element_type=\"widget\" data-widget_type=\"heading.default\">\n\t\t\t\t<div class=\"elementor-widget-container\">\n\t\t\t\t\t<span class=\"elementor-heading-title elementor-size-default\">ENTRADA LIBRE<\/span>\t\t\t\t<\/div>\n\t\t\t\t<\/div>\n\t\t\t\t\t<\/div>\n\t\t\t\t<\/div>\n\t\t<div class=\"elementor-element elementor-element-1a22340 e-flex e-con-boxed e-con e-parent\" data-id=\"1a22340\" data-element_type=\"container\" data-settings=\"{&quot;background_background&quot;:&quot;classic&quot;}\">\n\t\t\t\t\t<div class=\"e-con-inner\">\n\t\t<div class=\"elementor-element elementor-element-567e17c e-con-full e-flex e-con e-child\" data-id=\"567e17c\" data-element_type=\"container\">\n\t\t\t\t<div class=\"elementor-element elementor-element-db82512 elementor-widget elementor-widget-heading\" data-id=\"db82512\" data-element_type=\"widget\" data-widget_type=\"heading.default\">\n\t\t\t\t<div class=\"elementor-widget-container\">\n\t\t\t\t\t<h2 class=\"elementor-heading-title elementor-size-default\">Presentaci\u00f3n de libro: Vicente Monroy<\/h2>\t\t\t\t<\/div>\n\t\t\t\t<\/div>\n\t\t<div class=\"elementor-element elementor-element-50ff0bb e-con-full e-flex e-con e-child\" data-id=\"50ff0bb\" data-element_type=\"container\">\n\t\t<div class=\"elementor-element elementor-element-ead72ec e-con-full e-flex e-con e-child\" data-id=\"ead72ec\" data-element_type=\"container\">\n\t\t\t\t<div class=\"elementor-element elementor-element-b785b21 elementor-widget elementor-widget-heading\" data-id=\"b785b21\" data-element_type=\"widget\" data-widget_type=\"heading.default\">\n\t\t\t\t<div class=\"elementor-widget-container\">\n\t\t\t\t\t<span class=\"elementor-heading-title elementor-size-default\">S\u00e1bado 18<\/span>\t\t\t\t<\/div>\n\t\t\t\t<\/div>\n\t\t\t\t<div class=\"elementor-element elementor-element-1c25288 elementor-widget elementor-widget-heading\" data-id=\"1c25288\" data-element_type=\"widget\" data-widget_type=\"heading.default\">\n\t\t\t\t<div class=\"elementor-widget-container\">\n\t\t\t\t\t<span class=\"elementor-heading-title elementor-size-default\">13:00<\/span>\t\t\t\t<\/div>\n\t\t\t\t<\/div>\n\t\t\t\t<div class=\"elementor-element elementor-element-16c6e97 elementor-widget elementor-widget-heading\" data-id=\"16c6e97\" data-element_type=\"widget\" data-widget_type=\"heading.default\">\n\t\t\t\t<div class=\"elementor-widget-container\">\n\t\t\t\t\t<span class=\"elementor-heading-title elementor-size-default\">Espacio M\u00e1rgenes<\/span>\t\t\t\t<\/div>\n\t\t\t\t<\/div>\n\t\t\t\t<\/div>\n\t\t\t\t<div class=\"elementor-element elementor-element-2040865 card-info elementor-widget elementor-widget-heading\" data-id=\"2040865\" data-element_type=\"widget\" data-widget_type=\"heading.default\">\n\t\t\t\t<div class=\"elementor-widget-container\">\n\t\t\t\t\t<span class=\"elementor-heading-title elementor-size-default\">ENTRADA LIBRE<\/span>\t\t\t\t<\/div>\n\t\t\t\t<\/div>\n\t\t<div class=\"elementor-element elementor-element-8309196 e-con-full e-flex e-con e-child\" data-id=\"8309196\" data-element_type=\"container\">\n\t\t\t\t<div class=\"elementor-element elementor-element-cc2a2cd elementor-widget elementor-widget-text-editor\" data-id=\"cc2a2cd\" data-element_type=\"widget\" data-widget_type=\"text-editor.default\">\n\t\t\t\t<div class=\"elementor-widget-container\">\n\t\t\t\t\t\t\t\t\t<p>Presentaci\u00f3n y firma de libros de <em><strong>Breve historia de la oscuridad<\/strong>: Una defensa de las salas de cine en la era del streaming<\/em>. Una bella, emotiva y comprometida reivindicaci\u00f3n de la oscuridad como un espacio de libertad, resistencia, conocimiento y transgresi\u00f3n.<\/p><p>Con la presencia de <strong>Vicente Monroy<\/strong>, que conversar\u00e1 con el escritor y arquitecto <strong>Jos\u00e9 Miguel G\u00f3mez Acosta<\/strong>. Con la colaboraci\u00f3n de Librer\u00eda Inusual.<\/p>\t\t\t\t\t\t\t\t<\/div>\n\t\t\t\t<\/div>\n\t\t\t\t<\/div>\n\t\t\t\t<\/div>\n\t\t\t\t<\/div>\n\t\t<div class=\"elementor-element elementor-element-d7b39d3 e-con-full e-grid e-con e-child\" data-id=\"d7b39d3\" data-element_type=\"container\">\n\t\t<div class=\"elementor-element elementor-element-b807e74 e-con-full e-flex e-con e-child\" data-id=\"b807e74\" data-element_type=\"container\">\n\t\t\t\t<div class=\"elementor-element elementor-element-a641459 elementor-widget elementor-widget-image\" data-id=\"a641459\" data-element_type=\"widget\" data-widget_type=\"image.default\">\n\t\t\t\t<div class=\"elementor-widget-container\">\n\t\t\t\t\t\t\t\t\t\t\t\t\t\t\t<img loading=\"lazy\" decoding=\"async\" width=\"1000\" height=\"1174\" src=\"https:\/\/www.filmfest-granada.com\/2025\/wp-content\/uploads\/sites\/23\/2025\/10\/Vicente-Monroy.png\" class=\"attachment-full size-full wp-image-1585\" alt=\"\" srcset=\"https:\/\/www.filmfest-granada.com\/2025\/wp-content\/uploads\/sites\/23\/2025\/10\/Vicente-Monroy.png 1000w, https:\/\/www.filmfest-granada.com\/2025\/wp-content\/uploads\/sites\/23\/2025\/10\/Vicente-Monroy-256x300.png 256w, https:\/\/www.filmfest-granada.com\/2025\/wp-content\/uploads\/sites\/23\/2025\/10\/Vicente-Monroy-872x1024.png 872w, https:\/\/www.filmfest-granada.com\/2025\/wp-content\/uploads\/sites\/23\/2025\/10\/Vicente-Monroy-768x902.png 768w\" sizes=\"(max-width: 1000px) 100vw, 1000px\" \/>\t\t\t\t\t\t\t\t\t\t\t\t\t\t\t<\/div>\n\t\t\t\t<\/div>\n\t\t\t\t<\/div>\n\t\t<div class=\"elementor-element elementor-element-ca6f21a e-con-full event e-flex e-con e-child\" data-id=\"ca6f21a\" data-element_type=\"container\">\n\t\t<div class=\"elementor-element elementor-element-8b1eb5c e-con-full e-flex e-con e-child\" data-id=\"8b1eb5c\" data-element_type=\"container\">\n\t\t\t\t<div class=\"elementor-element elementor-element-357436e elementor-widget elementor-widget-image\" data-id=\"357436e\" data-element_type=\"widget\" data-widget_type=\"image.default\">\n\t\t\t\t<div class=\"elementor-widget-container\">\n\t\t\t\t\t\t\t\t\t\t\t\t\t\t\t<img decoding=\"async\" width=\"512\" height=\"512\" src=\"https:\/\/www.filmfest-granada.com\/2025\/wp-content\/uploads\/sites\/23\/2025\/07\/cropped-FIJR31_WEB_favicon.png\" class=\"attachment-large size-large wp-image-497\" alt=\"\" srcset=\"https:\/\/www.filmfest-granada.com\/2025\/wp-content\/uploads\/sites\/23\/2025\/07\/cropped-FIJR31_WEB_favicon.png 512w, https:\/\/www.filmfest-granada.com\/2025\/wp-content\/uploads\/sites\/23\/2025\/07\/cropped-FIJR31_WEB_favicon-300x300.png 300w, https:\/\/www.filmfest-granada.com\/2025\/wp-content\/uploads\/sites\/23\/2025\/07\/cropped-FIJR31_WEB_favicon-150x150.png 150w, https:\/\/www.filmfest-granada.com\/2025\/wp-content\/uploads\/sites\/23\/2025\/07\/cropped-FIJR31_WEB_favicon-270x270.png 270w, https:\/\/www.filmfest-granada.com\/2025\/wp-content\/uploads\/sites\/23\/2025\/07\/cropped-FIJR31_WEB_favicon-192x192.png 192w, https:\/\/www.filmfest-granada.com\/2025\/wp-content\/uploads\/sites\/23\/2025\/07\/cropped-FIJR31_WEB_favicon-180x180.png 180w, https:\/\/www.filmfest-granada.com\/2025\/wp-content\/uploads\/sites\/23\/2025\/07\/cropped-FIJR31_WEB_favicon-32x32.png 32w\" sizes=\"(max-width: 512px) 100vw, 512px\" \/>\t\t\t\t\t\t\t\t\t\t\t\t\t\t\t<\/div>\n\t\t\t\t<\/div>\n\t\t<div class=\"elementor-element elementor-element-f6d8b89 e-con-full e-flex e-con e-child\" data-id=\"f6d8b89\" data-element_type=\"container\">\n\t\t\t\t<div class=\"elementor-element elementor-element-9ba47ab elementor-widget elementor-widget-heading\" data-id=\"9ba47ab\" data-element_type=\"widget\" data-widget_type=\"heading.default\">\n\t\t\t\t<div class=\"elementor-widget-container\">\n\t\t\t\t\t<h2 class=\"elementor-heading-title elementor-size-default\">VICENTE MONROY<\/h2>\t\t\t\t<\/div>\n\t\t\t\t<\/div>\n\t\t\t\t<div class=\"elementor-element elementor-element-709ba43 elementor-widget elementor-widget-heading\" data-id=\"709ba43\" data-element_type=\"widget\" data-widget_type=\"heading.default\">\n\t\t\t\t<div class=\"elementor-widget-container\">\n\t\t\t\t\t<h3 class=\"elementor-heading-title elementor-size-default\">Breve historia de la oscuridad<\/h3>\t\t\t\t<\/div>\n\t\t\t\t<\/div>\n\t\t\t\t<\/div>\n\t\t\t\t<\/div>\n\t\t\t\t<div class=\"elementor-element elementor-element-f942582 elementor-widget-divider--view-line elementor-widget elementor-widget-divider\" data-id=\"f942582\" data-element_type=\"widget\" data-widget_type=\"divider.default\">\n\t\t\t\t<div class=\"elementor-widget-container\">\n\t\t\t\t\t\t\t<div class=\"elementor-divider\">\n\t\t\t<span class=\"elementor-divider-separator\">\n\t\t\t\t\t\t<\/span>\n\t\t<\/div>\n\t\t\t\t\t\t<\/div>\n\t\t\t\t<\/div>\n\t\t\t\t<div class=\"elementor-element elementor-element-0d03a30 bloque-text elementor-widget elementor-widget-text-editor\" data-id=\"0d03a30\" data-element_type=\"widget\" data-widget_type=\"text-editor.default\">\n\t\t\t\t<div class=\"elementor-widget-container\">\n\t\t\t\t\t\t\t\t\t<p>En nuestra cultura, tendemos a relacionar la oscuridad con el mal, el miedo, la ignorancia y la barbarie, pero en ocasiones puede ser un refugio acogedor.<\/p><p>Sucede con las salas de cine, santuarios en los que se forjan mitos, deseos e ideales, templos del placer en cuya noche artificial podemos liberar nuestras emociones reprimidas y buscar respuestas que rara vez encontramos en la luz del d\u00eda.<\/p><p>En nuestro presente de pantallas m\u00faltiples, este libro reivindica \u2013 sin nostalgia ni resignaci\u00f3n\u2013 los cines en los que los espectadores comparten esperanzas y angustias, sue\u00f1os y pesadillas. La oscuridad de estas salas es iluminadora.<\/p>\t\t\t\t\t\t\t\t<\/div>\n\t\t\t\t<\/div>\n\t\t\t\t<\/div>\n\t\t\t\t<\/div>\n\t\t\t\t<div class=\"elementor-element elementor-element-ee279e3 card-info elementor-widget elementor-widget-heading\" data-id=\"ee279e3\" data-element_type=\"widget\" data-widget_type=\"heading.default\">\n\t\t\t\t<div class=\"elementor-widget-container\">\n\t\t\t\t\t<span class=\"elementor-heading-title elementor-size-default\">ENTRADA LIBRE<\/span>\t\t\t\t<\/div>\n\t\t\t\t<\/div>\n\t\t\t\t\t<\/div>\n\t\t\t\t<\/div>\n\t\t<div class=\"elementor-element elementor-element-57c51d5 e-flex e-con-boxed e-con e-parent\" data-id=\"57c51d5\" data-element_type=\"container\" data-settings=\"{&quot;background_background&quot;:&quot;classic&quot;}\">\n\t\t\t\t\t<div class=\"e-con-inner\">\n\t\t<div class=\"elementor-element elementor-element-78129e9 e-con-full e-flex e-con e-child\" data-id=\"78129e9\" data-element_type=\"container\">\n\t\t\t\t<div class=\"elementor-element elementor-element-b0bd3d3 elementor-widget elementor-widget-heading\" data-id=\"b0bd3d3\" data-element_type=\"widget\" data-widget_type=\"heading.default\">\n\t\t\t\t<div class=\"elementor-widget-container\">\n\t\t\t\t\t<h2 class=\"elementor-heading-title elementor-size-default\">Caf\u00e9 con misterio: Javier Tolentino<\/h2>\t\t\t\t<\/div>\n\t\t\t\t<\/div>\n\t\t<div class=\"elementor-element elementor-element-1bd1efa e-con-full e-flex e-con e-child\" data-id=\"1bd1efa\" data-element_type=\"container\">\n\t\t<div class=\"elementor-element elementor-element-6c77318 e-con-full e-flex e-con e-child\" data-id=\"6c77318\" data-element_type=\"container\">\n\t\t\t\t<div class=\"elementor-element elementor-element-e494652 elementor-widget elementor-widget-heading\" data-id=\"e494652\" data-element_type=\"widget\" data-widget_type=\"heading.default\">\n\t\t\t\t<div class=\"elementor-widget-container\">\n\t\t\t\t\t<span class=\"elementor-heading-title elementor-size-default\">Viernes 24<\/span>\t\t\t\t<\/div>\n\t\t\t\t<\/div>\n\t\t\t\t<div class=\"elementor-element elementor-element-852e121 elementor-widget elementor-widget-heading\" data-id=\"852e121\" data-element_type=\"widget\" data-widget_type=\"heading.default\">\n\t\t\t\t<div class=\"elementor-widget-container\">\n\t\t\t\t\t<span class=\"elementor-heading-title elementor-size-default\">17:00<\/span>\t\t\t\t<\/div>\n\t\t\t\t<\/div>\n\t\t\t\t<div class=\"elementor-element elementor-element-8cf677d elementor-widget elementor-widget-heading\" data-id=\"8cf677d\" data-element_type=\"widget\" data-widget_type=\"heading.default\">\n\t\t\t\t<div class=\"elementor-widget-container\">\n\t\t\t\t\t<span class=\"elementor-heading-title elementor-size-default\">Espacio M\u00e1rgenes<\/span>\t\t\t\t<\/div>\n\t\t\t\t<\/div>\n\t\t\t\t<\/div>\n\t\t\t\t<div class=\"elementor-element elementor-element-42ac9e9 card-info elementor-widget elementor-widget-heading\" data-id=\"42ac9e9\" data-element_type=\"widget\" data-widget_type=\"heading.default\">\n\t\t\t\t<div class=\"elementor-widget-container\">\n\t\t\t\t\t<span class=\"elementor-heading-title elementor-size-default\">ENTRADA LIBRE<\/span>\t\t\t\t<\/div>\n\t\t\t\t<\/div>\n\t\t<div class=\"elementor-element elementor-element-edbe0e4 e-con-full e-flex e-con e-child\" data-id=\"edbe0e4\" data-element_type=\"container\">\n\t\t\t\t<div class=\"elementor-element elementor-element-4838a1c elementor-widget elementor-widget-text-editor\" data-id=\"4838a1c\" data-element_type=\"widget\" data-widget_type=\"text-editor.default\">\n\t\t\t\t<div class=\"elementor-widget-container\">\n\t\t\t\t\t\t\t\t\t<p>Presentaci\u00f3n y firma de libros de <strong><em>Conversaciones desde el jard\u00edn de las Hesp\u00e9rides, <\/em><\/strong>un volumen que re\u00fane 19 entrevistas entre las que destacan las de Abbas Kiarostami, Patricio Guzm\u00e1n, Naomi Kawase, Agn\u00e8s Vard\u00e1, Jonas Mekas, V\u00edctor Erice, Isaki Lacuesta, Jos\u00e9 Luis Guer\u00edn, Albert Serra y Basilio Mart\u00edn Pati\u00f1o.<\/p><p>Con la presencia de <strong>Javier Tolentino<\/strong>, que conversar\u00e1 con la fot\u00f3grafa <strong>Carmen Rivero<\/strong>. Con la colaboraci\u00f3n de Librer\u00eda Inusual.<\/p>\t\t\t\t\t\t\t\t<\/div>\n\t\t\t\t<\/div>\n\t\t\t\t<\/div>\n\t\t\t\t<\/div>\n\t\t\t\t<\/div>\n\t\t<div class=\"elementor-element elementor-element-452a59c e-con-full e-grid e-con e-child\" data-id=\"452a59c\" data-element_type=\"container\">\n\t\t<div class=\"elementor-element elementor-element-27f6525 e-con-full e-flex e-con e-child\" data-id=\"27f6525\" data-element_type=\"container\">\n\t\t\t\t<div class=\"elementor-element elementor-element-7d85c43 elementor-widget elementor-widget-image\" data-id=\"7d85c43\" data-element_type=\"widget\" data-widget_type=\"image.default\">\n\t\t\t\t<div class=\"elementor-widget-container\">\n\t\t\t\t\t\t\t\t\t\t\t\t\t\t\t<img loading=\"lazy\" decoding=\"async\" width=\"674\" height=\"573\" src=\"https:\/\/www.filmfest-granada.com\/2025\/wp-content\/uploads\/sites\/23\/2025\/10\/PHOTO-2025-10-11-14-32-24-1.jpg\" class=\"attachment-full size-full wp-image-1607\" alt=\"\" srcset=\"https:\/\/www.filmfest-granada.com\/2025\/wp-content\/uploads\/sites\/23\/2025\/10\/PHOTO-2025-10-11-14-32-24-1.jpg 674w, https:\/\/www.filmfest-granada.com\/2025\/wp-content\/uploads\/sites\/23\/2025\/10\/PHOTO-2025-10-11-14-32-24-1-300x255.jpg 300w\" sizes=\"(max-width: 674px) 100vw, 674px\" \/>\t\t\t\t\t\t\t\t\t\t\t\t\t\t\t<\/div>\n\t\t\t\t<\/div>\n\t\t\t\t<\/div>\n\t\t<div class=\"elementor-element elementor-element-002cc2b e-con-full event e-flex e-con e-child\" data-id=\"002cc2b\" data-element_type=\"container\">\n\t\t<div class=\"elementor-element elementor-element-30b0309 e-con-full e-flex e-con e-child\" data-id=\"30b0309\" data-element_type=\"container\">\n\t\t\t\t<div class=\"elementor-element elementor-element-0b06467 elementor-widget elementor-widget-image\" data-id=\"0b06467\" data-element_type=\"widget\" data-widget_type=\"image.default\">\n\t\t\t\t<div class=\"elementor-widget-container\">\n\t\t\t\t\t\t\t\t\t\t\t\t\t\t\t<img decoding=\"async\" width=\"512\" height=\"512\" src=\"https:\/\/www.filmfest-granada.com\/2025\/wp-content\/uploads\/sites\/23\/2025\/07\/cropped-FIJR31_WEB_favicon.png\" class=\"attachment-large size-large wp-image-497\" alt=\"\" srcset=\"https:\/\/www.filmfest-granada.com\/2025\/wp-content\/uploads\/sites\/23\/2025\/07\/cropped-FIJR31_WEB_favicon.png 512w, https:\/\/www.filmfest-granada.com\/2025\/wp-content\/uploads\/sites\/23\/2025\/07\/cropped-FIJR31_WEB_favicon-300x300.png 300w, https:\/\/www.filmfest-granada.com\/2025\/wp-content\/uploads\/sites\/23\/2025\/07\/cropped-FIJR31_WEB_favicon-150x150.png 150w, https:\/\/www.filmfest-granada.com\/2025\/wp-content\/uploads\/sites\/23\/2025\/07\/cropped-FIJR31_WEB_favicon-270x270.png 270w, https:\/\/www.filmfest-granada.com\/2025\/wp-content\/uploads\/sites\/23\/2025\/07\/cropped-FIJR31_WEB_favicon-192x192.png 192w, https:\/\/www.filmfest-granada.com\/2025\/wp-content\/uploads\/sites\/23\/2025\/07\/cropped-FIJR31_WEB_favicon-180x180.png 180w, https:\/\/www.filmfest-granada.com\/2025\/wp-content\/uploads\/sites\/23\/2025\/07\/cropped-FIJR31_WEB_favicon-32x32.png 32w\" sizes=\"(max-width: 512px) 100vw, 512px\" \/>\t\t\t\t\t\t\t\t\t\t\t\t\t\t\t<\/div>\n\t\t\t\t<\/div>\n\t\t<div class=\"elementor-element elementor-element-37708a1 e-con-full e-flex e-con e-child\" data-id=\"37708a1\" data-element_type=\"container\">\n\t\t\t\t<div class=\"elementor-element elementor-element-2b15582 elementor-widget elementor-widget-heading\" data-id=\"2b15582\" data-element_type=\"widget\" data-widget_type=\"heading.default\">\n\t\t\t\t<div class=\"elementor-widget-container\">\n\t\t\t\t\t<h2 class=\"elementor-heading-title elementor-size-default\">JAVIER TOLENTINO<\/h2>\t\t\t\t<\/div>\n\t\t\t\t<\/div>\n\t\t\t\t<div class=\"elementor-element elementor-element-d8d39f8 elementor-widget elementor-widget-heading\" data-id=\"d8d39f8\" data-element_type=\"widget\" data-widget_type=\"heading.default\">\n\t\t\t\t<div class=\"elementor-widget-container\">\n\t\t\t\t\t<h3 class=\"elementor-heading-title elementor-size-default\">Conversaciones desde el jard\u00edn de las Hesp\u00e9rides<\/h3>\t\t\t\t<\/div>\n\t\t\t\t<\/div>\n\t\t\t\t<\/div>\n\t\t\t\t<\/div>\n\t\t\t\t<div class=\"elementor-element elementor-element-925a18c elementor-widget-divider--view-line elementor-widget elementor-widget-divider\" data-id=\"925a18c\" data-element_type=\"widget\" data-widget_type=\"divider.default\">\n\t\t\t\t<div class=\"elementor-widget-container\">\n\t\t\t\t\t\t\t<div class=\"elementor-divider\">\n\t\t\t<span class=\"elementor-divider-separator\">\n\t\t\t\t\t\t<\/span>\n\t\t<\/div>\n\t\t\t\t\t\t<\/div>\n\t\t\t\t<\/div>\n\t\t\t\t<div class=\"elementor-element elementor-element-940c504 bloque-text elementor-widget elementor-widget-text-editor\" data-id=\"940c504\" data-element_type=\"widget\" data-widget_type=\"text-editor.default\">\n\t\t\t\t<div class=\"elementor-widget-container\">\n\t\t\t\t\t\t\t\t\t<div class=\"resumen svelte-g9q8l2\"><div class=\"resumen-content svelte-g9q8l2\">Selecci\u00f3n de di\u00e1logos y de encuentros con personalidades del mundo del cine realizadas en Canarias. En la casa de Jos\u00e9 Saramago se dio la conversaci\u00f3n con <strong>V\u00edctor Erice<\/strong>; al sur de Tenerife, entre los riscos del Teide, muchas de las conversaciones como las mantenidas con <strong>Llu\u00eds Mi\u00f1arro<\/strong>, <strong>Naomi Kawase<\/strong> e <strong>Isabel Coixet<\/strong>.<\/div><div>\u00a0<\/div><div class=\"resumen-content svelte-g9q8l2\">A la sombra de los patios de Vegueta, en el barrio hist\u00f3rico de Las Palmas de Gran Canaria, encuentros con <strong>Isaki Lacuesta<\/strong> donde la conversaci\u00f3n se dio justamente al rev\u00e9s. Y como gui\u00f1o a su querida Radio 3, no pod\u00edan faltar di\u00e1logos tan surrealistas como el suscitado con <strong>Peter Greenaway<\/strong>.<\/div><\/div>\t\t\t\t\t\t\t\t<\/div>\n\t\t\t\t<\/div>\n\t\t\t\t<\/div>\n\t\t\t\t<\/div>\n\t\t\t\t<div class=\"elementor-element elementor-element-cffdf00 card-info elementor-widget elementor-widget-heading\" data-id=\"cffdf00\" data-element_type=\"widget\" data-widget_type=\"heading.default\">\n\t\t\t\t<div class=\"elementor-widget-container\">\n\t\t\t\t\t<span class=\"elementor-heading-title elementor-size-default\">ENTRADA LIBRE<\/span>\t\t\t\t<\/div>\n\t\t\t\t<\/div>\n\t\t\t\t\t<\/div>\n\t\t\t\t<\/div>\n\t\t\t\t<\/div>\n\t\t","protected":false},"excerpt":{"rendered":"<p>ACTIVIDADES PARALELAS Durante las semanas previas y posteriores a su celebraci\u00f3n, el festival se expande por Granada y la provincia para acercar el cine a todos los rincones y en todas sus formas: Talleres, presentaciones de libros, conferencias y proyecciones de entrada gratuita. Gala Fundaci\u00f3n Caja Rural Martes 30 Septiembre 18:00 Auditorio Caja Rural ENTRADA &#8230; <a title=\"Actividades paralelas\" class=\"read-more\" href=\"https:\/\/www.filmfest-granada.com\/2025\/actividades-paralelas\/\" aria-label=\"Leer m\u00e1s sobre Actividades paralelas\">Leer m\u00e1s<\/a><\/p>\n","protected":false},"author":1167,"featured_media":0,"parent":0,"menu_order":0,"comment_status":"closed","ping_status":"closed","template":"elementor_header_footer","meta":{"footnotes":""},"class_list":["post-277","page","type-page","status-publish"],"_links":{"self":[{"href":"https:\/\/www.filmfest-granada.com\/2025\/wp-json\/wp\/v2\/pages\/277","targetHints":{"allow":["GET"]}}],"collection":[{"href":"https:\/\/www.filmfest-granada.com\/2025\/wp-json\/wp\/v2\/pages"}],"about":[{"href":"https:\/\/www.filmfest-granada.com\/2025\/wp-json\/wp\/v2\/types\/page"}],"author":[{"embeddable":true,"href":"https:\/\/www.filmfest-granada.com\/2025\/wp-json\/wp\/v2\/users\/1167"}],"replies":[{"embeddable":true,"href":"https:\/\/www.filmfest-granada.com\/2025\/wp-json\/wp\/v2\/comments?post=277"}],"version-history":[{"count":64,"href":"https:\/\/www.filmfest-granada.com\/2025\/wp-json\/wp\/v2\/pages\/277\/revisions"}],"predecessor-version":[{"id":1882,"href":"https:\/\/www.filmfest-granada.com\/2025\/wp-json\/wp\/v2\/pages\/277\/revisions\/1882"}],"wp:attachment":[{"href":"https:\/\/www.filmfest-granada.com\/2025\/wp-json\/wp\/v2\/media?parent=277"}],"curies":[{"name":"wp","href":"https:\/\/api.w.org\/{rel}","templated":true}]}}