{"id":336,"date":"2025-06-26T11:59:01","date_gmt":"2025-06-26T09:59:01","guid":{"rendered":"https:\/\/www.filmfest-granada.com\/2025\/sesiones-especiales\/"},"modified":"2025-10-24T16:14:24","modified_gmt":"2025-10-24T14:14:24","slug":"sesiones-especiales","status":"publish","type":"page","link":"https:\/\/www.filmfest-granada.com\/2025\/sesiones-especiales\/","title":{"rendered":"Sesiones especiales"},"content":{"rendered":"\t\t<div data-elementor-type=\"wp-page\" data-elementor-id=\"336\" class=\"elementor elementor-336\" data-elementor-post-type=\"page\">\n\t\t\t\t<div class=\"elementor-element elementor-element-22e8660 e-flex e-con-boxed e-con e-parent\" data-id=\"22e8660\" data-element_type=\"container\" data-settings=\"{&quot;background_background&quot;:&quot;classic&quot;}\">\n\t\t\t\t\t<div class=\"e-con-inner\">\n\t\t<div class=\"elementor-element elementor-element-dbe4d3b e-con-full e-flex e-con e-child\" data-id=\"dbe4d3b\" data-element_type=\"container\">\n\t\t\t\t<div class=\"elementor-element elementor-element-0dfc05e new-texto elementor-widget elementor-widget-heading\" data-id=\"0dfc05e\" data-element_type=\"widget\" data-widget_type=\"heading.default\">\n\t\t\t\t<div class=\"elementor-widget-container\">\n\t\t\t\t\t<h1 class=\"elementor-heading-title elementor-size-default\"><span>SESIONES<\/span> <span>ESPECIALES<\/span><\/h1>\t\t\t\t<\/div>\n\t\t\t\t<\/div>\n\t\t\t\t<\/div>\n\t\t<div class=\"elementor-element elementor-element-213eb3e e-con-full e-flex e-con e-child\" data-id=\"213eb3e\" data-element_type=\"container\">\n\t\t\t\t<div class=\"elementor-element elementor-element-ddf1efe bloque-text elementor-widget elementor-widget-text-editor\" data-id=\"ddf1efe\" data-element_type=\"widget\" data-widget_type=\"text-editor.default\">\n\t\t\t\t<div class=\"elementor-widget-container\">\n\t\t\t\t\t\t\t\t\t<p>Las Sesiones Especiales convertir\u00e1n el <span style=\"color: #f83754\"><strong>Teatro Isabel la Cat\u00f3lica<\/strong><\/span> en un espacio abierto a la experimentaci\u00f3n, uniendo cine, m\u00fasica y creatividad junto a conciertos, coloquios, \u00f3peras primas, podcast y cl\u00e1sicos con banda sonora en directo.<\/p><p>Las entradas y los \u00faltimos abonos est\u00e1n a la venta en <a href=\"https:\/\/www.redentradas.com\/?entradas=31-jovenes-realizadores-granada-film-fest&amp;provincia=granada&amp;cpro=18&amp;eid=593\" target=\"_blank\" rel=\"noopener\">redentradas.com<\/a><\/p>\t\t\t\t\t\t\t\t<\/div>\n\t\t\t\t<\/div>\n\t\t\t\t<div class=\"elementor-element elementor-element-c027407 elementor-align-left elementor-widget elementor-widget-button\" data-id=\"c027407\" data-element_type=\"widget\" data-widget_type=\"button.default\">\n\t\t\t\t<div class=\"elementor-widget-container\">\n\t\t\t\t\t\t\t\t\t<div class=\"elementor-button-wrapper\">\n\t\t\t\t\t<a class=\"elementor-button elementor-button-link elementor-size-sm\" href=\"https:\/\/www.redentradas.com\/?entradas=31-jovenes-realizadores-granada-film-fest&#038;provincia=granada&#038;cpro=18&#038;eid=593\" target=\"_blank\">\n\t\t\t\t\t\t<span class=\"elementor-button-content-wrapper\">\n\t\t\t\t\t\t\t\t\t<span class=\"elementor-button-text\">ENTRADAS Y ABONOS<\/span>\n\t\t\t\t\t<\/span>\n\t\t\t\t\t<\/a>\n\t\t\t\t<\/div>\n\t\t\t\t\t\t\t\t<\/div>\n\t\t\t\t<\/div>\n\t\t\t\t<\/div>\n\t\t\t\t\t<\/div>\n\t\t\t\t<\/div>\n\t\t<div class=\"elementor-element elementor-element-4327e35c menus e-con-full e-flex e-con e-parent\" data-id=\"4327e35c\" data-element_type=\"container\" data-settings=\"{&quot;background_background&quot;:&quot;classic&quot;,&quot;sticky&quot;:&quot;top&quot;,&quot;sticky_offset_mobile&quot;:&quot;2&quot;,&quot;sticky_effects_offset_mobile&quot;:&quot;0&quot;,&quot;sticky_on&quot;:[&quot;desktop&quot;,&quot;tablet&quot;],&quot;sticky_offset&quot;:0,&quot;sticky_effects_offset&quot;:0,&quot;sticky_anchor_link_offset&quot;:0}\">\n\t\t\t\t<div class=\"elementor-element elementor-element-68d5662c elementor-widget elementor-widget-heading\" data-id=\"68d5662c\" data-element_type=\"widget\" data-widget_type=\"heading.default\">\n\t\t\t\t<div class=\"elementor-widget-container\">\n\t\t\t\t\t<span class=\"elementor-heading-title elementor-size-default\"><a href=\"#inauguracion\">Inauguraci\u00f3n: Nazzz<\/a><\/span>\t\t\t\t<\/div>\n\t\t\t\t<\/div>\n\t\t\t\t<div class=\"elementor-element elementor-element-7255d1ef elementor-widget elementor-widget-heading\" data-id=\"7255d1ef\" data-element_type=\"widget\" data-widget_type=\"heading.default\">\n\t\t\t\t<div class=\"elementor-widget-container\">\n\t\t\t\t\t<span class=\"elementor-heading-title elementor-size-default\"><a href=\"#measures\">Measures for a Funeral<\/a><\/span>\t\t\t\t<\/div>\n\t\t\t\t<\/div>\n\t\t\t\t<div class=\"elementor-element elementor-element-4bdf1691 elementor-widget elementor-widget-heading\" data-id=\"4bdf1691\" data-element_type=\"widget\" data-widget_type=\"heading.default\">\n\t\t\t\t<div class=\"elementor-widget-container\">\n\t\t\t\t\t<span class=\"elementor-heading-title elementor-size-default\"><a href=\"#aro-berria\">Aro Berria<\/a><\/span>\t\t\t\t<\/div>\n\t\t\t\t<\/div>\n\t\t\t\t<div class=\"elementor-element elementor-element-5f80cf3d elementor-widget elementor-widget-heading\" data-id=\"5f80cf3d\" data-element_type=\"widget\" data-widget_type=\"heading.default\">\n\t\t\t\t<div class=\"elementor-widget-container\">\n\t\t\t\t\t<span class=\"elementor-heading-title elementor-size-default\"><a href=\"#ciber\">Ciberlocutorio<\/a><\/span>\t\t\t\t<\/div>\n\t\t\t\t<\/div>\n\t\t\t\t<div class=\"elementor-element elementor-element-f95e90e elementor-widget elementor-widget-heading\" data-id=\"f95e90e\" data-element_type=\"widget\" data-widget_type=\"heading.default\">\n\t\t\t\t<div class=\"elementor-widget-container\">\n\t\t\t\t\t<span class=\"elementor-heading-title elementor-size-default\"><a href=\"#palestina\">Cortometrajes palestinos<\/a><\/span>\t\t\t\t<\/div>\n\t\t\t\t<\/div>\n\t\t\t\t<div class=\"elementor-element elementor-element-6e0a062a elementor-widget elementor-widget-heading\" data-id=\"6e0a062a\" data-element_type=\"widget\" data-widget_type=\"heading.default\">\n\t\t\t\t<div class=\"elementor-widget-container\">\n\t\t\t\t\t<span class=\"elementor-heading-title elementor-size-default\"><a href=\"#fantasma\">El fantasma de la \u00f3pera x Chico Blanco<\/a><\/span>\t\t\t\t<\/div>\n\t\t\t\t<\/div>\n\t\t\t\t<div class=\"elementor-element elementor-element-68b5ede4 elementor-widget elementor-widget-heading\" data-id=\"68b5ede4\" data-element_type=\"widget\" data-widget_type=\"heading.default\">\n\t\t\t\t<div class=\"elementor-widget-container\">\n\t\t\t\t\t<span class=\"elementor-heading-title elementor-size-default\"><a href=\"#flores\">Clausura: Flores para Antonio<\/a><\/span>\t\t\t\t<\/div>\n\t\t\t\t<\/div>\n\t\t\t\t<\/div>\n\t\t<div class=\"elementor-element elementor-element-a8f1082 e-con-full e-grid e-con e-child\" data-id=\"a8f1082\" data-element_type=\"container\" id=\"inauguracion\">\n\t\t<div class=\"elementor-element elementor-element-6e485b1 e-con-full e-flex e-con e-child\" data-id=\"6e485b1\" data-element_type=\"container\">\n\t\t\t\t<div class=\"elementor-element elementor-element-d09aa02 elementor-widget elementor-widget-image\" data-id=\"d09aa02\" data-element_type=\"widget\" data-widget_type=\"image.default\">\n\t\t\t\t<div class=\"elementor-widget-container\">\n\t\t\t\t\t\t\t\t\t\t\t\t\t\t\t<img fetchpriority=\"high\" decoding=\"async\" width=\"2252\" height=\"2252\" src=\"https:\/\/www.filmfest-granada.com\/2025\/wp-content\/uploads\/sites\/23\/2025\/10\/FIJR31_POST_ESPECIALES_NAZZZ_REDENTRADAS-1.jpg\" class=\"attachment-full size-full wp-image-1158\" alt=\"\" srcset=\"https:\/\/www.filmfest-granada.com\/2025\/wp-content\/uploads\/sites\/23\/2025\/10\/FIJR31_POST_ESPECIALES_NAZZZ_REDENTRADAS-1.jpg 2252w, https:\/\/www.filmfest-granada.com\/2025\/wp-content\/uploads\/sites\/23\/2025\/10\/FIJR31_POST_ESPECIALES_NAZZZ_REDENTRADAS-1-300x300.jpg 300w, https:\/\/www.filmfest-granada.com\/2025\/wp-content\/uploads\/sites\/23\/2025\/10\/FIJR31_POST_ESPECIALES_NAZZZ_REDENTRADAS-1-1024x1024.jpg 1024w, https:\/\/www.filmfest-granada.com\/2025\/wp-content\/uploads\/sites\/23\/2025\/10\/FIJR31_POST_ESPECIALES_NAZZZ_REDENTRADAS-1-150x150.jpg 150w, https:\/\/www.filmfest-granada.com\/2025\/wp-content\/uploads\/sites\/23\/2025\/10\/FIJR31_POST_ESPECIALES_NAZZZ_REDENTRADAS-1-768x768.jpg 768w, https:\/\/www.filmfest-granada.com\/2025\/wp-content\/uploads\/sites\/23\/2025\/10\/FIJR31_POST_ESPECIALES_NAZZZ_REDENTRADAS-1-1536x1536.jpg 1536w, https:\/\/www.filmfest-granada.com\/2025\/wp-content\/uploads\/sites\/23\/2025\/10\/FIJR31_POST_ESPECIALES_NAZZZ_REDENTRADAS-1-2048x2048.jpg 2048w\" sizes=\"(max-width: 2252px) 100vw, 2252px\" \/>\t\t\t\t\t\t\t\t\t\t\t\t\t\t\t<\/div>\n\t\t\t\t<\/div>\n\t\t\t\t<\/div>\n\t\t<div class=\"elementor-element elementor-element-0d58b16 e-con-full event e-flex e-con e-child\" data-id=\"0d58b16\" data-element_type=\"container\">\n\t\t<div class=\"elementor-element elementor-element-93af069 e-con-full e-flex e-con e-child\" data-id=\"93af069\" data-element_type=\"container\">\n\t\t\t\t<div class=\"elementor-element elementor-element-23fd9d7 elementor-widget elementor-widget-image\" data-id=\"23fd9d7\" data-element_type=\"widget\" data-widget_type=\"image.default\">\n\t\t\t\t<div class=\"elementor-widget-container\">\n\t\t\t\t\t\t\t\t\t\t\t\t\t\t\t<img decoding=\"async\" width=\"512\" height=\"512\" src=\"https:\/\/www.filmfest-granada.com\/2025\/wp-content\/uploads\/sites\/23\/2025\/07\/cropped-FIJR31_WEB_favicon.png\" class=\"attachment-large size-large wp-image-497\" alt=\"\" srcset=\"https:\/\/www.filmfest-granada.com\/2025\/wp-content\/uploads\/sites\/23\/2025\/07\/cropped-FIJR31_WEB_favicon.png 512w, https:\/\/www.filmfest-granada.com\/2025\/wp-content\/uploads\/sites\/23\/2025\/07\/cropped-FIJR31_WEB_favicon-300x300.png 300w, https:\/\/www.filmfest-granada.com\/2025\/wp-content\/uploads\/sites\/23\/2025\/07\/cropped-FIJR31_WEB_favicon-150x150.png 150w, https:\/\/www.filmfest-granada.com\/2025\/wp-content\/uploads\/sites\/23\/2025\/07\/cropped-FIJR31_WEB_favicon-270x270.png 270w, https:\/\/www.filmfest-granada.com\/2025\/wp-content\/uploads\/sites\/23\/2025\/07\/cropped-FIJR31_WEB_favicon-192x192.png 192w, https:\/\/www.filmfest-granada.com\/2025\/wp-content\/uploads\/sites\/23\/2025\/07\/cropped-FIJR31_WEB_favicon-180x180.png 180w, https:\/\/www.filmfest-granada.com\/2025\/wp-content\/uploads\/sites\/23\/2025\/07\/cropped-FIJR31_WEB_favicon-32x32.png 32w\" sizes=\"(max-width: 512px) 100vw, 512px\" \/>\t\t\t\t\t\t\t\t\t\t\t\t\t\t\t<\/div>\n\t\t\t\t<\/div>\n\t\t<div class=\"elementor-element elementor-element-1bda9d5 e-con-full e-flex e-con e-child\" data-id=\"1bda9d5\" data-element_type=\"container\">\n\t\t\t\t<div class=\"elementor-element elementor-element-59b73ac elementor-widget elementor-widget-heading\" data-id=\"59b73ac\" data-element_type=\"widget\" data-widget_type=\"heading.default\">\n\t\t\t\t<div class=\"elementor-widget-container\">\n\t\t\t\t\t<h2 class=\"elementor-heading-title elementor-size-default\">SESIONES ESPECIALES<\/h2>\t\t\t\t<\/div>\n\t\t\t\t<\/div>\n\t\t\t\t<div class=\"elementor-element elementor-element-125274a elementor-widget elementor-widget-heading\" data-id=\"125274a\" data-element_type=\"widget\" data-widget_type=\"heading.default\">\n\t\t\t\t<div class=\"elementor-widget-container\">\n\t\t\t\t\t<h3 class=\"elementor-heading-title elementor-size-default\">Inauguraci\u00f3n: Competici\u00f3n Vibraciones 1<\/h3>\t\t\t\t<\/div>\n\t\t\t\t<\/div>\n\t\t\t\t<\/div>\n\t\t\t\t<\/div>\n\t\t<div class=\"elementor-element elementor-element-f050e3e e-con-full e-flex e-con e-child\" data-id=\"f050e3e\" data-element_type=\"container\">\n\t\t\t\t<div class=\"elementor-element elementor-element-db79c0a elementor-widget elementor-widget-heading\" data-id=\"db79c0a\" data-element_type=\"widget\" data-widget_type=\"heading.default\">\n\t\t\t\t<div class=\"elementor-widget-container\">\n\t\t\t\t\t<span class=\"elementor-heading-title elementor-size-default\">Domingo 19<\/span>\t\t\t\t<\/div>\n\t\t\t\t<\/div>\n\t\t\t\t<div class=\"elementor-element elementor-element-5e681ce elementor-widget elementor-widget-heading\" data-id=\"5e681ce\" data-element_type=\"widget\" data-widget_type=\"heading.default\">\n\t\t\t\t<div class=\"elementor-widget-container\">\n\t\t\t\t\t<span class=\"elementor-heading-title elementor-size-default\">19:00<\/span>\t\t\t\t<\/div>\n\t\t\t\t<\/div>\n\t\t\t\t<div class=\"elementor-element elementor-element-750645e elementor-widget elementor-widget-heading\" data-id=\"750645e\" data-element_type=\"widget\" data-widget_type=\"heading.default\">\n\t\t\t\t<div class=\"elementor-widget-container\">\n\t\t\t\t\t<span class=\"elementor-heading-title elementor-size-default\">Teatro Isabel La Cat\u00f3lica<\/span>\t\t\t\t<\/div>\n\t\t\t\t<\/div>\n\t\t\t\t<div class=\"elementor-element elementor-element-a4a85d1 elementor-widget elementor-widget-heading\" data-id=\"a4a85d1\" data-element_type=\"widget\" data-widget_type=\"heading.default\">\n\t\t\t\t<div class=\"elementor-widget-container\">\n\t\t\t\t\t<span class=\"elementor-heading-title elementor-size-default\">61'<\/span>\t\t\t\t<\/div>\n\t\t\t\t<\/div>\n\t\t\t\t<\/div>\n\t\t\t\t<div class=\"elementor-element elementor-element-135c94b elementor-widget-divider--view-line elementor-widget elementor-widget-divider\" data-id=\"135c94b\" data-element_type=\"widget\" data-widget_type=\"divider.default\">\n\t\t\t\t<div class=\"elementor-widget-container\">\n\t\t\t\t\t\t\t<div class=\"elementor-divider\">\n\t\t\t<span class=\"elementor-divider-separator\">\n\t\t\t\t\t\t<\/span>\n\t\t<\/div>\n\t\t\t\t\t\t<\/div>\n\t\t\t\t<\/div>\n\t\t\t\t<div class=\"elementor-element elementor-element-f3f8ebf bloque-text elementor-widget elementor-widget-text-editor\" data-id=\"f3f8ebf\" data-element_type=\"widget\" data-widget_type=\"text-editor.default\">\n\t\t\t\t<div class=\"elementor-widget-container\">\n\t\t\t\t\t\t\t\t\t<p>Presentada por la periodista Cecilia Cano, la inauguraci\u00f3n cuenta con la actuaci\u00f3n en directo de <strong>NAZZZ<\/strong>, nueva voz de la escena emergente granadina. Se proyectar\u00e1 la primera sesi\u00f3n de la Competici\u00f3n Vibraciones, dedicada al cortometraje andaluz m\u00e1s original e innovador, con cinco estrenos mundiales.<\/p><p><span style=\"text-decoration: underline\">Competici\u00f3n Vibraciones 1<\/span> &#8211; 61\u2019<\/p><ul><li><em>Quej\u00edo<\/em> (Derek Van Den Bulcke y Carmen Mu\u00f1oz, 2025) 8&#8242;<\/li><li><em>Los contornos<\/em> (Javi Esp\u00e1rrago, 2025) 13&#8242;<\/li><li><em>En Toronto no pasan estas cosas<\/em> (Manolo Orellana Naranjo, 2025) 15&#8242;<\/li><li><em>Ma-ma<\/em> (Isabel Mar\u00eda Monge Guerrero, 2025) 5&#8242;<\/li><li><em>Abisal<\/em> (Colectivo Tekiero, Marina Arenas y Simone Sojo, 2025) 20&#8242;<\/li><\/ul>\t\t\t\t\t\t\t\t<\/div>\n\t\t\t\t<\/div>\n\t\t\t\t<div class=\"elementor-element elementor-element-b75e82d elementor-align-right elementor-widget elementor-widget-button\" data-id=\"b75e82d\" data-element_type=\"widget\" data-widget_type=\"button.default\">\n\t\t\t\t<div class=\"elementor-widget-container\">\n\t\t\t\t\t\t\t\t\t<div class=\"elementor-button-wrapper\">\n\t\t\t\t\t<a class=\"elementor-button elementor-button-link elementor-size-sm\" href=\"https:\/\/www.redentradas.com\/?entradas=inauguracion-31-festival-jovenes-realizadores&#038;provincia=granada&#038;cpro=18&#038;eid=3448\" target=\"_blank\">\n\t\t\t\t\t\t<span class=\"elementor-button-content-wrapper\">\n\t\t\t\t\t\t\t\t\t<span class=\"elementor-button-text\">ENTRADAS<\/span>\n\t\t\t\t\t<\/span>\n\t\t\t\t\t<\/a>\n\t\t\t\t<\/div>\n\t\t\t\t\t\t\t\t<\/div>\n\t\t\t\t<\/div>\n\t\t\t\t<\/div>\n\t\t\t\t<\/div>\n\t\t<div class=\"elementor-element elementor-element-971c1d8 e-con-full e-grid e-con e-child\" data-id=\"971c1d8\" data-element_type=\"container\" id=\"measures\">\n\t\t<div class=\"elementor-element elementor-element-76734f4 e-con-full e-flex e-con e-child\" data-id=\"76734f4\" data-element_type=\"container\">\n\t\t\t\t<div class=\"elementor-element elementor-element-ba1e2cb elementor-widget elementor-widget-image\" data-id=\"ba1e2cb\" data-element_type=\"widget\" data-widget_type=\"image.default\">\n\t\t\t\t<div class=\"elementor-widget-container\">\n\t\t\t\t\t\t\t\t\t\t\t\t\t\t\t<img decoding=\"async\" width=\"1500\" height=\"1875\" src=\"https:\/\/www.filmfest-granada.com\/2025\/wp-content\/uploads\/sites\/23\/2025\/10\/FIJR31_POST_MEASURES_00001.jpg\" class=\"attachment-full size-full wp-image-1176\" alt=\"\" srcset=\"https:\/\/www.filmfest-granada.com\/2025\/wp-content\/uploads\/sites\/23\/2025\/10\/FIJR31_POST_MEASURES_00001.jpg 1500w, https:\/\/www.filmfest-granada.com\/2025\/wp-content\/uploads\/sites\/23\/2025\/10\/FIJR31_POST_MEASURES_00001-240x300.jpg 240w, https:\/\/www.filmfest-granada.com\/2025\/wp-content\/uploads\/sites\/23\/2025\/10\/FIJR31_POST_MEASURES_00001-819x1024.jpg 819w, https:\/\/www.filmfest-granada.com\/2025\/wp-content\/uploads\/sites\/23\/2025\/10\/FIJR31_POST_MEASURES_00001-768x960.jpg 768w, https:\/\/www.filmfest-granada.com\/2025\/wp-content\/uploads\/sites\/23\/2025\/10\/FIJR31_POST_MEASURES_00001-1229x1536.jpg 1229w\" sizes=\"(max-width: 1500px) 100vw, 1500px\" \/>\t\t\t\t\t\t\t\t\t\t\t\t\t\t\t<\/div>\n\t\t\t\t<\/div>\n\t\t\t\t<\/div>\n\t\t<div class=\"elementor-element elementor-element-329ec3f e-con-full event e-flex e-con e-child\" data-id=\"329ec3f\" data-element_type=\"container\">\n\t\t<div class=\"elementor-element elementor-element-ae5e3a4 e-con-full e-flex e-con e-child\" data-id=\"ae5e3a4\" data-element_type=\"container\">\n\t\t\t\t<div class=\"elementor-element elementor-element-1d8fd90 elementor-widget elementor-widget-image\" data-id=\"1d8fd90\" data-element_type=\"widget\" data-widget_type=\"image.default\">\n\t\t\t\t<div class=\"elementor-widget-container\">\n\t\t\t\t\t\t\t\t\t\t\t\t\t\t\t<img decoding=\"async\" width=\"512\" height=\"512\" src=\"https:\/\/www.filmfest-granada.com\/2025\/wp-content\/uploads\/sites\/23\/2025\/07\/cropped-FIJR31_WEB_favicon.png\" class=\"attachment-large size-large wp-image-497\" alt=\"\" srcset=\"https:\/\/www.filmfest-granada.com\/2025\/wp-content\/uploads\/sites\/23\/2025\/07\/cropped-FIJR31_WEB_favicon.png 512w, https:\/\/www.filmfest-granada.com\/2025\/wp-content\/uploads\/sites\/23\/2025\/07\/cropped-FIJR31_WEB_favicon-300x300.png 300w, https:\/\/www.filmfest-granada.com\/2025\/wp-content\/uploads\/sites\/23\/2025\/07\/cropped-FIJR31_WEB_favicon-150x150.png 150w, https:\/\/www.filmfest-granada.com\/2025\/wp-content\/uploads\/sites\/23\/2025\/07\/cropped-FIJR31_WEB_favicon-270x270.png 270w, https:\/\/www.filmfest-granada.com\/2025\/wp-content\/uploads\/sites\/23\/2025\/07\/cropped-FIJR31_WEB_favicon-192x192.png 192w, https:\/\/www.filmfest-granada.com\/2025\/wp-content\/uploads\/sites\/23\/2025\/07\/cropped-FIJR31_WEB_favicon-180x180.png 180w, https:\/\/www.filmfest-granada.com\/2025\/wp-content\/uploads\/sites\/23\/2025\/07\/cropped-FIJR31_WEB_favicon-32x32.png 32w\" sizes=\"(max-width: 512px) 100vw, 512px\" \/>\t\t\t\t\t\t\t\t\t\t\t\t\t\t\t<\/div>\n\t\t\t\t<\/div>\n\t\t<div class=\"elementor-element elementor-element-b9bc961 e-con-full e-flex e-con e-child\" data-id=\"b9bc961\" data-element_type=\"container\">\n\t\t\t\t<div class=\"elementor-element elementor-element-47ad85c elementor-widget elementor-widget-heading\" data-id=\"47ad85c\" data-element_type=\"widget\" data-widget_type=\"heading.default\">\n\t\t\t\t<div class=\"elementor-widget-container\">\n\t\t\t\t\t<h2 class=\"elementor-heading-title elementor-size-default\">SESIONES ESPECIALES<\/h2>\t\t\t\t<\/div>\n\t\t\t\t<\/div>\n\t\t\t\t<div class=\"elementor-element elementor-element-b91d9a8 elementor-widget elementor-widget-heading\" data-id=\"b91d9a8\" data-element_type=\"widget\" data-widget_type=\"heading.default\">\n\t\t\t\t<div class=\"elementor-widget-container\">\n\t\t\t\t\t<h3 class=\"elementor-heading-title elementor-size-default\">Measures for a Funeral<\/h3>\t\t\t\t<\/div>\n\t\t\t\t<\/div>\n\t\t\t\t<\/div>\n\t\t\t\t<\/div>\n\t\t<div class=\"elementor-element elementor-element-f291721 e-con-full e-flex e-con e-child\" data-id=\"f291721\" data-element_type=\"container\">\n\t\t\t\t<div class=\"elementor-element elementor-element-7eb91c6 elementor-widget elementor-widget-heading\" data-id=\"7eb91c6\" data-element_type=\"widget\" data-widget_type=\"heading.default\">\n\t\t\t\t<div class=\"elementor-widget-container\">\n\t\t\t\t\t<span class=\"elementor-heading-title elementor-size-default\">Mi\u00e9rcoles 22<\/span>\t\t\t\t<\/div>\n\t\t\t\t<\/div>\n\t\t\t\t<div class=\"elementor-element elementor-element-d4c956b elementor-widget elementor-widget-heading\" data-id=\"d4c956b\" data-element_type=\"widget\" data-widget_type=\"heading.default\">\n\t\t\t\t<div class=\"elementor-widget-container\">\n\t\t\t\t\t<span class=\"elementor-heading-title elementor-size-default\">18:00<\/span>\t\t\t\t<\/div>\n\t\t\t\t<\/div>\n\t\t\t\t<div class=\"elementor-element elementor-element-1febaf6 elementor-widget elementor-widget-heading\" data-id=\"1febaf6\" data-element_type=\"widget\" data-widget_type=\"heading.default\">\n\t\t\t\t<div class=\"elementor-widget-container\">\n\t\t\t\t\t<span class=\"elementor-heading-title elementor-size-default\">Teatro Isabel La Cat\u00f3lica<\/span>\t\t\t\t<\/div>\n\t\t\t\t<\/div>\n\t\t\t\t<div class=\"elementor-element elementor-element-a96234c elementor-widget elementor-widget-heading\" data-id=\"a96234c\" data-element_type=\"widget\" data-widget_type=\"heading.default\">\n\t\t\t\t<div class=\"elementor-widget-container\">\n\t\t\t\t\t<span class=\"elementor-heading-title elementor-size-default\">142'<\/span>\t\t\t\t<\/div>\n\t\t\t\t<\/div>\n\t\t\t\t<\/div>\n\t\t\t\t<div class=\"elementor-element elementor-element-a12cee2 elementor-widget-divider--view-line elementor-widget elementor-widget-divider\" data-id=\"a12cee2\" data-element_type=\"widget\" data-widget_type=\"divider.default\">\n\t\t\t\t<div class=\"elementor-widget-container\">\n\t\t\t\t\t\t\t<div class=\"elementor-divider\">\n\t\t\t<span class=\"elementor-divider-separator\">\n\t\t\t\t\t\t<\/span>\n\t\t<\/div>\n\t\t\t\t\t\t<\/div>\n\t\t\t\t<\/div>\n\t\t<div class=\"elementor-element elementor-element-b0cf621 e-con-full card-info e-flex e-con e-child\" data-id=\"b0cf621\" data-element_type=\"container\">\n\t\t\t\t<div class=\"elementor-element elementor-element-787ab06 card-info elementor-widget elementor-widget-heading\" data-id=\"787ab06\" data-element_type=\"widget\" data-widget_type=\"heading.default\">\n\t\t\t\t<div class=\"elementor-widget-container\">\n\t\t\t\t\t<span class=\"elementor-heading-title elementor-size-default\">Sofia Bohdanowicz<\/span>\t\t\t\t<\/div>\n\t\t\t\t<\/div>\n\t\t\t\t<div class=\"elementor-element elementor-element-b2bd9cf card-info elementor-widget elementor-widget-heading\" data-id=\"b2bd9cf\" data-element_type=\"widget\" data-widget_type=\"heading.default\">\n\t\t\t\t<div class=\"elementor-widget-container\">\n\t\t\t\t\t<span class=\"elementor-heading-title elementor-size-default\"><strong>\u00b7<\/strong><\/span>\t\t\t\t<\/div>\n\t\t\t\t<\/div>\n\t\t\t\t<div class=\"elementor-element elementor-element-51e8573 card-info elementor-widget elementor-widget-heading\" data-id=\"51e8573\" data-element_type=\"widget\" data-widget_type=\"heading.default\">\n\t\t\t\t<div class=\"elementor-widget-container\">\n\t\t\t\t\t<span class=\"elementor-heading-title elementor-size-default\">CANAD\u00c1<\/span>\t\t\t\t<\/div>\n\t\t\t\t<\/div>\n\t\t\t\t<div class=\"elementor-element elementor-element-467f15f card-info elementor-widget elementor-widget-heading\" data-id=\"467f15f\" data-element_type=\"widget\" data-widget_type=\"heading.default\">\n\t\t\t\t<div class=\"elementor-widget-container\">\n\t\t\t\t\t<span class=\"elementor-heading-title elementor-size-default\"><strong>\u00b7<\/strong><\/span>\t\t\t\t<\/div>\n\t\t\t\t<\/div>\n\t\t\t\t<div class=\"elementor-element elementor-element-bd2493f card-info elementor-widget elementor-widget-heading\" data-id=\"bd2493f\" data-element_type=\"widget\" data-widget_type=\"heading.default\">\n\t\t\t\t<div class=\"elementor-widget-container\">\n\t\t\t\t\t<span class=\"elementor-heading-title elementor-size-default\">2024<\/span>\t\t\t\t<\/div>\n\t\t\t\t<\/div>\n\t\t\t\t<div class=\"elementor-element elementor-element-24eddb8 card-info elementor-widget elementor-widget-heading\" data-id=\"24eddb8\" data-element_type=\"widget\" data-widget_type=\"heading.default\">\n\t\t\t\t<div class=\"elementor-widget-container\">\n\t\t\t\t\t<span class=\"elementor-heading-title elementor-size-default\"><strong>\u00b7<\/strong><\/span>\t\t\t\t<\/div>\n\t\t\t\t<\/div>\n\t\t\t\t<div class=\"elementor-element elementor-element-009c7ee card-info elementor-widget elementor-widget-heading\" data-id=\"009c7ee\" data-element_type=\"widget\" data-widget_type=\"heading.default\">\n\t\t\t\t<div class=\"elementor-widget-container\">\n\t\t\t\t\t<span class=\"elementor-heading-title elementor-size-default\">142\u2019<\/span>\t\t\t\t<\/div>\n\t\t\t\t<\/div>\n\t\t\t\t<\/div>\n\t\t\t\t<div class=\"elementor-element elementor-element-79e7bec bloque-text elementor-widget elementor-widget-text-editor\" data-id=\"79e7bec\" data-element_type=\"widget\" data-widget_type=\"text-editor.default\">\n\t\t\t\t<div class=\"elementor-widget-container\">\n\t\t\t\t\t\t\t\t\t<p><b>La cineasta canadiense Sofia Bohdanowicz, reconocida por su trayectoria en el cortometraje y la no-ficci\u00f3n, da un salto en su carrera con su primer largometraje de ficci\u00f3n en solitario. Un ambicioso e intrigante thriller de autor, ambientado en el mundo de la m\u00fasica cl\u00e1sica, que cuenta en su reparto con la violinista granadina Mar\u00eda Due\u00f1as.<\/b><\/p>\t\t\t\t\t\t\t\t<\/div>\n\t\t\t\t<\/div>\n\t\t\t\t<div class=\"elementor-element elementor-element-21cf0db bloque-text elementor-widget elementor-widget-text-editor\" data-id=\"21cf0db\" data-element_type=\"widget\" data-widget_type=\"text-editor.default\">\n\t\t\t\t<div class=\"elementor-widget-container\">\n\t\t\t\t\t\t\t\t\t<p><span style=\"font-weight: 400\"><strong>Sinopsis:<\/strong> Audrey Benac, una joven investigadora, inicia un viaje intenso y fantasmag\u00f3rico en busca de restaurar el legado de Kathleen Parlow, una olvidada violinista canadiense. La pel\u00edcula supone el sorprendente debut como actriz de Mar\u00eda Due\u00f1as, cuya interpretaci\u00f3n junto a la Orquesta Metropolitana de Montreal del Opus 28, el concierto para viol\u00edn de Halvorsen,<\/span><span style=\"font-weight: 400\">\u00a0<\/span><span style=\"font-weight: 400\">vale por s\u00ed sola el precio de la entrada.<\/span><\/p>\t\t\t\t\t\t\t\t<\/div>\n\t\t\t\t<\/div>\n\t\t\t\t<div class=\"elementor-element elementor-element-c994b5f card-info elementor-widget elementor-widget-heading\" data-id=\"c994b5f\" data-element_type=\"widget\" data-widget_type=\"heading.default\">\n\t\t\t\t<div class=\"elementor-widget-container\">\n\t\t\t\t\t<span class=\"elementor-heading-title elementor-size-default\">PRESENTACI\u00d3N Y COLOQUIO CON LA DIRECTORA<\/span>\t\t\t\t<\/div>\n\t\t\t\t<\/div>\n\t\t\t\t<div class=\"elementor-element elementor-element-ffc18cd elementor-align-right elementor-widget elementor-widget-button\" data-id=\"ffc18cd\" data-element_type=\"widget\" data-widget_type=\"button.default\">\n\t\t\t\t<div class=\"elementor-widget-container\">\n\t\t\t\t\t\t\t\t\t<div class=\"elementor-button-wrapper\">\n\t\t\t\t\t<a class=\"elementor-button elementor-button-link elementor-size-sm\" href=\"https:\/\/www.redentradas.com\/?entradas=measures-for-a-funeral&#038;provincia=granada&#038;cpro=18&#038;eid=3449\" target=\"_blank\">\n\t\t\t\t\t\t<span class=\"elementor-button-content-wrapper\">\n\t\t\t\t\t\t\t\t\t<span class=\"elementor-button-text\">ENTRADAS<\/span>\n\t\t\t\t\t<\/span>\n\t\t\t\t\t<\/a>\n\t\t\t\t<\/div>\n\t\t\t\t\t\t\t\t<\/div>\n\t\t\t\t<\/div>\n\t\t\t\t<\/div>\n\t\t\t\t<\/div>\n\t\t<div class=\"elementor-element elementor-element-612c959 e-con-full e-grid e-con e-child\" data-id=\"612c959\" data-element_type=\"container\" id=\"aro-berria\">\n\t\t<div class=\"elementor-element elementor-element-aa85a37 e-con-full e-flex e-con e-child\" data-id=\"aa85a37\" data-element_type=\"container\">\n\t\t\t\t<div class=\"elementor-element elementor-element-d438c83 elementor-widget elementor-widget-image\" data-id=\"d438c83\" data-element_type=\"widget\" data-widget_type=\"image.default\">\n\t\t\t\t<div class=\"elementor-widget-container\">\n\t\t\t\t\t\t\t\t\t\t\t\t\t\t\t<img loading=\"lazy\" decoding=\"async\" width=\"1500\" height=\"1875\" src=\"https:\/\/www.filmfest-granada.com\/2025\/wp-content\/uploads\/sites\/23\/2025\/10\/FIJR31_POST_AROBERRIA.jpg\" class=\"attachment-full size-full wp-image-1177\" alt=\"\" srcset=\"https:\/\/www.filmfest-granada.com\/2025\/wp-content\/uploads\/sites\/23\/2025\/10\/FIJR31_POST_AROBERRIA.jpg 1500w, https:\/\/www.filmfest-granada.com\/2025\/wp-content\/uploads\/sites\/23\/2025\/10\/FIJR31_POST_AROBERRIA-240x300.jpg 240w, https:\/\/www.filmfest-granada.com\/2025\/wp-content\/uploads\/sites\/23\/2025\/10\/FIJR31_POST_AROBERRIA-819x1024.jpg 819w, https:\/\/www.filmfest-granada.com\/2025\/wp-content\/uploads\/sites\/23\/2025\/10\/FIJR31_POST_AROBERRIA-768x960.jpg 768w, https:\/\/www.filmfest-granada.com\/2025\/wp-content\/uploads\/sites\/23\/2025\/10\/FIJR31_POST_AROBERRIA-1229x1536.jpg 1229w\" sizes=\"(max-width: 1500px) 100vw, 1500px\" \/>\t\t\t\t\t\t\t\t\t\t\t\t\t\t\t<\/div>\n\t\t\t\t<\/div>\n\t\t\t\t<\/div>\n\t\t<div class=\"elementor-element elementor-element-f378412 e-con-full event e-flex e-con e-child\" data-id=\"f378412\" data-element_type=\"container\">\n\t\t<div class=\"elementor-element elementor-element-cc5377f e-con-full e-flex e-con e-child\" data-id=\"cc5377f\" data-element_type=\"container\">\n\t\t\t\t<div class=\"elementor-element elementor-element-78fb948 elementor-widget elementor-widget-image\" data-id=\"78fb948\" data-element_type=\"widget\" data-widget_type=\"image.default\">\n\t\t\t\t<div class=\"elementor-widget-container\">\n\t\t\t\t\t\t\t\t\t\t\t\t\t\t\t<img decoding=\"async\" width=\"512\" height=\"512\" src=\"https:\/\/www.filmfest-granada.com\/2025\/wp-content\/uploads\/sites\/23\/2025\/07\/cropped-FIJR31_WEB_favicon.png\" class=\"attachment-large size-large wp-image-497\" alt=\"\" srcset=\"https:\/\/www.filmfest-granada.com\/2025\/wp-content\/uploads\/sites\/23\/2025\/07\/cropped-FIJR31_WEB_favicon.png 512w, https:\/\/www.filmfest-granada.com\/2025\/wp-content\/uploads\/sites\/23\/2025\/07\/cropped-FIJR31_WEB_favicon-300x300.png 300w, https:\/\/www.filmfest-granada.com\/2025\/wp-content\/uploads\/sites\/23\/2025\/07\/cropped-FIJR31_WEB_favicon-150x150.png 150w, https:\/\/www.filmfest-granada.com\/2025\/wp-content\/uploads\/sites\/23\/2025\/07\/cropped-FIJR31_WEB_favicon-270x270.png 270w, https:\/\/www.filmfest-granada.com\/2025\/wp-content\/uploads\/sites\/23\/2025\/07\/cropped-FIJR31_WEB_favicon-192x192.png 192w, https:\/\/www.filmfest-granada.com\/2025\/wp-content\/uploads\/sites\/23\/2025\/07\/cropped-FIJR31_WEB_favicon-180x180.png 180w, https:\/\/www.filmfest-granada.com\/2025\/wp-content\/uploads\/sites\/23\/2025\/07\/cropped-FIJR31_WEB_favicon-32x32.png 32w\" sizes=\"(max-width: 512px) 100vw, 512px\" \/>\t\t\t\t\t\t\t\t\t\t\t\t\t\t\t<\/div>\n\t\t\t\t<\/div>\n\t\t<div class=\"elementor-element elementor-element-c07f6ee e-con-full e-flex e-con e-child\" data-id=\"c07f6ee\" data-element_type=\"container\">\n\t\t\t\t<div class=\"elementor-element elementor-element-c59024f elementor-widget elementor-widget-heading\" data-id=\"c59024f\" data-element_type=\"widget\" data-widget_type=\"heading.default\">\n\t\t\t\t<div class=\"elementor-widget-container\">\n\t\t\t\t\t<h2 class=\"elementor-heading-title elementor-size-default\">SESIONES ESPECIALES<\/h2>\t\t\t\t<\/div>\n\t\t\t\t<\/div>\n\t\t\t\t<div class=\"elementor-element elementor-element-10e1ac2 elementor-widget elementor-widget-heading\" data-id=\"10e1ac2\" data-element_type=\"widget\" data-widget_type=\"heading.default\">\n\t\t\t\t<div class=\"elementor-widget-container\">\n\t\t\t\t\t<h3 class=\"elementor-heading-title elementor-size-default\">Aro Berria<\/h3>\t\t\t\t<\/div>\n\t\t\t\t<\/div>\n\t\t\t\t<\/div>\n\t\t\t\t<\/div>\n\t\t<div class=\"elementor-element elementor-element-b684eac e-con-full e-flex e-con e-child\" data-id=\"b684eac\" data-element_type=\"container\">\n\t\t\t\t<div class=\"elementor-element elementor-element-82d0984 elementor-widget elementor-widget-heading\" data-id=\"82d0984\" data-element_type=\"widget\" data-widget_type=\"heading.default\">\n\t\t\t\t<div class=\"elementor-widget-container\">\n\t\t\t\t\t<span class=\"elementor-heading-title elementor-size-default\">Jueves 23<\/span>\t\t\t\t<\/div>\n\t\t\t\t<\/div>\n\t\t\t\t<div class=\"elementor-element elementor-element-fabfdf9 elementor-widget elementor-widget-heading\" data-id=\"fabfdf9\" data-element_type=\"widget\" data-widget_type=\"heading.default\">\n\t\t\t\t<div class=\"elementor-widget-container\">\n\t\t\t\t\t<span class=\"elementor-heading-title elementor-size-default\">18:00<\/span>\t\t\t\t<\/div>\n\t\t\t\t<\/div>\n\t\t\t\t<div class=\"elementor-element elementor-element-8b980de elementor-widget elementor-widget-heading\" data-id=\"8b980de\" data-element_type=\"widget\" data-widget_type=\"heading.default\">\n\t\t\t\t<div class=\"elementor-widget-container\">\n\t\t\t\t\t<span class=\"elementor-heading-title elementor-size-default\">Teatro Isabel La Cat\u00f3lica<\/span>\t\t\t\t<\/div>\n\t\t\t\t<\/div>\n\t\t\t\t<div class=\"elementor-element elementor-element-3e5b989 elementor-widget elementor-widget-heading\" data-id=\"3e5b989\" data-element_type=\"widget\" data-widget_type=\"heading.default\">\n\t\t\t\t<div class=\"elementor-widget-container\">\n\t\t\t\t\t<span class=\"elementor-heading-title elementor-size-default\">101'<\/span>\t\t\t\t<\/div>\n\t\t\t\t<\/div>\n\t\t\t\t<\/div>\n\t\t\t\t<div class=\"elementor-element elementor-element-2cb21d3 elementor-widget-divider--view-line elementor-widget elementor-widget-divider\" data-id=\"2cb21d3\" data-element_type=\"widget\" data-widget_type=\"divider.default\">\n\t\t\t\t<div class=\"elementor-widget-container\">\n\t\t\t\t\t\t\t<div class=\"elementor-divider\">\n\t\t\t<span class=\"elementor-divider-separator\">\n\t\t\t\t\t\t<\/span>\n\t\t<\/div>\n\t\t\t\t\t\t<\/div>\n\t\t\t\t<\/div>\n\t\t<div class=\"elementor-element elementor-element-ae21db7 e-con-full card-info e-flex e-con e-child\" data-id=\"ae21db7\" data-element_type=\"container\">\n\t\t\t\t<div class=\"elementor-element elementor-element-0179330 card-info elementor-widget elementor-widget-heading\" data-id=\"0179330\" data-element_type=\"widget\" data-widget_type=\"heading.default\">\n\t\t\t\t<div class=\"elementor-widget-container\">\n\t\t\t\t\t<span class=\"elementor-heading-title elementor-size-default\">Irati Gorostidi<\/span>\t\t\t\t<\/div>\n\t\t\t\t<\/div>\n\t\t\t\t<div class=\"elementor-element elementor-element-fccdcea card-info elementor-widget elementor-widget-heading\" data-id=\"fccdcea\" data-element_type=\"widget\" data-widget_type=\"heading.default\">\n\t\t\t\t<div class=\"elementor-widget-container\">\n\t\t\t\t\t<span class=\"elementor-heading-title elementor-size-default\"><strong>\u00b7<\/strong><\/span>\t\t\t\t<\/div>\n\t\t\t\t<\/div>\n\t\t\t\t<div class=\"elementor-element elementor-element-a96a6ea card-info elementor-widget elementor-widget-heading\" data-id=\"a96a6ea\" data-element_type=\"widget\" data-widget_type=\"heading.default\">\n\t\t\t\t<div class=\"elementor-widget-container\">\n\t\t\t\t\t<span class=\"elementor-heading-title elementor-size-default\">ESPA\u00d1A<\/span>\t\t\t\t<\/div>\n\t\t\t\t<\/div>\n\t\t\t\t<div class=\"elementor-element elementor-element-690c267 card-info elementor-widget elementor-widget-heading\" data-id=\"690c267\" data-element_type=\"widget\" data-widget_type=\"heading.default\">\n\t\t\t\t<div class=\"elementor-widget-container\">\n\t\t\t\t\t<span class=\"elementor-heading-title elementor-size-default\"><strong>\u00b7<\/strong><\/span>\t\t\t\t<\/div>\n\t\t\t\t<\/div>\n\t\t\t\t<div class=\"elementor-element elementor-element-5da4d33 card-info elementor-widget elementor-widget-heading\" data-id=\"5da4d33\" data-element_type=\"widget\" data-widget_type=\"heading.default\">\n\t\t\t\t<div class=\"elementor-widget-container\">\n\t\t\t\t\t<span class=\"elementor-heading-title elementor-size-default\">2025<\/span>\t\t\t\t<\/div>\n\t\t\t\t<\/div>\n\t\t\t\t<div class=\"elementor-element elementor-element-1846225 card-info elementor-widget elementor-widget-heading\" data-id=\"1846225\" data-element_type=\"widget\" data-widget_type=\"heading.default\">\n\t\t\t\t<div class=\"elementor-widget-container\">\n\t\t\t\t\t<span class=\"elementor-heading-title elementor-size-default\"><strong>\u00b7<\/strong><\/span>\t\t\t\t<\/div>\n\t\t\t\t<\/div>\n\t\t\t\t<div class=\"elementor-element elementor-element-43fe040 card-info elementor-widget elementor-widget-heading\" data-id=\"43fe040\" data-element_type=\"widget\" data-widget_type=\"heading.default\">\n\t\t\t\t<div class=\"elementor-widget-container\">\n\t\t\t\t\t<span class=\"elementor-heading-title elementor-size-default\">101'<\/span>\t\t\t\t<\/div>\n\t\t\t\t<\/div>\n\t\t\t\t<\/div>\n\t\t\t\t<div class=\"elementor-element elementor-element-94bfb79 bloque-text elementor-widget elementor-widget-text-editor\" data-id=\"94bfb79\" data-element_type=\"widget\" data-widget_type=\"text-editor.default\">\n\t\t\t\t<div class=\"elementor-widget-container\">\n\t\t\t\t\t\t\t\t\t<p><b>Menci\u00f3n especial en la secci\u00f3n New Directors del Festival de San Sebasti\u00e1n, la \u00f3pera prima de Irati Gorostidi Agirretxe parte de un suceso real, una comuna en el valle de Ultzama donde sus integrantes se buscan a s\u00ed mismos a trav\u00e9s del cuerpo y la mente.<\/b><\/p>\t\t\t\t\t\t\t\t<\/div>\n\t\t\t\t<\/div>\n\t\t\t\t<div class=\"elementor-element elementor-element-94f9c08 bloque-text elementor-widget elementor-widget-text-editor\" data-id=\"94f9c08\" data-element_type=\"widget\" data-widget_type=\"text-editor.default\">\n\t\t\t\t<div class=\"elementor-widget-container\">\n\t\t\t\t\t\t\t\t\t<p><span style=\"font-weight: 400\"><strong>Sinopsis: <\/strong><\/span><span style=\"font-weight: 400\">En la Donostia de 1978, un grupo de trabajadores de la f\u00e1brica de contadores de agua debaten una huelga que no prospera. Decepcionados, algunos cambian el trabajo por una comunidad aislada en las monta\u00f1as, donde emprenden una intensa b\u00fasqueda cat\u00e1rtica.<\/span><\/p>\t\t\t\t\t\t\t\t<\/div>\n\t\t\t\t<\/div>\n\t\t\t\t<div class=\"elementor-element elementor-element-2310ec4 card-info elementor-widget elementor-widget-heading\" data-id=\"2310ec4\" data-element_type=\"widget\" data-widget_type=\"heading.default\">\n\t\t\t\t<div class=\"elementor-widget-container\">\n\t\t\t\t\t<span class=\"elementor-heading-title elementor-size-default\">PRESENTACI\u00d3N CON LA DIRECTORA<\/span>\t\t\t\t<\/div>\n\t\t\t\t<\/div>\n\t\t\t\t<div class=\"elementor-element elementor-element-bdafe61 elementor-align-right elementor-widget elementor-widget-button\" data-id=\"bdafe61\" data-element_type=\"widget\" data-widget_type=\"button.default\">\n\t\t\t\t<div class=\"elementor-widget-container\">\n\t\t\t\t\t\t\t\t\t<div class=\"elementor-button-wrapper\">\n\t\t\t\t\t<a class=\"elementor-button elementor-button-link elementor-size-sm\" href=\"https:\/\/www.redentradas.com\/?entradas=aro-berria&#038;provincia=granada&#038;cpro=18&#038;eid=3440\" target=\"_blank\">\n\t\t\t\t\t\t<span class=\"elementor-button-content-wrapper\">\n\t\t\t\t\t\t\t\t\t<span class=\"elementor-button-text\">ENTRADAS<\/span>\n\t\t\t\t\t<\/span>\n\t\t\t\t\t<\/a>\n\t\t\t\t<\/div>\n\t\t\t\t\t\t\t\t<\/div>\n\t\t\t\t<\/div>\n\t\t\t\t<\/div>\n\t\t\t\t<\/div>\n\t\t<div class=\"elementor-element elementor-element-a3a10e4 e-con-full e-grid e-con e-child\" data-id=\"a3a10e4\" data-element_type=\"container\" id=\"ciber\">\n\t\t<div class=\"elementor-element elementor-element-d850db1 e-con-full e-flex e-con e-child\" data-id=\"d850db1\" data-element_type=\"container\">\n\t\t\t\t<div class=\"elementor-element elementor-element-4c99fa6 elementor-widget elementor-widget-image\" data-id=\"4c99fa6\" data-element_type=\"widget\" data-widget_type=\"image.default\">\n\t\t\t\t<div class=\"elementor-widget-container\">\n\t\t\t\t\t\t\t\t\t\t\t\t\t\t\t<img loading=\"lazy\" decoding=\"async\" width=\"1500\" height=\"1875\" src=\"https:\/\/www.filmfest-granada.com\/2025\/wp-content\/uploads\/sites\/23\/2025\/10\/01_FIJR31_POST_CIBERLOCUTORIO.jpg\" class=\"attachment-full size-full wp-image-1200\" alt=\"\" srcset=\"https:\/\/www.filmfest-granada.com\/2025\/wp-content\/uploads\/sites\/23\/2025\/10\/01_FIJR31_POST_CIBERLOCUTORIO.jpg 1500w, https:\/\/www.filmfest-granada.com\/2025\/wp-content\/uploads\/sites\/23\/2025\/10\/01_FIJR31_POST_CIBERLOCUTORIO-240x300.jpg 240w, https:\/\/www.filmfest-granada.com\/2025\/wp-content\/uploads\/sites\/23\/2025\/10\/01_FIJR31_POST_CIBERLOCUTORIO-819x1024.jpg 819w, https:\/\/www.filmfest-granada.com\/2025\/wp-content\/uploads\/sites\/23\/2025\/10\/01_FIJR31_POST_CIBERLOCUTORIO-768x960.jpg 768w, https:\/\/www.filmfest-granada.com\/2025\/wp-content\/uploads\/sites\/23\/2025\/10\/01_FIJR31_POST_CIBERLOCUTORIO-1229x1536.jpg 1229w\" sizes=\"(max-width: 1500px) 100vw, 1500px\" \/>\t\t\t\t\t\t\t\t\t\t\t\t\t\t\t<\/div>\n\t\t\t\t<\/div>\n\t\t\t\t<\/div>\n\t\t<div class=\"elementor-element elementor-element-22bfa16 e-con-full event e-flex e-con e-child\" data-id=\"22bfa16\" data-element_type=\"container\">\n\t\t<div class=\"elementor-element elementor-element-0bde46c e-con-full e-flex e-con e-child\" data-id=\"0bde46c\" data-element_type=\"container\">\n\t\t\t\t<div class=\"elementor-element elementor-element-301f9e3 elementor-widget elementor-widget-image\" data-id=\"301f9e3\" data-element_type=\"widget\" data-widget_type=\"image.default\">\n\t\t\t\t<div class=\"elementor-widget-container\">\n\t\t\t\t\t\t\t\t\t\t\t\t\t\t\t<img decoding=\"async\" width=\"512\" height=\"512\" src=\"https:\/\/www.filmfest-granada.com\/2025\/wp-content\/uploads\/sites\/23\/2025\/07\/cropped-FIJR31_WEB_favicon.png\" class=\"attachment-large size-large wp-image-497\" alt=\"\" srcset=\"https:\/\/www.filmfest-granada.com\/2025\/wp-content\/uploads\/sites\/23\/2025\/07\/cropped-FIJR31_WEB_favicon.png 512w, https:\/\/www.filmfest-granada.com\/2025\/wp-content\/uploads\/sites\/23\/2025\/07\/cropped-FIJR31_WEB_favicon-300x300.png 300w, https:\/\/www.filmfest-granada.com\/2025\/wp-content\/uploads\/sites\/23\/2025\/07\/cropped-FIJR31_WEB_favicon-150x150.png 150w, https:\/\/www.filmfest-granada.com\/2025\/wp-content\/uploads\/sites\/23\/2025\/07\/cropped-FIJR31_WEB_favicon-270x270.png 270w, https:\/\/www.filmfest-granada.com\/2025\/wp-content\/uploads\/sites\/23\/2025\/07\/cropped-FIJR31_WEB_favicon-192x192.png 192w, https:\/\/www.filmfest-granada.com\/2025\/wp-content\/uploads\/sites\/23\/2025\/07\/cropped-FIJR31_WEB_favicon-180x180.png 180w, https:\/\/www.filmfest-granada.com\/2025\/wp-content\/uploads\/sites\/23\/2025\/07\/cropped-FIJR31_WEB_favicon-32x32.png 32w\" sizes=\"(max-width: 512px) 100vw, 512px\" \/>\t\t\t\t\t\t\t\t\t\t\t\t\t\t\t<\/div>\n\t\t\t\t<\/div>\n\t\t<div class=\"elementor-element elementor-element-15fb345 e-con-full e-flex e-con e-child\" data-id=\"15fb345\" data-element_type=\"container\">\n\t\t\t\t<div class=\"elementor-element elementor-element-2eb8a41 elementor-widget elementor-widget-heading\" data-id=\"2eb8a41\" data-element_type=\"widget\" data-widget_type=\"heading.default\">\n\t\t\t\t<div class=\"elementor-widget-container\">\n\t\t\t\t\t<h2 class=\"elementor-heading-title elementor-size-default\">SESIONES ESPECIALES<\/h2>\t\t\t\t<\/div>\n\t\t\t\t<\/div>\n\t\t\t\t<div class=\"elementor-element elementor-element-7d9d0c8 elementor-widget elementor-widget-heading\" data-id=\"7d9d0c8\" data-element_type=\"widget\" data-widget_type=\"heading.default\">\n\t\t\t\t<div class=\"elementor-widget-container\">\n\t\t\t\t\t<h3 class=\"elementor-heading-title elementor-size-default\">Podcast Ciberlocutorio<\/h3>\t\t\t\t<\/div>\n\t\t\t\t<\/div>\n\t\t\t\t<\/div>\n\t\t\t\t<\/div>\n\t\t<div class=\"elementor-element elementor-element-35f4b8c e-con-full e-flex e-con e-child\" data-id=\"35f4b8c\" data-element_type=\"container\">\n\t\t\t\t<div class=\"elementor-element elementor-element-9626a1b elementor-widget elementor-widget-heading\" data-id=\"9626a1b\" data-element_type=\"widget\" data-widget_type=\"heading.default\">\n\t\t\t\t<div class=\"elementor-widget-container\">\n\t\t\t\t\t<span class=\"elementor-heading-title elementor-size-default\">Jueves 23<\/span>\t\t\t\t<\/div>\n\t\t\t\t<\/div>\n\t\t\t\t<div class=\"elementor-element elementor-element-5bf5fbf elementor-widget elementor-widget-heading\" data-id=\"5bf5fbf\" data-element_type=\"widget\" data-widget_type=\"heading.default\">\n\t\t\t\t<div class=\"elementor-widget-container\">\n\t\t\t\t\t<span class=\"elementor-heading-title elementor-size-default\">21:00<\/span>\t\t\t\t<\/div>\n\t\t\t\t<\/div>\n\t\t\t\t<div class=\"elementor-element elementor-element-193feda elementor-widget elementor-widget-heading\" data-id=\"193feda\" data-element_type=\"widget\" data-widget_type=\"heading.default\">\n\t\t\t\t<div class=\"elementor-widget-container\">\n\t\t\t\t\t<span class=\"elementor-heading-title elementor-size-default\">Teatro Isabel La Cat\u00f3lica<\/span>\t\t\t\t<\/div>\n\t\t\t\t<\/div>\n\t\t\t\t<\/div>\n\t\t\t\t<div class=\"elementor-element elementor-element-cf293f4 elementor-widget-divider--view-line elementor-widget elementor-widget-divider\" data-id=\"cf293f4\" data-element_type=\"widget\" data-widget_type=\"divider.default\">\n\t\t\t\t<div class=\"elementor-widget-container\">\n\t\t\t\t\t\t\t<div class=\"elementor-divider\">\n\t\t\t<span class=\"elementor-divider-separator\">\n\t\t\t\t\t\t<\/span>\n\t\t<\/div>\n\t\t\t\t\t\t<\/div>\n\t\t\t\t<\/div>\n\t\t\t\t<div class=\"elementor-element elementor-element-f8c7048 bloque-text elementor-widget elementor-widget-text-editor\" data-id=\"f8c7048\" data-element_type=\"widget\" data-widget_type=\"text-editor.default\">\n\t\t\t\t<div class=\"elementor-widget-container\">\n\t\t\t\t\t\t\t\t\t<p><strong>Ciberlocutorio es un podcast dirigido y presentado por Andrea Gumes y Anna Pacheco en Radio Primavera Sound. Un espacio seguro entre amigas en el que abordan temas de la cultura popular, las redes sociales o la actualidad social con su habitual mezcla de humor, iron\u00eda y mirada cr\u00edtica que ha conquistado a miles de oyentes en todo el pa\u00eds.<\/strong><\/p><p><span style=\"font-weight: 400\">En este programa especial grabado en directo contar\u00e1n como invitada con Irati Gorostidi, directora de <i>Aro Berria<\/i>, que se proyectar\u00e1 ese mismo d\u00eda y sobre la que conversar\u00e1n en profundidad.<\/span><\/p>\t\t\t\t\t\t\t\t<\/div>\n\t\t\t\t<\/div>\n\t\t\t\t<div class=\"elementor-element elementor-element-2792402 elementor-align-right elementor-widget elementor-widget-button\" data-id=\"2792402\" data-element_type=\"widget\" data-widget_type=\"button.default\">\n\t\t\t\t<div class=\"elementor-widget-container\">\n\t\t\t\t\t\t\t\t\t<div class=\"elementor-button-wrapper\">\n\t\t\t\t\t<a class=\"elementor-button elementor-button-link elementor-size-sm\" href=\"https:\/\/www.redentradas.com\/?entradas=podcast-ciberlocutorio&#038;provincia=granada&#038;cpro=18&#038;eid=3441\" target=\"_blank\">\n\t\t\t\t\t\t<span class=\"elementor-button-content-wrapper\">\n\t\t\t\t\t\t\t\t\t<span class=\"elementor-button-text\">ENTRADAS<\/span>\n\t\t\t\t\t<\/span>\n\t\t\t\t\t<\/a>\n\t\t\t\t<\/div>\n\t\t\t\t\t\t\t\t<\/div>\n\t\t\t\t<\/div>\n\t\t\t\t<\/div>\n\t\t\t\t<\/div>\n\t\t<div class=\"elementor-element elementor-element-29ec072 e-con-full e-grid e-con e-child\" data-id=\"29ec072\" data-element_type=\"container\" id=\"palestina\">\n\t\t<div class=\"elementor-element elementor-element-91bc3e7 e-con-full e-flex e-con e-child\" data-id=\"91bc3e7\" data-element_type=\"container\">\n\t\t\t\t<div class=\"elementor-element elementor-element-73b0e39 elementor-widget elementor-widget-image\" data-id=\"73b0e39\" data-element_type=\"widget\" data-widget_type=\"image.default\">\n\t\t\t\t<div class=\"elementor-widget-container\">\n\t\t\t\t\t\t\t\t\t\t\t\t\t\t\t<img loading=\"lazy\" decoding=\"async\" width=\"1500\" height=\"1875\" src=\"https:\/\/www.filmfest-granada.com\/2025\/wp-content\/uploads\/sites\/23\/2025\/10\/FIJR31_POST_PALESTINA_00001.jpg\" class=\"attachment-full size-full wp-image-1274\" alt=\"\" srcset=\"https:\/\/www.filmfest-granada.com\/2025\/wp-content\/uploads\/sites\/23\/2025\/10\/FIJR31_POST_PALESTINA_00001.jpg 1500w, https:\/\/www.filmfest-granada.com\/2025\/wp-content\/uploads\/sites\/23\/2025\/10\/FIJR31_POST_PALESTINA_00001-240x300.jpg 240w, https:\/\/www.filmfest-granada.com\/2025\/wp-content\/uploads\/sites\/23\/2025\/10\/FIJR31_POST_PALESTINA_00001-819x1024.jpg 819w, https:\/\/www.filmfest-granada.com\/2025\/wp-content\/uploads\/sites\/23\/2025\/10\/FIJR31_POST_PALESTINA_00001-768x960.jpg 768w, https:\/\/www.filmfest-granada.com\/2025\/wp-content\/uploads\/sites\/23\/2025\/10\/FIJR31_POST_PALESTINA_00001-1229x1536.jpg 1229w\" sizes=\"(max-width: 1500px) 100vw, 1500px\" \/>\t\t\t\t\t\t\t\t\t\t\t\t\t\t\t<\/div>\n\t\t\t\t<\/div>\n\t\t\t\t<\/div>\n\t\t<div class=\"elementor-element elementor-element-66d7530 e-con-full event e-flex e-con e-child\" data-id=\"66d7530\" data-element_type=\"container\">\n\t\t<div class=\"elementor-element elementor-element-24a3e46 e-con-full e-flex e-con e-child\" data-id=\"24a3e46\" data-element_type=\"container\">\n\t\t\t\t<div class=\"elementor-element elementor-element-d63fdd2 elementor-widget elementor-widget-image\" data-id=\"d63fdd2\" data-element_type=\"widget\" data-widget_type=\"image.default\">\n\t\t\t\t<div class=\"elementor-widget-container\">\n\t\t\t\t\t\t\t\t\t\t\t\t\t\t\t<img decoding=\"async\" width=\"512\" height=\"512\" src=\"https:\/\/www.filmfest-granada.com\/2025\/wp-content\/uploads\/sites\/23\/2025\/07\/cropped-FIJR31_WEB_favicon.png\" class=\"attachment-large size-large wp-image-497\" alt=\"\" srcset=\"https:\/\/www.filmfest-granada.com\/2025\/wp-content\/uploads\/sites\/23\/2025\/07\/cropped-FIJR31_WEB_favicon.png 512w, https:\/\/www.filmfest-granada.com\/2025\/wp-content\/uploads\/sites\/23\/2025\/07\/cropped-FIJR31_WEB_favicon-300x300.png 300w, https:\/\/www.filmfest-granada.com\/2025\/wp-content\/uploads\/sites\/23\/2025\/07\/cropped-FIJR31_WEB_favicon-150x150.png 150w, https:\/\/www.filmfest-granada.com\/2025\/wp-content\/uploads\/sites\/23\/2025\/07\/cropped-FIJR31_WEB_favicon-270x270.png 270w, https:\/\/www.filmfest-granada.com\/2025\/wp-content\/uploads\/sites\/23\/2025\/07\/cropped-FIJR31_WEB_favicon-192x192.png 192w, https:\/\/www.filmfest-granada.com\/2025\/wp-content\/uploads\/sites\/23\/2025\/07\/cropped-FIJR31_WEB_favicon-180x180.png 180w, https:\/\/www.filmfest-granada.com\/2025\/wp-content\/uploads\/sites\/23\/2025\/07\/cropped-FIJR31_WEB_favicon-32x32.png 32w\" sizes=\"(max-width: 512px) 100vw, 512px\" \/>\t\t\t\t\t\t\t\t\t\t\t\t\t\t\t<\/div>\n\t\t\t\t<\/div>\n\t\t<div class=\"elementor-element elementor-element-bd5b229 e-con-full e-flex e-con e-child\" data-id=\"bd5b229\" data-element_type=\"container\">\n\t\t\t\t<div class=\"elementor-element elementor-element-fd828d2 elementor-widget elementor-widget-heading\" data-id=\"fd828d2\" data-element_type=\"widget\" data-widget_type=\"heading.default\">\n\t\t\t\t<div class=\"elementor-widget-container\">\n\t\t\t\t\t<h2 class=\"elementor-heading-title elementor-size-default\">SESIONES ESPECIALES<\/h2>\t\t\t\t<\/div>\n\t\t\t\t<\/div>\n\t\t\t\t<div class=\"elementor-element elementor-element-8a38c39 elementor-widget elementor-widget-heading\" data-id=\"8a38c39\" data-element_type=\"widget\" data-widget_type=\"heading.default\">\n\t\t\t\t<div class=\"elementor-widget-container\">\n\t\t\t\t\t<h3 class=\"elementor-heading-title elementor-size-default\">Cortometrajes palestinos<\/h3>\t\t\t\t<\/div>\n\t\t\t\t<\/div>\n\t\t\t\t<\/div>\n\t\t\t\t<\/div>\n\t\t<div class=\"elementor-element elementor-element-a38bf7a e-con-full e-flex e-con e-child\" data-id=\"a38bf7a\" data-element_type=\"container\">\n\t\t\t\t<div class=\"elementor-element elementor-element-e2c3639 elementor-widget elementor-widget-heading\" data-id=\"e2c3639\" data-element_type=\"widget\" data-widget_type=\"heading.default\">\n\t\t\t\t<div class=\"elementor-widget-container\">\n\t\t\t\t\t<span class=\"elementor-heading-title elementor-size-default\">Viernes 24<\/span>\t\t\t\t<\/div>\n\t\t\t\t<\/div>\n\t\t\t\t<div class=\"elementor-element elementor-element-bec671f elementor-widget elementor-widget-heading\" data-id=\"bec671f\" data-element_type=\"widget\" data-widget_type=\"heading.default\">\n\t\t\t\t<div class=\"elementor-widget-container\">\n\t\t\t\t\t<span class=\"elementor-heading-title elementor-size-default\">18:00<\/span>\t\t\t\t<\/div>\n\t\t\t\t<\/div>\n\t\t\t\t<div class=\"elementor-element elementor-element-f868654 elementor-widget elementor-widget-heading\" data-id=\"f868654\" data-element_type=\"widget\" data-widget_type=\"heading.default\">\n\t\t\t\t<div class=\"elementor-widget-container\">\n\t\t\t\t\t<span class=\"elementor-heading-title elementor-size-default\">Teatro Isabel La Cat\u00f3lica<\/span>\t\t\t\t<\/div>\n\t\t\t\t<\/div>\n\t\t\t\t<div class=\"elementor-element elementor-element-5d7704c elementor-widget elementor-widget-heading\" data-id=\"5d7704c\" data-element_type=\"widget\" data-widget_type=\"heading.default\">\n\t\t\t\t<div class=\"elementor-widget-container\">\n\t\t\t\t\t<span class=\"elementor-heading-title elementor-size-default\">98'<\/span>\t\t\t\t<\/div>\n\t\t\t\t<\/div>\n\t\t\t\t<\/div>\n\t\t\t\t<div class=\"elementor-element elementor-element-0d27509 elementor-widget-divider--view-line elementor-widget elementor-widget-divider\" data-id=\"0d27509\" data-element_type=\"widget\" data-widget_type=\"divider.default\">\n\t\t\t\t<div class=\"elementor-widget-container\">\n\t\t\t\t\t\t\t<div class=\"elementor-divider\">\n\t\t\t<span class=\"elementor-divider-separator\">\n\t\t\t\t\t\t<\/span>\n\t\t<\/div>\n\t\t\t\t\t\t<\/div>\n\t\t\t\t<\/div>\n\t\t\t\t<div class=\"elementor-element elementor-element-0781c5e bloque-text elementor-widget elementor-widget-text-editor\" data-id=\"0781c5e\" data-element_type=\"widget\" data-widget_type=\"text-editor.default\">\n\t\t\t\t<div class=\"elementor-widget-container\">\n\t\t\t\t\t\t\t\t\t<p><span style=\"font-weight: 400\">Sesi\u00f3n de cortometrajes sobre Palestina que recoge con urgencia el talento de una generaci\u00f3n de cineastas de Oriente Medio que abordan la emergencia humanitaria en Gaza desde la ficci\u00f3n, la animaci\u00f3n y el documental. <\/span><\/p><p><span style=\"font-weight: 400\">Los beneficios de la venta de entradas ser\u00e1n donados a una ONG que opera en la zona.<\/span><\/p>\t\t\t\t\t\t\t\t<\/div>\n\t\t\t\t<\/div>\n\t\t\t\t<div class=\"elementor-element elementor-element-94ceea4 bloque-text elementor-widget elementor-widget-text-editor\" data-id=\"94ceea4\" data-element_type=\"widget\" data-widget_type=\"text-editor.default\">\n\t\t\t\t<div class=\"elementor-widget-container\">\n\t\t\t\t\t\t\t\t\t<p><span style=\"text-decoration: underline\">Cortometrajes palestinos<\/span> &#8211; 98\u2019<\/p><ul><li><b>Sorry, Cinema <\/b>(<span style=\"font-weight: 400\">Ahmad Hassouna, 2024) 7\u2019<\/span><\/li><li><b>A Short Film About Kids <\/b>(<span style=\"font-weight: 400\">Ibrahim Handal, 2023) 11\u2019<\/span><\/li><li><b>Night <\/b>(<span style=\"font-weight: 400\">Ahmad Saleh, 2021) 16\u2019<\/span><\/li><li><b>Una naranja de Jaffa <\/b>(<span style=\"font-weight: 400\">Mohammed Almughanni, 2023) 27\u2019<\/span><\/li><li><b>Dancing Palestine <\/b><span style=\"font-weight: 400\">(Lamees Almakkawy, 2024) 37\u2019<\/span><\/li><\/ul>\t\t\t\t\t\t\t\t<\/div>\n\t\t\t\t<\/div>\n\t\t\t\t<div class=\"elementor-element elementor-element-abac4d4 elementor-align-right elementor-widget elementor-widget-button\" data-id=\"abac4d4\" data-element_type=\"widget\" data-widget_type=\"button.default\">\n\t\t\t\t<div class=\"elementor-widget-container\">\n\t\t\t\t\t\t\t\t\t<div class=\"elementor-button-wrapper\">\n\t\t\t\t\t<a class=\"elementor-button elementor-button-link elementor-size-sm\" href=\"https:\/\/www.redentradas.com\/?entradas=cortometrajes-palestinos&#038;provincia=granada&#038;cpro=18&#038;eid=3450\" target=\"_blank\">\n\t\t\t\t\t\t<span class=\"elementor-button-content-wrapper\">\n\t\t\t\t\t\t\t\t\t<span class=\"elementor-button-text\">ENTRADAS<\/span>\n\t\t\t\t\t<\/span>\n\t\t\t\t\t<\/a>\n\t\t\t\t<\/div>\n\t\t\t\t\t\t\t\t<\/div>\n\t\t\t\t<\/div>\n\t\t\t\t<\/div>\n\t\t\t\t<\/div>\n\t\t<div class=\"elementor-element elementor-element-cbd2339 e-con-full e-grid e-con e-child\" data-id=\"cbd2339\" data-element_type=\"container\" id=\"fantasma\">\n\t\t<div class=\"elementor-element elementor-element-a7748db e-con-full e-flex e-con e-child\" data-id=\"a7748db\" data-element_type=\"container\">\n\t\t\t\t<div class=\"elementor-element elementor-element-4659065 elementor-widget elementor-widget-image\" data-id=\"4659065\" data-element_type=\"widget\" data-widget_type=\"image.default\">\n\t\t\t\t<div class=\"elementor-widget-container\">\n\t\t\t\t\t\t\t\t\t\t\t\t\t\t\t<img loading=\"lazy\" decoding=\"async\" width=\"1500\" height=\"1875\" src=\"https:\/\/www.filmfest-granada.com\/2025\/wp-content\/uploads\/sites\/23\/2025\/10\/03_FIJR31_POST_ESPECIALES_FANTASMA_01.jpg\" class=\"attachment-full size-full wp-image-1178\" alt=\"\" srcset=\"https:\/\/www.filmfest-granada.com\/2025\/wp-content\/uploads\/sites\/23\/2025\/10\/03_FIJR31_POST_ESPECIALES_FANTASMA_01.jpg 1500w, https:\/\/www.filmfest-granada.com\/2025\/wp-content\/uploads\/sites\/23\/2025\/10\/03_FIJR31_POST_ESPECIALES_FANTASMA_01-240x300.jpg 240w, https:\/\/www.filmfest-granada.com\/2025\/wp-content\/uploads\/sites\/23\/2025\/10\/03_FIJR31_POST_ESPECIALES_FANTASMA_01-819x1024.jpg 819w, https:\/\/www.filmfest-granada.com\/2025\/wp-content\/uploads\/sites\/23\/2025\/10\/03_FIJR31_POST_ESPECIALES_FANTASMA_01-768x960.jpg 768w, https:\/\/www.filmfest-granada.com\/2025\/wp-content\/uploads\/sites\/23\/2025\/10\/03_FIJR31_POST_ESPECIALES_FANTASMA_01-1229x1536.jpg 1229w\" sizes=\"(max-width: 1500px) 100vw, 1500px\" \/>\t\t\t\t\t\t\t\t\t\t\t\t\t\t\t<\/div>\n\t\t\t\t<\/div>\n\t\t\t\t<\/div>\n\t\t<div class=\"elementor-element elementor-element-5b7c8f7 e-con-full event e-flex e-con e-child\" data-id=\"5b7c8f7\" data-element_type=\"container\">\n\t\t<div class=\"elementor-element elementor-element-9c87050 e-con-full e-flex e-con e-child\" data-id=\"9c87050\" data-element_type=\"container\">\n\t\t\t\t<div class=\"elementor-element elementor-element-b8a0d4f elementor-widget elementor-widget-image\" data-id=\"b8a0d4f\" data-element_type=\"widget\" data-widget_type=\"image.default\">\n\t\t\t\t<div class=\"elementor-widget-container\">\n\t\t\t\t\t\t\t\t\t\t\t\t\t\t\t<img decoding=\"async\" width=\"512\" height=\"512\" src=\"https:\/\/www.filmfest-granada.com\/2025\/wp-content\/uploads\/sites\/23\/2025\/07\/cropped-FIJR31_WEB_favicon.png\" class=\"attachment-large size-large wp-image-497\" alt=\"\" srcset=\"https:\/\/www.filmfest-granada.com\/2025\/wp-content\/uploads\/sites\/23\/2025\/07\/cropped-FIJR31_WEB_favicon.png 512w, https:\/\/www.filmfest-granada.com\/2025\/wp-content\/uploads\/sites\/23\/2025\/07\/cropped-FIJR31_WEB_favicon-300x300.png 300w, https:\/\/www.filmfest-granada.com\/2025\/wp-content\/uploads\/sites\/23\/2025\/07\/cropped-FIJR31_WEB_favicon-150x150.png 150w, https:\/\/www.filmfest-granada.com\/2025\/wp-content\/uploads\/sites\/23\/2025\/07\/cropped-FIJR31_WEB_favicon-270x270.png 270w, https:\/\/www.filmfest-granada.com\/2025\/wp-content\/uploads\/sites\/23\/2025\/07\/cropped-FIJR31_WEB_favicon-192x192.png 192w, https:\/\/www.filmfest-granada.com\/2025\/wp-content\/uploads\/sites\/23\/2025\/07\/cropped-FIJR31_WEB_favicon-180x180.png 180w, https:\/\/www.filmfest-granada.com\/2025\/wp-content\/uploads\/sites\/23\/2025\/07\/cropped-FIJR31_WEB_favicon-32x32.png 32w\" sizes=\"(max-width: 512px) 100vw, 512px\" \/>\t\t\t\t\t\t\t\t\t\t\t\t\t\t\t<\/div>\n\t\t\t\t<\/div>\n\t\t<div class=\"elementor-element elementor-element-7644d6a e-con-full e-flex e-con e-child\" data-id=\"7644d6a\" data-element_type=\"container\">\n\t\t\t\t<div class=\"elementor-element elementor-element-9f821aa elementor-widget elementor-widget-heading\" data-id=\"9f821aa\" data-element_type=\"widget\" data-widget_type=\"heading.default\">\n\t\t\t\t<div class=\"elementor-widget-container\">\n\t\t\t\t\t<h2 class=\"elementor-heading-title elementor-size-default\">SESIONES ESPECIALES<\/h2>\t\t\t\t<\/div>\n\t\t\t\t<\/div>\n\t\t\t\t<div class=\"elementor-element elementor-element-0d86e1c elementor-widget elementor-widget-heading\" data-id=\"0d86e1c\" data-element_type=\"widget\" data-widget_type=\"heading.default\">\n\t\t\t\t<div class=\"elementor-widget-container\">\n\t\t\t\t\t<h3 class=\"elementor-heading-title elementor-size-default\">El fantasma de la \u00f3pera x Chico Blanco<\/h3>\t\t\t\t<\/div>\n\t\t\t\t<\/div>\n\t\t\t\t<\/div>\n\t\t\t\t<\/div>\n\t\t<div class=\"elementor-element elementor-element-9b3a121 e-con-full e-flex e-con e-child\" data-id=\"9b3a121\" data-element_type=\"container\">\n\t\t\t\t<div class=\"elementor-element elementor-element-12d7ab0 elementor-widget elementor-widget-heading\" data-id=\"12d7ab0\" data-element_type=\"widget\" data-widget_type=\"heading.default\">\n\t\t\t\t<div class=\"elementor-widget-container\">\n\t\t\t\t\t<span class=\"elementor-heading-title elementor-size-default\">Viernes 24<\/span>\t\t\t\t<\/div>\n\t\t\t\t<\/div>\n\t\t\t\t<div class=\"elementor-element elementor-element-38c7c16 elementor-widget elementor-widget-heading\" data-id=\"38c7c16\" data-element_type=\"widget\" data-widget_type=\"heading.default\">\n\t\t\t\t<div class=\"elementor-widget-container\">\n\t\t\t\t\t<span class=\"elementor-heading-title elementor-size-default\">21:30<\/span>\t\t\t\t<\/div>\n\t\t\t\t<\/div>\n\t\t\t\t<div class=\"elementor-element elementor-element-8bf6b34 elementor-widget elementor-widget-heading\" data-id=\"8bf6b34\" data-element_type=\"widget\" data-widget_type=\"heading.default\">\n\t\t\t\t<div class=\"elementor-widget-container\">\n\t\t\t\t\t<span class=\"elementor-heading-title elementor-size-default\">Teatro Isabel La Cat\u00f3lica<\/span>\t\t\t\t<\/div>\n\t\t\t\t<\/div>\n\t\t\t\t<div class=\"elementor-element elementor-element-663feba elementor-widget elementor-widget-heading\" data-id=\"663feba\" data-element_type=\"widget\" data-widget_type=\"heading.default\">\n\t\t\t\t<div class=\"elementor-widget-container\">\n\t\t\t\t\t<span class=\"elementor-heading-title elementor-size-default\">101'<\/span>\t\t\t\t<\/div>\n\t\t\t\t<\/div>\n\t\t\t\t<\/div>\n\t\t\t\t<div class=\"elementor-element elementor-element-cb475a4 elementor-widget-divider--view-line elementor-widget elementor-widget-divider\" data-id=\"cb475a4\" data-element_type=\"widget\" data-widget_type=\"divider.default\">\n\t\t\t\t<div class=\"elementor-widget-container\">\n\t\t\t\t\t\t\t<div class=\"elementor-divider\">\n\t\t\t<span class=\"elementor-divider-separator\">\n\t\t\t\t\t\t<\/span>\n\t\t<\/div>\n\t\t\t\t\t\t<\/div>\n\t\t\t\t<\/div>\n\t\t<div class=\"elementor-element elementor-element-bd05e22 e-con-full card-info e-flex e-con e-child\" data-id=\"bd05e22\" data-element_type=\"container\">\n\t\t\t\t<div class=\"elementor-element elementor-element-113dd6c card-info elementor-widget elementor-widget-heading\" data-id=\"113dd6c\" data-element_type=\"widget\" data-widget_type=\"heading.default\">\n\t\t\t\t<div class=\"elementor-widget-container\">\n\t\t\t\t\t<span class=\"elementor-heading-title elementor-size-default\">Rupert Julian<\/span>\t\t\t\t<\/div>\n\t\t\t\t<\/div>\n\t\t\t\t<div class=\"elementor-element elementor-element-069ff55 card-info elementor-widget elementor-widget-heading\" data-id=\"069ff55\" data-element_type=\"widget\" data-widget_type=\"heading.default\">\n\t\t\t\t<div class=\"elementor-widget-container\">\n\t\t\t\t\t<span class=\"elementor-heading-title elementor-size-default\"><strong>\u00b7<\/strong><\/span>\t\t\t\t<\/div>\n\t\t\t\t<\/div>\n\t\t\t\t<div class=\"elementor-element elementor-element-002ac62 card-info elementor-widget elementor-widget-heading\" data-id=\"002ac62\" data-element_type=\"widget\" data-widget_type=\"heading.default\">\n\t\t\t\t<div class=\"elementor-widget-container\">\n\t\t\t\t\t<span class=\"elementor-heading-title elementor-size-default\">ESTADOS UNIDOS<\/span>\t\t\t\t<\/div>\n\t\t\t\t<\/div>\n\t\t\t\t<div class=\"elementor-element elementor-element-8e3b591 card-info elementor-widget elementor-widget-heading\" data-id=\"8e3b591\" data-element_type=\"widget\" data-widget_type=\"heading.default\">\n\t\t\t\t<div class=\"elementor-widget-container\">\n\t\t\t\t\t<span class=\"elementor-heading-title elementor-size-default\"><strong>\u00b7<\/strong><\/span>\t\t\t\t<\/div>\n\t\t\t\t<\/div>\n\t\t\t\t<div class=\"elementor-element elementor-element-12ac313 card-info elementor-widget elementor-widget-heading\" data-id=\"12ac313\" data-element_type=\"widget\" data-widget_type=\"heading.default\">\n\t\t\t\t<div class=\"elementor-widget-container\">\n\t\t\t\t\t<span class=\"elementor-heading-title elementor-size-default\">1925<\/span>\t\t\t\t<\/div>\n\t\t\t\t<\/div>\n\t\t\t\t<div class=\"elementor-element elementor-element-59aab98 card-info elementor-widget elementor-widget-heading\" data-id=\"59aab98\" data-element_type=\"widget\" data-widget_type=\"heading.default\">\n\t\t\t\t<div class=\"elementor-widget-container\">\n\t\t\t\t\t<span class=\"elementor-heading-title elementor-size-default\"><strong>\u00b7<\/strong><\/span>\t\t\t\t<\/div>\n\t\t\t\t<\/div>\n\t\t\t\t<div class=\"elementor-element elementor-element-e7bd455 card-info elementor-widget elementor-widget-heading\" data-id=\"e7bd455\" data-element_type=\"widget\" data-widget_type=\"heading.default\">\n\t\t\t\t<div class=\"elementor-widget-container\">\n\t\t\t\t\t<span class=\"elementor-heading-title elementor-size-default\">101'<\/span>\t\t\t\t<\/div>\n\t\t\t\t<\/div>\n\t\t\t\t<\/div>\n\t\t\t\t<div class=\"elementor-element elementor-element-f467849 bloque-text elementor-widget elementor-widget-text-editor\" data-id=\"f467849\" data-element_type=\"widget\" data-widget_type=\"text-editor.default\">\n\t\t\t\t<div class=\"elementor-widget-container\">\n\t\t\t\t\t\t\t\t\t<p><strong style=\"letter-spacing: 0px\">El joven artista granadino Chico Blanco, una de las figuras m\u00e1s influyentes de la escena underground, pondr\u00e1 m\u00fasica en directo por su centenario a la<\/strong><strong style=\"letter-spacing: 0px\">\u00a0primera adaptaci\u00f3n que se conserva de la novela escrita por Gaston Leroux. Protagonizada por el m\u00edtico Lon Chaney, el hombre de las mil caras del cine mudo, e<\/strong><strong style=\"letter-spacing: 0px\">sta sesi\u00f3n especial forma parte de un ciclo organizado en colaboraci\u00f3n con el Cine Club Universitario de La Madraza de la Universidad de Granada.<\/strong><\/p>\t\t\t\t\t\t\t\t<\/div>\n\t\t\t\t<\/div>\n\t\t\t\t<div class=\"elementor-element elementor-element-6c6370f bloque-text elementor-widget elementor-widget-text-editor\" data-id=\"6c6370f\" data-element_type=\"widget\" data-widget_type=\"text-editor.default\">\n\t\t\t\t<div class=\"elementor-widget-container\">\n\t\t\t\t\t\t\t\t\t<p><strong>Sinopsis:<\/strong> En los s\u00f3tanos de la \u00d3pera de Par\u00eds vive oculto el misterioso Eric, el hombre de voz de \u00e1ngel y rostro desfigurado de demonio, que acecha entre pared y pared a la hermosa soprano Christine Dae\u00e9, a la que desea catapultar hasta la cima de la fama. Pero cuando se entera de que la cantante est\u00e1 prometida al apuesto vizconde Raoul, se vuelve loco de celos.\u00a0<\/p>\t\t\t\t\t\t\t\t<\/div>\n\t\t\t\t<\/div>\n\t\t\t\t<div class=\"elementor-element elementor-element-3fc6954 card-info elementor-widget elementor-widget-heading\" data-id=\"3fc6954\" data-element_type=\"widget\" data-widget_type=\"heading.default\">\n\t\t\t\t<div class=\"elementor-widget-container\">\n\t\t\t\t\t<span class=\"elementor-heading-title elementor-size-default\">CON M\u00daSICA EN DIRECTO<\/span>\t\t\t\t<\/div>\n\t\t\t\t<\/div>\n\t\t\t\t<div class=\"elementor-element elementor-element-625f906 elementor-align-right elementor-widget elementor-widget-button\" data-id=\"625f906\" data-element_type=\"widget\" data-widget_type=\"button.default\">\n\t\t\t\t<div class=\"elementor-widget-container\">\n\t\t\t\t\t\t\t\t\t<div class=\"elementor-button-wrapper\">\n\t\t\t\t\t<a class=\"elementor-button elementor-button-link elementor-size-sm\" href=\"https:\/\/www.redentradas.com\/?entradas=el-fantasma-de-la-opera-x-chico-blanco&#038;provincia=granada&#038;cpro=18&#038;eid=3424\" target=\"_blank\">\n\t\t\t\t\t\t<span class=\"elementor-button-content-wrapper\">\n\t\t\t\t\t\t\t\t\t<span class=\"elementor-button-text\">ENTRADAS<\/span>\n\t\t\t\t\t<\/span>\n\t\t\t\t\t<\/a>\n\t\t\t\t<\/div>\n\t\t\t\t\t\t\t\t<\/div>\n\t\t\t\t<\/div>\n\t\t\t\t<\/div>\n\t\t\t\t<\/div>\n\t\t<div class=\"elementor-element elementor-element-e21aaf9 e-con-full e-grid e-con e-child\" data-id=\"e21aaf9\" data-element_type=\"container\" id=\"flores\">\n\t\t<div class=\"elementor-element elementor-element-297638d e-con-full e-flex e-con e-child\" data-id=\"297638d\" data-element_type=\"container\">\n\t\t\t\t<div class=\"elementor-element elementor-element-76ea017 elementor-widget elementor-widget-image\" data-id=\"76ea017\" data-element_type=\"widget\" data-widget_type=\"image.default\">\n\t\t\t\t<div class=\"elementor-widget-container\">\n\t\t\t\t\t\t\t\t\t\t\t\t\t\t\t<img loading=\"lazy\" decoding=\"async\" width=\"1500\" height=\"1875\" src=\"https:\/\/www.filmfest-granada.com\/2025\/wp-content\/uploads\/sites\/23\/2025\/10\/FIJR31_POST_CLAUSURA_00001.jpg\" class=\"attachment-full size-full wp-image-1194\" alt=\"\" srcset=\"https:\/\/www.filmfest-granada.com\/2025\/wp-content\/uploads\/sites\/23\/2025\/10\/FIJR31_POST_CLAUSURA_00001.jpg 1500w, https:\/\/www.filmfest-granada.com\/2025\/wp-content\/uploads\/sites\/23\/2025\/10\/FIJR31_POST_CLAUSURA_00001-240x300.jpg 240w, https:\/\/www.filmfest-granada.com\/2025\/wp-content\/uploads\/sites\/23\/2025\/10\/FIJR31_POST_CLAUSURA_00001-819x1024.jpg 819w, https:\/\/www.filmfest-granada.com\/2025\/wp-content\/uploads\/sites\/23\/2025\/10\/FIJR31_POST_CLAUSURA_00001-768x960.jpg 768w, https:\/\/www.filmfest-granada.com\/2025\/wp-content\/uploads\/sites\/23\/2025\/10\/FIJR31_POST_CLAUSURA_00001-1229x1536.jpg 1229w\" sizes=\"(max-width: 1500px) 100vw, 1500px\" \/>\t\t\t\t\t\t\t\t\t\t\t\t\t\t\t<\/div>\n\t\t\t\t<\/div>\n\t\t\t\t<\/div>\n\t\t<div class=\"elementor-element elementor-element-8c24c7a e-con-full event e-flex e-con e-child\" data-id=\"8c24c7a\" data-element_type=\"container\">\n\t\t<div class=\"elementor-element elementor-element-67d3e73 e-con-full e-flex e-con e-child\" data-id=\"67d3e73\" data-element_type=\"container\">\n\t\t\t\t<div class=\"elementor-element elementor-element-7fb43b2 elementor-widget elementor-widget-image\" data-id=\"7fb43b2\" data-element_type=\"widget\" data-widget_type=\"image.default\">\n\t\t\t\t<div class=\"elementor-widget-container\">\n\t\t\t\t\t\t\t\t\t\t\t\t\t\t\t<img decoding=\"async\" width=\"512\" height=\"512\" src=\"https:\/\/www.filmfest-granada.com\/2025\/wp-content\/uploads\/sites\/23\/2025\/07\/cropped-FIJR31_WEB_favicon.png\" class=\"attachment-large size-large wp-image-497\" alt=\"\" srcset=\"https:\/\/www.filmfest-granada.com\/2025\/wp-content\/uploads\/sites\/23\/2025\/07\/cropped-FIJR31_WEB_favicon.png 512w, https:\/\/www.filmfest-granada.com\/2025\/wp-content\/uploads\/sites\/23\/2025\/07\/cropped-FIJR31_WEB_favicon-300x300.png 300w, https:\/\/www.filmfest-granada.com\/2025\/wp-content\/uploads\/sites\/23\/2025\/07\/cropped-FIJR31_WEB_favicon-150x150.png 150w, https:\/\/www.filmfest-granada.com\/2025\/wp-content\/uploads\/sites\/23\/2025\/07\/cropped-FIJR31_WEB_favicon-270x270.png 270w, https:\/\/www.filmfest-granada.com\/2025\/wp-content\/uploads\/sites\/23\/2025\/07\/cropped-FIJR31_WEB_favicon-192x192.png 192w, https:\/\/www.filmfest-granada.com\/2025\/wp-content\/uploads\/sites\/23\/2025\/07\/cropped-FIJR31_WEB_favicon-180x180.png 180w, https:\/\/www.filmfest-granada.com\/2025\/wp-content\/uploads\/sites\/23\/2025\/07\/cropped-FIJR31_WEB_favicon-32x32.png 32w\" sizes=\"(max-width: 512px) 100vw, 512px\" \/>\t\t\t\t\t\t\t\t\t\t\t\t\t\t\t<\/div>\n\t\t\t\t<\/div>\n\t\t<div class=\"elementor-element elementor-element-185d6a0 e-con-full e-flex e-con e-child\" data-id=\"185d6a0\" data-element_type=\"container\">\n\t\t\t\t<div class=\"elementor-element elementor-element-d4d8ed6 elementor-widget elementor-widget-heading\" data-id=\"d4d8ed6\" data-element_type=\"widget\" data-widget_type=\"heading.default\">\n\t\t\t\t<div class=\"elementor-widget-container\">\n\t\t\t\t\t<h2 class=\"elementor-heading-title elementor-size-default\">SESIONES ESPECIALES<\/h2>\t\t\t\t<\/div>\n\t\t\t\t<\/div>\n\t\t\t\t<div class=\"elementor-element elementor-element-696dcd4 elementor-widget elementor-widget-heading\" data-id=\"696dcd4\" data-element_type=\"widget\" data-widget_type=\"heading.default\">\n\t\t\t\t<div class=\"elementor-widget-container\">\n\t\t\t\t\t<h3 class=\"elementor-heading-title elementor-size-default\">Clausura: Flores para Antonio<\/h3>\t\t\t\t<\/div>\n\t\t\t\t<\/div>\n\t\t\t\t<\/div>\n\t\t\t\t<\/div>\n\t\t<div class=\"elementor-element elementor-element-46509ff e-con-full e-flex e-con e-child\" data-id=\"46509ff\" data-element_type=\"container\">\n\t\t\t\t<div class=\"elementor-element elementor-element-8c3dd74 elementor-widget elementor-widget-heading\" data-id=\"8c3dd74\" data-element_type=\"widget\" data-widget_type=\"heading.default\">\n\t\t\t\t<div class=\"elementor-widget-container\">\n\t\t\t\t\t<span class=\"elementor-heading-title elementor-size-default\">S\u00e1bado 25<\/span>\t\t\t\t<\/div>\n\t\t\t\t<\/div>\n\t\t\t\t<div class=\"elementor-element elementor-element-5194cd3 elementor-widget elementor-widget-heading\" data-id=\"5194cd3\" data-element_type=\"widget\" data-widget_type=\"heading.default\">\n\t\t\t\t<div class=\"elementor-widget-container\">\n\t\t\t\t\t<span class=\"elementor-heading-title elementor-size-default\">19:00<\/span>\t\t\t\t<\/div>\n\t\t\t\t<\/div>\n\t\t\t\t<div class=\"elementor-element elementor-element-00b733b elementor-widget elementor-widget-heading\" data-id=\"00b733b\" data-element_type=\"widget\" data-widget_type=\"heading.default\">\n\t\t\t\t<div class=\"elementor-widget-container\">\n\t\t\t\t\t<span class=\"elementor-heading-title elementor-size-default\">Teatro Isabel La Cat\u00f3lica<\/span>\t\t\t\t<\/div>\n\t\t\t\t<\/div>\n\t\t\t\t<div class=\"elementor-element elementor-element-29ed90f elementor-widget elementor-widget-heading\" data-id=\"29ed90f\" data-element_type=\"widget\" data-widget_type=\"heading.default\">\n\t\t\t\t<div class=\"elementor-widget-container\">\n\t\t\t\t\t<span class=\"elementor-heading-title elementor-size-default\">98'<\/span>\t\t\t\t<\/div>\n\t\t\t\t<\/div>\n\t\t\t\t<\/div>\n\t\t\t\t<div class=\"elementor-element elementor-element-b3533f3 elementor-widget-divider--view-line elementor-widget elementor-widget-divider\" data-id=\"b3533f3\" data-element_type=\"widget\" data-widget_type=\"divider.default\">\n\t\t\t\t<div class=\"elementor-widget-container\">\n\t\t\t\t\t\t\t<div class=\"elementor-divider\">\n\t\t\t<span class=\"elementor-divider-separator\">\n\t\t\t\t\t\t<\/span>\n\t\t<\/div>\n\t\t\t\t\t\t<\/div>\n\t\t\t\t<\/div>\n\t\t<div class=\"elementor-element elementor-element-ed28a6e e-con-full card-info e-flex e-con e-child\" data-id=\"ed28a6e\" data-element_type=\"container\">\n\t\t\t\t<div class=\"elementor-element elementor-element-ab4f59e card-info elementor-widget elementor-widget-heading\" data-id=\"ab4f59e\" data-element_type=\"widget\" data-widget_type=\"heading.default\">\n\t\t\t\t<div class=\"elementor-widget-container\">\n\t\t\t\t\t<span class=\"elementor-heading-title elementor-size-default\">ELENA MOLINA, ISAKI LACUESTA<\/span>\t\t\t\t<\/div>\n\t\t\t\t<\/div>\n\t\t\t\t<div class=\"elementor-element elementor-element-ee8c1b5 card-info elementor-widget elementor-widget-heading\" data-id=\"ee8c1b5\" data-element_type=\"widget\" data-widget_type=\"heading.default\">\n\t\t\t\t<div class=\"elementor-widget-container\">\n\t\t\t\t\t<span class=\"elementor-heading-title elementor-size-default\"><strong>\u00b7<\/strong><\/span>\t\t\t\t<\/div>\n\t\t\t\t<\/div>\n\t\t\t\t<div class=\"elementor-element elementor-element-c890531 card-info elementor-widget elementor-widget-heading\" data-id=\"c890531\" data-element_type=\"widget\" data-widget_type=\"heading.default\">\n\t\t\t\t<div class=\"elementor-widget-container\">\n\t\t\t\t\t<span class=\"elementor-heading-title elementor-size-default\">ESPA\u00d1A<\/span>\t\t\t\t<\/div>\n\t\t\t\t<\/div>\n\t\t\t\t<div class=\"elementor-element elementor-element-5850f8f card-info elementor-widget elementor-widget-heading\" data-id=\"5850f8f\" data-element_type=\"widget\" data-widget_type=\"heading.default\">\n\t\t\t\t<div class=\"elementor-widget-container\">\n\t\t\t\t\t<span class=\"elementor-heading-title elementor-size-default\"><strong>\u00b7<\/strong><\/span>\t\t\t\t<\/div>\n\t\t\t\t<\/div>\n\t\t\t\t<div class=\"elementor-element elementor-element-a40bc86 card-info elementor-widget elementor-widget-heading\" data-id=\"a40bc86\" data-element_type=\"widget\" data-widget_type=\"heading.default\">\n\t\t\t\t<div class=\"elementor-widget-container\">\n\t\t\t\t\t<span class=\"elementor-heading-title elementor-size-default\">2025<\/span>\t\t\t\t<\/div>\n\t\t\t\t<\/div>\n\t\t\t\t<div class=\"elementor-element elementor-element-3e54db8 card-info elementor-widget elementor-widget-heading\" data-id=\"3e54db8\" data-element_type=\"widget\" data-widget_type=\"heading.default\">\n\t\t\t\t<div class=\"elementor-widget-container\">\n\t\t\t\t\t<span class=\"elementor-heading-title elementor-size-default\"><strong>\u00b7<\/strong><\/span>\t\t\t\t<\/div>\n\t\t\t\t<\/div>\n\t\t\t\t<div class=\"elementor-element elementor-element-849e083 card-info elementor-widget elementor-widget-heading\" data-id=\"849e083\" data-element_type=\"widget\" data-widget_type=\"heading.default\">\n\t\t\t\t<div class=\"elementor-widget-container\">\n\t\t\t\t\t<span class=\"elementor-heading-title elementor-size-default\">98'<\/span>\t\t\t\t<\/div>\n\t\t\t\t<\/div>\n\t\t\t\t<\/div>\n\t\t\t\t<div class=\"elementor-element elementor-element-0a81736 bloque-text elementor-widget elementor-widget-text-editor\" data-id=\"0a81736\" data-element_type=\"widget\" data-widget_type=\"text-editor.default\">\n\t\t\t\t<div class=\"elementor-widget-container\">\n\t\t\t\t\t\t\t\t\t<p><span style=\"font-weight: 400\">Acto de clausura y entrega de premios<\/span><span style=\"font-weight: 400\">, que contar\u00e1 con la actuaci\u00f3n en directo del guitarrista flamenco <\/span><b>Carlos de Jacoba<\/b><span style=\"font-weight: 400\"> y el estreno en Andaluc\u00eda de <em>Flores para Antonio<\/em>, emocionante documental dirigido por Elena Molina e Isaki Lacuesta, que recibir\u00e1 el Premio Sin Fin honor\u00edfico por su trayectoria.<\/span><\/p>\t\t\t\t\t\t\t\t<\/div>\n\t\t\t\t<\/div>\n\t\t\t\t<div class=\"elementor-element elementor-element-23ca2d5 bloque-text elementor-widget elementor-widget-text-editor\" data-id=\"23ca2d5\" data-element_type=\"widget\" data-widget_type=\"text-editor.default\">\n\t\t\t\t<div class=\"elementor-widget-container\">\n\t\t\t\t\t\t\t\t\t<p><span style=\"font-weight: 400\"><strong>Sinopsis:<\/strong> Una hija se dispone a buscar la verdad sobre qui\u00e9n fue su padre, un m\u00fasico legendario, fallecido cuando ella ten\u00eda 8 a\u00f1os. \u00c9l es Antonio Flores, ella la tambi\u00e9n c\u00e9lebre actriz Alba Flores. Alba dej\u00f3 de cantar al perder a Antonio y ahora se dispone a recuperar su voz y su historia, preguntando por primera vez a sus familiares y amigos.<\/span><\/p>\t\t\t\t\t\t\t\t<\/div>\n\t\t\t\t<\/div>\n\t\t\t\t<div class=\"elementor-element elementor-element-cc99a1b elementor-align-right elementor-widget elementor-widget-button\" data-id=\"cc99a1b\" data-element_type=\"widget\" data-widget_type=\"button.default\">\n\t\t\t\t<div class=\"elementor-widget-container\">\n\t\t\t\t\t\t\t\t\t<div class=\"elementor-button-wrapper\">\n\t\t\t\t\t<a class=\"elementor-button elementor-size-sm\" role=\"button\">\n\t\t\t\t\t\t<span class=\"elementor-button-content-wrapper\">\n\t\t\t\t\t\t\t\t\t<span class=\"elementor-button-text\">ENTRADAS AGOTADAS<\/span>\n\t\t\t\t\t<\/span>\n\t\t\t\t\t<\/a>\n\t\t\t\t<\/div>\n\t\t\t\t\t\t\t\t<\/div>\n\t\t\t\t<\/div>\n\t\t\t\t<\/div>\n\t\t\t\t<\/div>\n\t\t\t\t<\/div>\n\t\t","protected":false},"excerpt":{"rendered":"<p>SESIONES ESPECIALES Las Sesiones Especiales convertir\u00e1n el Teatro Isabel la Cat\u00f3lica en un espacio abierto a la experimentaci\u00f3n, uniendo cine, m\u00fasica y creatividad junto a conciertos, coloquios, \u00f3peras primas, podcast y cl\u00e1sicos con banda sonora en directo. Las entradas y los \u00faltimos abonos est\u00e1n a la venta en redentradas.com ENTRADAS Y ABONOS Inauguraci\u00f3n: Nazzz Measures &#8230; <a title=\"Sesiones especiales\" class=\"read-more\" href=\"https:\/\/www.filmfest-granada.com\/2025\/sesiones-especiales\/\" aria-label=\"Leer m\u00e1s sobre Sesiones especiales\">Leer m\u00e1s<\/a><\/p>\n","protected":false},"author":1167,"featured_media":0,"parent":0,"menu_order":0,"comment_status":"closed","ping_status":"closed","template":"elementor_header_footer","meta":{"footnotes":""},"class_list":["post-336","page","type-page","status-publish"],"_links":{"self":[{"href":"https:\/\/www.filmfest-granada.com\/2025\/wp-json\/wp\/v2\/pages\/336","targetHints":{"allow":["GET"]}}],"collection":[{"href":"https:\/\/www.filmfest-granada.com\/2025\/wp-json\/wp\/v2\/pages"}],"about":[{"href":"https:\/\/www.filmfest-granada.com\/2025\/wp-json\/wp\/v2\/types\/page"}],"author":[{"embeddable":true,"href":"https:\/\/www.filmfest-granada.com\/2025\/wp-json\/wp\/v2\/users\/1167"}],"replies":[{"embeddable":true,"href":"https:\/\/www.filmfest-granada.com\/2025\/wp-json\/wp\/v2\/comments?post=336"}],"version-history":[{"count":112,"href":"https:\/\/www.filmfest-granada.com\/2025\/wp-json\/wp\/v2\/pages\/336\/revisions"}],"predecessor-version":[{"id":2063,"href":"https:\/\/www.filmfest-granada.com\/2025\/wp-json\/wp\/v2\/pages\/336\/revisions\/2063"}],"wp:attachment":[{"href":"https:\/\/www.filmfest-granada.com\/2025\/wp-json\/wp\/v2\/media?parent=336"}],"curies":[{"name":"wp","href":"https:\/\/api.w.org\/{rel}","templated":true}]}}